{"id":1552,"date":"2026-04-01T21:20:43","date_gmt":"2026-04-01T19:20:43","guid":{"rendered":"https:\/\/naturvernforbundet.no\/agder\/?post_type=event&#038;p=1552"},"modified":"2026-04-24T22:00:22","modified_gmt":"2026-04-24T20:00:22","slug":"strandrydding-for-fuglene-kommer","status":"publish","type":"event","link":"https:\/\/naturvernforbundet.no\/agder\/event\/strandrydding-for-fuglene-kommer\/","title":{"rendered":"Utsatt: Strandrydding &#8211; n\u00e5 etter fuglene kommer!"},"content":{"rendered":"\t<div class=\"template-event alignnone wp-block-naturvern-hero\">\n\t\t<div class=\"hero__inner\">\n\t\t\t<div class=\"hero__inner_blocks\">\n\t\t\t\t\n\t\t<div class=\"naturvern-event-meta\">\n\t\t<div class=\"naturvern-event-meta-inner\">\n\t\t\t<div class=\"event-date\">\n\t\t\t\t<div>\n\t\t\t\t\t<span class=\"day\">12.apr<\/span>\n\t\t\t\t\t<span class=\"year\">2026<\/span>\n\t\t\t\t<\/div>\n\t\t\t<\/div>\n\t\t<\/div>\n\t\t<\/div>\t\t\t\t\n<h1 class=\"wp-block-post-title\">Utsatt: Strandrydding &#8211; n\u00e5 etter fuglene kommer!<\/h1>\n\n\n\t\t\t<div class=\"naturvern-event-meta-full\">\n\t\t\t<div class=\"naturvern-event-meta-inner\">\n\t\t\t\t<div>\n\t\t\t\t\t<span>Hva:<\/span>\n\t\t\t\t\t<span>Strandrydding<\/span>\n\t\t\t\t<\/div>\n\t\t\t\t<div>\n\t\t\t\t\t<span>N\u00e5r:<\/span>\n\t\t\t\t\t<span>12.apr, kl. 11:00<\/span>\n\t\t\t\t<\/div>\n\t\t\t\t<div>\n\t\t\t\t\t<span>Hvor:<\/span>\n\t\t\t\t\t<span>\u00c5ros, S\u00f8gne<\/span>\n\t\t\t\t<\/div>\n\t\t\t<\/div>\n\t\t\t<\/div>\n\n\n<p>ARRANGEMENTET ER UTSATT!<\/p>\n\n\n<figure class=\"wp-block-post-featured-image\"><img loading=\"lazy\" decoding=\"async\" width=\"2560\" height=\"1440\" src=\"https:\/\/naturvernforbundet.no\/content\/uploads\/sites\/2\/2026\/04\/Blue-Geometric-Save-Marine-Life-Beach-Cleanup-Event-Instagram-Post.png\" class=\"attachment-post-thumbnail size-post-thumbnail wp-post-image\" alt=\"\" style=\"object-fit:cover;\" srcset=\"https:\/\/naturvernforbundet.no\/content\/uploads\/sites\/2\/2026\/04\/Blue-Geometric-Save-Marine-Life-Beach-Cleanup-Event-Instagram-Post.png 2560w, https:\/\/naturvernforbundet.no\/content\/uploads\/sites\/2\/2026\/04\/Blue-Geometric-Save-Marine-Life-Beach-Cleanup-Event-Instagram-Post-300x169.png 300w, https:\/\/naturvernforbundet.no\/content\/uploads\/sites\/2\/2026\/04\/Blue-Geometric-Save-Marine-Life-Beach-Cleanup-Event-Instagram-Post-1024x576.png 1024w, https:\/\/naturvernforbundet.no\/content\/uploads\/sites\/2\/2026\/04\/Blue-Geometric-Save-Marine-Life-Beach-Cleanup-Event-Instagram-Post-768x432.png 768w, https:\/\/naturvernforbundet.no\/content\/uploads\/sites\/2\/2026\/04\/Blue-Geometric-Save-Marine-Life-Beach-Cleanup-Event-Instagram-Post-1536x864.png 1536w, https:\/\/naturvernforbundet.no\/content\/uploads\/sites\/2\/2026\/04\/Blue-Geometric-Save-Marine-Life-Beach-Cleanup-Event-Instagram-Post-2048x1152.png 2048w, https:\/\/naturvernforbundet.no\/content\/uploads\/sites\/2\/2026\/04\/Blue-Geometric-Save-Marine-Life-Beach-Cleanup-Event-Instagram-Post-1920x1080.png 1920w\" sizes=\"auto, (max-width: 2560px) 100vw, 2560px\" \/><\/figure>\n\t\t\t<\/div>\n\t\t\t\t\t<\/div>\n\t\t\t<\/div>\n\t\n\n\n\t\t<div class=\"t2-factbox wp-block-t2-factbox\" id=\"t2-factbox\">\n\t\t\t<div class=\"t2-factbox__content\">\n\t\t\t\t<div class=\"t2-factbox__blocks t2-factbox__inner-container\">\n\t\t\t\t\t\n\n<h2 class=\"wp-block-heading\">Se facebook-arrangementet her: <\/h2>\n\n\n<ul class=\"t2-link-list has-1-items has-auto-columns wp-block-t2-link-list\">\n\t<li class=\"t2-link-list-item wp-block-t2-link-list-item\">\n\t\t<a\n\t\t\thref=\"https:\/\/fb.me\/e\/4jUqN8qnx\"\n\t\t\tclass=\"t2-link-list-item__link t2-link-list__icon--left\"\n\t\t\taria-describedby=\"link-list-item\"\t\t>\n\t\t\t<span class=\"t2-link-list-item__icon\"><span class=\"t2-link-list-item__icon-box\"><\/span><svg xmlns=\"http:\/\/www.w3.org\/2000\/svg\" viewBox=\"0 0 24 24\" height=\"24\" width=\"24\" class=\"t2-icon t2-icon-arrowforward\" aria-hidden=\"true\" focusable=\"false\"><path d=\"M11.3 19.3c-.2-.2-.3-.4-.3-.7 0-.3.1-.5.3-.7l4.9-4.9H5c-.3 0-.5-.1-.7-.3-.2-.2-.3-.4-.3-.7s.1-.5.3-.7c.2-.2.4-.3.7-.3h11.2l-4.9-4.9c-.2-.2-.3-.4-.3-.7 0-.3.1-.5.3-.7.2-.2.4-.3.7-.3s.5.1.7.3l6.6 6.6c.1.1.2.2.2.3 0 .1.1.3.1.4 0 .1 0 .3-.1.4 0 .1-.1.2-.2.3l-6.6 6.6c-.2.2-.4.3-.7.3s-.5-.1-.7-.3z\"\/><\/svg><\/span>\t\t\t<div class=\"t2-link-list-item__content\">\n\n\t\t\t\t\n\t\t\t\t<span class=\"t2-link-list-item__text\">\n\t\t\t\t\tStrandrydding med Naturvernforbundet &#8211; f\u00f8r fuglene kommer!\t\t\t\t<\/span>\n\t\t\t\t<span id=\"link-list-item\" class=\"t2-link-list-item__description\">Klikk &quot;skal&quot; s\u00e5 vi kan beregne nok ryddeutstyr og kaffemat.<\/span>\t\t\t<\/div>\n\t\t<\/a>\n\t<\/li>\n\t\n<\/ul>\n\n\t\t\t\t<\/div>\n\t\t\t\t\n\t\t\t<\/div>\n\t\t\t\n\t\t<\/div>\n\n\n<p><br>Ettersom omr\u00e5det vi skulle rydde ikke hadde mye s\u00f8ppel, har vi besluttet at arrangementet utsettes for \u00e5 finne en annen plass \u00e5 rydde. Vi tar gjerne imot tips til omr\u00e5der som trenger \u00e5 ryddes i Kristiansand kommune. Hekketiden starter 15. april og varer til 15. juli, og ettersom man m\u00e5 v\u00e6re varsom n\u00e5r man beveger seg i strandsonen denne perioden vil vi utsette ryddingen til etter hekketida er over.<br><br>S\u00f8ndag 12. april inviterer Naturvernforbundet til felles strandrydding p\u00e5 \u00c5ros i S\u00f8gne. Det g\u00e5r buss fra Kristiansand og det finnes ogs\u00e5 parkeringsplass. Vi stiller med b\u00e5de ryddeutstyr og noe \u00e5 bite i til kaffepausen, s\u00e5 det er bare \u00e5 &laquo;komme som du er!&raquo; &#8211; men ta gjerne med barna, eller kanskje en venn eller fem?<\/p>\n\n\n\n<p>Hold av s\u00f8ndagen for \u00e5 bli med \u00e5 gj\u00f8re en viktig innsats f\u00f8r fuglene kommer! N\u00e6rmere info om sted kommer.<\/p>\n\n\n<ul class=\"t2-link-list has-1-items has-auto-columns wp-block-t2-link-list\">\n\n<\/ul>\n\n\n<p><\/p>\n","protected":false},"excerpt":{"rendered":"","protected":false},"featured_media":1553,"template":"","meta":{"_relevanssi_hide_post":"","_relevanssi_hide_content":"","_relevanssi_pin_for_all":"","_relevanssi_pin_keywords":"","_relevanssi_unpin_keywords":"","_relevanssi_related_keywords":"","_relevanssi_related_include_ids":"","_relevanssi_related_exclude_ids":"","_relevanssi_related_no_append":"","_relevanssi_related_not_related":"","_relevanssi_related_posts":"1506,1379,1517,1431,1510,1270","_relevanssi_noindex_reason":"","hide_logo":false,"_start_date":"2026-04-12T11:00:00","_end_date":"2026-04-01T14:00:00","_event_type":"Strandrydding","_event_location":"\u00c5ros, S\u00f8gne","footnotes":""},"local":[11],"class_list":["post-1552","event","type-event","status-publish","has-post-thumbnail","hentry","local-kristiansand"],"acf":[],"yoast_head":"<!-- This site is optimized with the Yoast SEO plugin v24.9 - https:\/\/yoast.com\/wordpress\/plugins\/seo\/ -->\n<title>Utsatt: Strandrydding - n\u00e5 etter fuglene kommer! - Agder<\/title>\n<meta name=\"robots\" content=\"index, follow, max-snippet:-1, max-image-preview:large, max-video-preview:-1\" \/>\n<link rel=\"canonical\" href=\"https:\/\/naturvernforbundet.no\/agder\/event\/strandrydding-for-fuglene-kommer\/\" \/>\n<meta property=\"og:locale\" content=\"nb_NO\" \/>\n<meta property=\"og:type\" content=\"article\" \/>\n<meta property=\"og:title\" content=\"Utsatt: Strandrydding - n\u00e5 etter fuglene kommer! - Agder\" \/>\n<meta property=\"og:url\" content=\"https:\/\/naturvernforbundet.no\/agder\/event\/strandrydding-for-fuglene-kommer\/\" \/>\n<meta property=\"og:site_name\" content=\"Agder\" \/>\n<meta property=\"article:modified_time\" content=\"2026-04-24T20:00:22+00:00\" \/>\n<meta property=\"og:image\" content=\"https:\/\/naturvernforbundet.no\/content\/uploads\/sites\/2\/2026\/04\/Blue-Geometric-Save-Marine-Life-Beach-Cleanup-Event-Instagram-Post-1024x576.png\" \/>\n\t<meta property=\"og:image:width\" content=\"1024\" \/>\n\t<meta property=\"og:image:height\" content=\"576\" \/>\n\t<meta property=\"og:image:type\" content=\"image\/png\" \/>\n<meta name=\"twitter:card\" content=\"summary_large_image\" \/>\n<meta name=\"twitter:label1\" content=\"Ansl. lesetid\" \/>\n\t<meta name=\"twitter:data1\" content=\"2 minutter\" \/>\n<script type=\"application\/ld+json\" class=\"yoast-schema-graph\">{\"@context\":\"https:\/\/schema.org\",\"@graph\":[{\"@type\":\"WebPage\",\"@id\":\"https:\/\/naturvernforbundet.no\/agder\/event\/strandrydding-for-fuglene-kommer\/\",\"url\":\"https:\/\/naturvernforbundet.no\/agder\/event\/strandrydding-for-fuglene-kommer\/\",\"name\":\"Utsatt: Strandrydding - n\u00e5 etter fuglene kommer! - Agder\",\"isPartOf\":{\"@id\":\"https:\/\/naturvernforbundet.no\/agder\/#website\"},\"primaryImageOfPage\":{\"@id\":\"https:\/\/naturvernforbundet.no\/agder\/event\/strandrydding-for-fuglene-kommer\/#primaryimage\"},\"image\":{\"@id\":\"https:\/\/naturvernforbundet.no\/agder\/event\/strandrydding-for-fuglene-kommer\/#primaryimage\"},\"thumbnailUrl\":\"https:\/\/naturvernforbundet.no\/content\/uploads\/sites\/2\/2026\/04\/Blue-Geometric-Save-Marine-Life-Beach-Cleanup-Event-Instagram-Post.png\",\"datePublished\":\"2026-04-01T19:20:43+00:00\",\"dateModified\":\"2026-04-24T20:00:22+00:00\",\"breadcrumb\":{\"@id\":\"https:\/\/naturvernforbundet.no\/agder\/event\/strandrydding-for-fuglene-kommer\/#breadcrumb\"},\"inLanguage\":\"nb-NO\",\"potentialAction\":[{\"@type\":\"ReadAction\",\"target\":[\"https:\/\/naturvernforbundet.no\/agder\/event\/strandrydding-for-fuglene-kommer\/\"]}]},{\"@type\":\"ImageObject\",\"inLanguage\":\"nb-NO\",\"@id\":\"https:\/\/naturvernforbundet.no\/agder\/event\/strandrydding-for-fuglene-kommer\/#primaryimage\",\"url\":\"https:\/\/naturvernforbundet.no\/content\/uploads\/sites\/2\/2026\/04\/Blue-Geometric-Save-Marine-Life-Beach-Cleanup-Event-Instagram-Post.png\",\"contentUrl\":\"https:\/\/naturvernforbundet.no\/content\/uploads\/sites\/2\/2026\/04\/Blue-Geometric-Save-Marine-Life-Beach-Cleanup-Event-Instagram-Post.png\",\"width\":2560,\"height\":1440,\"caption\":\"Strandrydding illustrasjon\"},{\"@type\":\"BreadcrumbList\",\"@id\":\"https:\/\/naturvernforbundet.no\/agder\/event\/strandrydding-for-fuglene-kommer\/#breadcrumb\",\"itemListElement\":[{\"@type\":\"ListItem\",\"position\":1,\"name\":\"Till naturvernforbundet.no\",\"item\":\"https:\/\/naturvernforbundet.no\/\"},{\"@type\":\"ListItem\",\"position\":2,\"name\":\"Agder\",\"item\":\"https:\/\/naturvernforbundet.no\/agder\/\"},{\"@type\":\"ListItem\",\"position\":3,\"name\":\"Event\",\"item\":\"https:\/\/naturvernforbundet.no\/agder\/event\/\"},{\"@type\":\"ListItem\",\"position\":4,\"name\":\"Utsatt: Strandrydding &#8211; n\u00e5 etter fuglene kommer!\"}]},{\"@type\":\"WebSite\",\"@id\":\"https:\/\/naturvernforbundet.no\/agder\/#website\",\"url\":\"https:\/\/naturvernforbundet.no\/agder\/\",\"name\":\"Agder\",\"description\":\"Bare enda et Naturvernforbundet Sites-nettsted\",\"publisher\":{\"@id\":\"https:\/\/naturvernforbundet.no\/agder\/#organization\"},\"potentialAction\":[{\"@type\":\"SearchAction\",\"target\":{\"@type\":\"EntryPoint\",\"urlTemplate\":\"https:\/\/naturvernforbundet.no\/agder\/?s={search_term_string}\"},\"query-input\":{\"@type\":\"PropertyValueSpecification\",\"valueRequired\":true,\"valueName\":\"search_term_string\"}}],\"inLanguage\":\"nb-NO\"},{\"@type\":\"Organization\",\"@id\":\"https:\/\/naturvernforbundet.no\/agder\/#organization\",\"name\":\"Agder\",\"url\":\"https:\/\/naturvernforbundet.no\/agder\/\",\"logo\":{\"@type\":\"ImageObject\",\"inLanguage\":\"nb-NO\",\"@id\":\"https:\/\/naturvernforbundet.no\/agder\/#\/schema\/logo\/image\/\",\"url\":\"https:\/\/naturvernforbundet.no\/content\/uploads\/sites\/2\/2022\/08\/logo.png\",\"contentUrl\":\"https:\/\/naturvernforbundet.no\/content\/uploads\/sites\/2\/2022\/08\/logo.png\",\"width\":301,\"height\":33,\"caption\":\"Agder\"},\"image\":{\"@id\":\"https:\/\/naturvernforbundet.no\/agder\/#\/schema\/logo\/image\/\"}}]}<\/script>\n<!-- \/ Yoast SEO plugin. -->","yoast_head_json":{"title":"Utsatt: Strandrydding - n\u00e5 etter fuglene kommer! - Agder","robots":{"index":"index","follow":"follow","max-snippet":"max-snippet:-1","max-image-preview":"max-image-preview:large","max-video-preview":"max-video-preview:-1"},"canonical":"https:\/\/naturvernforbundet.no\/agder\/event\/strandrydding-for-fuglene-kommer\/","og_locale":"nb_NO","og_type":"article","og_title":"Utsatt: Strandrydding - n\u00e5 etter fuglene kommer! - Agder","og_url":"https:\/\/naturvernforbundet.no\/agder\/event\/strandrydding-for-fuglene-kommer\/","og_site_name":"Agder","article_modified_time":"2026-04-24T20:00:22+00:00","og_image":[{"width":1024,"height":576,"url":"https:\/\/naturvernforbundet.no\/content\/uploads\/sites\/2\/2026\/04\/Blue-Geometric-Save-Marine-Life-Beach-Cleanup-Event-Instagram-Post-1024x576.png","type":"image\/png"}],"twitter_card":"summary_large_image","twitter_misc":{"Ansl. lesetid":"2 minutter"},"schema":{"@context":"https:\/\/schema.org","@graph":[{"@type":"WebPage","@id":"https:\/\/naturvernforbundet.no\/agder\/event\/strandrydding-for-fuglene-kommer\/","url":"https:\/\/naturvernforbundet.no\/agder\/event\/strandrydding-for-fuglene-kommer\/","name":"Utsatt: Strandrydding - n\u00e5 etter fuglene kommer! - Agder","isPartOf":{"@id":"https:\/\/naturvernforbundet.no\/agder\/#website"},"primaryImageOfPage":{"@id":"https:\/\/naturvernforbundet.no\/agder\/event\/strandrydding-for-fuglene-kommer\/#primaryimage"},"image":{"@id":"https:\/\/naturvernforbundet.no\/agder\/event\/strandrydding-for-fuglene-kommer\/#primaryimage"},"thumbnailUrl":"https:\/\/naturvernforbundet.no\/content\/uploads\/sites\/2\/2026\/04\/Blue-Geometric-Save-Marine-Life-Beach-Cleanup-Event-Instagram-Post.png","datePublished":"2026-04-01T19:20:43+00:00","dateModified":"2026-04-24T20:00:22+00:00","breadcrumb":{"@id":"https:\/\/naturvernforbundet.no\/agder\/event\/strandrydding-for-fuglene-kommer\/#breadcrumb"},"inLanguage":"nb-NO","potentialAction":[{"@type":"ReadAction","target":["https:\/\/naturvernforbundet.no\/agder\/event\/strandrydding-for-fuglene-kommer\/"]}]},{"@type":"ImageObject","inLanguage":"nb-NO","@id":"https:\/\/naturvernforbundet.no\/agder\/event\/strandrydding-for-fuglene-kommer\/#primaryimage","url":"https:\/\/naturvernforbundet.no\/content\/uploads\/sites\/2\/2026\/04\/Blue-Geometric-Save-Marine-Life-Beach-Cleanup-Event-Instagram-Post.png","contentUrl":"https:\/\/naturvernforbundet.no\/content\/uploads\/sites\/2\/2026\/04\/Blue-Geometric-Save-Marine-Life-Beach-Cleanup-Event-Instagram-Post.png","width":2560,"height":1440,"caption":"Strandrydding illustrasjon"},{"@type":"BreadcrumbList","@id":"https:\/\/naturvernforbundet.no\/agder\/event\/strandrydding-for-fuglene-kommer\/#breadcrumb","itemListElement":[{"@type":"ListItem","position":1,"name":"Till naturvernforbundet.no","item":"https:\/\/naturvernforbundet.no\/"},{"@type":"ListItem","position":2,"name":"Agder","item":"https:\/\/naturvernforbundet.no\/agder\/"},{"@type":"ListItem","position":3,"name":"Event","item":"https:\/\/naturvernforbundet.no\/agder\/event\/"},{"@type":"ListItem","position":4,"name":"Utsatt: Strandrydding &#8211; n\u00e5 etter fuglene kommer!"}]},{"@type":"WebSite","@id":"https:\/\/naturvernforbundet.no\/agder\/#website","url":"https:\/\/naturvernforbundet.no\/agder\/","name":"Agder","description":"Bare enda et Naturvernforbundet Sites-nettsted","publisher":{"@id":"https:\/\/naturvernforbundet.no\/agder\/#organization"},"potentialAction":[{"@type":"SearchAction","target":{"@type":"EntryPoint","urlTemplate":"https:\/\/naturvernforbundet.no\/agder\/?s={search_term_string}"},"query-input":{"@type":"PropertyValueSpecification","valueRequired":true,"valueName":"search_term_string"}}],"inLanguage":"nb-NO"},{"@type":"Organization","@id":"https:\/\/naturvernforbundet.no\/agder\/#organization","name":"Agder","url":"https:\/\/naturvernforbundet.no\/agder\/","logo":{"@type":"ImageObject","inLanguage":"nb-NO","@id":"https:\/\/naturvernforbundet.no\/agder\/#\/schema\/logo\/image\/","url":"https:\/\/naturvernforbundet.no\/content\/uploads\/sites\/2\/2022\/08\/logo.png","contentUrl":"https:\/\/naturvernforbundet.no\/content\/uploads\/sites\/2\/2022\/08\/logo.png","width":301,"height":33,"caption":"Agder"},"image":{"@id":"https:\/\/naturvernforbundet.no\/agder\/#\/schema\/logo\/image\/"}}]}},"_links":{"self":[{"href":"https:\/\/naturvernforbundet.no\/agder\/wp-json\/wp\/v2\/event\/1552","targetHints":{"allow":["GET"]}}],"collection":[{"href":"https:\/\/naturvernforbundet.no\/agder\/wp-json\/wp\/v2\/event"}],"about":[{"href":"https:\/\/naturvernforbundet.no\/agder\/wp-json\/wp\/v2\/types\/event"}],"version-history":[{"count":3,"href":"https:\/\/naturvernforbundet.no\/agder\/wp-json\/wp\/v2\/event\/1552\/revisions"}],"predecessor-version":[{"id":1564,"href":"https:\/\/naturvernforbundet.no\/agder\/wp-json\/wp\/v2\/event\/1552\/revisions\/1564"}],"wp:featuredmedia":[{"embeddable":true,"href":"https:\/\/naturvernforbundet.no\/agder\/wp-json\/wp\/v2\/media\/1553"}],"wp:attachment":[{"href":"https:\/\/naturvernforbundet.no\/agder\/wp-json\/wp\/v2\/media?parent=1552"}],"wp:term":[{"taxonomy":"local","embeddable":true,"href":"https:\/\/naturvernforbundet.no\/agder\/wp-json\/wp\/v2\/local?post=1552"}],"curies":[{"name":"wp","href":"https:\/\/api.w.org\/{rel}","templated":true}]}}