{"id":1614,"date":"2026-09-03T13:03:39","date_gmt":"2026-09-03T11:03:39","guid":{"rendered":"https:\/\/naturvernforbundet.no\/agder\/?post_type=event&#038;p=1614"},"modified":"2026-09-03T13:03:40","modified_gmt":"2026-09-03T11:03:40","slug":"strandrydding-auglandsbukta","status":"publish","type":"event","link":"https:\/\/naturvernforbundet.no\/agder\/event\/strandrydding-auglandsbukta\/","title":{"rendered":"Strandrydding: Auglandsbukta"},"content":{"rendered":"\t<div class=\"template-event alignnone wp-block-naturvern-hero\">\n\t\t<div class=\"hero__inner\">\n\t\t\t<div class=\"hero__inner_blocks\">\n\t\t\t\t\n\t\t<div class=\"naturvern-event-meta\">\n\t\t<div class=\"naturvern-event-meta-inner\">\n\t\t\t<div class=\"event-date\">\n\t\t\t\t<div>\n\t\t\t\t\t<span class=\"day\">20.sep<\/span>\n\t\t\t\t\t<span class=\"year\">2026<\/span>\n\t\t\t\t<\/div>\n\t\t\t<\/div>\n\t\t<\/div>\n\t\t<\/div>\t\t\t\t\n<h1 class=\"wp-block-post-title\">Strandrydding: Auglandsbukta<\/h1>\n\n\n\t\t\t<div class=\"naturvern-event-meta-full\">\n\t\t\t<div class=\"naturvern-event-meta-inner\">\n\t\t\t\t<div>\n\t\t\t\t\t<span>Hva:<\/span>\n\t\t\t\t\t<span>Strandrydding<\/span>\n\t\t\t\t<\/div>\n\t\t\t\t<div>\n\t\t\t\t\t<span>N\u00e5r:<\/span>\n\t\t\t\t\t<span>20.sep, kl. 11:00 &#8211; 14:00<\/span>\n\t\t\t\t<\/div>\n\t\t\t\t<div>\n\t\t\t\t\t<span>Hvor:<\/span>\n\t\t\t\t\t<span>Auglandsbukta<\/span>\n\t\t\t\t<\/div>\n\t\t\t<\/div>\n\t\t\t<\/div>\n\n\n<p>Bli med p\u00e5 den nasjonale Strandryddeuka! 20. september blir det strandrydding og gratis pizza i Auglandsbukta. <\/p>\n\n\n<figure class=\"wp-block-post-featured-image\"><img loading=\"lazy\" decoding=\"async\" width=\"2560\" height=\"1440\" src=\"https:\/\/naturvernforbundet.no\/content\/uploads\/sites\/2\/2026\/09\/Strandrydding.png\" class=\"attachment-post-thumbnail size-post-thumbnail wp-post-image\" alt=\"\" style=\"object-fit:cover;\" srcset=\"https:\/\/naturvernforbundet.no\/content\/uploads\/sites\/2\/2026\/09\/Strandrydding.png 2560w, https:\/\/naturvernforbundet.no\/content\/uploads\/sites\/2\/2026\/09\/Strandrydding-300x169.png 300w, https:\/\/naturvernforbundet.no\/content\/uploads\/sites\/2\/2026\/09\/Strandrydding-1024x576.png 1024w, https:\/\/naturvernforbundet.no\/content\/uploads\/sites\/2\/2026\/09\/Strandrydding-768x432.png 768w, https:\/\/naturvernforbundet.no\/content\/uploads\/sites\/2\/2026\/09\/Strandrydding-1536x864.png 1536w, https:\/\/naturvernforbundet.no\/content\/uploads\/sites\/2\/2026\/09\/Strandrydding-2048x1152.png 2048w, https:\/\/naturvernforbundet.no\/content\/uploads\/sites\/2\/2026\/09\/Strandrydding-1920x1080.png 1920w\" sizes=\"auto, (max-width: 2560px) 100vw, 2560px\" \/><\/figure>\n\t\t\t<\/div>\n\t\t\t\t\t<\/div>\n\t\t\t<\/div>\n\t\n\n\n<p>Hele Norge rydder i\u00a0<a href=\"https:\/\/www.facebook.com\/hashtag\/strandryddeuka?__cft__[0]=AZjfr1-_1sG0qoLfSGrgxzKI4hZLd-kZ1umM2D4eqh8h0fprZ0IIX9Zmli78cN-k5Kb160yNe-2u7y_BuIBReiLeQxW9Wz_jGgi_PTcy2lZKHL0zXe_IS-pF_VQyI4eUvnPl&amp;__tn__=q\">#Strandryddeuka<\/a>! Bli med Naturvernforbundet \u00e5 rydde Auglandsbukta i V\u00e5gsbygd. Vi stiller med hansker og poser, og dessuten blir det gratis pizza til alle! Her er store og sm\u00e5 hjertelig velkomne. Vi m\u00f8ter i Auglandsparken v\/bensinstasjonen kl 11.00 og rydder en time eller to f\u00f8r det blir pizza. Trykk gjerne skal p\u00e5 v\u00e5rt facebook-arrangement: <\/p>\n\n\n<ul class=\"t2-link-list has-1-items has-auto-columns wp-block-t2-link-list\">\n\t<li class=\"t2-link-list-item wp-block-t2-link-list-item\">\n\t\t<a\n\t\t\thref=\"https:\/\/fb.me\/e\/9ezG8tcrz\"\n\t\t\tclass=\"t2-link-list-item__link t2-link-list__icon--left\"\n\t\t\t\t\t>\n\t\t\t<span class=\"t2-link-list-item__icon\"><span class=\"t2-link-list-item__icon-box\"><\/span><svg xmlns=\"http:\/\/www.w3.org\/2000\/svg\" viewBox=\"0 0 24 24\" height=\"24\" width=\"24\" class=\"t2-icon t2-icon-arrowforward\" aria-hidden=\"true\" focusable=\"false\"><path d=\"M11.3 19.3c-.2-.2-.3-.4-.3-.7 0-.3.1-.5.3-.7l4.9-4.9H5c-.3 0-.5-.1-.7-.3-.2-.2-.3-.4-.3-.7s.1-.5.3-.7c.2-.2.4-.3.7-.3h11.2l-4.9-4.9c-.2-.2-.3-.4-.3-.7 0-.3.1-.5.3-.7.2-.2.4-.3.7-.3s.5.1.7.3l6.6 6.6c.1.1.2.2.2.3 0 .1.1.3.1.4 0 .1 0 .3-.1.4 0 .1-.1.2-.2.3l-6.6 6.6c-.2.2-.4.3-.7.3s-.5-.1-.7-.3z\"\/><\/svg><\/span>\t\t\t<div class=\"t2-link-list-item__content\">\n\n\t\t\t\t\n\t\t\t\t<span class=\"t2-link-list-item__text\">\n\t\t\t\t\thttps:\/\/fb.me\/e\/9ezG8tcrz\t\t\t\t<\/span>\n\t\t\t\t\t\t\t<\/div>\n\t\t<\/a>\n\t<\/li>\n\t\n<\/ul>\n\n\n<p><\/p>\n","protected":false},"excerpt":{"rendered":"","protected":false},"featured_media":1615,"template":"","meta":{"_relevanssi_hide_post":"","_relevanssi_hide_content":"","_relevanssi_pin_for_all":"","_relevanssi_pin_keywords":"","_relevanssi_unpin_keywords":"","_relevanssi_related_keywords":"","_relevanssi_related_include_ids":"","_relevanssi_related_exclude_ids":"","_relevanssi_related_no_append":"","_relevanssi_related_not_related":"","_relevanssi_related_posts":"","_relevanssi_noindex_reason":"","hide_logo":false,"_start_date":"2026-09-20T11:00:00","_end_date":"2026-09-20T14:00:00","_event_type":"Strandrydding","_event_location":"Auglandsbukta","footnotes":"","_members_access_role":[],"_members_access_error":""},"local":[17,11],"class_list":["post-1614","event","type-event","status-publish","has-post-thumbnail","hentry","local-agder","local-kristiansand"],"acf":[],"yoast_head":"<!-- This site is optimized with the Yoast SEO plugin v24.9 - https:\/\/yoast.com\/wordpress\/plugins\/seo\/ -->\n<title>Strandrydding: Auglandsbukta - Agder<\/title>\n<meta name=\"robots\" content=\"index, follow, max-snippet:-1, max-image-preview:large, max-video-preview:-1\" \/>\n<link rel=\"canonical\" href=\"https:\/\/naturvernforbundet.no\/agder\/event\/strandrydding-auglandsbukta\/\" \/>\n<meta property=\"og:locale\" content=\"nb_NO\" \/>\n<meta property=\"og:type\" content=\"article\" \/>\n<meta property=\"og:title\" content=\"Strandrydding: Auglandsbukta - Agder\" \/>\n<meta property=\"og:url\" content=\"https:\/\/naturvernforbundet.no\/agder\/event\/strandrydding-auglandsbukta\/\" \/>\n<meta property=\"og:site_name\" content=\"Agder\" \/>\n<meta property=\"article:modified_time\" content=\"2026-09-03T11:03:40+00:00\" \/>\n<meta property=\"og:image\" content=\"https:\/\/naturvernforbundet.no\/content\/uploads\/sites\/2\/2026\/09\/Strandrydding-1024x576.png\" \/>\n\t<meta property=\"og:image:width\" content=\"1024\" \/>\n\t<meta property=\"og:image:height\" content=\"576\" \/>\n\t<meta property=\"og:image:type\" content=\"image\/png\" \/>\n<meta name=\"twitter:card\" content=\"summary_large_image\" \/>\n<meta name=\"twitter:label1\" content=\"Ansl. lesetid\" \/>\n\t<meta name=\"twitter:data1\" content=\"1 minutt\" \/>\n<script type=\"application\/ld+json\" class=\"yoast-schema-graph\">{\"@context\":\"https:\/\/schema.org\",\"@graph\":[{\"@type\":\"WebPage\",\"@id\":\"https:\/\/naturvernforbundet.no\/agder\/event\/strandrydding-auglandsbukta\/\",\"url\":\"https:\/\/naturvernforbundet.no\/agder\/event\/strandrydding-auglandsbukta\/\",\"name\":\"Strandrydding: Auglandsbukta - Agder\",\"isPartOf\":{\"@id\":\"https:\/\/naturvernforbundet.no\/agder\/#website\"},\"primaryImageOfPage\":{\"@id\":\"https:\/\/naturvernforbundet.no\/agder\/event\/strandrydding-auglandsbukta\/#primaryimage\"},\"image\":{\"@id\":\"https:\/\/naturvernforbundet.no\/agder\/event\/strandrydding-auglandsbukta\/#primaryimage\"},\"thumbnailUrl\":\"https:\/\/naturvernforbundet.no\/content\/uploads\/sites\/2\/2026\/09\/Strandrydding.png\",\"datePublished\":\"2026-09-03T11:03:39+00:00\",\"dateModified\":\"2026-09-03T11:03:40+00:00\",\"breadcrumb\":{\"@id\":\"https:\/\/naturvernforbundet.no\/agder\/event\/strandrydding-auglandsbukta\/#breadcrumb\"},\"inLanguage\":\"nb-NO\",\"potentialAction\":[{\"@type\":\"ReadAction\",\"target\":[\"https:\/\/naturvernforbundet.no\/agder\/event\/strandrydding-auglandsbukta\/\"]}]},{\"@type\":\"ImageObject\",\"inLanguage\":\"nb-NO\",\"@id\":\"https:\/\/naturvernforbundet.no\/agder\/event\/strandrydding-auglandsbukta\/#primaryimage\",\"url\":\"https:\/\/naturvernforbundet.no\/content\/uploads\/sites\/2\/2026\/09\/Strandrydding.png\",\"contentUrl\":\"https:\/\/naturvernforbundet.no\/content\/uploads\/sites\/2\/2026\/09\/Strandrydding.png\",\"width\":2560,\"height\":1440,\"caption\":\"Illustrasjon laget i canva\"},{\"@type\":\"BreadcrumbList\",\"@id\":\"https:\/\/naturvernforbundet.no\/agder\/event\/strandrydding-auglandsbukta\/#breadcrumb\",\"itemListElement\":[{\"@type\":\"ListItem\",\"position\":1,\"name\":\"Till naturvernforbundet.no\",\"item\":\"https:\/\/naturvernforbundet.no\/\"},{\"@type\":\"ListItem\",\"position\":2,\"name\":\"Agder\",\"item\":\"https:\/\/naturvernforbundet.no\/agder\/\"},{\"@type\":\"ListItem\",\"position\":3,\"name\":\"Event\",\"item\":\"https:\/\/naturvernforbundet.no\/agder\/event\/\"},{\"@type\":\"ListItem\",\"position\":4,\"name\":\"Strandrydding: Auglandsbukta\"}]},{\"@type\":\"WebSite\",\"@id\":\"https:\/\/naturvernforbundet.no\/agder\/#website\",\"url\":\"https:\/\/naturvernforbundet.no\/agder\/\",\"name\":\"Agder\",\"description\":\"Bare enda et Naturvernforbundet Sites-nettsted\",\"publisher\":{\"@id\":\"https:\/\/naturvernforbundet.no\/agder\/#organization\"},\"potentialAction\":[{\"@type\":\"SearchAction\",\"target\":{\"@type\":\"EntryPoint\",\"urlTemplate\":\"https:\/\/naturvernforbundet.no\/agder\/?s={search_term_string}\"},\"query-input\":{\"@type\":\"PropertyValueSpecification\",\"valueRequired\":true,\"valueName\":\"search_term_string\"}}],\"inLanguage\":\"nb-NO\"},{\"@type\":\"Organization\",\"@id\":\"https:\/\/naturvernforbundet.no\/agder\/#organization\",\"name\":\"Agder\",\"url\":\"https:\/\/naturvernforbundet.no\/agder\/\",\"logo\":{\"@type\":\"ImageObject\",\"inLanguage\":\"nb-NO\",\"@id\":\"https:\/\/naturvernforbundet.no\/agder\/#\/schema\/logo\/image\/\",\"url\":\"https:\/\/naturvernforbundet.no\/content\/uploads\/sites\/2\/2022\/08\/logo.png\",\"contentUrl\":\"https:\/\/naturvernforbundet.no\/content\/uploads\/sites\/2\/2022\/08\/logo.png\",\"width\":301,\"height\":33,\"caption\":\"Agder\"},\"image\":{\"@id\":\"https:\/\/naturvernforbundet.no\/agder\/#\/schema\/logo\/image\/\"}}]}<\/script>\n<!-- \/ Yoast SEO plugin. -->","yoast_head_json":{"title":"Strandrydding: Auglandsbukta - Agder","robots":{"index":"index","follow":"follow","max-snippet":"max-snippet:-1","max-image-preview":"max-image-preview:large","max-video-preview":"max-video-preview:-1"},"canonical":"https:\/\/naturvernforbundet.no\/agder\/event\/strandrydding-auglandsbukta\/","og_locale":"nb_NO","og_type":"article","og_title":"Strandrydding: Auglandsbukta - Agder","og_url":"https:\/\/naturvernforbundet.no\/agder\/event\/strandrydding-auglandsbukta\/","og_site_name":"Agder","article_modified_time":"2026-09-03T11:03:40+00:00","og_image":[{"width":1024,"height":576,"url":"https:\/\/naturvernforbundet.no\/content\/uploads\/sites\/2\/2026\/09\/Strandrydding-1024x576.png","type":"image\/png"}],"twitter_card":"summary_large_image","twitter_misc":{"Ansl. lesetid":"1 minutt"},"schema":{"@context":"https:\/\/schema.org","@graph":[{"@type":"WebPage","@id":"https:\/\/naturvernforbundet.no\/agder\/event\/strandrydding-auglandsbukta\/","url":"https:\/\/naturvernforbundet.no\/agder\/event\/strandrydding-auglandsbukta\/","name":"Strandrydding: Auglandsbukta - Agder","isPartOf":{"@id":"https:\/\/naturvernforbundet.no\/agder\/#website"},"primaryImageOfPage":{"@id":"https:\/\/naturvernforbundet.no\/agder\/event\/strandrydding-auglandsbukta\/#primaryimage"},"image":{"@id":"https:\/\/naturvernforbundet.no\/agder\/event\/strandrydding-auglandsbukta\/#primaryimage"},"thumbnailUrl":"https:\/\/naturvernforbundet.no\/content\/uploads\/sites\/2\/2026\/09\/Strandrydding.png","datePublished":"2026-09-03T11:03:39+00:00","dateModified":"2026-09-03T11:03:40+00:00","breadcrumb":{"@id":"https:\/\/naturvernforbundet.no\/agder\/event\/strandrydding-auglandsbukta\/#breadcrumb"},"inLanguage":"nb-NO","potentialAction":[{"@type":"ReadAction","target":["https:\/\/naturvernforbundet.no\/agder\/event\/strandrydding-auglandsbukta\/"]}]},{"@type":"ImageObject","inLanguage":"nb-NO","@id":"https:\/\/naturvernforbundet.no\/agder\/event\/strandrydding-auglandsbukta\/#primaryimage","url":"https:\/\/naturvernforbundet.no\/content\/uploads\/sites\/2\/2026\/09\/Strandrydding.png","contentUrl":"https:\/\/naturvernforbundet.no\/content\/uploads\/sites\/2\/2026\/09\/Strandrydding.png","width":2560,"height":1440,"caption":"Illustrasjon laget i canva"},{"@type":"BreadcrumbList","@id":"https:\/\/naturvernforbundet.no\/agder\/event\/strandrydding-auglandsbukta\/#breadcrumb","itemListElement":[{"@type":"ListItem","position":1,"name":"Till naturvernforbundet.no","item":"https:\/\/naturvernforbundet.no\/"},{"@type":"ListItem","position":2,"name":"Agder","item":"https:\/\/naturvernforbundet.no\/agder\/"},{"@type":"ListItem","position":3,"name":"Event","item":"https:\/\/naturvernforbundet.no\/agder\/event\/"},{"@type":"ListItem","position":4,"name":"Strandrydding: Auglandsbukta"}]},{"@type":"WebSite","@id":"https:\/\/naturvernforbundet.no\/agder\/#website","url":"https:\/\/naturvernforbundet.no\/agder\/","name":"Agder","description":"Bare enda et Naturvernforbundet Sites-nettsted","publisher":{"@id":"https:\/\/naturvernforbundet.no\/agder\/#organization"},"potentialAction":[{"@type":"SearchAction","target":{"@type":"EntryPoint","urlTemplate":"https:\/\/naturvernforbundet.no\/agder\/?s={search_term_string}"},"query-input":{"@type":"PropertyValueSpecification","valueRequired":true,"valueName":"search_term_string"}}],"inLanguage":"nb-NO"},{"@type":"Organization","@id":"https:\/\/naturvernforbundet.no\/agder\/#organization","name":"Agder","url":"https:\/\/naturvernforbundet.no\/agder\/","logo":{"@type":"ImageObject","inLanguage":"nb-NO","@id":"https:\/\/naturvernforbundet.no\/agder\/#\/schema\/logo\/image\/","url":"https:\/\/naturvernforbundet.no\/content\/uploads\/sites\/2\/2022\/08\/logo.png","contentUrl":"https:\/\/naturvernforbundet.no\/content\/uploads\/sites\/2\/2022\/08\/logo.png","width":301,"height":33,"caption":"Agder"},"image":{"@id":"https:\/\/naturvernforbundet.no\/agder\/#\/schema\/logo\/image\/"}}]}},"_links":{"self":[{"href":"https:\/\/naturvernforbundet.no\/agder\/wp-json\/wp\/v2\/event\/1614","targetHints":{"allow":["GET"]}}],"collection":[{"href":"https:\/\/naturvernforbundet.no\/agder\/wp-json\/wp\/v2\/event"}],"about":[{"href":"https:\/\/naturvernforbundet.no\/agder\/wp-json\/wp\/v2\/types\/event"}],"version-history":[{"count":1,"href":"https:\/\/naturvernforbundet.no\/agder\/wp-json\/wp\/v2\/event\/1614\/revisions"}],"predecessor-version":[{"id":1616,"href":"https:\/\/naturvernforbundet.no\/agder\/wp-json\/wp\/v2\/event\/1614\/revisions\/1616"}],"wp:featuredmedia":[{"embeddable":true,"href":"https:\/\/naturvernforbundet.no\/agder\/wp-json\/wp\/v2\/media\/1615"}],"wp:attachment":[{"href":"https:\/\/naturvernforbundet.no\/agder\/wp-json\/wp\/v2\/media?parent=1614"}],"wp:term":[{"taxonomy":"local","embeddable":true,"href":"https:\/\/naturvernforbundet.no\/agder\/wp-json\/wp\/v2\/local?post=1614"}],"curies":[{"name":"wp","href":"https:\/\/api.w.org\/{rel}","templated":true}]}}