{"version":"1.0","provider_name":"Buskerud","provider_url":"https:\/\/naturvernforbundet.no\/buskerud","author_name":"Ines Br\u00e5ten","author_url":"https:\/\/naturvernforbundet.no\/buskerud\/author\/inesbraten\/","title":"F\u00e5r bygge anneks - politikarar p\u00e5 ville vegar","type":"rich","width":600,"height":338,"html":"<blockquote class=\"wp-embedded-content\" data-secret=\"hldGZUMn4g\"><a href=\"https:\/\/naturvernforbundet.no\/buskerud\/far-bygge-anneks-politikarar-pa-ville-vegar\/\">F\u00e5r bygge anneks &#8211; politikarar p\u00e5 ville vegar<\/a><\/blockquote><iframe sandbox=\"allow-scripts\" security=\"restricted\" src=\"https:\/\/naturvernforbundet.no\/buskerud\/far-bygge-anneks-politikarar-pa-ville-vegar\/embed\/#?secret=hldGZUMn4g\" width=\"600\" height=\"338\" title=\"&laquo;F\u00e5r bygge anneks &#8211; politikarar p\u00e5 ville vegar&raquo; &#8212; Buskerud\" data-secret=\"hldGZUMn4g\" frameborder=\"0\" marginwidth=\"0\" marginheight=\"0\" scrolling=\"no\" class=\"wp-embedded-content\"><\/iframe><script>\n\/*! This file is auto-generated *\/\n!function(d,l){\"use strict\";l.querySelector&&d.addEventListener&&\"undefined\"!=typeof URL&&(d.wp=d.wp||{},d.wp.receiveEmbedMessage||(d.wp.receiveEmbedMessage=function(e){var t=e.data;if((t||t.secret||t.message||t.value)&&!\/[^a-zA-Z0-9]\/.test(t.secret)){for(var s,r,n,a=l.querySelectorAll('iframe[data-secret=\"'+t.secret+'\"]'),o=l.querySelectorAll('blockquote[data-secret=\"'+t.secret+'\"]'),c=new RegExp(\"^https?:$\",\"i\"),i=0;i<o.length;i++)o[i].style.display=\"none\";for(i=0;i<a.length;i++)s=a[i],e.source===s.contentWindow&&(s.removeAttribute(\"style\"),\"height\"===t.message?(1e3<(r=parseInt(t.value,10))?r=1e3:~~r<200&&(r=200),s.height=r):\"link\"===t.message&&(r=new URL(s.getAttribute(\"src\")),n=new URL(t.value),c.test(n.protocol))&&n.host===r.host&&l.activeElement===s&&(d.top.location.href=t.value))}},d.addEventListener(\"message\",d.wp.receiveEmbedMessage,!1),l.addEventListener(\"DOMContentLoaded\",function(){for(var e,t,s=l.querySelectorAll(\"iframe.wp-embedded-content\"),r=0;r<s.length;r++)(t=(e=s[r]).getAttribute(\"data-secret\"))||(t=Math.random().toString(36).substring(2,12),e.src+=\"#?secret=\"+t,e.setAttribute(\"data-secret\",t)),e.contentWindow.postMessage({message:\"ready\",secret:t},\"*\")},!1)))}(window,document);\n<\/script>\n","description":"28.09.2021 ble dette leserbrevet, skrevet av Martin Lindal i Naturvernforbundet i Buskerud, publisert i Hallingd\u00f8len: If\u00f8lge Hallingd\u00f8len 10.09.2021 har formannskapet i \u00c5l vedtatt at ein grunneigar f\u00e5r byggja anneks p\u00e5 st\u00f8len sin i Lauvdalen. Trass i klage fra Statsforvaltaren og negative uttalar fr\u00e5 villreinnmda og Viken fylkeskommune, gir formannskapet dispensasjon til bygging. Grunnlaget for s\u00f8knaden er at grunneigaren har leigd ut st\u00f8len sin og hevdar at han treng eit anneks for \u00e5 drive vedlikehald."}