{"version":"1.0","provider_name":"Buskerud","provider_url":"https:\/\/naturvernforbundet.no\/buskerud","author_name":"Ines Br\u00e5ten","author_url":"https:\/\/naturvernforbundet.no\/buskerud\/author\/inesbraten\/","title":"Sn\u00f8skuter og dyreliv \u2013 klima og natur","type":"rich","width":600,"height":338,"html":"<blockquote class=\"wp-embedded-content\" data-secret=\"X2PternUkK\"><a href=\"https:\/\/naturvernforbundet.no\/buskerud\/snoskuter-og-dyreliv-klima-og-natur\/\">Sn\u00f8skuter og dyreliv \u2013 klima og natur<\/a><\/blockquote><iframe sandbox=\"allow-scripts\" security=\"restricted\" src=\"https:\/\/naturvernforbundet.no\/buskerud\/snoskuter-og-dyreliv-klima-og-natur\/embed\/#?secret=X2PternUkK\" width=\"600\" height=\"338\" title=\"&laquo;Sn\u00f8skuter og dyreliv \u2013 klima og natur&raquo; &#8212; Buskerud\" data-secret=\"X2PternUkK\" frameborder=\"0\" marginwidth=\"0\" marginheight=\"0\" scrolling=\"no\" class=\"wp-embedded-content\"><\/iframe><script>\n\/*! This file is auto-generated *\/\n!function(d,l){\"use strict\";l.querySelector&&d.addEventListener&&\"undefined\"!=typeof URL&&(d.wp=d.wp||{},d.wp.receiveEmbedMessage||(d.wp.receiveEmbedMessage=function(e){var t=e.data;if((t||t.secret||t.message||t.value)&&!\/[^a-zA-Z0-9]\/.test(t.secret)){for(var s,r,n,a=l.querySelectorAll('iframe[data-secret=\"'+t.secret+'\"]'),o=l.querySelectorAll('blockquote[data-secret=\"'+t.secret+'\"]'),c=new RegExp(\"^https?:$\",\"i\"),i=0;i<o.length;i++)o[i].style.display=\"none\";for(i=0;i<a.length;i++)s=a[i],e.source===s.contentWindow&&(s.removeAttribute(\"style\"),\"height\"===t.message?(1e3<(r=parseInt(t.value,10))?r=1e3:~~r<200&&(r=200),s.height=r):\"link\"===t.message&&(r=new URL(s.getAttribute(\"src\")),n=new URL(t.value),c.test(n.protocol))&&n.host===r.host&&l.activeElement===s&&(d.top.location.href=t.value))}},d.addEventListener(\"message\",d.wp.receiveEmbedMessage,!1),l.addEventListener(\"DOMContentLoaded\",function(){for(var e,t,s=l.querySelectorAll(\"iframe.wp-embedded-content\"),r=0;r<s.length;r++)(t=(e=s[r]).getAttribute(\"data-secret\"))||(t=Math.random().toString(36).substring(2,12),e.src+=\"#?secret=\"+t,e.setAttribute(\"data-secret\",t)),e.contentWindow.postMessage({message:\"ready\",secret:t},\"*\")},!1)))}(window,document);\n<\/script>\n","thumbnail_url":"https:\/\/naturvernforbundet.no\/content\/uploads\/sites\/11\/2021\/12\/Vinter20Martin20Lindal.JPG2028articledisplay29.jpg","thumbnail_width":653,"thumbnail_height":437,"description":"I Hallingd\u00f8len 11.12, under overskrifta: \u201cHer kjem det skuterl\u00f8ype\u201d, er det ein reportasje om planane om ei skuterl\u00f8ype i \u00f8vre Numedal. Det er \u00d8vre Numedal Friluftsopplevelser som st\u00e5r bak planane. Meininga er at l\u00f8ypa skal g\u00e5 fra Veggli via Vergjedalen til \u00d8ygardsgrend, med avstikker til Norefjord. Tilsaman blir det mange mil med skuterl\u00f8ype. Motivet for \u00e5 starte opp med l\u00f8ypa har vore \u00e5 gi unge menneske eit h\u00f8ve til \u00e5 koma seg ut i naturen p\u00e5 sn\u00f8skuter, og \u00e5 styrke driftsgrunnlaget til dei som har teke over gard og grunn i dei same omr\u00e5da."}