{"id":6,"date":"2022-04-01T14:42:29","date_gmt":"2022-04-01T12:42:29","guid":{"rendered":"https:\/\/naturvernforbundet.no\/finnmark\/?page_id=6"},"modified":"2026-06-03T15:38:03","modified_gmt":"2026-06-03T13:38:03","slug":"forside","status":"publish","type":"page","link":"https:\/\/naturvernforbundet.no\/finnmark\/","title":{"rendered":"Forside"},"content":{"rendered":"\n<p class=\"has-text-align-center\"><\/p>\n\n\n\n<h2 class=\"wp-block-heading has-text-align-center\">Nytt fra Finnmark<\/h2>\n\n\n\n<p><\/p>\n\n\n\n<div class=\"wp-block-columns alignwide is-layout-flex wp-container-core-columns-is-layout-1 wp-block-columns-is-layout-flex\">\n<div class=\"wp-block-column is-layout-flow wp-block-column-is-layout-flow\"><div class=\"t2-featured-query-post t2-featured-content is-post-type-post category-aktuelt category-arrangement category-fiske-og-oppdrett tag-fiske tag-lakseoppdrett tag-torskeoppdrett wp-block-t2-featured-query-post\"><a class=\"t2-post-link wp-block-t2-post-link\" href=\"https:\/\/naturvernforbundet.no\/finnmark\/fiskerettigheter-fiskeripolitikk-og-fjordforvaltning\/\">\n<figure style=\"--t2-focal-point: 50% 50%;\" class=\"t2-post-featured-image has-image-ratio-4-3 wp-block-t2-post-featured-image\"><img loading=\"lazy\" decoding=\"async\" width=\"1500\" height=\"809\" src=\"https:\/\/naturvernforbundet.no\/content\/uploads\/sites\/12\/2026\/08\/Samling_fiskerettigheter_Porsanger.jpg\" class=\"attachment-post-thumbnail size-post-thumbnail wp-post-image\" alt=\"\" srcset=\"https:\/\/naturvernforbundet.no\/content\/uploads\/sites\/12\/2026\/08\/Samling_fiskerettigheter_Porsanger.jpg 1500w, https:\/\/naturvernforbundet.no\/content\/uploads\/sites\/12\/2026\/08\/Samling_fiskerettigheter_Porsanger-300x162.jpg 300w, https:\/\/naturvernforbundet.no\/content\/uploads\/sites\/12\/2026\/08\/Samling_fiskerettigheter_Porsanger-1024x552.jpg 1024w, https:\/\/naturvernforbundet.no\/content\/uploads\/sites\/12\/2026\/08\/Samling_fiskerettigheter_Porsanger-768x414.jpg 768w\" sizes=\"auto, (max-width: 1500px) 100vw, 1500px\" \/><\/figure>\n\n<div class=\"wp-block-group alignfull is-layout-flow wp-block-group-is-layout-flow\">\n\t<h2 class=\"t2-post-title wp-block-t2-post-title\">Fiskerettigheter, fiskeripolitikk og fjordforvaltning<\/h2>\n\t<p class=\"wp-block-naturvern-post-excerpt\">Naturvernforbundet i Finnmark var representert p\u00e5 samlingen om sj\u00f8samiske fiskerettigheter i Porsanger 14.\u201315. august 2026. Sp\u00f8rsm\u00e5let om rettigheter aktualiserer en rekke problemer i forvaltning av fjorder og andre kystn\u00e6re farvann som er h\u00f8yst aktuelle ogs\u00e5 i naturvernarbeid.<br><\/p>\n<\/div>\n\n<\/a>\n<\/div>\n\n\n<p><\/p>\n<\/div>\n\n\n\n<div class=\"wp-block-column is-layout-flow wp-block-column-is-layout-flow\"><div class=\"t2-featured-query-post t2-featured-content is-post-type-post category-aktuelt category-olje-og-gass category-reindrift category-vindkraft-og-kraftlinjer tag-advokat tag-elektrifisering tag-fala tag-fiettar tag-finnmark tag-kraftlinje tag-kraftpakke-melkoya tag-melkoya tag-naturmangfold tag-reindrift tag-statnett tag-urfolk tag-vindindustri wp-block-t2-featured-query-post\"><a class=\"t2-post-link wp-block-t2-post-link\" href=\"https:\/\/naturvernforbundet.no\/finnmark\/sammen-mot-naturrasering-for-a-elektrifisere-melkoya-%f0%9f%9a%ab\/\">\n<figure style=\"--t2-focal-point: 50% 50%;\" class=\"t2-post-featured-image has-image-ratio-4-3 wp-block-t2-post-featured-image\"><img loading=\"lazy\" decoding=\"async\" width=\"2560\" height=\"1550\" src=\"https:\/\/naturvernforbundet.no\/content\/uploads\/sites\/12\/2026\/08\/20260819_125920_red-scaled.jpg\" class=\"attachment-post-thumbnail size-post-thumbnail wp-post-image\" alt=\"\" srcset=\"https:\/\/naturvernforbundet.no\/content\/uploads\/sites\/12\/2026\/08\/20260819_125920_red-scaled.jpg 2560w, https:\/\/naturvernforbundet.no\/content\/uploads\/sites\/12\/2026\/08\/20260819_125920_red-300x182.jpg 300w, https:\/\/naturvernforbundet.no\/content\/uploads\/sites\/12\/2026\/08\/20260819_125920_red-1024x620.jpg 1024w, https:\/\/naturvernforbundet.no\/content\/uploads\/sites\/12\/2026\/08\/20260819_125920_red-768x465.jpg 768w, https:\/\/naturvernforbundet.no\/content\/uploads\/sites\/12\/2026\/08\/20260819_125920_red-1536x930.jpg 1536w, https:\/\/naturvernforbundet.no\/content\/uploads\/sites\/12\/2026\/08\/20260819_125920_red-2048x1240.jpg 2048w, https:\/\/naturvernforbundet.no\/content\/uploads\/sites\/12\/2026\/08\/20260819_125920_red-1920x1162.jpg 1920w\" sizes=\"auto, (max-width: 2560px) 100vw, 2560px\" \/><\/figure>\n\n<div class=\"wp-block-group alignfull is-layout-flow wp-block-group-is-layout-flow\">\n\t<h2 class=\"t2-post-title wp-block-t2-post-title\">Sammen mot naturrasering for \u00e5 elektrifisere Melk\u00f8ya \ud83d\udeab<\/h2>\n\t<p class=\"wp-block-naturvern-post-excerpt\"><strong>Naturvernforbundet i Finnmark erkl\u00e6rer partshjelp for reindrifta mot elektrifisering av Melk\u00f8ya og deltar n\u00e5 p\u00e5 befaring i deler av det p\u00e5virkede omr\u00e5det <\/strong><\/p>\n<\/div>\n\n<\/a>\n<\/div><\/div>\n\n\n\n<div class=\"wp-block-column is-layout-flow wp-block-column-is-layout-flow\"><div class=\"t2-featured-query-post t2-featured-content is-post-type-post category-aktuelt category-johtolat category-media category-vindkraft-og-kraftlinjer tag-kraftlinje tag-vindindustri wp-block-t2-featured-query-post\"><a class=\"t2-post-link wp-block-t2-post-link\" href=\"https:\/\/naturvernforbundet.no\/finnmark\/det-nye-kraftloftet-for-nord-norge-fristilt-fra-naturverdier-og-demokrati\/\">\n<figure style=\"--t2-focal-point: 50% 50%;\" class=\"t2-post-featured-image has-image-ratio-4-3 wp-block-t2-post-featured-image\"><img loading=\"lazy\" decoding=\"async\" width=\"680\" height=\"510\" src=\"https:\/\/naturvernforbundet.no\/content\/uploads\/sites\/12\/2026\/06\/Solbakken_Deraas_Holm.jpg\" class=\"attachment-post-thumbnail size-post-thumbnail wp-post-image\" alt=\"\" srcset=\"https:\/\/naturvernforbundet.no\/content\/uploads\/sites\/12\/2026\/06\/Solbakken_Deraas_Holm.jpg 680w, https:\/\/naturvernforbundet.no\/content\/uploads\/sites\/12\/2026\/06\/Solbakken_Deraas_Holm-300x225.jpg 300w\" sizes=\"auto, (max-width: 680px) 100vw, 680px\" \/><\/figure>\n\n<div class=\"wp-block-group alignfull is-layout-flow wp-block-group-is-layout-flow\">\n\t<h2 class=\"t2-post-title wp-block-t2-post-title\">Det nye \u00abKraftl\u00f8ftet\u00bb for Nord-Norge \u2013 fristilt fra naturverdier og demokrati?<\/h2>\n\t<p class=\"wp-block-naturvern-post-excerpt\">Fylkeslederne i Naturvernforbundet i Nordland, Troms og Finnmark tar et kraftig oppgj\u00f8r med AP-regjeringen sitt nye &laquo;kraftl\u00f8ft&raquo; for Nord-Norge, som bygger p\u00e5 forestillingen om at Norge mangler kraft. Men Nord-Norge har et kraftoverskudd p\u00e5 om lag 8 TWh, og den varslede knappheten p\u00e5 kraft i Nord handler om politiske valg. <br><br><\/p>\n<\/div>\n\n<\/a>\n<\/div><\/div>\n<\/div>\n\n\n\n<div class=\"wp-block-columns alignwide is-layout-flex wp-container-core-columns-is-layout-2 wp-block-columns-is-layout-flex\">\n<div class=\"wp-block-column is-layout-flow wp-block-column-is-layout-flow\"><div class=\"t2-featured-query-post t2-featured-content is-post-type-post category-aktuelt category-fiske-og-oppdrett category-innspill category-stilla-laget-vest-finnmark wp-block-t2-featured-query-post\"><a class=\"t2-post-link wp-block-t2-post-link\" href=\"https:\/\/naturvernforbundet.no\/finnmark\/uttalelse-vedr-plan-om-lakseoppdrett-i-rognsund\/\">\n<figure style=\"--t2-focal-point: 50% 50%;\" class=\"t2-post-featured-image has-image-ratio-4-3 wp-block-t2-post-featured-image\"><img loading=\"lazy\" decoding=\"async\" width=\"916\" height=\"690\" src=\"https:\/\/naturvernforbundet.no\/content\/uploads\/sites\/12\/2026\/07\/Oversiktskart_Rognsund_fra_planprogram_oppdrett.jpg\" class=\"attachment-post-thumbnail size-post-thumbnail wp-post-image\" alt=\"\" srcset=\"https:\/\/naturvernforbundet.no\/content\/uploads\/sites\/12\/2026\/07\/Oversiktskart_Rognsund_fra_planprogram_oppdrett.jpg 916w, https:\/\/naturvernforbundet.no\/content\/uploads\/sites\/12\/2026\/07\/Oversiktskart_Rognsund_fra_planprogram_oppdrett-300x226.jpg 300w, https:\/\/naturvernforbundet.no\/content\/uploads\/sites\/12\/2026\/07\/Oversiktskart_Rognsund_fra_planprogram_oppdrett-768x579.jpg 768w\" sizes=\"auto, (max-width: 916px) 100vw, 916px\" \/><\/figure>\n\n<div class=\"wp-block-group alignfull is-layout-flow wp-block-group-is-layout-flow\">\n\t<h2 class=\"t2-post-title wp-block-t2-post-title\">Uttalelse vedr. plan om lakseoppdrett i Rognsundet<\/h2>\n\t<p class=\"wp-block-naturvern-post-excerpt\">Naturvernforbundets lokallag Stilla-laget \/ Vest-Finnmark mener at Alta kommune m\u00e5 avsl\u00e5 s\u00f8knad fra SalMar Farming AS om nye lokaliteter for oppdrett av laks i Rognsundet. Vi viser blant annet til at forurensing fra \u00e5pne oppdrettsanlegg p\u00e5virker naturmangfoldet negativt, og at fiskerin\u00e6ringa allerede har tapt store omr\u00e5der til oppdrett.<\/p>\n<\/div>\n\n<\/a>\n<\/div>\n\n\n<p><\/p>\n<\/div>\n\n\n\n<div class=\"wp-block-column is-layout-flow wp-block-column-is-layout-flow\"><div class=\"t2-featured-query-post t2-featured-content is-post-type-post category-aktuelt category-gruvedrift local-stilla-og-vest-finnmark wp-block-t2-featured-query-post\"><a class=\"t2-post-link wp-block-t2-post-link\" href=\"https:\/\/naturvernforbundet.no\/finnmark\/kan-fordefjord-dommen-tippe-planen-om-sjodeponi-i-repparfjorden\/\">\n<figure style=\"--t2-focal-point: 50% 50%;\" class=\"t2-post-featured-image has-image-ratio-4-3 wp-block-t2-post-featured-image\"><img loading=\"lazy\" decoding=\"async\" width=\"1410\" height=\"940\" src=\"https:\/\/naturvernforbundet.no\/content\/uploads\/sites\/12\/2026\/02\/image-1.jpeg\" class=\"attachment-post-thumbnail size-post-thumbnail wp-post-image\" alt=\"\" srcset=\"https:\/\/naturvernforbundet.no\/content\/uploads\/sites\/12\/2026\/02\/image-1.jpeg 1410w, https:\/\/naturvernforbundet.no\/content\/uploads\/sites\/12\/2026\/02\/image-1-300x200.jpeg 300w, https:\/\/naturvernforbundet.no\/content\/uploads\/sites\/12\/2026\/02\/image-1-1024x683.jpeg 1024w, https:\/\/naturvernforbundet.no\/content\/uploads\/sites\/12\/2026\/02\/image-1-768x512.jpeg 768w\" sizes=\"auto, (max-width: 1410px) 100vw, 1410px\" \/><\/figure>\n\n<div class=\"wp-block-group alignfull is-layout-flow wp-block-group-is-layout-flow\">\n\t<h2 class=\"t2-post-title wp-block-t2-post-title\">Kan F\u00f8rdefjord-dommen tippe planen om sj\u00f8deponi i Repparfjorden?<\/h2>\n\t<p class=\"wp-block-naturvern-post-excerpt\">Etter et ti\u00e5r med drakamp, er det endelig avgjort. Gruveselskapet ved F\u00f8rdefjorden har ikke lov til \u00e5 dumpe gruveavfallet sitt i sj\u00f8en, og ESA har kommet p\u00e5 banen.<\/p>\n<\/div>\n\n<\/a>\n<\/div><\/div>\n\n\n\n<div class=\"wp-block-column is-layout-flow wp-block-column-is-layout-flow\"><div class=\"t2-featured-query-post t2-featured-content is-post-type-post category-aktuelt category-gruvedrift local-stilla-og-vest-finnmark wp-block-t2-featured-query-post\"><a class=\"t2-post-link wp-block-t2-post-link\" href=\"https:\/\/naturvernforbundet.no\/finnmark\/fjordens-forsvarere-domt-til-boter\/\">\n<figure style=\"--t2-focal-point: 50% 50%;\" class=\"t2-post-featured-image has-image-ratio-4-3 wp-block-t2-post-featured-image\"><img loading=\"lazy\" decoding=\"async\" width=\"1792\" height=\"1291\" src=\"https:\/\/naturvernforbundet.no\/content\/uploads\/sites\/12\/2026\/06\/55315691809_d3c43118f4_k_Rasmus-Berg_red.jpg\" class=\"attachment-post-thumbnail size-post-thumbnail wp-post-image\" alt=\"\" srcset=\"https:\/\/naturvernforbundet.no\/content\/uploads\/sites\/12\/2026\/06\/55315691809_d3c43118f4_k_Rasmus-Berg_red.jpg 1792w, https:\/\/naturvernforbundet.no\/content\/uploads\/sites\/12\/2026\/06\/55315691809_d3c43118f4_k_Rasmus-Berg_red-300x216.jpg 300w, https:\/\/naturvernforbundet.no\/content\/uploads\/sites\/12\/2026\/06\/55315691809_d3c43118f4_k_Rasmus-Berg_red-1024x738.jpg 1024w, https:\/\/naturvernforbundet.no\/content\/uploads\/sites\/12\/2026\/06\/55315691809_d3c43118f4_k_Rasmus-Berg_red-768x553.jpg 768w, https:\/\/naturvernforbundet.no\/content\/uploads\/sites\/12\/2026\/06\/55315691809_d3c43118f4_k_Rasmus-Berg_red-1536x1107.jpg 1536w\" sizes=\"auto, (max-width: 1792px) 100vw, 1792px\" \/><\/figure>\n\n<div class=\"wp-block-group alignfull is-layout-flow wp-block-group-is-layout-flow\">\n\t<h2 class=\"t2-post-title wp-block-t2-post-title\">Fjordens forsvarere d\u00f8mt til b\u00f8ter<\/h2>\n\t<p class=\"wp-block-naturvern-post-excerpt\">25. juni 2026 ble 14 av Repparfjordaksjonistene d\u00f8mt under dissens til \u00e5 betale b\u00f8tene de ble forelagt etter \u00e5 ha nektet \u00e5 flytte seg for Nussir ASA i fjor sommer. &laquo;\u00c5 beskytte livsgrunnlaget i fjellet og fjorden, for kommende generasjoner, er v\u00e5r plikt&raquo; sa aksjonist Rebecka Ekeland i en pressemelding.<\/p>\n<\/div>\n\n<\/a>\n<\/div><\/div>\n<\/div>\n\n\n\n<div class=\"wp-block-columns alignwide is-layout-flex wp-container-core-columns-is-layout-3 wp-block-columns-is-layout-flex\">\n<div class=\"wp-block-column is-layout-flow wp-block-column-is-layout-flow\"><div class=\"t2-featured-query-post t2-featured-content is-post-type-post category-aktuelt wp-block-t2-featured-query-post\"><a class=\"t2-post-link wp-block-t2-post-link\" href=\"https:\/\/naturvernforbundet.no\/finnmark\/elektrifisering-av-gruvedrift-i-nussir\/\">\n<figure style=\"--t2-focal-point: 50% 50%;\" class=\"t2-post-featured-image has-image-ratio-4-3 wp-block-t2-post-featured-image\"><img loading=\"lazy\" decoding=\"async\" width=\"1128\" height=\"1638\" src=\"https:\/\/naturvernforbundet.no\/content\/uploads\/sites\/12\/2026\/06\/Screenshot-2026-06-11-at-12.31.25.png\" class=\"attachment-post-thumbnail size-post-thumbnail wp-post-image\" alt=\"\" srcset=\"https:\/\/naturvernforbundet.no\/content\/uploads\/sites\/12\/2026\/06\/Screenshot-2026-06-11-at-12.31.25.png 1128w, https:\/\/naturvernforbundet.no\/content\/uploads\/sites\/12\/2026\/06\/Screenshot-2026-06-11-at-12.31.25-207x300.png 207w, https:\/\/naturvernforbundet.no\/content\/uploads\/sites\/12\/2026\/06\/Screenshot-2026-06-11-at-12.31.25-705x1024.png 705w, https:\/\/naturvernforbundet.no\/content\/uploads\/sites\/12\/2026\/06\/Screenshot-2026-06-11-at-12.31.25-768x1115.png 768w, https:\/\/naturvernforbundet.no\/content\/uploads\/sites\/12\/2026\/06\/Screenshot-2026-06-11-at-12.31.25-1058x1536.png 1058w\" sizes=\"auto, (max-width: 1128px) 100vw, 1128px\" \/><\/figure>\n\n<div class=\"wp-block-group alignfull is-layout-flow wp-block-group-is-layout-flow\">\n\t<h2 class=\"t2-post-title wp-block-t2-post-title\">Elektrifisering av gruvedrift i Nussir<\/h2>\n\t<p class=\"wp-block-naturvern-post-excerpt\">Er planen for gruvedrift i Ulveryggen gjen\u00e5pnet, siden Nussir og Lucerna n\u00e5 s\u00f8ker om \u00e5 elektrifisere b\u00e5de Nussir- og Ulveryggengruva? Vi leverte h\u00f8ringsuttalelse. <\/p>\n<\/div>\n\n<\/a>\n<\/div>\n\n\n<p><\/p>\n<\/div>\n\n\n\n<div class=\"wp-block-column is-layout-flow wp-block-column-is-layout-flow\"><div class=\"t2-featured-query-post t2-featured-content is-post-type-post category-aktuelt category-innspill category-vindkraft-og-kraftlinjer tag-vindindustri wp-block-t2-featured-query-post\"><a class=\"t2-post-link wp-block-t2-post-link\" href=\"https:\/\/naturvernforbundet.no\/finnmark\/vindkraft-uten-grenser\/\">\n<figure style=\"--t2-focal-point: 50% 50%;\" class=\"t2-post-featured-image has-image-ratio-4-3 wp-block-t2-post-featured-image\"><img loading=\"lazy\" decoding=\"async\" width=\"680\" height=\"510\" src=\"https:\/\/naturvernforbundet.no\/content\/uploads\/sites\/12\/2026\/06\/Solbakken_Deraas_Holm.jpg\" class=\"attachment-post-thumbnail size-post-thumbnail wp-post-image\" alt=\"\" srcset=\"https:\/\/naturvernforbundet.no\/content\/uploads\/sites\/12\/2026\/06\/Solbakken_Deraas_Holm.jpg 680w, https:\/\/naturvernforbundet.no\/content\/uploads\/sites\/12\/2026\/06\/Solbakken_Deraas_Holm-300x225.jpg 300w\" sizes=\"auto, (max-width: 680px) 100vw, 680px\" \/><\/figure>\n\n<div class=\"wp-block-group alignfull is-layout-flow wp-block-group-is-layout-flow\">\n\t<h2 class=\"t2-post-title wp-block-t2-post-title\">Vindkraft uten grenser?<\/h2>\n\t<p class=\"wp-block-naturvern-post-excerpt\">Et flertall i Energi- og milj\u00f8komiteen p\u00e5 Stortinget har seks  forslag for \u00e5 fart p\u00e5 vindkraftutbyggingen i Norge. Naturvernforbundet mener at vi f\u00f8rst m\u00e5 avklare hvilke omr\u00e5der som skal skjermes, f\u00f8r eventuell vurdering for utbygging. Leveomr\u00e5der for b\u00e5de tamrein og villrein skal v\u00e6re uaktuelle for utbygging, noe forbundets landsstyre slo fast allerede i 2018. <br><\/p>\n<\/div>\n\n<\/a>\n<\/div><\/div>\n\n\n\n<div class=\"wp-block-column is-layout-flow wp-block-column-is-layout-flow\"><div class=\"t2-featured-query-post t2-featured-content is-post-type-post category-aktuelt category-vindkraft-og-kraftlinjer tag-urfolksrettigheter tag-vindindustri wp-block-t2-featured-query-post\"><a class=\"t2-post-link wp-block-t2-post-link\" href=\"https:\/\/naturvernforbundet.no\/finnmark\/forhandstiltredelse-ved-ekspropriasjon\/\">\n<figure style=\"--t2-focal-point: 50% 50%;\" class=\"t2-post-featured-image has-image-ratio-4-3 wp-block-t2-post-featured-image\"><img loading=\"lazy\" decoding=\"async\" width=\"1200\" height=\"812\" src=\"https:\/\/naturvernforbundet.no\/content\/uploads\/sites\/12\/2026\/05\/2023_foretak_statkraft-kopi.jpg\" class=\"attachment-post-thumbnail size-post-thumbnail wp-post-image\" alt=\"\" srcset=\"https:\/\/naturvernforbundet.no\/content\/uploads\/sites\/12\/2026\/05\/2023_foretak_statkraft-kopi.jpg 1200w, https:\/\/naturvernforbundet.no\/content\/uploads\/sites\/12\/2026\/05\/2023_foretak_statkraft-kopi-300x203.jpg 300w, https:\/\/naturvernforbundet.no\/content\/uploads\/sites\/12\/2026\/05\/2023_foretak_statkraft-kopi-1024x693.jpg 1024w, https:\/\/naturvernforbundet.no\/content\/uploads\/sites\/12\/2026\/05\/2023_foretak_statkraft-kopi-768x520.jpg 768w\" sizes=\"auto, (max-width: 1200px) 100vw, 1200px\" \/><\/figure>\n\n<div class=\"wp-block-group alignfull is-layout-flow wp-block-group-is-layout-flow\">\n\t<h2 class=\"t2-post-title wp-block-t2-post-title\">Forh\u00e5ndstiltredelse ved ekspropriasjon<\/h2>\n\t<p class=\"wp-block-naturvern-post-excerpt\">Om artikkel av juristene \u00d8yvind Ravna og Inger Marie Holm. Tema: forh\u00e5ndstiltredelse i lys av urfolks rett til kulturut\u00f8velse og retten til frisk natur.  <br><\/p>\n<\/div>\n\n<\/a>\n<\/div><\/div>\n<\/div>\n\n\n\n<div class=\"wp-block-columns alignwide is-layout-flex wp-container-core-columns-is-layout-4 wp-block-columns-is-layout-flex\">\n<div class=\"wp-block-column is-layout-flow wp-block-column-is-layout-flow\"><div class=\"t2-featured-query-post t2-featured-content is-post-type-post category-aktuelt category-innspill category-porsangerfjorden category-vindkraft-og-kraftlinjer tag-dverggas tag-kraftlinje tag-naturmangfold local-porsangerfjorden wp-block-t2-featured-query-post\"><a class=\"t2-post-link wp-block-t2-post-link\" href=\"https:\/\/naturvernforbundet.no\/finnmark\/oppfordrer-den-tidligere-krafttoppen-samuelsen-til-lovbrudd-og-dverggas-pa-billigsalg\/\">\n<figure style=\"--t2-focal-point: 50% 50%;\" class=\"t2-post-featured-image has-image-ratio-4-3 wp-block-t2-post-featured-image\"><img loading=\"lazy\" decoding=\"async\" width=\"1200\" height=\"819\" src=\"https:\/\/naturvernforbundet.no\/content\/uploads\/sites\/12\/2026\/05\/Dverggaas_Valdakmyra_Foto_Ingar_-Jostein_Oien_-BirdLife_Norge.jpg\" class=\"attachment-post-thumbnail size-post-thumbnail wp-post-image\" alt=\"\" srcset=\"https:\/\/naturvernforbundet.no\/content\/uploads\/sites\/12\/2026\/05\/Dverggaas_Valdakmyra_Foto_Ingar_-Jostein_Oien_-BirdLife_Norge.jpg 1200w, https:\/\/naturvernforbundet.no\/content\/uploads\/sites\/12\/2026\/05\/Dverggaas_Valdakmyra_Foto_Ingar_-Jostein_Oien_-BirdLife_Norge-300x205.jpg 300w, https:\/\/naturvernforbundet.no\/content\/uploads\/sites\/12\/2026\/05\/Dverggaas_Valdakmyra_Foto_Ingar_-Jostein_Oien_-BirdLife_Norge-1024x699.jpg 1024w, https:\/\/naturvernforbundet.no\/content\/uploads\/sites\/12\/2026\/05\/Dverggaas_Valdakmyra_Foto_Ingar_-Jostein_Oien_-BirdLife_Norge-768x524.jpg 768w\" sizes=\"auto, (max-width: 1200px) 100vw, 1200px\" \/><\/figure>\n\n<div class=\"wp-block-group alignfull is-layout-flow wp-block-group-is-layout-flow\">\n\t<h2 class=\"t2-post-title wp-block-t2-post-title\">Oppfordrer \u00abden tidligere krafttoppen\u00bb Samuelsen til lovbrudd og dvergg\u00e5s p\u00e5 billigsalg?<\/h2>\n\t<p class=\"wp-block-naturvern-post-excerpt\">Svar til en &laquo;tidligere krafttopp&raquo; som har blitt kraftig provosert av naturvernere og politikere som mener at man skal ta hensyn til dvergg\u00e5sa.<\/p>\n<\/div>\n\n<\/a>\n<\/div>\n\n\n<p><\/p>\n<\/div>\n\n\n\n<div class=\"wp-block-column is-layout-flow wp-block-column-is-layout-flow\"><div class=\"t2-featured-query-post t2-featured-content is-post-type-post category-aktuelt category-innspill category-vindkraft-og-kraftlinjer tag-vindindustri local-porsangerfjorden local-tana-og-varanger wp-block-t2-featured-query-post\"><a class=\"t2-post-link wp-block-t2-post-link\" href=\"https:\/\/naturvernforbundet.no\/finnmark\/deatnugatte-samiid-searvi-tanabreddens-sameforening-om-grenselandet-as-sin-klage-pa-vedtak-i-nve\/\">\n<figure style=\"--t2-focal-point: 50% 50%;\" class=\"t2-post-featured-image has-image-ratio-4-3 wp-block-t2-post-featured-image\"><img loading=\"lazy\" decoding=\"async\" width=\"1500\" height=\"913\" src=\"https:\/\/naturvernforbundet.no\/content\/uploads\/sites\/12\/2026\/05\/1938_mot_rastigaisa.png\" class=\"attachment-post-thumbnail size-post-thumbnail wp-post-image\" alt=\"\" srcset=\"https:\/\/naturvernforbundet.no\/content\/uploads\/sites\/12\/2026\/05\/1938_mot_rastigaisa.png 1500w, https:\/\/naturvernforbundet.no\/content\/uploads\/sites\/12\/2026\/05\/1938_mot_rastigaisa-300x183.png 300w, https:\/\/naturvernforbundet.no\/content\/uploads\/sites\/12\/2026\/05\/1938_mot_rastigaisa-1024x623.png 1024w, https:\/\/naturvernforbundet.no\/content\/uploads\/sites\/12\/2026\/05\/1938_mot_rastigaisa-768x467.png 768w\" sizes=\"auto, (max-width: 1500px) 100vw, 1500px\" \/><\/figure>\n\n<div class=\"wp-block-group alignfull is-layout-flow wp-block-group-is-layout-flow\">\n\t<h2 class=\"t2-post-title wp-block-t2-post-title\">Deatnug\u00e1tte S\u00e1miid Searvi \/ Tanabreddens Sameforening om Grenselandet AS sin klage p\u00e5 vedtak i  NVE<\/h2>\n\t<p class=\"wp-block-naturvern-post-excerpt\">Grenselandet AS har anket NVE sitt avslag p\u00e5 s\u00f8knad om vindkraftverk i R\u00e1sttig\u00e1iss\u00e1-omr\u00e5det, benevnt som Davvi vindkraftverk. G\u00e1vcci og Deatnug\u00e1tte S\u00e1miid Searvi (DGSS) har samarbeidet om et dokument med grundig informasjon som m\u00e5 hensyntas i behandling av anken. <br><br><\/p>\n<\/div>\n\n<\/a>\n<\/div><\/div>\n\n\n\n<div class=\"wp-block-column is-layout-flow wp-block-column-is-layout-flow\"><div class=\"t2-featured-query-post t2-featured-content is-post-type-post category-aktuelt category-innspill category-vindkraft-og-kraftlinjer tag-kraftlinje wp-block-t2-featured-query-post\"><a class=\"t2-post-link wp-block-t2-post-link\" href=\"https:\/\/naturvernforbundet.no\/finnmark\/nar-statnetts-luftslott-skaper-kraftkrise-i-nord\/\">\n<figure style=\"--t2-focal-point: 50% 50%;\" class=\"t2-post-featured-image has-image-ratio-4-3 wp-block-t2-post-featured-image\"><img loading=\"lazy\" decoding=\"async\" width=\"1200\" height=\"900\" src=\"https:\/\/naturvernforbundet.no\/content\/uploads\/sites\/12\/2026\/04\/Vagfjellet-foreslatt-omrade-for-vindkraft-Hattfjelldal.jpg\" class=\"attachment-post-thumbnail size-post-thumbnail wp-post-image\" alt=\"\" srcset=\"https:\/\/naturvernforbundet.no\/content\/uploads\/sites\/12\/2026\/04\/Vagfjellet-foreslatt-omrade-for-vindkraft-Hattfjelldal.jpg 1200w, https:\/\/naturvernforbundet.no\/content\/uploads\/sites\/12\/2026\/04\/Vagfjellet-foreslatt-omrade-for-vindkraft-Hattfjelldal-300x225.jpg 300w, https:\/\/naturvernforbundet.no\/content\/uploads\/sites\/12\/2026\/04\/Vagfjellet-foreslatt-omrade-for-vindkraft-Hattfjelldal-1024x768.jpg 1024w, https:\/\/naturvernforbundet.no\/content\/uploads\/sites\/12\/2026\/04\/Vagfjellet-foreslatt-omrade-for-vindkraft-Hattfjelldal-768x576.jpg 768w\" sizes=\"auto, (max-width: 1200px) 100vw, 1200px\" \/><\/figure>\n\n<div class=\"wp-block-group alignfull is-layout-flow wp-block-group-is-layout-flow\">\n\t<h2 class=\"t2-post-title wp-block-t2-post-title\">N\u00e5r Statnetts luftslott skaper kraftkrise i Nord<\/h2>\n\t<p class=\"wp-block-naturvern-post-excerpt\">N\u00e5r \u00abmanglende nett\u00bb brukes som<br>forklaring p\u00e5 alle utfordringer, risikerer vi flere naturinngrep samtidig som de virkelige begrensningene for lokalt n\u00e6ringsliv og samfunnsutvikling blir st\u00e5ende. <\/p>\n<\/div>\n\n<\/a>\n<\/div><\/div>\n<\/div>\n\n\n\n<div class=\"wp-block-columns alignwide is-layout-flex wp-container-core-columns-is-layout-5 wp-block-columns-is-layout-flex\">\n<div class=\"wp-block-column is-layout-flow wp-block-column-is-layout-flow\"><div class=\"t2-featured-query-post t2-featured-content is-post-type-post category-aktuelt category-arrangement category-arsmote-fylkeslag category-vindkraft-og-kraftlinjer wp-block-t2-featured-query-post\"><a class=\"t2-post-link wp-block-t2-post-link\" href=\"https:\/\/naturvernforbundet.no\/finnmark\/apent-mote-og-arsmote-for-fylkeslaget\/\">\n<figure style=\"--t2-focal-point: 50% 50%;\" class=\"t2-post-featured-image has-image-ratio-4-3 wp-block-t2-post-featured-image\"><img loading=\"lazy\" decoding=\"async\" width=\"2560\" height=\"1721\" src=\"https:\/\/naturvernforbundet.no\/content\/uploads\/sites\/12\/2026\/04\/GG7A7199_2-scaled.jpg\" class=\"attachment-post-thumbnail size-post-thumbnail wp-post-image\" alt=\"\" srcset=\"https:\/\/naturvernforbundet.no\/content\/uploads\/sites\/12\/2026\/04\/GG7A7199_2-scaled.jpg 2560w, https:\/\/naturvernforbundet.no\/content\/uploads\/sites\/12\/2026\/04\/GG7A7199_2-300x202.jpg 300w, https:\/\/naturvernforbundet.no\/content\/uploads\/sites\/12\/2026\/04\/GG7A7199_2-1024x688.jpg 1024w, https:\/\/naturvernforbundet.no\/content\/uploads\/sites\/12\/2026\/04\/GG7A7199_2-768x516.jpg 768w, https:\/\/naturvernforbundet.no\/content\/uploads\/sites\/12\/2026\/04\/GG7A7199_2-1536x1033.jpg 1536w, https:\/\/naturvernforbundet.no\/content\/uploads\/sites\/12\/2026\/04\/GG7A7199_2-2048x1377.jpg 2048w, https:\/\/naturvernforbundet.no\/content\/uploads\/sites\/12\/2026\/04\/GG7A7199_2-1920x1291.jpg 1920w\" sizes=\"auto, (max-width: 2560px) 100vw, 2560px\" \/><\/figure>\n\n<div class=\"wp-block-group alignfull is-layout-flow wp-block-group-is-layout-flow\">\n\t<h2 class=\"t2-post-title wp-block-t2-post-title\">\u00c5pent m\u00f8te, og \u00e5rsm\u00f8te for fylkeslaget<\/h2>\n\t<p class=\"wp-block-naturvern-post-excerpt\">S\u00f8ndag 19. april holdt Naturvernforbundet i Finnmark \u00e5pent m\u00f8te og \u00e5rsm\u00f8te p\u00e5 Sami Siida i Alta. Det \u00e5pne m\u00f8te hadde sofasamtale mellom Bente Haug (AP), Sofie Marhaug (R), Geir Ove Bakken (DNT) og Kjell M. Der\u00e5s (Naturvernforbundet i Finnmark) om Melk\u00f8ya og industrikraftl\u00f8ftet for Finnmark.<\/p>\n<\/div>\n\n<\/a>\n<\/div>\n\n\n<p><\/p>\n<\/div>\n\n\n\n<div class=\"wp-block-column is-layout-flow wp-block-column-is-layout-flow\"><div class=\"t2-featured-query-post t2-featured-content is-post-type-post category-aktuelt category-arsmote-fylkeslag category-fiske-og-oppdrett category-innspill tag-torrfisk wp-block-t2-featured-query-post\"><a class=\"t2-post-link wp-block-t2-post-link\" href=\"https:\/\/naturvernforbundet.no\/finnmark\/ja-til-torrfisken-pa-unesco-sin-verdensarvliste\/\">\n<figure style=\"--t2-focal-point: 50% 50%;\" class=\"t2-post-featured-image has-image-ratio-4-3 wp-block-t2-post-featured-image\"><img loading=\"lazy\" decoding=\"async\" width=\"1200\" height=\"675\" src=\"https:\/\/naturvernforbundet.no\/content\/uploads\/sites\/12\/2026\/04\/torrfisk_foto_Harry_Johansen_1200x_.jpg\" class=\"attachment-post-thumbnail size-post-thumbnail wp-post-image\" alt=\"\" srcset=\"https:\/\/naturvernforbundet.no\/content\/uploads\/sites\/12\/2026\/04\/torrfisk_foto_Harry_Johansen_1200x_.jpg 1200w, https:\/\/naturvernforbundet.no\/content\/uploads\/sites\/12\/2026\/04\/torrfisk_foto_Harry_Johansen_1200x_-300x169.jpg 300w, https:\/\/naturvernforbundet.no\/content\/uploads\/sites\/12\/2026\/04\/torrfisk_foto_Harry_Johansen_1200x_-1024x576.jpg 1024w, https:\/\/naturvernforbundet.no\/content\/uploads\/sites\/12\/2026\/04\/torrfisk_foto_Harry_Johansen_1200x_-768x432.jpg 768w\" sizes=\"auto, (max-width: 1200px) 100vw, 1200px\" \/><\/figure>\n\n<div class=\"wp-block-group alignfull is-layout-flow wp-block-group-is-layout-flow\">\n\t<h2 class=\"t2-post-title wp-block-t2-post-title\">Ja til t\u00f8rrfisken p\u00e5 UNESCO sin verdensarvliste!<\/h2>\n\t<p class=\"wp-block-naturvern-post-excerpt\">Uttalelse fra \u00e5rsm\u00f8tet i Naturvernforbundet i Finnmark 19.04.2026<\/p>\n<\/div>\n\n<\/a>\n<\/div><\/div>\n\n\n\n<div class=\"wp-block-column is-layout-flow wp-block-column-is-layout-flow\"><div class=\"t2-featured-query-post t2-featured-content is-post-type-post category-aktuelt category-arsmote-fylkeslag category-fiske-og-oppdrett category-innspill tag-lakseoppdrett tag-torskeoppdrett wp-block-t2-featured-query-post\"><a class=\"t2-post-link wp-block-t2-post-link\" href=\"https:\/\/naturvernforbundet.no\/finnmark\/naturvernforbundet-i-finnmark-sier-nei-til-torskeoppdrett-og-krever-at-all-oppdrett-ma-inn-i-lukkede-anlegg\/\">\n<figure style=\"--t2-focal-point: 50% 50%;\" class=\"t2-post-featured-image has-image-ratio-4-3 wp-block-t2-post-featured-image\"><img loading=\"lazy\" decoding=\"async\" width=\"2560\" height=\"1123\" src=\"https:\/\/naturvernforbundet.no\/content\/uploads\/sites\/12\/2026\/04\/DSC_0216_vedbotn-scaled.jpg\" class=\"attachment-post-thumbnail size-post-thumbnail wp-post-image\" alt=\"\" srcset=\"https:\/\/naturvernforbundet.no\/content\/uploads\/sites\/12\/2026\/04\/DSC_0216_vedbotn-scaled.jpg 2560w, https:\/\/naturvernforbundet.no\/content\/uploads\/sites\/12\/2026\/04\/DSC_0216_vedbotn-300x132.jpg 300w, https:\/\/naturvernforbundet.no\/content\/uploads\/sites\/12\/2026\/04\/DSC_0216_vedbotn-1024x449.jpg 1024w, https:\/\/naturvernforbundet.no\/content\/uploads\/sites\/12\/2026\/04\/DSC_0216_vedbotn-768x337.jpg 768w, https:\/\/naturvernforbundet.no\/content\/uploads\/sites\/12\/2026\/04\/DSC_0216_vedbotn-1536x674.jpg 1536w, https:\/\/naturvernforbundet.no\/content\/uploads\/sites\/12\/2026\/04\/DSC_0216_vedbotn-2048x899.jpg 2048w, https:\/\/naturvernforbundet.no\/content\/uploads\/sites\/12\/2026\/04\/DSC_0216_vedbotn-1920x842.jpg 1920w\" sizes=\"auto, (max-width: 2560px) 100vw, 2560px\" \/><\/figure>\n\n<div class=\"wp-block-group alignfull is-layout-flow wp-block-group-is-layout-flow\">\n\t<h2 class=\"t2-post-title wp-block-t2-post-title\">Nei til torskeoppdrett, og st\u00f8tte til krav om at all oppdrett m\u00e5 inn i lukkede anlegg<\/h2>\n\t<p class=\"wp-block-naturvern-post-excerpt\">Uttalelse fra Naturvernforbundet i Finnmark sitt \u00e5rsm\u00f8te 19. april 2026<\/p>\n<\/div>\n\n<\/a>\n<\/div><\/div>\n<\/div>\n\n\n\n<div class=\"wp-block-columns alignwide is-layout-flex wp-container-core-columns-is-layout-6 wp-block-columns-is-layout-flex\">\n<div class=\"wp-block-column is-layout-flow wp-block-column-is-layout-flow\"><div class=\"t2-featured-query-post t2-featured-content is-post-type-post category-aktuelt category-vindkraft-og-kraftlinjer tag-kraftlinje wp-block-t2-featured-query-post\"><a class=\"t2-post-link wp-block-t2-post-link\" href=\"https:\/\/naturvernforbundet.no\/finnmark\/statnett-ma-offentliggjore-sitt-vedtak-av-03-04-2019-om-frakt-av-kraft-til-melkoya\/\">\n<figure style=\"--t2-focal-point: 50% 50%;\" class=\"t2-post-featured-image has-image-ratio-4-3 wp-block-t2-post-featured-image\"><img loading=\"lazy\" decoding=\"async\" width=\"1100\" height=\"698\" src=\"https:\/\/naturvernforbundet.no\/content\/uploads\/sites\/12\/2026\/04\/2024_11_22_Myrtveit_NVE_Tana.png\" class=\"attachment-post-thumbnail size-post-thumbnail wp-post-image\" alt=\"\" srcset=\"https:\/\/naturvernforbundet.no\/content\/uploads\/sites\/12\/2026\/04\/2024_11_22_Myrtveit_NVE_Tana.png 1100w, https:\/\/naturvernforbundet.no\/content\/uploads\/sites\/12\/2026\/04\/2024_11_22_Myrtveit_NVE_Tana-300x190.png 300w, https:\/\/naturvernforbundet.no\/content\/uploads\/sites\/12\/2026\/04\/2024_11_22_Myrtveit_NVE_Tana-1024x650.png 1024w, https:\/\/naturvernforbundet.no\/content\/uploads\/sites\/12\/2026\/04\/2024_11_22_Myrtveit_NVE_Tana-768x487.png 768w\" sizes=\"auto, (max-width: 1100px) 100vw, 1100px\" \/><\/figure>\n\n<div class=\"wp-block-group alignfull is-layout-flow wp-block-group-is-layout-flow\">\n\t<h2 class=\"t2-post-title wp-block-t2-post-title\">Statnett m\u00e5 offentliggj\u00f8re sitt vedtak av 03.04.2019 om frakt av kraft til Melk\u00f8ya<\/h2>\n\t<p class=\"wp-block-naturvern-post-excerpt\">Saksbehandling som gjelder sv\u00e6rt store naturverdier, m\u00e5 v\u00e6re offentlig tilgjengelig.<\/p>\n<\/div>\n\n<\/a>\n<\/div>\n\n\n<p><\/p>\n<\/div>\n\n\n\n<div class=\"wp-block-column is-layout-flow wp-block-column-is-layout-flow\"><div class=\"t2-featured-query-post t2-featured-content is-post-type-post category-aktuelt category-biologisk-mangfold category-innspill category-vindkraft-og-kraftlinjer tag-dverggas tag-kraftlinje tag-naturmangfold wp-block-t2-featured-query-post\"><a class=\"t2-post-link wp-block-t2-post-link\" href=\"https:\/\/naturvernforbundet.no\/finnmark\/naturvernforbundet-paklager-vedtak-vedr-bygging-av-420-kv-kraftlinje-skaidi-lebesby\/\">\n<figure style=\"--t2-focal-point: 50% 50%;\" class=\"t2-post-featured-image has-image-ratio-4-3 wp-block-t2-post-featured-image\"><img loading=\"lazy\" decoding=\"async\" width=\"1200\" height=\"864\" src=\"https:\/\/naturvernforbundet.no\/content\/uploads\/sites\/12\/2026\/04\/dverggas-2012-05-31_Foto_Tomas_Aarvak.jpg\" class=\"attachment-post-thumbnail size-post-thumbnail wp-post-image\" alt=\"\" srcset=\"https:\/\/naturvernforbundet.no\/content\/uploads\/sites\/12\/2026\/04\/dverggas-2012-05-31_Foto_Tomas_Aarvak.jpg 1200w, https:\/\/naturvernforbundet.no\/content\/uploads\/sites\/12\/2026\/04\/dverggas-2012-05-31_Foto_Tomas_Aarvak-300x216.jpg 300w, https:\/\/naturvernforbundet.no\/content\/uploads\/sites\/12\/2026\/04\/dverggas-2012-05-31_Foto_Tomas_Aarvak-1024x737.jpg 1024w, https:\/\/naturvernforbundet.no\/content\/uploads\/sites\/12\/2026\/04\/dverggas-2012-05-31_Foto_Tomas_Aarvak-768x553.jpg 768w\" sizes=\"auto, (max-width: 1200px) 100vw, 1200px\" \/><\/figure>\n\n<div class=\"wp-block-group alignfull is-layout-flow wp-block-group-is-layout-flow\">\n\t<h2 class=\"t2-post-title wp-block-t2-post-title\">Naturvernforbundet p\u00e5klager vedtak vedr. bygging av 420 kV kraftlinje Skaidi-Lebesby<\/h2>\n\t<p class=\"wp-block-naturvern-post-excerpt\">Advokat Tine Larsen som bist\u00e5r Naturvernforbundet i denne saken, har sendt klage p\u00e5 Milj\u00f8direktoratet sitt vedtak om dispensasjon fra forskrift om dvergg\u00e5s for bygging av 420 kV kraftlinje Skaidi-Lebesby.<\/p>\n<\/div>\n\n<\/a>\n<\/div><\/div>\n\n\n\n<div class=\"wp-block-column is-layout-flow wp-block-column-is-layout-flow\"><div class=\"t2-featured-query-post t2-featured-content is-post-type-post category-aktuelt category-innspill category-stilla-laget-vest-finnmark local-stilla-og-vest-finnmark wp-block-t2-featured-query-post\"><a class=\"t2-post-link wp-block-t2-post-link\" href=\"https:\/\/naturvernforbundet.no\/finnmark\/fortellinger-i-arktis-om-ledelse-og-natur\/\">\n<figure style=\"--t2-focal-point: 50% 50%;\" class=\"t2-post-featured-image has-image-ratio-4-3 wp-block-t2-post-featured-image\"><img loading=\"lazy\" decoding=\"async\" width=\"1088\" height=\"853\" src=\"https:\/\/naturvernforbundet.no\/content\/uploads\/sites\/12\/2026\/04\/2026_03_19_Ritter.jpg\" class=\"attachment-post-thumbnail size-post-thumbnail wp-post-image\" alt=\"\" srcset=\"https:\/\/naturvernforbundet.no\/content\/uploads\/sites\/12\/2026\/04\/2026_03_19_Ritter.jpg 1088w, https:\/\/naturvernforbundet.no\/content\/uploads\/sites\/12\/2026\/04\/2026_03_19_Ritter-300x235.jpg 300w, https:\/\/naturvernforbundet.no\/content\/uploads\/sites\/12\/2026\/04\/2026_03_19_Ritter-1024x803.jpg 1024w, https:\/\/naturvernforbundet.no\/content\/uploads\/sites\/12\/2026\/04\/2026_03_19_Ritter-768x602.jpg 768w\" sizes=\"auto, (max-width: 1088px) 100vw, 1088px\" \/><\/figure>\n\n<div class=\"wp-block-group alignfull is-layout-flow wp-block-group-is-layout-flow\">\n\t<h2 class=\"t2-post-title wp-block-t2-post-title\">\u00abFortellinger i Arktis om ledelse og natur\u00bb<\/h2>\n\t<p class=\"wp-block-naturvern-post-excerpt\">19.03.2026: Workshop p\u00e5 <a href=\"https:\/\/www.altamuseum.no\/\">Alta museum<\/a> med dialog om demokratisk ledelse og samfunnsengasjement som tema, etter initiativ fra forskere i Danmark og med lokal deltakelse.<\/p>\n<\/div>\n\n<\/a>\n<\/div><\/div>\n<\/div>\n\n\n\n<div class=\"wp-block-columns alignwide is-layout-flex wp-container-core-columns-is-layout-7 wp-block-columns-is-layout-flex\">\n<div class=\"wp-block-column is-layout-flow wp-block-column-is-layout-flow\"><div class=\"t2-featured-query-post t2-featured-content is-post-type-post category-aktuelt category-arrangement category-arsmote-lokallag category-fiske-og-oppdrett category-stilla-laget-vest-finnmark tag-blatt-kompass tag-fiske tag-fjord tag-havkonferanse tag-klippfisk tag-marint-mangfold tag-matforedling tag-repparfjorden tag-torrfisk tag-vannforvaltning local-stilla-og-vest-finnmark wp-block-t2-featured-query-post\"><a class=\"t2-post-link wp-block-t2-post-link\" href=\"https:\/\/naturvernforbundet.no\/finnmark\/fra-arsmote-2026-i-lokallaget-stilla-vest-finnmark\/\">\n<figure style=\"--t2-focal-point: 50% 50%;\" class=\"t2-post-featured-image has-image-ratio-4-3 wp-block-t2-post-featured-image\"><img loading=\"lazy\" decoding=\"async\" width=\"1593\" height=\"752\" src=\"https:\/\/naturvernforbundet.no\/content\/uploads\/sites\/12\/2026\/03\/2026_03_26_Foto_Lone_B-2.jpg\" class=\"attachment-post-thumbnail size-post-thumbnail wp-post-image\" alt=\"\" srcset=\"https:\/\/naturvernforbundet.no\/content\/uploads\/sites\/12\/2026\/03\/2026_03_26_Foto_Lone_B-2.jpg 1593w, https:\/\/naturvernforbundet.no\/content\/uploads\/sites\/12\/2026\/03\/2026_03_26_Foto_Lone_B-2-300x142.jpg 300w, https:\/\/naturvernforbundet.no\/content\/uploads\/sites\/12\/2026\/03\/2026_03_26_Foto_Lone_B-2-1024x483.jpg 1024w, https:\/\/naturvernforbundet.no\/content\/uploads\/sites\/12\/2026\/03\/2026_03_26_Foto_Lone_B-2-768x363.jpg 768w, https:\/\/naturvernforbundet.no\/content\/uploads\/sites\/12\/2026\/03\/2026_03_26_Foto_Lone_B-2-1536x725.jpg 1536w\" sizes=\"auto, (max-width: 1593px) 100vw, 1593px\" \/><\/figure>\n\n<div class=\"wp-block-group alignfull is-layout-flow wp-block-group-is-layout-flow\">\n\t<h2 class=\"t2-post-title wp-block-t2-post-title\">Fra \u00e5rsm\u00f8te 2026 i lokallaget Stilla Vest-Finnmark<\/h2>\n\t<p class=\"wp-block-naturvern-post-excerpt\">Den muntlige fortellertradisjonen sprudlet over p\u00e5 et powerpoint-fritt m\u00f8te med livgivende fjorder som tema. Et \u00e5pent m\u00f8te i regi av Naturvernforbundet Stilla Vest-Finnmark, og f\u00f8r behandling av vanlige \u00e5rsm\u00f8tesaker. \u00a0<br><\/p>\n<\/div>\n\n<\/a>\n<\/div>\n\n\n<p><\/p>\n<\/div>\n\n\n\n<div class=\"wp-block-column is-layout-flow wp-block-column-is-layout-flow\"><div class=\"t2-featured-query-post t2-featured-content is-post-type-post category-aktuelt category-arsmote-lokallag category-bivdu category-fiske-og-oppdrett category-stilla-laget-vest-finnmark category-vannforvaltning tag-blatt-kompass tag-fiske tag-fjord tag-havkonferanse tag-klippfisk tag-marint-mangfold tag-matforedling tag-repparfjorden tag-torrfisk tag-vannforvaltning local-stilla-og-vest-finnmark wp-block-t2-featured-query-post\"><a class=\"t2-post-link wp-block-t2-post-link\" href=\"https:\/\/naturvernforbundet.no\/finnmark\/vare-livgivende-fjorder-arsmote-i-stilla-og-vest-finnmark\/\">\n<figure style=\"--t2-focal-point: 50% 50%;\" class=\"t2-post-featured-image has-image-ratio-4-3 wp-block-t2-post-featured-image\"><img loading=\"lazy\" decoding=\"async\" width=\"1040\" height=\"1040\" src=\"https:\/\/naturvernforbundet.no\/content\/uploads\/sites\/12\/2026\/03\/Program-for-arsmote-2026-2.jpg\" class=\"attachment-post-thumbnail size-post-thumbnail wp-post-image\" alt=\"\" srcset=\"https:\/\/naturvernforbundet.no\/content\/uploads\/sites\/12\/2026\/03\/Program-for-arsmote-2026-2.jpg 1040w, https:\/\/naturvernforbundet.no\/content\/uploads\/sites\/12\/2026\/03\/Program-for-arsmote-2026-2-300x300.jpg 300w, https:\/\/naturvernforbundet.no\/content\/uploads\/sites\/12\/2026\/03\/Program-for-arsmote-2026-2-1024x1024.jpg 1024w, https:\/\/naturvernforbundet.no\/content\/uploads\/sites\/12\/2026\/03\/Program-for-arsmote-2026-2-150x150.jpg 150w, https:\/\/naturvernforbundet.no\/content\/uploads\/sites\/12\/2026\/03\/Program-for-arsmote-2026-2-768x768.jpg 768w\" sizes=\"auto, (max-width: 1040px) 100vw, 1040px\" \/><\/figure>\n\n<div class=\"wp-block-group alignfull is-layout-flow wp-block-group-is-layout-flow\">\n\t<h2 class=\"t2-post-title wp-block-t2-post-title\">V\u00e5re livgivende fjorder: \u00e5rsm\u00f8te i Stilla og Vest-Finnmark<\/h2>\n\t<p class=\"wp-block-naturvern-post-excerpt\">Torsdag 26. mars kl. 18 er det duket for \u00e5rsm\u00f8te i Naturvernforbundet i Stilla og Vest-Finnmark p\u00e5 Sami Siida i Alta. <\/p>\n<\/div>\n\n<\/a>\n<\/div><\/div>\n\n\n\n<div class=\"wp-block-column is-layout-flow wp-block-column-is-layout-flow\"><div class=\"t2-featured-query-post t2-featured-content is-post-type-post category-aktuelt category-fiske-og-oppdrett category-innspill tag-torrfisk local-stilla-og-vest-finnmark wp-block-t2-featured-query-post\"><a class=\"t2-post-link wp-block-t2-post-link\" href=\"https:\/\/naturvernforbundet.no\/finnmark\/torrfisken-ma-inn-pa-unescos-liste-over-verdens-kulturarv\/\">\n<figure style=\"--t2-focal-point: 50% 50%;\" class=\"t2-post-featured-image has-image-ratio-4-3 wp-block-t2-post-featured-image\"><img loading=\"lazy\" decoding=\"async\" width=\"1200\" height=\"541\" src=\"https:\/\/naturvernforbundet.no\/content\/uploads\/sites\/12\/2026\/03\/Stockfish_Finnmark_14_juni_2025.jpg\" class=\"attachment-post-thumbnail size-post-thumbnail wp-post-image\" alt=\"\" srcset=\"https:\/\/naturvernforbundet.no\/content\/uploads\/sites\/12\/2026\/03\/Stockfish_Finnmark_14_juni_2025.jpg 1200w, https:\/\/naturvernforbundet.no\/content\/uploads\/sites\/12\/2026\/03\/Stockfish_Finnmark_14_juni_2025-300x135.jpg 300w, https:\/\/naturvernforbundet.no\/content\/uploads\/sites\/12\/2026\/03\/Stockfish_Finnmark_14_juni_2025-1024x462.jpg 1024w, https:\/\/naturvernforbundet.no\/content\/uploads\/sites\/12\/2026\/03\/Stockfish_Finnmark_14_juni_2025-768x346.jpg 768w\" sizes=\"auto, (max-width: 1200px) 100vw, 1200px\" \/><\/figure>\n\n<div class=\"wp-block-group alignfull is-layout-flow wp-block-group-is-layout-flow\">\n\t<h2 class=\"t2-post-title wp-block-t2-post-title\">T\u00f8rrfisken m\u00e5 inn p\u00e5 Unescos liste over verdens kulturarv!<\/h2>\n\t<p class=\"wp-block-naturvern-post-excerpt\">Det mener fylkestinget i Finnmark, som nylig vedtok \u00e5 st\u00f8tte og gi mandat til videre arbeid med \u00e5 f\u00e5 t\u00f8rrfisk p\u00e5 UNESCOs <br>liste over verdens immaterielle kulturarv.<\/p>\n<\/div>\n\n<\/a>\n<\/div><\/div>\n<\/div>\n\n\n\n<h2 class=\"wp-block-heading has-text-align-center\">Kalender &#8211; aktuelle m\u00f8ter og arrangement<\/h2>\n\n\n\t<div class=\"wp-block-naturvern-calendar\">\n\t\t<div>\n\t\t\t\t\t<\/div>\n\t\t<a href=\"https:\/\/naturvernforbundet.no\/finnmark\/event\/\" class=\"read-more\">Se flere aktiviteter<\/a>\n\t<\/div>\n\t\n\n\n<p>Se tidligere eventer<a href=\"https:\/\/naturvernforbundet.no\/finnmark\/event\/?_posttype=event\"> her<\/a>.<\/p>\n\n\n\n<p><\/p>\n\n\n\n<h2 class=\"wp-block-heading has-text-align-center\">Oversikt over medieoppslag<\/h2>\n\n\n\n<div class=\"wp-block-group is-layout-constrained wp-block-group-is-layout-constrained\">\n<figure class=\"wp-block-image size-large\"><img loading=\"lazy\" decoding=\"async\" width=\"972\" height=\"1024\" src=\"https:\/\/naturvernforbundet.no\/content\/uploads\/sites\/12\/2026\/04\/2026-03-08-Altaposten-972x1024.png\" alt=\"\" class=\"wp-image-10194\" srcset=\"https:\/\/naturvernforbundet.no\/content\/uploads\/sites\/12\/2026\/04\/2026-03-08-Altaposten-972x1024.png 972w, https:\/\/naturvernforbundet.no\/content\/uploads\/sites\/12\/2026\/04\/2026-03-08-Altaposten-285x300.png 285w, https:\/\/naturvernforbundet.no\/content\/uploads\/sites\/12\/2026\/04\/2026-03-08-Altaposten-768x809.png 768w, https:\/\/naturvernforbundet.no\/content\/uploads\/sites\/12\/2026\/04\/2026-03-08-Altaposten-1459x1536.png 1459w, https:\/\/naturvernforbundet.no\/content\/uploads\/sites\/12\/2026\/04\/2026-03-08-Altaposten.png 1546w\" sizes=\"auto, (max-width: 972px) 100vw, 972px\" \/><figcaption class=\"wp-element-caption\">Skjermbilde fra Altaposten 26. mars 2026<\/figcaption><\/figure>\n\n\n\n<h4 class=\"wp-block-heading\"><\/h4>\n<\/div>\n\n\n\n<div class=\"wp-block-columns is-layout-flex wp-container-core-columns-is-layout-8 wp-block-columns-is-layout-flex\">\n<div class=\"wp-block-column is-layout-flow wp-block-column-is-layout-flow\">\n<div class=\"wp-block-buttons is-layout-flex wp-block-buttons-is-layout-flex\">\n<div class=\"wp-block-button\"><a class=\"wp-block-button__link wp-element-button\" href=\"https:\/\/naturvernforbundet.no\/finnmark\/medieoppslag\/\">Flere medieoppslag<\/a><\/div>\n<\/div>\n<\/div>\n<\/div>\n\n\n\n<h2 class=\"wp-block-heading has-text-align-center\">Oversikt over saker, aktiviteter og arrangementer<\/h2>\n\n\n\n<ul class=\"wp-block-list\">\n<li><a href=\"https:\/\/naturvernforbundet.no\/finnmark\/saker-og-aktiviteter\/\"><strong>Oversikt over alle saker og aktiviteter<\/strong><\/a><\/li>\n\n\n\n<li><strong><a href=\"https:\/\/naturvernforbundet.no\/finnmark\/category\/arrangement\/\">Oversikt over alle arrangementer<\/a> (seminarer, m\u00f8ter, markeringer)<\/strong><\/li>\n<\/ul>\n\n\n\n<hr class=\"wp-block-separator has-alpha-channel-opacity\"\/>\n\n\n\n<h2 class=\"wp-block-heading has-text-align-center\">Rapporter<\/h2>\n\n\n\n<p>Vi har 26.11. 2024 lansert rapporten <em><a href=\"https:\/\/naturvernforbundet.no\/finnmark\/sieideduottar-en-rapport-om-kulturminner-og-andelighet-ved-sieiddeduottar-skarvberget\/\">Sieideduottar<\/a><\/em>, som er en rapport om kulturminner og \u00e5ndelighet ved Sieiddeduottar &#8211; Skarvberget. B\u00e5de den og v\u00e5r andre rapport <em><a href=\"https:\/\/naturvernforbundet.no\/finnmark\/naturbaserte-levedyktige-lokalsamfunn\/\">Naturbaserte, levedyktige lokalsamfunn<\/a><\/em> kan du se og laste ned her.<\/p>\n\n\n\n<div class=\"wp-block-columns is-layout-flex wp-container-core-columns-is-layout-9 wp-block-columns-is-layout-flex\">\n<div class=\"wp-block-column is-layout-flow wp-block-column-is-layout-flow\">\n<figure class=\"wp-block-image size-large\"><a href=\"https:\/\/naturvernforbundet.no\/finnmark\/sieideduottar-en-rapport-om-kulturminner-og-andelighet-ved-sieiddeduottar-skarvberget\/\"><div class=\"t2-image-credit\"><img loading=\"lazy\" decoding=\"async\" width=\"724\" height=\"1024\" src=\"https:\/\/naturvernforbundet.no\/content\/uploads\/sites\/12\/2024\/11\/Sieiddeduottar_forside-724x1024.jpg\" alt=\"\" class=\"wp-image-6967\" srcset=\"https:\/\/naturvernforbundet.no\/content\/uploads\/sites\/12\/2024\/11\/Sieiddeduottar_forside-724x1024.jpg 724w, https:\/\/naturvernforbundet.no\/content\/uploads\/sites\/12\/2024\/11\/Sieiddeduottar_forside-212x300.jpg 212w, https:\/\/naturvernforbundet.no\/content\/uploads\/sites\/12\/2024\/11\/Sieiddeduottar_forside-768x1086.jpg 768w, https:\/\/naturvernforbundet.no\/content\/uploads\/sites\/12\/2024\/11\/Sieiddeduottar_forside-1086x1536.jpg 1086w, https:\/\/naturvernforbundet.no\/content\/uploads\/sites\/12\/2024\/11\/Sieiddeduottar_forside-1448x2048.jpg 1448w, https:\/\/naturvernforbundet.no\/content\/uploads\/sites\/12\/2024\/11\/Sieiddeduottar_forside-1357x1920.jpg 1357w, https:\/\/naturvernforbundet.no\/content\/uploads\/sites\/12\/2024\/11\/Sieiddeduottar_forside-scaled.jpg 1810w\" sizes=\"auto, (max-width: 724px) 100vw, 724px\" \/><span class=\"t2-image-credit-name\">Lone Bj\u00f8rkmann<\/span><\/div><\/a><\/figure>\n<\/div>\n\n\n\n<div class=\"wp-block-column is-layout-flow wp-block-column-is-layout-flow\">\n<figure class=\"wp-block-image size-large\"><a href=\"https:\/\/naturvernforbundet.no\/finnmark\/naturbaserte-levedyktige-lokalsamfunn\/\"><div class=\"t2-image-credit\"><img loading=\"lazy\" decoding=\"async\" width=\"724\" height=\"1024\" src=\"https:\/\/naturvernforbundet.no\/content\/uploads\/sites\/12\/2024\/11\/Naturbaserte-levedyktige-lokalsamfunn-forside-724x1024.jpg\" alt=\"\" class=\"wp-image-6911\" srcset=\"https:\/\/naturvernforbundet.no\/content\/uploads\/sites\/12\/2024\/11\/Naturbaserte-levedyktige-lokalsamfunn-forside-724x1024.jpg 724w, https:\/\/naturvernforbundet.no\/content\/uploads\/sites\/12\/2024\/11\/Naturbaserte-levedyktige-lokalsamfunn-forside-212x300.jpg 212w, https:\/\/naturvernforbundet.no\/content\/uploads\/sites\/12\/2024\/11\/Naturbaserte-levedyktige-lokalsamfunn-forside-768x1086.jpg 768w, https:\/\/naturvernforbundet.no\/content\/uploads\/sites\/12\/2024\/11\/Naturbaserte-levedyktige-lokalsamfunn-forside-1086x1536.jpg 1086w, https:\/\/naturvernforbundet.no\/content\/uploads\/sites\/12\/2024\/11\/Naturbaserte-levedyktige-lokalsamfunn-forside-1448x2048.jpg 1448w, https:\/\/naturvernforbundet.no\/content\/uploads\/sites\/12\/2024\/11\/Naturbaserte-levedyktige-lokalsamfunn-forside-1357x1920.jpg 1357w, https:\/\/naturvernforbundet.no\/content\/uploads\/sites\/12\/2024\/11\/Naturbaserte-levedyktige-lokalsamfunn-forside-scaled.jpg 1810w\" sizes=\"auto, (max-width: 724px) 100vw, 724px\" \/><span class=\"t2-image-credit-name\">Lone Bj\u00f8rkmann<\/span><\/div><\/a><\/figure>\n<\/div>\n<\/div>\n\n\n<div class=\"t2-files wp-block-t2-files\">\n<div class=\"t2-file-item wp-block-t2-file-item\">\n\t\t<a href=\"https:\/\/naturvernforbundet.no\/content\/uploads\/sites\/12\/2024\/11\/Sieiddeduottar.pdf\" class=\"t2-file-item__link t2-file-item__link--icon-left\" download>\n\t\t\t<span class=\"t2-file-item__icon\"><svg xmlns=\"http:\/\/www.w3.org\/2000\/svg\" viewBox=\"0 0 24 24\" height=\"24\" width=\"24\" class=\"t2-icon t2-icon-filedownload\" aria-hidden=\"true\" focusable=\"false\"><path d=\"M16.59 9H15V4C15 3.45 14.55 3 14 3H10C9.45 3 9 3.45 9 4V9H7.41C6.52 9 6.07 10.08 6.7 10.71L11.29 15.3C11.68 15.69 12.31 15.69 12.7 15.3L17.29 10.71C17.92 10.08 17.48 9 16.59 9ZM5 19C5 19.55 5.45 20 6 20H18C18.55 20 19 19.55 19 19C19 18.45 18.55 18 18 18H6C5.45 18 5 18.45 5 19Z\" \/><\/svg><\/span>\n\t\t\t<span class=\"t2-file-item__info\">\n\t\t\t\t<span class=\"t2-file-item__filename\">Sieiddeduottar<\/span>\n\t\t\t\t\n\t\t\t\t<span class=\"t2-file-item__meta\">pdf \u00b7 15 MB<\/span>\n\t\t\t<\/span>\n\t\t<\/a>\n\t\t<\/div>\n\n<div class=\"t2-file-item wp-block-t2-file-item\">\n\t\t<a href=\"https:\/\/naturvernforbundet.no\/content\/uploads\/sites\/12\/2023\/04\/Naturbaserte-levedyktige-lokalsamfunn-v2.pdf\" class=\"t2-file-item__link t2-file-item__link--icon-left\" download>\n\t\t\t<span class=\"t2-file-item__icon\"><svg xmlns=\"http:\/\/www.w3.org\/2000\/svg\" viewBox=\"0 0 24 24\" height=\"24\" width=\"24\" class=\"t2-icon t2-icon-filedownload\" aria-hidden=\"true\" focusable=\"false\"><path d=\"M16.59 9H15V4C15 3.45 14.55 3 14 3H10C9.45 3 9 3.45 9 4V9H7.41C6.52 9 6.07 10.08 6.7 10.71L11.29 15.3C11.68 15.69 12.31 15.69 12.7 15.3L17.29 10.71C17.92 10.08 17.48 9 16.59 9ZM5 19C5 19.55 5.45 20 6 20H18C18.55 20 19 19.55 19 19C19 18.45 18.55 18 18 18H6C5.45 18 5 18.45 5 19Z\" \/><\/svg><\/span>\n\t\t\t<span class=\"t2-file-item__info\">\n\t\t\t\t<span class=\"t2-file-item__filename\">Naturbaserte levedyktige lokalsamfunn v2<\/span>\n\t\t\t\t\n\t\t\t\t<span class=\"t2-file-item__meta\">pdf \u00b7 21 MB<\/span>\n\t\t\t<\/span>\n\t\t<\/a>\n\t\t<\/div>\n<\/div>\n\n\n<div class=\"wp-block-media-text alignwide has-media-on-the-right is-stacked-on-mobile\"><div class=\"wp-block-media-text__content\">\n<h2 class=\"wp-block-heading has-large-font-size\">Gj\u00f8r en forskjell <br>&#8211; bli med i Naturvernforbundet<\/h2>\n\n\n\n<p>Ingen kan gj\u00f8re alt, men alle kan gj\u00f8re noe. Det er mange m\u00e5ter du kan bidra til \u00e5 bekjempe naturtap og jobbe for et bedre klima.<\/p>\n\n\n\n<div class=\"wp-block-buttons is-layout-flex wp-block-buttons-is-layout-flex\">\n<div class=\"wp-block-button is-style-pink\"><a class=\"wp-block-button__link wp-element-button\" href=\"https:\/\/naturvernforbundet.no\/bli-medlem\/\">Bli medlem<\/a><\/div>\n<\/div>\n<\/div><figure class=\"wp-block-media-text__media\"><img loading=\"lazy\" decoding=\"async\" width=\"1024\" height=\"680\" src=\"https:\/\/naturvernforbundet.no\/content\/uploads\/sites\/12\/2022\/12\/DSC_0794_fjellrev_lys-1024x680.jpg\" alt=\"\" class=\"wp-image-1811 size-full\" srcset=\"https:\/\/naturvernforbundet.no\/content\/uploads\/sites\/12\/2022\/12\/DSC_0794_fjellrev_lys-1024x680.jpg 1024w, https:\/\/naturvernforbundet.no\/content\/uploads\/sites\/12\/2022\/12\/DSC_0794_fjellrev_lys-300x199.jpg 300w, https:\/\/naturvernforbundet.no\/content\/uploads\/sites\/12\/2022\/12\/DSC_0794_fjellrev_lys-768x510.jpg 768w, https:\/\/naturvernforbundet.no\/content\/uploads\/sites\/12\/2022\/12\/DSC_0794_fjellrev_lys-1536x1020.jpg 1536w, https:\/\/naturvernforbundet.no\/content\/uploads\/sites\/12\/2022\/12\/DSC_0794_fjellrev_lys-2048x1360.jpg 2048w, https:\/\/naturvernforbundet.no\/content\/uploads\/sites\/12\/2022\/12\/DSC_0794_fjellrev_lys-1920x1275.jpg 1920w\" sizes=\"auto, (max-width: 1024px) 100vw, 1024px\" \/><\/figure><\/div>\n\n\n\n<h2 class=\"wp-block-heading\"><strong>Om Naturvernforbundet Finnmark \/ Finnm\u00e1rkku luonddug\u00e1httenlihttu<\/strong><\/h2>\n\n\n\n<p>I Finnmark har vi ett fylkeslag og fem lokallag. Sakene vi jobber med avhenger av hvilke natursaker som engasjerer medlemmene v\u00e5re i fylket, og p\u00e5g\u00e5ende press p\u00e5 naturen i ulike omr\u00e5der.<\/p>\n\n\n\n<h2 class=\"wp-block-heading\">Prioriterte saker i Finnmark<\/h2>\n\n\n\n<p>Naturvernforbundet i Finnmark prioriterte i 2025 kampen mot \u00abkraftpakke Melk\u00f8ya\u00bb med 11 nye vindindustri-prosjekter og tilh\u00f8rende 420 kV linjer. Regjeringens gavepakke til Equinor er historiens st\u00f8rste angrep p\u00e5 Finnmarksnaturen med i overkant av 540km2 foresl\u00e5tt nedbygging, og det har p\u00e5virket v\u00e5re prioriteringer. Blant andre prioriterte saker er oppdrett og sj\u00f8fugler.<br><br>I arbeidsprogrammet som ble vedtatt p\u00e5 \u00e5rsm\u00f8tet den 19.april 2026, kan man ogs\u00e5 lese om organisasjonsutvikling og samarbeid innad og utad. I \u00e5rsberetningen kan du lese litt om hva som foregikk i 2025.<\/p>\n\n\n<div class=\"t2-files wp-block-t2-files\">\n<div class=\"t2-file-item wp-block-t2-file-item\">\n\t\t<a href=\"https:\/\/naturvernforbundet.no\/content\/uploads\/sites\/12\/2026\/04\/Arbeidsprogram-2026-Naturvernforbundet-Finnmark.pdf\" class=\"t2-file-item__link t2-file-item__link--icon-left\" download>\n\t\t\t<span class=\"t2-file-item__icon\"><svg xmlns=\"http:\/\/www.w3.org\/2000\/svg\" viewBox=\"0 0 24 24\" height=\"24\" width=\"24\" class=\"t2-icon t2-icon-filedownload\" aria-hidden=\"true\" focusable=\"false\"><path d=\"M16.59 9H15V4C15 3.45 14.55 3 14 3H10C9.45 3 9 3.45 9 4V9H7.41C6.52 9 6.07 10.08 6.7 10.71L11.29 15.3C11.68 15.69 12.31 15.69 12.7 15.3L17.29 10.71C17.92 10.08 17.48 9 16.59 9ZM5 19C5 19.55 5.45 20 6 20H18C18.55 20 19 19.55 19 19C19 18.45 18.55 18 18 18H6C5.45 18 5 18.45 5 19Z\" \/><\/svg><\/span>\n\t\t\t<span class=\"t2-file-item__info\">\n\t\t\t\t<span class=\"t2-file-item__filename\">Arbeidsprogram for 2026 Naturvernforbundet i Finnmark<\/span>\n\t\t\t\t\n\t\t\t\t<span class=\"t2-file-item__meta\">pdf \u00b7 2 MB<\/span>\n\t\t\t<\/span>\n\t\t<\/a>\n\t\t<\/div>\n\n<div class=\"t2-file-item wp-block-t2-file-item\">\n\t\t<a href=\"https:\/\/naturvernforbundet.no\/content\/uploads\/sites\/12\/2026\/04\/Aarsberetning-2025-Naturvernforbundet-Finnmark.pdf\" class=\"t2-file-item__link t2-file-item__link--icon-left\" download>\n\t\t\t<span class=\"t2-file-item__icon\"><svg xmlns=\"http:\/\/www.w3.org\/2000\/svg\" viewBox=\"0 0 24 24\" height=\"24\" width=\"24\" class=\"t2-icon t2-icon-filedownload\" aria-hidden=\"true\" focusable=\"false\"><path d=\"M16.59 9H15V4C15 3.45 14.55 3 14 3H10C9.45 3 9 3.45 9 4V9H7.41C6.52 9 6.07 10.08 6.7 10.71L11.29 15.3C11.68 15.69 12.31 15.69 12.7 15.3L17.29 10.71C17.92 10.08 17.48 9 16.59 9ZM5 19C5 19.55 5.45 20 6 20H18C18.55 20 19 19.55 19 19C19 18.45 18.55 18 18 18H6C5.45 18 5 18.45 5 19Z\" \/><\/svg><\/span>\n\t\t\t<span class=\"t2-file-item__info\">\n\t\t\t\t<span class=\"t2-file-item__filename\">\u00c5rsberetning for 2025 Naturvernforbundet i Finnmark<\/span>\n\t\t\t\t\n\t\t\t\t<span class=\"t2-file-item__meta\">pdf \u00b7 803 KB<\/span>\n\t\t\t<\/span>\n\t\t<\/a>\n\t\t<\/div>\n\n\n<\/div>\n\n\n<h2 class=\"wp-block-heading\">Fylkesstyre<\/h2>\n\n\n\n<p>Hvert fylke har et fylkesstyre som velges p\u00e5 fylkeslagenes \u00e5rsm\u00f8ter. Her kan du se <a href=\"https:\/\/naturvernforbundet.no\/finnmark\/fylkesstyre\/\">oversikten over styret<\/a> som ble valgt til Finnmarks fylkeslag p\u00e5 \u00e5rsm\u00f8tet i Alta den 19. april 2026.<\/p>\n\n\n\n<h2 class=\"wp-block-heading\">Lokallag<\/h2>\n\n\n\n<p>Lokallag jobber med ulike saker, innenfor ovennevnte tema\/saker eller annet som er s\u00e6rlig viktig i sine omr\u00e5der. Hvert lokallag har et styre. Dette er lokallagene i Finnmark: <\/p>\n\n\n<ul class=\"t2-link-list has-5-items has-auto-columns wp-block-t2-link-list\">\n\t<li class=\"t2-link-list-item wp-block-t2-link-list-item\">\n\t\t<a\n\t\t\thref=\"https:\/\/naturvernforbundet.no\/finnmark\/lokallag\/tana-og-varanger\/\"\n\t\t\tclass=\"t2-link-list-item__link t2-link-list__icon--left\"\n\t\t\taria-describedby=\"link-list-item\"\t\t>\n\t\t\t<span class=\"t2-link-list-item__icon\"><span class=\"t2-link-list-item__icon-box\"><\/span><svg xmlns=\"http:\/\/www.w3.org\/2000\/svg\" viewBox=\"0 0 24 24\" height=\"24\" width=\"24\" class=\"t2-icon t2-icon-arrowforward\" aria-hidden=\"true\" focusable=\"false\"><path d=\"M11.3 19.3c-.2-.2-.3-.4-.3-.7 0-.3.1-.5.3-.7l4.9-4.9H5c-.3 0-.5-.1-.7-.3-.2-.2-.3-.4-.3-.7s.1-.5.3-.7c.2-.2.4-.3.7-.3h11.2l-4.9-4.9c-.2-.2-.3-.4-.3-.7 0-.3.1-.5.3-.7.2-.2.4-.3.7-.3s.5.1.7.3l6.6 6.6c.1.1.2.2.2.3 0 .1.1.3.1.4 0 .1 0 .3-.1.4 0 .1-.1.2-.2.3l-6.6 6.6c-.2.2-.4.3-.7.3s-.5-.1-.7-.3z\"\/><\/svg><\/span>\t\t\t<div class=\"t2-link-list-item__content\">\n\n\t\t\t\t\n\t\t\t\t<span class=\"t2-link-list-item__text\">\n\t\t\t\t\tTana og Varanger\t\t\t\t<\/span>\n\t\t\t\t<span id=\"link-list-item\" class=\"t2-link-list-item__description\">Leder: Pierre F\u00e1gard<\/span>\t\t\t<\/div>\n\t\t<\/a>\n\t<\/li>\n\t\n\n\t<li class=\"t2-link-list-item wp-block-t2-link-list-item\">\n\t\t<a\n\t\t\thref=\"https:\/\/naturvernforbundet.no\/finnmark\/lokallag\/sor-varanger\/\"\n\t\t\tclass=\"t2-link-list-item__link t2-link-list__icon--left\"\n\t\t\taria-describedby=\"link-list-item-1\"\t\t>\n\t\t\t<span class=\"t2-link-list-item__icon\"><span class=\"t2-link-list-item__icon-box\"><\/span><svg xmlns=\"http:\/\/www.w3.org\/2000\/svg\" viewBox=\"0 0 24 24\" height=\"24\" width=\"24\" class=\"t2-icon t2-icon-arrowforward\" aria-hidden=\"true\" focusable=\"false\"><path d=\"M11.3 19.3c-.2-.2-.3-.4-.3-.7 0-.3.1-.5.3-.7l4.9-4.9H5c-.3 0-.5-.1-.7-.3-.2-.2-.3-.4-.3-.7s.1-.5.3-.7c.2-.2.4-.3.7-.3h11.2l-4.9-4.9c-.2-.2-.3-.4-.3-.7 0-.3.1-.5.3-.7.2-.2.4-.3.7-.3s.5.1.7.3l6.6 6.6c.1.1.2.2.2.3 0 .1.1.3.1.4 0 .1 0 .3-.1.4 0 .1-.1.2-.2.3l-6.6 6.6c-.2.2-.4.3-.7.3s-.5-.1-.7-.3z\"\/><\/svg><\/span>\t\t\t<div class=\"t2-link-list-item__content\">\n\n\t\t\t\t\n\t\t\t\t<span class=\"t2-link-list-item__text\">\n\t\t\t\t\tS\u00f8r-Varanger\t\t\t\t<\/span>\n\t\t\t\t<span id=\"link-list-item-1\" class=\"t2-link-list-item__description\">Leder: Anne Greve<\/span>\t\t\t<\/div>\n\t\t<\/a>\n\t<\/li>\n\t\n\n\t<li class=\"t2-link-list-item wp-block-t2-link-list-item\">\n\t\t<a\n\t\t\thref=\"https:\/\/naturvernforbundet.no\/finnmark\/lokallag\/porsangerfjorden\/\"\n\t\t\tclass=\"t2-link-list-item__link t2-link-list__icon--left\"\n\t\t\taria-describedby=\"link-list-item-2\"\t\t>\n\t\t\t<span class=\"t2-link-list-item__icon\"><span class=\"t2-link-list-item__icon-box\"><\/span><svg xmlns=\"http:\/\/www.w3.org\/2000\/svg\" viewBox=\"0 0 24 24\" height=\"24\" width=\"24\" class=\"t2-icon t2-icon-arrowforward\" aria-hidden=\"true\" focusable=\"false\"><path d=\"M11.3 19.3c-.2-.2-.3-.4-.3-.7 0-.3.1-.5.3-.7l4.9-4.9H5c-.3 0-.5-.1-.7-.3-.2-.2-.3-.4-.3-.7s.1-.5.3-.7c.2-.2.4-.3.7-.3h11.2l-4.9-4.9c-.2-.2-.3-.4-.3-.7 0-.3.1-.5.3-.7.2-.2.4-.3.7-.3s.5.1.7.3l6.6 6.6c.1.1.2.2.2.3 0 .1.1.3.1.4 0 .1 0 .3-.1.4 0 .1-.1.2-.2.3l-6.6 6.6c-.2.2-.4.3-.7.3s-.5-.1-.7-.3z\"\/><\/svg><\/span>\t\t\t<div class=\"t2-link-list-item__content\">\n\n\t\t\t\t\n\t\t\t\t<span class=\"t2-link-list-item__text\">\n\t\t\t\t\tPorsangerfjorden\t\t\t\t<\/span>\n\t\t\t\t<span id=\"link-list-item-2\" class=\"t2-link-list-item__description\">Leder: Marit Holm Pettersen<\/span>\t\t\t<\/div>\n\t\t<\/a>\n\t<\/li>\n\t\n\n\t<li class=\"t2-link-list-item wp-block-t2-link-list-item\">\n\t\t<a\n\t\t\thref=\"https:\/\/naturvernforbundet.no\/finnmark\/lokallag\/stilla-laget-vest-finnmark\/\"\n\t\t\tclass=\"t2-link-list-item__link t2-link-list__icon--left\"\n\t\t\taria-describedby=\"link-list-item-3\"\t\t>\n\t\t\t<span class=\"t2-link-list-item__icon\"><span class=\"t2-link-list-item__icon-box\"><\/span><svg xmlns=\"http:\/\/www.w3.org\/2000\/svg\" viewBox=\"0 0 24 24\" height=\"24\" width=\"24\" class=\"t2-icon t2-icon-arrowforward\" aria-hidden=\"true\" focusable=\"false\"><path d=\"M11.3 19.3c-.2-.2-.3-.4-.3-.7 0-.3.1-.5.3-.7l4.9-4.9H5c-.3 0-.5-.1-.7-.3-.2-.2-.3-.4-.3-.7s.1-.5.3-.7c.2-.2.4-.3.7-.3h11.2l-4.9-4.9c-.2-.2-.3-.4-.3-.7 0-.3.1-.5.3-.7.2-.2.4-.3.7-.3s.5.1.7.3l6.6 6.6c.1.1.2.2.2.3 0 .1.1.3.1.4 0 .1 0 .3-.1.4 0 .1-.1.2-.2.3l-6.6 6.6c-.2.2-.4.3-.7.3s-.5-.1-.7-.3z\"\/><\/svg><\/span>\t\t\t<div class=\"t2-link-list-item__content\">\n\n\t\t\t\t\n\t\t\t\t<span class=\"t2-link-list-item__text\">\n\t\t\t\t\tStilla og Vest-Finnmark\t\t\t\t<\/span>\n\t\t\t\t<span id=\"link-list-item-3\" class=\"t2-link-list-item__description\">Leder: Kjell M. Der\u00e5s<\/span>\t\t\t<\/div>\n\t\t<\/a>\n\t<\/li>\n\t\n\n\t<li class=\"t2-link-list-item wp-block-t2-link-list-item\">\n\t\t<a\n\t\t\thref=\"https:\/\/naturvernforbundet.no\/finnmark\/lokallag\/avjovarri\/\"\n\t\t\tclass=\"t2-link-list-item__link t2-link-list__icon--left\"\n\t\t\taria-describedby=\"link-list-item-4\"\t\t>\n\t\t\t<span class=\"t2-link-list-item__icon\"><span class=\"t2-link-list-item__icon-box\"><\/span><svg xmlns=\"http:\/\/www.w3.org\/2000\/svg\" viewBox=\"0 0 24 24\" height=\"24\" width=\"24\" class=\"t2-icon t2-icon-arrowforward\" aria-hidden=\"true\" focusable=\"false\"><path d=\"M11.3 19.3c-.2-.2-.3-.4-.3-.7 0-.3.1-.5.3-.7l4.9-4.9H5c-.3 0-.5-.1-.7-.3-.2-.2-.3-.4-.3-.7s.1-.5.3-.7c.2-.2.4-.3.7-.3h11.2l-4.9-4.9c-.2-.2-.3-.4-.3-.7 0-.3.1-.5.3-.7.2-.2.4-.3.7-.3s.5.1.7.3l6.6 6.6c.1.1.2.2.2.3 0 .1.1.3.1.4 0 .1 0 .3-.1.4 0 .1-.1.2-.2.3l-6.6 6.6c-.2.2-.4.3-.7.3s-.5-.1-.7-.3z\"\/><\/svg><\/span>\t\t\t<div class=\"t2-link-list-item__content\">\n\n\t\t\t\t\n\t\t\t\t<span class=\"t2-link-list-item__text\">\n\t\t\t\t\t\u00c1vjov\u00e1rri\t\t\t\t<\/span>\n\t\t\t\t<span id=\"link-list-item-4\" class=\"t2-link-list-item__description\">Leder: Piera Jovnna Somby<\/span>\t\t\t<\/div>\n\t\t<\/a>\n\t<\/li>\n\t\n<\/ul>\n\n\n<ul class=\"wp-block-list\">\n<li>Er det saker i din region som du kunne tenke deg \u00e5 gj\u00f8re noe med?<\/li>\n\n\n\n<li>Vil du gj\u00f8re noe for at din kommune skal bli mer milj\u00f8vennlig?<\/li>\n\n\n\n<li>Er det naturomr\u00e5der rundt deg som du vil jobbe for \u00e5 ta vare p\u00e5?<\/li>\n\n\n\n<li>Finn ditt lokallag &#8211; se menypunkt \u00f8verst  til h\u00f8yre<\/li>\n\n\n\n<li>Medlem i Naturvernforbundet? Logg inn p\u00e5 <a href=\"https:\/\/naturvernforbundet.profundo.no\/minside\">Min Side her<\/a><\/li>\n<\/ul>\n\n\n\n<p><\/p>\n\n\n\n<div class=\"wp-block-buttons alignwide is-layout-flex wp-block-buttons-is-layout-flex\">\n<div class=\"wp-block-button is-style-pink\"><a class=\"wp-block-button__link wp-element-button\" href=\"https:\/\/naturvernforbundet.no\/finnmark\/finnmarkku-luonddugahttenlihttu\/\">S\u00e1mi<\/a><\/div>\n<\/div>\n","protected":false},"excerpt":{"rendered":"","protected":false},"author":1,"featured_media":0,"parent":0,"menu_order":0,"comment_status":"closed","ping_status":"closed","template":"","meta":{"_relevanssi_hide_post":"","_relevanssi_hide_content":"","_relevanssi_pin_for_all":"","_relevanssi_pin_keywords":"","_relevanssi_unpin_keywords":"","_relevanssi_related_keywords":"","_relevanssi_related_include_ids":"","_relevanssi_related_exclude_ids":"","_relevanssi_related_no_append":"","_relevanssi_related_not_related":"","_relevanssi_related_posts":"968,667,4365,5362,4729,6164","_relevanssi_noindex_reason":"","hide_logo":false,"footnotes":"","_members_access_role":[],"_members_access_error":""},"categories":[],"class_list":["post-6","page","type-page","status-publish","hentry"],"acf":[],"yoast_head":"<!-- This site is optimized with the Yoast SEO plugin v24.9 - https:\/\/yoast.com\/wordpress\/plugins\/seo\/ -->\n<title>Forside - Finnmark<\/title>\n<meta name=\"robots\" content=\"index, follow, max-snippet:-1, max-image-preview:large, max-video-preview:-1\" \/>\n<link rel=\"canonical\" href=\"https:\/\/naturvernforbundet.no\/finnmark\/\" \/>\n<meta property=\"og:locale\" content=\"nb_NO\" \/>\n<meta property=\"og:type\" content=\"article\" \/>\n<meta property=\"og:title\" content=\"Forside - Finnmark\" \/>\n<meta property=\"og:url\" content=\"https:\/\/naturvernforbundet.no\/finnmark\/\" \/>\n<meta property=\"og:site_name\" content=\"Finnmark\" \/>\n<meta property=\"article:modified_time\" content=\"2026-06-03T13:38:03+00:00\" \/>\n<meta property=\"og:image\" content=\"https:\/\/naturvernforbundet.no\/content\/uploads\/sites\/12\/2026\/04\/2026-03-08-Altaposten-972x1024.png\" \/>\n<meta name=\"twitter:card\" content=\"summary_large_image\" \/>\n<meta name=\"twitter:label1\" content=\"Ansl. lesetid\" \/>\n\t<meta name=\"twitter:data1\" content=\"3 minutter\" \/>\n<script type=\"application\/ld+json\" class=\"yoast-schema-graph\">{\"@context\":\"https:\/\/schema.org\",\"@graph\":[{\"@type\":\"WebPage\",\"@id\":\"https:\/\/naturvernforbundet.no\/finnmark\/\",\"url\":\"https:\/\/naturvernforbundet.no\/finnmark\/\",\"name\":\"Forside - Finnmark\",\"isPartOf\":{\"@id\":\"https:\/\/naturvernforbundet.no\/finnmark\/#website\"},\"primaryImageOfPage\":{\"@id\":\"https:\/\/naturvernforbundet.no\/finnmark\/#primaryimage\"},\"image\":{\"@id\":\"https:\/\/naturvernforbundet.no\/finnmark\/#primaryimage\"},\"thumbnailUrl\":\"https:\/\/naturvernforbundet.no\/content\/uploads\/sites\/12\/2026\/04\/2026-03-08-Altaposten-972x1024.png\",\"datePublished\":\"2022-04-01T12:42:29+00:00\",\"dateModified\":\"2026-06-03T13:38:03+00:00\",\"breadcrumb\":{\"@id\":\"https:\/\/naturvernforbundet.no\/finnmark\/#breadcrumb\"},\"inLanguage\":\"nb-NO\",\"potentialAction\":[{\"@type\":\"ReadAction\",\"target\":[\"https:\/\/naturvernforbundet.no\/finnmark\/\"]}]},{\"@type\":\"ImageObject\",\"inLanguage\":\"nb-NO\",\"@id\":\"https:\/\/naturvernforbundet.no\/finnmark\/#primaryimage\",\"url\":\"https:\/\/naturvernforbundet.no\/content\/uploads\/sites\/12\/2026\/04\/2026-03-08-Altaposten-972x1024.png\",\"contentUrl\":\"https:\/\/naturvernforbundet.no\/content\/uploads\/sites\/12\/2026\/04\/2026-03-08-Altaposten-972x1024.png\"},{\"@type\":\"BreadcrumbList\",\"@id\":\"https:\/\/naturvernforbundet.no\/finnmark\/#breadcrumb\",\"itemListElement\":[{\"@type\":\"ListItem\",\"position\":1,\"name\":\"Till naturvernforbundet.no\",\"item\":\"https:\/\/naturvernforbundet.no\/\"},{\"@type\":\"ListItem\",\"position\":2,\"name\":\"Finnmark\",\"item\":\"https:\/\/naturvernforbundet.no\/finnmark\/\"},{\"@type\":\"ListItem\",\"position\":3,\"name\":\"Forside\"}]},{\"@type\":\"WebSite\",\"@id\":\"https:\/\/naturvernforbundet.no\/finnmark\/#website\",\"url\":\"https:\/\/naturvernforbundet.no\/finnmark\/\",\"name\":\"Finnmark\",\"description\":\"Bare enda et Naturvernforbundet Sites-nettsted\",\"potentialAction\":[{\"@type\":\"SearchAction\",\"target\":{\"@type\":\"EntryPoint\",\"urlTemplate\":\"https:\/\/naturvernforbundet.no\/finnmark\/?s={search_term_string}\"},\"query-input\":{\"@type\":\"PropertyValueSpecification\",\"valueRequired\":true,\"valueName\":\"search_term_string\"}}],\"inLanguage\":\"nb-NO\"}]}<\/script>\n<!-- \/ Yoast SEO plugin. -->","yoast_head_json":{"title":"Forside - Finnmark","robots":{"index":"index","follow":"follow","max-snippet":"max-snippet:-1","max-image-preview":"max-image-preview:large","max-video-preview":"max-video-preview:-1"},"canonical":"https:\/\/naturvernforbundet.no\/finnmark\/","og_locale":"nb_NO","og_type":"article","og_title":"Forside - Finnmark","og_url":"https:\/\/naturvernforbundet.no\/finnmark\/","og_site_name":"Finnmark","article_modified_time":"2026-06-03T13:38:03+00:00","og_image":[{"url":"https:\/\/naturvernforbundet.no\/content\/uploads\/sites\/12\/2026\/04\/2026-03-08-Altaposten-972x1024.png","type":"","width":"","height":""}],"twitter_card":"summary_large_image","twitter_misc":{"Ansl. lesetid":"3 minutter"},"schema":{"@context":"https:\/\/schema.org","@graph":[{"@type":"WebPage","@id":"https:\/\/naturvernforbundet.no\/finnmark\/","url":"https:\/\/naturvernforbundet.no\/finnmark\/","name":"Forside - Finnmark","isPartOf":{"@id":"https:\/\/naturvernforbundet.no\/finnmark\/#website"},"primaryImageOfPage":{"@id":"https:\/\/naturvernforbundet.no\/finnmark\/#primaryimage"},"image":{"@id":"https:\/\/naturvernforbundet.no\/finnmark\/#primaryimage"},"thumbnailUrl":"https:\/\/naturvernforbundet.no\/content\/uploads\/sites\/12\/2026\/04\/2026-03-08-Altaposten-972x1024.png","datePublished":"2022-04-01T12:42:29+00:00","dateModified":"2026-06-03T13:38:03+00:00","breadcrumb":{"@id":"https:\/\/naturvernforbundet.no\/finnmark\/#breadcrumb"},"inLanguage":"nb-NO","potentialAction":[{"@type":"ReadAction","target":["https:\/\/naturvernforbundet.no\/finnmark\/"]}]},{"@type":"ImageObject","inLanguage":"nb-NO","@id":"https:\/\/naturvernforbundet.no\/finnmark\/#primaryimage","url":"https:\/\/naturvernforbundet.no\/content\/uploads\/sites\/12\/2026\/04\/2026-03-08-Altaposten-972x1024.png","contentUrl":"https:\/\/naturvernforbundet.no\/content\/uploads\/sites\/12\/2026\/04\/2026-03-08-Altaposten-972x1024.png"},{"@type":"BreadcrumbList","@id":"https:\/\/naturvernforbundet.no\/finnmark\/#breadcrumb","itemListElement":[{"@type":"ListItem","position":1,"name":"Till naturvernforbundet.no","item":"https:\/\/naturvernforbundet.no\/"},{"@type":"ListItem","position":2,"name":"Finnmark","item":"https:\/\/naturvernforbundet.no\/finnmark\/"},{"@type":"ListItem","position":3,"name":"Forside"}]},{"@type":"WebSite","@id":"https:\/\/naturvernforbundet.no\/finnmark\/#website","url":"https:\/\/naturvernforbundet.no\/finnmark\/","name":"Finnmark","description":"Bare enda et Naturvernforbundet Sites-nettsted","potentialAction":[{"@type":"SearchAction","target":{"@type":"EntryPoint","urlTemplate":"https:\/\/naturvernforbundet.no\/finnmark\/?s={search_term_string}"},"query-input":{"@type":"PropertyValueSpecification","valueRequired":true,"valueName":"search_term_string"}}],"inLanguage":"nb-NO"}]}},"_links":{"self":[{"href":"https:\/\/naturvernforbundet.no\/finnmark\/wp-json\/wp\/v2\/pages\/6","targetHints":{"allow":["GET"]}}],"collection":[{"href":"https:\/\/naturvernforbundet.no\/finnmark\/wp-json\/wp\/v2\/pages"}],"about":[{"href":"https:\/\/naturvernforbundet.no\/finnmark\/wp-json\/wp\/v2\/types\/page"}],"author":[{"embeddable":true,"href":"https:\/\/naturvernforbundet.no\/finnmark\/wp-json\/wp\/v2\/users\/1"}],"replies":[{"embeddable":true,"href":"https:\/\/naturvernforbundet.no\/finnmark\/wp-json\/wp\/v2\/comments?post=6"}],"version-history":[{"count":425,"href":"https:\/\/naturvernforbundet.no\/finnmark\/wp-json\/wp\/v2\/pages\/6\/revisions"}],"predecessor-version":[{"id":10472,"href":"https:\/\/naturvernforbundet.no\/finnmark\/wp-json\/wp\/v2\/pages\/6\/revisions\/10472"}],"wp:attachment":[{"href":"https:\/\/naturvernforbundet.no\/finnmark\/wp-json\/wp\/v2\/media?parent=6"}],"wp:term":[{"taxonomy":"category","embeddable":true,"href":"https:\/\/naturvernforbundet.no\/finnmark\/wp-json\/wp\/v2\/categories?post=6"}],"curies":[{"name":"wp","href":"https:\/\/api.w.org\/{rel}","templated":true}]}}