{"version":"1.0","provider_name":"Hordaland","provider_url":"https:\/\/naturvernforbundet.no\/hordaland","author_name":"Borgar Emanuelsen Bohlin","author_url":"https:\/\/naturvernforbundet.no\/hordaland\/author\/borgaremanuelsenbohlin\/","title":"Gode gr\u00f8nne Bergen - visjon for 2030 - Hordaland","type":"rich","width":600,"height":338,"html":"<blockquote class=\"wp-embedded-content\" data-secret=\"qNiiav1BgK\"><a href=\"https:\/\/naturvernforbundet.no\/hordaland\/gode-gronne-bergen-visjon-for-2030\/\">Gode gr\u00f8nne Bergen &#8211; visjon for 2030<\/a><\/blockquote><iframe sandbox=\"allow-scripts\" security=\"restricted\" src=\"https:\/\/naturvernforbundet.no\/hordaland\/gode-gronne-bergen-visjon-for-2030\/embed\/#?secret=qNiiav1BgK\" width=\"600\" height=\"338\" title=\"&laquo;Gode gr\u00f8nne Bergen &#8211; visjon for 2030&raquo; &#8212; Hordaland\" data-secret=\"qNiiav1BgK\" frameborder=\"0\" marginwidth=\"0\" marginheight=\"0\" scrolling=\"no\" class=\"wp-embedded-content\"><\/iframe><script>\n\/*! This file is auto-generated *\/\n!function(d,l){\"use strict\";l.querySelector&&d.addEventListener&&\"undefined\"!=typeof URL&&(d.wp=d.wp||{},d.wp.receiveEmbedMessage||(d.wp.receiveEmbedMessage=function(e){var t=e.data;if((t||t.secret||t.message||t.value)&&!\/[^a-zA-Z0-9]\/.test(t.secret)){for(var s,r,n,a=l.querySelectorAll('iframe[data-secret=\"'+t.secret+'\"]'),o=l.querySelectorAll('blockquote[data-secret=\"'+t.secret+'\"]'),c=new RegExp(\"^https?:$\",\"i\"),i=0;i<o.length;i++)o[i].style.display=\"none\";for(i=0;i<a.length;i++)s=a[i],e.source===s.contentWindow&&(s.removeAttribute(\"style\"),\"height\"===t.message?(1e3<(r=parseInt(t.value,10))?r=1e3:~~r<200&&(r=200),s.height=r):\"link\"===t.message&&(r=new URL(s.getAttribute(\"src\")),n=new URL(t.value),c.test(n.protocol))&&n.host===r.host&&l.activeElement===s&&(d.top.location.href=t.value))}},d.addEventListener(\"message\",d.wp.receiveEmbedMessage,!1),l.addEventListener(\"DOMContentLoaded\",function(){for(var e,t,s=l.querySelectorAll(\"iframe.wp-embedded-content\"),r=0;r<s.length;r++)(t=(e=s[r]).getAttribute(\"data-secret\"))||(t=Math.random().toString(36).substring(2,12),e.src+=\"#?secret=\"+t,e.setAttribute(\"data-secret\",t)),e.contentWindow.postMessage({message:\"ready\",secret:t},\"*\")},!1)))}(window,document);\n<\/script>\n","thumbnail_url":"https:\/\/naturvernforbundet.no\/content\/uploads\/sites\/13\/2015\/09\/Header.jpg2028fullscreen29.jpg","thumbnail_width":950,"thumbnail_height":633,"description":"Aldri har det v\u00e6rt snakket mer om G\u00e5byen. Aldri har det v\u00e6rt satset mer p\u00e5 \u00e5 \u00f8ke biltrafikken. Bergens politiske topprepresentanter m\u00f8ttes til debatt om Gode gr\u00f8nne Bergen da klima og transportgruppen i Naturvernforbundet Hordaland inviterte til Naturlig onsdag 2. september 2015."}