{"id":16975,"date":"2026-04-21T13:02:05","date_gmt":"2026-04-21T11:02:05","guid":{"rendered":"https:\/\/naturvernforbundet.no\/hordaland\/?post_type=event&#038;p=16975"},"modified":"2026-04-21T13:07:22","modified_gmt":"2026-04-21T11:07:22","slug":"kartleggingssamling-med-sabima","status":"publish","type":"event","link":"https:\/\/naturvernforbundet.no\/hordaland\/event\/kartleggingssamling-med-sabima\/","title":{"rendered":"Kartleggingssamling med Sabima"},"content":{"rendered":"\t<div class=\"template-event alignnone wp-block-naturvern-hero\">\n\t\t<div class=\"hero__inner\">\n\t\t\t<div class=\"hero__inner_blocks\">\n\t\t\t\t\n\t\t<div class=\"naturvern-event-meta\">\n\t\t<div class=\"naturvern-event-meta-inner\">\n\t\t\t<div class=\"event-date\">\n\t\t\t\t<div>\n\t\t\t\t\t<span class=\"day\">02.jul<\/span>\n\t\t\t\t\t<span class=\"year\">2026<\/span>\n\t\t\t\t<\/div>\n\t\t\t<\/div>\n\t\t<\/div>\n\t\t<\/div>\t\t\t\t\n<h1 class=\"wp-block-post-title\">Kartleggingssamling med Sabima<\/h1>\n\n\n\t\t\t<div class=\"naturvern-event-meta-full\">\n\t\t\t<div class=\"naturvern-event-meta-inner\">\n\t\t\t\t<div>\n\t\t\t\t\t<span>Hva:<\/span>\n\t\t\t\t\t<span>Kartleggingssamling<\/span>\n\t\t\t\t<\/div>\n\t\t\t\t<div>\n\t\t\t\t\t<span>N\u00e5r:<\/span>\n\t\t\t\t\t<span>02.jul, kl. 16:00 &#8211; 05.jul, kl. 15:00<\/span>\n\t\t\t\t<\/div>\n\t\t\t\t<div>\n\t\t\t\t\t<span>Hvor:<\/span>\n\t\t\t\t\t<span>Fana folkeh\u00f8gskule<\/span>\n\t\t\t\t<\/div>\n\t\t\t<\/div>\n\t\t\t<\/div>\n\n\n<p>Vil du l\u00e6re mer om artsregistrering? Eller om ulike naturtyper? Kanskje du er med for det sosiale, eller l\u00e6re deg en art eller to? Uansett er du velkommen til \u00e5 bli med p\u00e5 kartleggingssamling. Samlingen er for alle med interesse innen artskartlegging, b\u00e5de studenter, nybegynnere og erfarne kartleggere.<\/p>\n\n\n\n\n<figure class=\"wp-block-post-featured-image\"><img loading=\"lazy\" decoding=\"async\" width=\"1920\" height=\"2560\" src=\"https:\/\/naturvernforbundet.no\/content\/uploads\/sites\/13\/2026\/04\/IMG_20250624_155726-scaled.jpg\" class=\"attachment-post-thumbnail size-post-thumbnail wp-post-image\" alt=\"\" style=\"object-fit:cover;\" srcset=\"https:\/\/naturvernforbundet.no\/content\/uploads\/sites\/13\/2026\/04\/IMG_20250624_155726-scaled.jpg 1920w, https:\/\/naturvernforbundet.no\/content\/uploads\/sites\/13\/2026\/04\/IMG_20250624_155726-225x300.jpg 225w, https:\/\/naturvernforbundet.no\/content\/uploads\/sites\/13\/2026\/04\/IMG_20250624_155726-768x1024.jpg 768w, https:\/\/naturvernforbundet.no\/content\/uploads\/sites\/13\/2026\/04\/IMG_20250624_155726-1152x1536.jpg 1152w, https:\/\/naturvernforbundet.no\/content\/uploads\/sites\/13\/2026\/04\/IMG_20250624_155726-1536x2048.jpg 1536w, https:\/\/naturvernforbundet.no\/content\/uploads\/sites\/13\/2026\/04\/IMG_20250624_155726-1440x1920.jpg 1440w\" sizes=\"auto, (max-width: 1920px) 100vw, 1920px\" \/><\/figure>\n\t\t\t<\/div>\n\t\t\t\t\t<\/div>\n\t\t\t<\/div>\n\t\n\n\n<p><strong>Bli med ut og kartlegg natur!<\/strong><br>Hvert \u00e5r arrangerer Sabima i samarbeid med Norsk entomologisk forening, Norsk Zoologisk Forening, Norsk Botanisk Forening og Norges sopp- og nyttevekstforbund tverrfaglige kartleggingsturer. Turene er sosiale og l\u00e6ringsrike, og passer for alle med stor naturinteresse. Fellesturene bidrar til \u00e5 \u00f8ke kunnskapen om naturmangfoldet og styrke kartleggingsmilj\u00f8ene. Les mer om Sabimas kartleggingsturer<a href=\"https:\/\/www.sabima.no\/kartlegging\/kartleggingsturer\/\">\u00a0her.<\/a><\/p>\n\n\n\n<p>\u00c5rets kartleggingssamling g\u00e5r til Bj\u00f8rnafjorden og Bergen kommune. Vestlandsnaturen er fylt med spennende natur. Her finner vi alt i fra kystfuruskog og boreonemoral regnskog, til kalkrik natur, hule eiker og kystlyngheier!<\/p>\n\n\n\n<p>Samtidig som det er mye vakker natur, er det ogs\u00e5 mange planer om nedbygging. Naturvernforbundet Hordaland har derfor spilt inn lokaliteter med p\u00e5g\u00e5ende eller varslede nedbyggingssaker, s\u00e5 din innsats med \u00e5 styrke kunnskapsgrunnlaget for artsmangfold kan f\u00e5 stor betydning! Mange av lokalitetene har dessuten f\u00e5 funn i Artsobservasjoner, s\u00e5 her er det gode muligheter for \u00e5 fylle kartet.<\/p>\n\n\n\n<p>Samlingen er \u00e5pen for alle med interesse innen artskartlegging, b\u00e5de studenter, nybegynnere og erfarne kartleggere.<\/p>\n\n\n\n<p>Arrangementet vil best\u00e5 av en blanding av interessante foredrag, artskartlegging i felt, artsl\u00e6re og artsbestemmelse, samt rapportering i Artsobservasjoner.<\/p>\n\n\n\n<p><strong>Overnatting<br><\/strong>Vi overnatter p\u00e5 Fana Folkeh\u00f8gskule.<br>Adresse: Mildevegen 190, 5259 Hjellestad<\/p>\n\n\n\n<p>Det er satt av b\u00e5de enkeltrom og dobbeltrom, gi beskjed ved p\u00e5melding om du kan tenke deg \u00e5 dele rom.<\/p>\n\n\n\n<p><strong>Deltageravgift<br><\/strong>Kr 750,- for medlemmer i Naturvernforbundet og&nbsp;<a href=\"https:\/\/www.sabima.no\/om-sabima\/foreningene\/\">Sabimas medlemsforeninger<\/a> (inkl. kost og losji)<\/p>\n\n\n\n<p>Ikke-medlem: Kr 2000.<\/p>\n\n\n\n<p><strong>P\u00e5meldingsfrist: 14. juni, kl: 23:59. Meld deg p\u00e5&nbsp;<\/strong><a href=\"https:\/\/event.checkin.no\/221324\/paamelding-til-kartleggingssamling-bjoernafjorden\"><strong>her<\/strong><\/a><strong>.<\/strong><\/p>\n\n\n\n<p><strong>Max antall deltakere: 30<\/strong><\/p>\n\n\n\n<p>Hvis du f\u00e5r tildelt plass og likevel ikke kan delta, er det viktig at du gir beskjed fortest mulig slik at andre kan f\u00e5 plassen din. Vi gj\u00f8r oppmerksom p\u00e5 at med mindre vi har en venteliste og kan fylle din plass, vil du ikke f\u00e5 refundert bel\u00f8pet ditt ved avbestilling.<\/p>\n\n\n\n<p>P\u00e5meldingsavgiften dekker kost og losji. Alle m\u00e5ltider (frokost, selvsmurt lunsj-niste med termos og middag) er inkludert. Gi beskjed om allergier eller dietter. Man m\u00e5 selv bekoste reise til\/fra Bj\u00f8rnafjorden.<\/p>\n\n\n\n<p>Les mer om arrangementet&nbsp;<a href=\"https:\/\/www.sabima.no\/arrangement\/kartleggingssamling-bjornafjorden\/\"><strong>her<\/strong>.<\/a><\/p>\n\n\n\n<p><\/p>\n\n\n\n<p><\/p>\n","protected":false},"excerpt":{"rendered":"","protected":false},"featured_media":16976,"template":"","meta":{"_relevanssi_hide_post":"","_relevanssi_hide_content":"","_relevanssi_pin_for_all":"","_relevanssi_pin_keywords":"","_relevanssi_unpin_keywords":"","_relevanssi_related_keywords":"","_relevanssi_related_include_ids":"","_relevanssi_related_exclude_ids":"","_relevanssi_related_no_append":"","_relevanssi_related_not_related":"","_relevanssi_related_posts":"16849,16854,16315,16177,16154,16820","_relevanssi_noindex_reason":"","t2_featured_media_focal_point":{"x":0.5,"y":0.5},"hide_logo":false,"_start_date":"2026-07-02T16:00:00","_end_date":"2026-07-05T15:00:00","_event_type":"Kartleggingssamling","_event_location":"Fana folkeh\u00f8gskule","footnotes":""},"local":[],"class_list":["post-16975","event","type-event","status-publish","has-post-thumbnail","hentry"],"acf":[],"yoast_head":"<!-- This site is optimized with the Yoast SEO plugin v24.9 - https:\/\/yoast.com\/wordpress\/plugins\/seo\/ -->\n<title>Kartleggingssamling med Sabima - Hordaland<\/title>\n<meta name=\"robots\" content=\"index, follow, max-snippet:-1, max-image-preview:large, max-video-preview:-1\" \/>\n<link rel=\"canonical\" href=\"https:\/\/naturvernforbundet.no\/hordaland\/event\/kartleggingssamling-med-sabima\/\" \/>\n<meta property=\"og:locale\" content=\"nb_NO\" \/>\n<meta property=\"og:type\" content=\"article\" \/>\n<meta property=\"og:title\" content=\"Kartleggingssamling med Sabima - Hordaland\" \/>\n<meta property=\"og:url\" content=\"https:\/\/naturvernforbundet.no\/hordaland\/event\/kartleggingssamling-med-sabima\/\" \/>\n<meta property=\"og:site_name\" content=\"Hordaland\" \/>\n<meta property=\"article:publisher\" content=\"https:\/\/www.facebook.com\/naturvernforbundet.hordaland\" \/>\n<meta property=\"article:modified_time\" content=\"2026-04-21T11:07:22+00:00\" \/>\n<meta property=\"og:image\" content=\"https:\/\/naturvernforbundet.no\/content\/uploads\/sites\/13\/2026\/04\/IMG_20250624_155726-scaled.jpg\" \/>\n\t<meta property=\"og:image:width\" content=\"1920\" \/>\n\t<meta property=\"og:image:height\" content=\"2560\" \/>\n\t<meta property=\"og:image:type\" content=\"image\/jpeg\" \/>\n<meta name=\"twitter:card\" content=\"summary_large_image\" \/>\n<meta name=\"twitter:label1\" content=\"Ansl. lesetid\" \/>\n\t<meta name=\"twitter:data1\" content=\"3 minutter\" \/>\n<script type=\"application\/ld+json\" class=\"yoast-schema-graph\">{\"@context\":\"https:\/\/schema.org\",\"@graph\":[{\"@type\":\"WebPage\",\"@id\":\"https:\/\/naturvernforbundet.no\/hordaland\/event\/kartleggingssamling-med-sabima\/\",\"url\":\"https:\/\/naturvernforbundet.no\/hordaland\/event\/kartleggingssamling-med-sabima\/\",\"name\":\"Kartleggingssamling med Sabima - Hordaland\",\"isPartOf\":{\"@id\":\"https:\/\/naturvernforbundet.no\/hordaland\/#website\"},\"primaryImageOfPage\":{\"@id\":\"https:\/\/naturvernforbundet.no\/hordaland\/event\/kartleggingssamling-med-sabima\/#primaryimage\"},\"image\":{\"@id\":\"https:\/\/naturvernforbundet.no\/hordaland\/event\/kartleggingssamling-med-sabima\/#primaryimage\"},\"thumbnailUrl\":\"https:\/\/naturvernforbundet.no\/content\/uploads\/sites\/13\/2026\/04\/IMG_20250624_155726-scaled.jpg\",\"datePublished\":\"2026-04-21T11:02:05+00:00\",\"dateModified\":\"2026-04-21T11:07:22+00:00\",\"breadcrumb\":{\"@id\":\"https:\/\/naturvernforbundet.no\/hordaland\/event\/kartleggingssamling-med-sabima\/#breadcrumb\"},\"inLanguage\":\"nb-NO\",\"potentialAction\":[{\"@type\":\"ReadAction\",\"target\":[\"https:\/\/naturvernforbundet.no\/hordaland\/event\/kartleggingssamling-med-sabima\/\"]}]},{\"@type\":\"ImageObject\",\"inLanguage\":\"nb-NO\",\"@id\":\"https:\/\/naturvernforbundet.no\/hordaland\/event\/kartleggingssamling-med-sabima\/#primaryimage\",\"url\":\"https:\/\/naturvernforbundet.no\/content\/uploads\/sites\/13\/2026\/04\/IMG_20250624_155726-scaled.jpg\",\"contentUrl\":\"https:\/\/naturvernforbundet.no\/content\/uploads\/sites\/13\/2026\/04\/IMG_20250624_155726-scaled.jpg\",\"width\":1920,\"height\":2560,\"caption\":\"00000001\"},{\"@type\":\"BreadcrumbList\",\"@id\":\"https:\/\/naturvernforbundet.no\/hordaland\/event\/kartleggingssamling-med-sabima\/#breadcrumb\",\"itemListElement\":[{\"@type\":\"ListItem\",\"position\":1,\"name\":\"Till naturvernforbundet.no\",\"item\":\"https:\/\/naturvernforbundet.no\/\"},{\"@type\":\"ListItem\",\"position\":2,\"name\":\"Hordaland\",\"item\":\"https:\/\/naturvernforbundet.no\/hordaland\/\"},{\"@type\":\"ListItem\",\"position\":3,\"name\":\"Event\",\"item\":\"https:\/\/naturvernforbundet.no\/hordaland\/event\/\"},{\"@type\":\"ListItem\",\"position\":4,\"name\":\"Kartleggingssamling med Sabima\"}]},{\"@type\":\"WebSite\",\"@id\":\"https:\/\/naturvernforbundet.no\/hordaland\/#website\",\"url\":\"https:\/\/naturvernforbundet.no\/hordaland\/\",\"name\":\"Hordaland\",\"description\":\"\",\"publisher\":{\"@id\":\"https:\/\/naturvernforbundet.no\/hordaland\/#organization\"},\"potentialAction\":[{\"@type\":\"SearchAction\",\"target\":{\"@type\":\"EntryPoint\",\"urlTemplate\":\"https:\/\/naturvernforbundet.no\/hordaland\/?s={search_term_string}\"},\"query-input\":{\"@type\":\"PropertyValueSpecification\",\"valueRequired\":true,\"valueName\":\"search_term_string\"}}],\"inLanguage\":\"nb-NO\"},{\"@type\":\"Organization\",\"@id\":\"https:\/\/naturvernforbundet.no\/hordaland\/#organization\",\"name\":\"Naturvernforbundet Hordaland\",\"url\":\"https:\/\/naturvernforbundet.no\/hordaland\/\",\"logo\":{\"@type\":\"ImageObject\",\"inLanguage\":\"nb-NO\",\"@id\":\"https:\/\/naturvernforbundet.no\/hordaland\/#\/schema\/logo\/image\/\",\"url\":\"https:\/\/naturvernforbundet.no\/content\/uploads\/sites\/13\/2022\/11\/Logo_Hordaland_transparent.png\",\"contentUrl\":\"https:\/\/naturvernforbundet.no\/content\/uploads\/sites\/13\/2022\/11\/Logo_Hordaland_transparent.png\",\"width\":1095,\"height\":203,\"caption\":\"Naturvernforbundet Hordaland\"},\"image\":{\"@id\":\"https:\/\/naturvernforbundet.no\/hordaland\/#\/schema\/logo\/image\/\"},\"sameAs\":[\"https:\/\/www.facebook.com\/naturvernforbundet.hordaland\",\"https:\/\/www.instagram.com\/naturvern_hordaland\/\",\"https:\/\/www.flickr.com\/photos\/naturvernforbundet_hordaland\/\"]}]}<\/script>\n<!-- \/ Yoast SEO plugin. -->","yoast_head_json":{"title":"Kartleggingssamling med Sabima - Hordaland","robots":{"index":"index","follow":"follow","max-snippet":"max-snippet:-1","max-image-preview":"max-image-preview:large","max-video-preview":"max-video-preview:-1"},"canonical":"https:\/\/naturvernforbundet.no\/hordaland\/event\/kartleggingssamling-med-sabima\/","og_locale":"nb_NO","og_type":"article","og_title":"Kartleggingssamling med Sabima - Hordaland","og_url":"https:\/\/naturvernforbundet.no\/hordaland\/event\/kartleggingssamling-med-sabima\/","og_site_name":"Hordaland","article_publisher":"https:\/\/www.facebook.com\/naturvernforbundet.hordaland","article_modified_time":"2026-04-21T11:07:22+00:00","og_image":[{"width":1920,"height":2560,"url":"https:\/\/naturvernforbundet.no\/content\/uploads\/sites\/13\/2026\/04\/IMG_20250624_155726-scaled.jpg","type":"image\/jpeg"}],"twitter_card":"summary_large_image","twitter_misc":{"Ansl. lesetid":"3 minutter"},"schema":{"@context":"https:\/\/schema.org","@graph":[{"@type":"WebPage","@id":"https:\/\/naturvernforbundet.no\/hordaland\/event\/kartleggingssamling-med-sabima\/","url":"https:\/\/naturvernforbundet.no\/hordaland\/event\/kartleggingssamling-med-sabima\/","name":"Kartleggingssamling med Sabima - Hordaland","isPartOf":{"@id":"https:\/\/naturvernforbundet.no\/hordaland\/#website"},"primaryImageOfPage":{"@id":"https:\/\/naturvernforbundet.no\/hordaland\/event\/kartleggingssamling-med-sabima\/#primaryimage"},"image":{"@id":"https:\/\/naturvernforbundet.no\/hordaland\/event\/kartleggingssamling-med-sabima\/#primaryimage"},"thumbnailUrl":"https:\/\/naturvernforbundet.no\/content\/uploads\/sites\/13\/2026\/04\/IMG_20250624_155726-scaled.jpg","datePublished":"2026-04-21T11:02:05+00:00","dateModified":"2026-04-21T11:07:22+00:00","breadcrumb":{"@id":"https:\/\/naturvernforbundet.no\/hordaland\/event\/kartleggingssamling-med-sabima\/#breadcrumb"},"inLanguage":"nb-NO","potentialAction":[{"@type":"ReadAction","target":["https:\/\/naturvernforbundet.no\/hordaland\/event\/kartleggingssamling-med-sabima\/"]}]},{"@type":"ImageObject","inLanguage":"nb-NO","@id":"https:\/\/naturvernforbundet.no\/hordaland\/event\/kartleggingssamling-med-sabima\/#primaryimage","url":"https:\/\/naturvernforbundet.no\/content\/uploads\/sites\/13\/2026\/04\/IMG_20250624_155726-scaled.jpg","contentUrl":"https:\/\/naturvernforbundet.no\/content\/uploads\/sites\/13\/2026\/04\/IMG_20250624_155726-scaled.jpg","width":1920,"height":2560,"caption":"00000001"},{"@type":"BreadcrumbList","@id":"https:\/\/naturvernforbundet.no\/hordaland\/event\/kartleggingssamling-med-sabima\/#breadcrumb","itemListElement":[{"@type":"ListItem","position":1,"name":"Till naturvernforbundet.no","item":"https:\/\/naturvernforbundet.no\/"},{"@type":"ListItem","position":2,"name":"Hordaland","item":"https:\/\/naturvernforbundet.no\/hordaland\/"},{"@type":"ListItem","position":3,"name":"Event","item":"https:\/\/naturvernforbundet.no\/hordaland\/event\/"},{"@type":"ListItem","position":4,"name":"Kartleggingssamling med Sabima"}]},{"@type":"WebSite","@id":"https:\/\/naturvernforbundet.no\/hordaland\/#website","url":"https:\/\/naturvernforbundet.no\/hordaland\/","name":"Hordaland","description":"","publisher":{"@id":"https:\/\/naturvernforbundet.no\/hordaland\/#organization"},"potentialAction":[{"@type":"SearchAction","target":{"@type":"EntryPoint","urlTemplate":"https:\/\/naturvernforbundet.no\/hordaland\/?s={search_term_string}"},"query-input":{"@type":"PropertyValueSpecification","valueRequired":true,"valueName":"search_term_string"}}],"inLanguage":"nb-NO"},{"@type":"Organization","@id":"https:\/\/naturvernforbundet.no\/hordaland\/#organization","name":"Naturvernforbundet Hordaland","url":"https:\/\/naturvernforbundet.no\/hordaland\/","logo":{"@type":"ImageObject","inLanguage":"nb-NO","@id":"https:\/\/naturvernforbundet.no\/hordaland\/#\/schema\/logo\/image\/","url":"https:\/\/naturvernforbundet.no\/content\/uploads\/sites\/13\/2022\/11\/Logo_Hordaland_transparent.png","contentUrl":"https:\/\/naturvernforbundet.no\/content\/uploads\/sites\/13\/2022\/11\/Logo_Hordaland_transparent.png","width":1095,"height":203,"caption":"Naturvernforbundet Hordaland"},"image":{"@id":"https:\/\/naturvernforbundet.no\/hordaland\/#\/schema\/logo\/image\/"},"sameAs":["https:\/\/www.facebook.com\/naturvernforbundet.hordaland","https:\/\/www.instagram.com\/naturvern_hordaland\/","https:\/\/www.flickr.com\/photos\/naturvernforbundet_hordaland\/"]}]}},"_links":{"self":[{"href":"https:\/\/naturvernforbundet.no\/hordaland\/wp-json\/wp\/v2\/event\/16975","targetHints":{"allow":["GET"]}}],"collection":[{"href":"https:\/\/naturvernforbundet.no\/hordaland\/wp-json\/wp\/v2\/event"}],"about":[{"href":"https:\/\/naturvernforbundet.no\/hordaland\/wp-json\/wp\/v2\/types\/event"}],"version-history":[{"count":5,"href":"https:\/\/naturvernforbundet.no\/hordaland\/wp-json\/wp\/v2\/event\/16975\/revisions"}],"predecessor-version":[{"id":16982,"href":"https:\/\/naturvernforbundet.no\/hordaland\/wp-json\/wp\/v2\/event\/16975\/revisions\/16982"}],"wp:featuredmedia":[{"embeddable":true,"href":"https:\/\/naturvernforbundet.no\/hordaland\/wp-json\/wp\/v2\/media\/16976"}],"wp:attachment":[{"href":"https:\/\/naturvernforbundet.no\/hordaland\/wp-json\/wp\/v2\/media?parent=16975"}],"wp:term":[{"taxonomy":"local","embeddable":true,"href":"https:\/\/naturvernforbundet.no\/hordaland\/wp-json\/wp\/v2\/local?post=16975"}],"curies":[{"name":"wp","href":"https:\/\/api.w.org\/{rel}","templated":true}]}}