{"id":3548,"date":"2026-03-17T15:24:39","date_gmt":"2026-03-17T14:24:39","guid":{"rendered":"https:\/\/naturvernforbundet.no\/innlandet\/?post_type=event&#038;p=3548"},"modified":"2026-03-17T15:26:50","modified_gmt":"2026-03-17T14:26:50","slug":"arsmote-naturvernforbundet-innlandet-i-2026","status":"publish","type":"event","link":"https:\/\/naturvernforbundet.no\/innlandet\/event\/arsmote-naturvernforbundet-innlandet-i-2026\/","title":{"rendered":"\u00c5rsm\u00f8te naturvernforbundet Innlandet i 2026"},"content":{"rendered":"\t<div class=\"template-event alignnone wp-block-naturvern-hero\">\n\t\t<div class=\"hero__inner\">\n\t\t\t<div class=\"hero__inner_blocks\">\n\t\t\t\t\n\t\t<div class=\"naturvern-event-meta\">\n\t\t<div class=\"naturvern-event-meta-inner\">\n\t\t\t<div class=\"event-date\">\n\t\t\t\t<div>\n\t\t\t\t\t<span class=\"day\">21.mar<\/span>\n\t\t\t\t\t<span class=\"year\">2026<\/span>\n\t\t\t\t<\/div>\n\t\t\t<\/div>\n\t\t<\/div>\n\t\t<\/div>\t\t\t\t\n<h1 class=\"wp-block-post-title\">\u00c5rsm\u00f8te naturvernforbundet Innlandet i 2026<\/h1>\n\n\n\t\t\t<div class=\"naturvern-event-meta-full\">\n\t\t\t<div class=\"naturvern-event-meta-inner\">\n\t\t\t\t<div>\n\t\t\t\t\t<span>Hva:<\/span>\n\t\t\t\t\t<span>\u00c5rsm\u00f8te<\/span>\n\t\t\t\t<\/div>\n\t\t\t\t<div>\n\t\t\t\t\t<span>N\u00e5r:<\/span>\n\t\t\t\t\t<span>21.mar, kl. 12:00 &#8211; 15:00<\/span>\n\t\t\t\t<\/div>\n\t\t\t\t<div>\n\t\t\t\t\t<span>Hvor:<\/span>\n\t\t\t\t\t<span>Home Hotel Astoria, Torggata 23, 2317 Hamar<\/span>\n\t\t\t\t<\/div>\n\t\t\t<\/div>\n\t\t\t<\/div>\n\n\n<p><\/p>\n\n\n<figure class=\"wp-block-post-featured-image\"><img loading=\"lazy\" decoding=\"async\" width=\"960\" height=\"1280\" src=\"https:\/\/naturvernforbundet.no\/content\/uploads\/sites\/8\/2025\/02\/thumbnail_IMG_9064.jpg\" class=\"attachment-post-thumbnail size-post-thumbnail wp-post-image\" alt=\"\" style=\"object-fit:cover;\" srcset=\"https:\/\/naturvernforbundet.no\/content\/uploads\/sites\/8\/2025\/02\/thumbnail_IMG_9064.jpg 960w, https:\/\/naturvernforbundet.no\/content\/uploads\/sites\/8\/2025\/02\/thumbnail_IMG_9064-225x300.jpg 225w, https:\/\/naturvernforbundet.no\/content\/uploads\/sites\/8\/2025\/02\/thumbnail_IMG_9064-768x1024.jpg 768w\" sizes=\"auto, (max-width: 960px) 100vw, 960px\" \/><\/figure>\n\t\t\t<\/div>\n\t\t\t\t\t<\/div>\n\t\t\t<\/div>\n\t\n\n\n<p>Program:<\/p>\n\n\n\n<p>Kl. 12 til 13: Lunsj og bildek\u00e5seri ved naturfotograf Arne Johs. Mortensen. Tema: Villrein og&nbsp; sportegn i naturen. Husk \u00e5 melde fra om evt. matallergi.<\/p>\n\n\n\n<p>Kl. 13 til 15: \u00c5rsm\u00f8te<\/p>\n\n\n\n<p>Frister:<\/p>\n\n\n\n<p>Frist for \u00e5 melde inn saker til behandling p\u00e5 \u00e5rsm\u00f8te er 6, mars.\u00a0 Forslag sendes v\u00e5r fylkessekret\u00e6r Amund Hagen Kristiansen p\u00e5 epost.<\/p>\n\n\n\n<p>Det er fortsatt mulig \u00e5 melde seg p\u00e5, gi beskjed til fylkessekret\u00e6ren. Telefonnummer til fylkessekret\u00e6ren er: 416 51\u00a0370. <\/p>\n\n\n\n<p>Epost ahk@naturvernforundet.no<\/p>\n\n\n\n<p>DAGSORDEN:<\/p>\n\n\n\n<ol class=\"wp-block-list\">\n<li>Valg av m\u00f8teleder, referent og to protokollunderskrivere<\/li>\n\n\n\n<li>Godkjenning av innkalling og dagsorden<\/li>\n\n\n\n<li>Styrets \u00e5rsmelding 2025<\/li>\n\n\n\n<li>Regnskap 2025<\/li>\n\n\n\n<li>Innmeldte saker (<strong>Frist senest 6\/3-2026)<\/strong><\/li>\n\n\n\n<li>Aktivitetsplan og budsjett 2026<\/li>\n\n\n\n<li>Valg av leder og styremedlemmer, valgkomite og revisor<\/li>\n\n\n\n<li>Valg av landsstyrerepresentant og vara<\/li>\n\n\n\n<li>Valg av utsendinger til landsm\u00f8tet<\/li>\n<\/ol>\n\n\n\n<p>Her er \u00e5rsm\u00f8tedokumentene:<\/p>\n\n\n<div class=\"t2-files wp-block-t2-files\">\n<div class=\"t2-file-item wp-block-t2-file-item\">\n\t\t<a href=\"https:\/\/naturvernforbundet.no\/content\/uploads\/sites\/8\/2026\/03\/Balanse-Innlandet-2025.pdf\" class=\"t2-file-item__link t2-file-item__link--icon-left\" download>\n\t\t\t<span class=\"t2-file-item__icon\"><svg xmlns=\"http:\/\/www.w3.org\/2000\/svg\" viewBox=\"0 0 24 24\" height=\"24\" width=\"24\" class=\"t2-icon t2-icon-filedownload\" aria-hidden=\"true\" focusable=\"false\"><path d=\"M16.59 9H15V4C15 3.45 14.55 3 14 3H10C9.45 3 9 3.45 9 4V9H7.41C6.52 9 6.07 10.08 6.7 10.71L11.29 15.3C11.68 15.69 12.31 15.69 12.7 15.3L17.29 10.71C17.92 10.08 17.48 9 16.59 9ZM5 19C5 19.55 5.45 20 6 20H18C18.55 20 19 19.55 19 19C19 18.45 18.55 18 18 18H6C5.45 18 5 18.45 5 19Z\" \/><\/svg><\/span>\n\t\t\t<span class=\"t2-file-item__info\">\n\t\t\t\t<span class=\"t2-file-item__filename\">Balanse Innlandet 2025<\/span>\n\t\t\t\t\n\t\t\t\t<span class=\"t2-file-item__meta\">pdf \u00b7 21 KB<\/span>\n\t\t\t<\/span>\n\t\t<\/a>\n\t\t<\/div>\n\n<div class=\"t2-file-item wp-block-t2-file-item\">\n\t\t<a href=\"https:\/\/naturvernforbundet.no\/content\/uploads\/sites\/8\/2026\/03\/Revisors-rapport.pdf\" class=\"t2-file-item__link t2-file-item__link--icon-left\" download>\n\t\t\t<span class=\"t2-file-item__icon\"><svg xmlns=\"http:\/\/www.w3.org\/2000\/svg\" viewBox=\"0 0 24 24\" height=\"24\" width=\"24\" class=\"t2-icon t2-icon-filedownload\" aria-hidden=\"true\" focusable=\"false\"><path d=\"M16.59 9H15V4C15 3.45 14.55 3 14 3H10C9.45 3 9 3.45 9 4V9H7.41C6.52 9 6.07 10.08 6.7 10.71L11.29 15.3C11.68 15.69 12.31 15.69 12.7 15.3L17.29 10.71C17.92 10.08 17.48 9 16.59 9ZM5 19C5 19.55 5.45 20 6 20H18C18.55 20 19 19.55 19 19C19 18.45 18.55 18 18 18H6C5.45 18 5 18.45 5 19Z\" \/><\/svg><\/span>\n\t\t\t<span class=\"t2-file-item__info\">\n\t\t\t\t<span class=\"t2-file-item__filename\">Revisors rapport<\/span>\n\t\t\t\t\n\t\t\t\t<span class=\"t2-file-item__meta\">pdf \u00b7 161 KB<\/span>\n\t\t\t<\/span>\n\t\t<\/a>\n\t\t<\/div>\n\n<div class=\"t2-file-item wp-block-t2-file-item\">\n\t\t<a href=\"https:\/\/naturvernforbundet.no\/content\/uploads\/sites\/8\/2026\/03\/Resultatregnskap-Innlandet-2025-4.pdf\" class=\"t2-file-item__link t2-file-item__link--icon-left\" download>\n\t\t\t<span class=\"t2-file-item__icon\"><svg xmlns=\"http:\/\/www.w3.org\/2000\/svg\" viewBox=\"0 0 24 24\" height=\"24\" width=\"24\" class=\"t2-icon t2-icon-filedownload\" aria-hidden=\"true\" focusable=\"false\"><path d=\"M16.59 9H15V4C15 3.45 14.55 3 14 3H10C9.45 3 9 3.45 9 4V9H7.41C6.52 9 6.07 10.08 6.7 10.71L11.29 15.3C11.68 15.69 12.31 15.69 12.7 15.3L17.29 10.71C17.92 10.08 17.48 9 16.59 9ZM5 19C5 19.55 5.45 20 6 20H18C18.55 20 19 19.55 19 19C19 18.45 18.55 18 18 18H6C5.45 18 5 18.45 5 19Z\" \/><\/svg><\/span>\n\t\t\t<span class=\"t2-file-item__info\">\n\t\t\t\t<span class=\"t2-file-item__filename\">Resultatregnskap Innlandet 2025 (4)<\/span>\n\t\t\t\t\n\t\t\t\t<span class=\"t2-file-item__meta\">pdf \u00b7 23 KB<\/span>\n\t\t\t<\/span>\n\t\t<\/a>\n\t\t<\/div>\n\n<div class=\"t2-file-item wp-block-t2-file-item\">\n\t\t<a href=\"https:\/\/naturvernforbundet.no\/content\/uploads\/sites\/8\/2026\/03\/NOTER-2025.pdf\" class=\"t2-file-item__link t2-file-item__link--icon-left\" download>\n\t\t\t<span class=\"t2-file-item__icon\"><svg xmlns=\"http:\/\/www.w3.org\/2000\/svg\" viewBox=\"0 0 24 24\" height=\"24\" width=\"24\" class=\"t2-icon t2-icon-filedownload\" aria-hidden=\"true\" focusable=\"false\"><path d=\"M16.59 9H15V4C15 3.45 14.55 3 14 3H10C9.45 3 9 3.45 9 4V9H7.41C6.52 9 6.07 10.08 6.7 10.71L11.29 15.3C11.68 15.69 12.31 15.69 12.7 15.3L17.29 10.71C17.92 10.08 17.48 9 16.59 9ZM5 19C5 19.55 5.45 20 6 20H18C18.55 20 19 19.55 19 19C19 18.45 18.55 18 18 18H6C5.45 18 5 18.45 5 19Z\" \/><\/svg><\/span>\n\t\t\t<span class=\"t2-file-item__info\">\n\t\t\t\t<span class=\"t2-file-item__filename\">NOTER 2025<\/span>\n\t\t\t\t\n\t\t\t\t<span class=\"t2-file-item__meta\">pdf \u00b7 69 KB<\/span>\n\t\t\t<\/span>\n\t\t<\/a>\n\t\t<\/div>\n\n<div class=\"t2-file-item wp-block-t2-file-item\">\n\t\t<a href=\"https:\/\/naturvernforbundet.no\/content\/uploads\/sites\/8\/2026\/03\/Aktivitetsplan-NiI-2026.docx\" class=\"t2-file-item__link t2-file-item__link--icon-left\" download>\n\t\t\t<span class=\"t2-file-item__icon\"><svg xmlns=\"http:\/\/www.w3.org\/2000\/svg\" viewBox=\"0 0 24 24\" height=\"24\" width=\"24\" class=\"t2-icon t2-icon-filedownload\" aria-hidden=\"true\" focusable=\"false\"><path d=\"M16.59 9H15V4C15 3.45 14.55 3 14 3H10C9.45 3 9 3.45 9 4V9H7.41C6.52 9 6.07 10.08 6.7 10.71L11.29 15.3C11.68 15.69 12.31 15.69 12.7 15.3L17.29 10.71C17.92 10.08 17.48 9 16.59 9ZM5 19C5 19.55 5.45 20 6 20H18C18.55 20 19 19.55 19 19C19 18.45 18.55 18 18 18H6C5.45 18 5 18.45 5 19Z\" \/><\/svg><\/span>\n\t\t\t<span class=\"t2-file-item__info\">\n\t\t\t\t<span class=\"t2-file-item__filename\">Aktivitetsplan NiI 2026<\/span>\n\t\t\t\t\n\t\t\t\t<span class=\"t2-file-item__meta\">docx \u00b7 42 KB<\/span>\n\t\t\t<\/span>\n\t\t<\/a>\n\t\t<\/div>\n\n<div class=\"t2-file-item wp-block-t2-file-item\">\n\t\t<a href=\"https:\/\/naturvernforbundet.no\/content\/uploads\/sites\/8\/2026\/03\/Arsmelding-Naturvernforbundet-Innlandet.docx\" class=\"t2-file-item__link t2-file-item__link--icon-left\" download>\n\t\t\t<span class=\"t2-file-item__icon\"><svg xmlns=\"http:\/\/www.w3.org\/2000\/svg\" viewBox=\"0 0 24 24\" height=\"24\" width=\"24\" class=\"t2-icon t2-icon-filedownload\" aria-hidden=\"true\" focusable=\"false\"><path d=\"M16.59 9H15V4C15 3.45 14.55 3 14 3H10C9.45 3 9 3.45 9 4V9H7.41C6.52 9 6.07 10.08 6.7 10.71L11.29 15.3C11.68 15.69 12.31 15.69 12.7 15.3L17.29 10.71C17.92 10.08 17.48 9 16.59 9ZM5 19C5 19.55 5.45 20 6 20H18C18.55 20 19 19.55 19 19C19 18.45 18.55 18 18 18H6C5.45 18 5 18.45 5 19Z\" \/><\/svg><\/span>\n\t\t\t<span class=\"t2-file-item__info\">\n\t\t\t\t<span class=\"t2-file-item__filename\">\u00c5rsmelding Naturvernforbundet Innlandet<\/span>\n\t\t\t\t\n\t\t\t\t<span class=\"t2-file-item__meta\">docx \u00b7 22 KB<\/span>\n\t\t\t<\/span>\n\t\t<\/a>\n\t\t<\/div>\n\n<div class=\"t2-file-item wp-block-t2-file-item\">\n\t\t<a href=\"https:\/\/naturvernforbundet.no\/content\/uploads\/sites\/8\/2026\/03\/Budsjett-2026-Nvf-Innlandet.xlsx\" class=\"t2-file-item__link t2-file-item__link--icon-left\" download>\n\t\t\t<span class=\"t2-file-item__icon\"><svg xmlns=\"http:\/\/www.w3.org\/2000\/svg\" viewBox=\"0 0 24 24\" height=\"24\" width=\"24\" class=\"t2-icon t2-icon-filedownload\" aria-hidden=\"true\" focusable=\"false\"><path d=\"M16.59 9H15V4C15 3.45 14.55 3 14 3H10C9.45 3 9 3.45 9 4V9H7.41C6.52 9 6.07 10.08 6.7 10.71L11.29 15.3C11.68 15.69 12.31 15.69 12.7 15.3L17.29 10.71C17.92 10.08 17.48 9 16.59 9ZM5 19C5 19.55 5.45 20 6 20H18C18.55 20 19 19.55 19 19C19 18.45 18.55 18 18 18H6C5.45 18 5 18.45 5 19Z\" \/><\/svg><\/span>\n\t\t\t<span class=\"t2-file-item__info\">\n\t\t\t\t<span class=\"t2-file-item__filename\">Budsjett 2026 Nvf Innlandet<\/span>\n\t\t\t\t\n\t\t\t\t<span class=\"t2-file-item__meta\">xlsx \u00b7 27 KB<\/span>\n\t\t\t<\/span>\n\t\t<\/a>\n\t\t<\/div>\n<\/div>","protected":false},"excerpt":{"rendered":"","protected":false},"featured_media":3142,"template":"","meta":{"_relevanssi_hide_post":"","_relevanssi_hide_content":"","_relevanssi_pin_for_all":"","_relevanssi_pin_keywords":"","_relevanssi_unpin_keywords":"","_relevanssi_related_keywords":"","_relevanssi_related_include_ids":"","_relevanssi_related_exclude_ids":"","_relevanssi_related_no_append":"","_relevanssi_related_not_related":"","_relevanssi_related_posts":"3485,3487,3482,3495,3463,3476","_relevanssi_noindex_reason":"","hide_logo":false,"_start_date":"2026-03-21T12:00:00","_end_date":"2026-03-21T15:00:00","_event_type":"\u00c5rsm\u00f8te","_event_location":"Home Hotel Astoria, Torggata 23, 2317 Hamar","footnotes":""},"local":[],"class_list":["post-3548","event","type-event","status-publish","has-post-thumbnail","hentry"],"acf":[],"yoast_head":"<!-- This site is optimized with the Yoast SEO plugin v24.9 - https:\/\/yoast.com\/wordpress\/plugins\/seo\/ -->\n<title>\u00c5rsm\u00f8te naturvernforbundet Innlandet i 2026 - Innlandet \/ Sisdajve<\/title>\n<meta name=\"robots\" content=\"index, follow, max-snippet:-1, max-image-preview:large, max-video-preview:-1\" \/>\n<link rel=\"canonical\" href=\"https:\/\/naturvernforbundet.no\/innlandet\/event\/arsmote-naturvernforbundet-innlandet-i-2026\/\" \/>\n<meta property=\"og:locale\" content=\"nb_NO\" \/>\n<meta property=\"og:type\" content=\"article\" \/>\n<meta property=\"og:title\" content=\"\u00c5rsm\u00f8te naturvernforbundet Innlandet i 2026 - Innlandet \/ Sisdajve\" \/>\n<meta property=\"og:url\" content=\"https:\/\/naturvernforbundet.no\/innlandet\/event\/arsmote-naturvernforbundet-innlandet-i-2026\/\" \/>\n<meta property=\"og:site_name\" content=\"Innlandet \/ Sisdajve\" \/>\n<meta property=\"article:modified_time\" content=\"2026-03-17T14:26:50+00:00\" \/>\n<meta property=\"og:image\" content=\"https:\/\/naturvernforbundet.no\/content\/uploads\/sites\/8\/2025\/02\/thumbnail_IMG_9064.jpg\" \/>\n\t<meta property=\"og:image:width\" content=\"960\" \/>\n\t<meta property=\"og:image:height\" content=\"1280\" \/>\n\t<meta property=\"og:image:type\" content=\"image\/jpeg\" \/>\n<meta name=\"twitter:card\" content=\"summary_large_image\" \/>\n<meta name=\"twitter:label1\" content=\"Ansl. lesetid\" \/>\n\t<meta name=\"twitter:data1\" content=\"1 minutt\" \/>\n<script type=\"application\/ld+json\" class=\"yoast-schema-graph\">{\"@context\":\"https:\/\/schema.org\",\"@graph\":[{\"@type\":\"WebPage\",\"@id\":\"https:\/\/naturvernforbundet.no\/innlandet\/event\/arsmote-naturvernforbundet-innlandet-i-2026\/\",\"url\":\"https:\/\/naturvernforbundet.no\/innlandet\/event\/arsmote-naturvernforbundet-innlandet-i-2026\/\",\"name\":\"\u00c5rsm\u00f8te naturvernforbundet Innlandet i 2026 - Innlandet \/ Sisdajve\",\"isPartOf\":{\"@id\":\"https:\/\/naturvernforbundet.no\/innlandet\/#website\"},\"primaryImageOfPage\":{\"@id\":\"https:\/\/naturvernforbundet.no\/innlandet\/event\/arsmote-naturvernforbundet-innlandet-i-2026\/#primaryimage\"},\"image\":{\"@id\":\"https:\/\/naturvernforbundet.no\/innlandet\/event\/arsmote-naturvernforbundet-innlandet-i-2026\/#primaryimage\"},\"thumbnailUrl\":\"https:\/\/naturvernforbundet.no\/content\/uploads\/sites\/8\/2025\/02\/thumbnail_IMG_9064.jpg\",\"datePublished\":\"2026-03-17T14:24:39+00:00\",\"dateModified\":\"2026-03-17T14:26:50+00:00\",\"breadcrumb\":{\"@id\":\"https:\/\/naturvernforbundet.no\/innlandet\/event\/arsmote-naturvernforbundet-innlandet-i-2026\/#breadcrumb\"},\"inLanguage\":\"nb-NO\",\"potentialAction\":[{\"@type\":\"ReadAction\",\"target\":[\"https:\/\/naturvernforbundet.no\/innlandet\/event\/arsmote-naturvernforbundet-innlandet-i-2026\/\"]}]},{\"@type\":\"ImageObject\",\"inLanguage\":\"nb-NO\",\"@id\":\"https:\/\/naturvernforbundet.no\/innlandet\/event\/arsmote-naturvernforbundet-innlandet-i-2026\/#primaryimage\",\"url\":\"https:\/\/naturvernforbundet.no\/content\/uploads\/sites\/8\/2025\/02\/thumbnail_IMG_9064.jpg\",\"contentUrl\":\"https:\/\/naturvernforbundet.no\/content\/uploads\/sites\/8\/2025\/02\/thumbnail_IMG_9064.jpg\",\"width\":960,\"height\":1280},{\"@type\":\"BreadcrumbList\",\"@id\":\"https:\/\/naturvernforbundet.no\/innlandet\/event\/arsmote-naturvernforbundet-innlandet-i-2026\/#breadcrumb\",\"itemListElement\":[{\"@type\":\"ListItem\",\"position\":1,\"name\":\"Till naturvernforbundet.no\",\"item\":\"https:\/\/naturvernforbundet.no\/\"},{\"@type\":\"ListItem\",\"position\":2,\"name\":\"Innlandet \/ Sisdajve\",\"item\":\"https:\/\/naturvernforbundet.no\/innlandet\/\"},{\"@type\":\"ListItem\",\"position\":3,\"name\":\"Event\",\"item\":\"https:\/\/naturvernforbundet.no\/innlandet\/event\/\"},{\"@type\":\"ListItem\",\"position\":4,\"name\":\"\u00c5rsm\u00f8te naturvernforbundet Innlandet i 2026\"}]},{\"@type\":\"WebSite\",\"@id\":\"https:\/\/naturvernforbundet.no\/innlandet\/#website\",\"url\":\"https:\/\/naturvernforbundet.no\/innlandet\/\",\"name\":\"Innlandet \/ Sisdajve\",\"description\":\"Bare enda et Naturvernforbundet Sites-nettsted\",\"potentialAction\":[{\"@type\":\"SearchAction\",\"target\":{\"@type\":\"EntryPoint\",\"urlTemplate\":\"https:\/\/naturvernforbundet.no\/innlandet\/?s={search_term_string}\"},\"query-input\":{\"@type\":\"PropertyValueSpecification\",\"valueRequired\":true,\"valueName\":\"search_term_string\"}}],\"inLanguage\":\"nb-NO\"}]}<\/script>\n<!-- \/ Yoast SEO plugin. -->","yoast_head_json":{"title":"\u00c5rsm\u00f8te naturvernforbundet Innlandet i 2026 - Innlandet \/ Sisdajve","robots":{"index":"index","follow":"follow","max-snippet":"max-snippet:-1","max-image-preview":"max-image-preview:large","max-video-preview":"max-video-preview:-1"},"canonical":"https:\/\/naturvernforbundet.no\/innlandet\/event\/arsmote-naturvernforbundet-innlandet-i-2026\/","og_locale":"nb_NO","og_type":"article","og_title":"\u00c5rsm\u00f8te naturvernforbundet Innlandet i 2026 - Innlandet \/ Sisdajve","og_url":"https:\/\/naturvernforbundet.no\/innlandet\/event\/arsmote-naturvernforbundet-innlandet-i-2026\/","og_site_name":"Innlandet \/ Sisdajve","article_modified_time":"2026-03-17T14:26:50+00:00","og_image":[{"width":960,"height":1280,"url":"https:\/\/naturvernforbundet.no\/content\/uploads\/sites\/8\/2025\/02\/thumbnail_IMG_9064.jpg","type":"image\/jpeg"}],"twitter_card":"summary_large_image","twitter_misc":{"Ansl. lesetid":"1 minutt"},"schema":{"@context":"https:\/\/schema.org","@graph":[{"@type":"WebPage","@id":"https:\/\/naturvernforbundet.no\/innlandet\/event\/arsmote-naturvernforbundet-innlandet-i-2026\/","url":"https:\/\/naturvernforbundet.no\/innlandet\/event\/arsmote-naturvernforbundet-innlandet-i-2026\/","name":"\u00c5rsm\u00f8te naturvernforbundet Innlandet i 2026 - Innlandet \/ Sisdajve","isPartOf":{"@id":"https:\/\/naturvernforbundet.no\/innlandet\/#website"},"primaryImageOfPage":{"@id":"https:\/\/naturvernforbundet.no\/innlandet\/event\/arsmote-naturvernforbundet-innlandet-i-2026\/#primaryimage"},"image":{"@id":"https:\/\/naturvernforbundet.no\/innlandet\/event\/arsmote-naturvernforbundet-innlandet-i-2026\/#primaryimage"},"thumbnailUrl":"https:\/\/naturvernforbundet.no\/content\/uploads\/sites\/8\/2025\/02\/thumbnail_IMG_9064.jpg","datePublished":"2026-03-17T14:24:39+00:00","dateModified":"2026-03-17T14:26:50+00:00","breadcrumb":{"@id":"https:\/\/naturvernforbundet.no\/innlandet\/event\/arsmote-naturvernforbundet-innlandet-i-2026\/#breadcrumb"},"inLanguage":"nb-NO","potentialAction":[{"@type":"ReadAction","target":["https:\/\/naturvernforbundet.no\/innlandet\/event\/arsmote-naturvernforbundet-innlandet-i-2026\/"]}]},{"@type":"ImageObject","inLanguage":"nb-NO","@id":"https:\/\/naturvernforbundet.no\/innlandet\/event\/arsmote-naturvernforbundet-innlandet-i-2026\/#primaryimage","url":"https:\/\/naturvernforbundet.no\/content\/uploads\/sites\/8\/2025\/02\/thumbnail_IMG_9064.jpg","contentUrl":"https:\/\/naturvernforbundet.no\/content\/uploads\/sites\/8\/2025\/02\/thumbnail_IMG_9064.jpg","width":960,"height":1280},{"@type":"BreadcrumbList","@id":"https:\/\/naturvernforbundet.no\/innlandet\/event\/arsmote-naturvernforbundet-innlandet-i-2026\/#breadcrumb","itemListElement":[{"@type":"ListItem","position":1,"name":"Till naturvernforbundet.no","item":"https:\/\/naturvernforbundet.no\/"},{"@type":"ListItem","position":2,"name":"Innlandet \/ Sisdajve","item":"https:\/\/naturvernforbundet.no\/innlandet\/"},{"@type":"ListItem","position":3,"name":"Event","item":"https:\/\/naturvernforbundet.no\/innlandet\/event\/"},{"@type":"ListItem","position":4,"name":"\u00c5rsm\u00f8te naturvernforbundet Innlandet i 2026"}]},{"@type":"WebSite","@id":"https:\/\/naturvernforbundet.no\/innlandet\/#website","url":"https:\/\/naturvernforbundet.no\/innlandet\/","name":"Innlandet \/ Sisdajve","description":"Bare enda et Naturvernforbundet Sites-nettsted","potentialAction":[{"@type":"SearchAction","target":{"@type":"EntryPoint","urlTemplate":"https:\/\/naturvernforbundet.no\/innlandet\/?s={search_term_string}"},"query-input":{"@type":"PropertyValueSpecification","valueRequired":true,"valueName":"search_term_string"}}],"inLanguage":"nb-NO"}]}},"_links":{"self":[{"href":"https:\/\/naturvernforbundet.no\/innlandet\/wp-json\/wp\/v2\/event\/3548","targetHints":{"allow":["GET"]}}],"collection":[{"href":"https:\/\/naturvernforbundet.no\/innlandet\/wp-json\/wp\/v2\/event"}],"about":[{"href":"https:\/\/naturvernforbundet.no\/innlandet\/wp-json\/wp\/v2\/types\/event"}],"version-history":[{"count":2,"href":"https:\/\/naturvernforbundet.no\/innlandet\/wp-json\/wp\/v2\/event\/3548\/revisions"}],"predecessor-version":[{"id":3558,"href":"https:\/\/naturvernforbundet.no\/innlandet\/wp-json\/wp\/v2\/event\/3548\/revisions\/3558"}],"wp:featuredmedia":[{"embeddable":true,"href":"https:\/\/naturvernforbundet.no\/innlandet\/wp-json\/wp\/v2\/media\/3142"}],"wp:attachment":[{"href":"https:\/\/naturvernforbundet.no\/innlandet\/wp-json\/wp\/v2\/media?parent=3548"}],"wp:term":[{"taxonomy":"local","embeddable":true,"href":"https:\/\/naturvernforbundet.no\/innlandet\/wp-json\/wp\/v2\/local?post=3548"}],"curies":[{"name":"wp","href":"https:\/\/api.w.org\/{rel}","templated":true}]}}