{"version":"1.0","provider_name":"M\u00f8re og Romsdal","provider_url":"https:\/\/naturvernforbundet.no\/moreogromsdal","author_name":"Artikkelimport\u00f8r","author_url":"https:\/\/naturvernforbundet.no\/moreogromsdal\/author\/artikkelimportor\/","title":"Innkalling til \u00e5rsm\u00f8te i Naturvernforbundet i Sunndal - M\u00f8re og Romsdal","type":"rich","width":600,"height":338,"html":"<blockquote class=\"wp-embedded-content\" data-secret=\"UF1NStQoMY\"><a href=\"https:\/\/naturvernforbundet.no\/moreogromsdal\/innkalling-til-arsmote-i-naturvernforbundet-i-sunndal\/\">Innkalling til \u00e5rsm\u00f8te i Naturvernforbundet i Sunndal<\/a><\/blockquote><iframe sandbox=\"allow-scripts\" security=\"restricted\" src=\"https:\/\/naturvernforbundet.no\/moreogromsdal\/innkalling-til-arsmote-i-naturvernforbundet-i-sunndal\/embed\/#?secret=UF1NStQoMY\" width=\"600\" height=\"338\" title=\"&laquo;Innkalling til \u00e5rsm\u00f8te i Naturvernforbundet i Sunndal&raquo; &#8212; M\u00f8re og Romsdal\" data-secret=\"UF1NStQoMY\" frameborder=\"0\" marginwidth=\"0\" marginheight=\"0\" scrolling=\"no\" class=\"wp-embedded-content\"><\/iframe><script>\n\/*! This file is auto-generated *\/\n!function(d,l){\"use strict\";l.querySelector&&d.addEventListener&&\"undefined\"!=typeof URL&&(d.wp=d.wp||{},d.wp.receiveEmbedMessage||(d.wp.receiveEmbedMessage=function(e){var t=e.data;if((t||t.secret||t.message||t.value)&&!\/[^a-zA-Z0-9]\/.test(t.secret)){for(var s,r,n,a=l.querySelectorAll('iframe[data-secret=\"'+t.secret+'\"]'),o=l.querySelectorAll('blockquote[data-secret=\"'+t.secret+'\"]'),c=new RegExp(\"^https?:$\",\"i\"),i=0;i<o.length;i++)o[i].style.display=\"none\";for(i=0;i<a.length;i++)s=a[i],e.source===s.contentWindow&&(s.removeAttribute(\"style\"),\"height\"===t.message?(1e3<(r=parseInt(t.value,10))?r=1e3:~~r<200&&(r=200),s.height=r):\"link\"===t.message&&(r=new URL(s.getAttribute(\"src\")),n=new URL(t.value),c.test(n.protocol))&&n.host===r.host&&l.activeElement===s&&(d.top.location.href=t.value))}},d.addEventListener(\"message\",d.wp.receiveEmbedMessage,!1),l.addEventListener(\"DOMContentLoaded\",function(){for(var e,t,s=l.querySelectorAll(\"iframe.wp-embedded-content\"),r=0;r<s.length;r++)(t=(e=s[r]).getAttribute(\"data-secret\"))||(t=Math.random().toString(36).substring(2,12),e.src+=\"#?secret=\"+t,e.setAttribute(\"data-secret\",t)),e.contentWindow.postMessage({message:\"ready\",secret:t},\"*\")},!1)))}(window,document);\n<\/script>\n","description":"Etter samtale med nokre medlemmer av Naturvernforbundet i Sunndal har fylkeslaget i Naturvernforbundet tru p\u00e5 at det let seg gjere \u00e5 starte opp att lokallag i Sunndal. Sunndal har store naturverdiar og det er mykje p\u00e5gang p\u00e5 desse. Det finst og fleire hyggelege vinnersaker som det b\u00f8r vere greitt \u00e5 ta tak i. P\u00e5 dette grunnlaget kallar vi inn til \u00e5rsm\u00f8te. \u00c5rsm\u00f8tet er fastsett til s\u00f8ndag 6.3.2005 kl. 19.00 p\u00e5 Nordlandia Hotell Sunndals\u00f8ra."}