{"version":"1.0","provider_name":"M\u00f8re og Romsdal","provider_url":"https:\/\/naturvernforbundet.no\/moreogromsdal","author_name":"Artikkelimport\u00f8r","author_url":"https:\/\/naturvernforbundet.no\/moreogromsdal\/author\/artikkelimportor\/","title":"Inntrykk etter synfaring i Sunnylven - M\u00f8re og Romsdal","type":"rich","width":600,"height":338,"html":"<blockquote class=\"wp-embedded-content\" data-secret=\"JyO31jH3wt\"><a href=\"https:\/\/naturvernforbundet.no\/moreogromsdal\/inntrykk-etter-synfaring-i-sunnylven\/\">Inntrykk etter synfaring i Sunnylven<\/a><\/blockquote><iframe sandbox=\"allow-scripts\" security=\"restricted\" src=\"https:\/\/naturvernforbundet.no\/moreogromsdal\/inntrykk-etter-synfaring-i-sunnylven\/embed\/#?secret=JyO31jH3wt\" width=\"600\" height=\"338\" title=\"&laquo;Inntrykk etter synfaring i Sunnylven&raquo; &#8212; M\u00f8re og Romsdal\" data-secret=\"JyO31jH3wt\" frameborder=\"0\" marginwidth=\"0\" marginheight=\"0\" scrolling=\"no\" class=\"wp-embedded-content\"><\/iframe><script>\n\/*! This file is auto-generated *\/\n!function(d,l){\"use strict\";l.querySelector&&d.addEventListener&&\"undefined\"!=typeof URL&&(d.wp=d.wp||{},d.wp.receiveEmbedMessage||(d.wp.receiveEmbedMessage=function(e){var t=e.data;if((t||t.secret||t.message||t.value)&&!\/[^a-zA-Z0-9]\/.test(t.secret)){for(var s,r,n,a=l.querySelectorAll('iframe[data-secret=\"'+t.secret+'\"]'),o=l.querySelectorAll('blockquote[data-secret=\"'+t.secret+'\"]'),c=new RegExp(\"^https?:$\",\"i\"),i=0;i<o.length;i++)o[i].style.display=\"none\";for(i=0;i<a.length;i++)s=a[i],e.source===s.contentWindow&&(s.removeAttribute(\"style\"),\"height\"===t.message?(1e3<(r=parseInt(t.value,10))?r=1e3:~~r<200&&(r=200),s.height=r):\"link\"===t.message&&(r=new URL(s.getAttribute(\"src\")),n=new URL(t.value),c.test(n.protocol))&&n.host===r.host&&l.activeElement===s&&(d.top.location.href=t.value))}},d.addEventListener(\"message\",d.wp.receiveEmbedMessage,!1),l.addEventListener(\"DOMContentLoaded\",function(){for(var e,t,s=l.querySelectorAll(\"iframe.wp-embedded-content\"),r=0;r<s.length;r++)(t=(e=s[r]).getAttribute(\"data-secret\"))||(t=Math.random().toString(36).substring(2,12),e.src+=\"#?secret=\"+t,e.setAttribute(\"data-secret\",t)),e.contentWindow.postMessage({message:\"ready\",secret:t},\"*\")},!1)))}(window,document);\n<\/script>\n","description":"- Det er viktig at Naturvernforbundet held p\u00e5 sitt syn om at disse m\u00e5 nektast konsesjon, og at ein m\u00e5 f\u00e5 verna heile Langedalsvassdraget. Det skriv Per Ingebrigt Karb\u00f8 som representerte Naturvernforbundet i M\u00f8re og Romsdal p\u00e5 to synfaringar fredag 22. september 2006."}