{"version":"1.0","provider_name":"M\u00f8re og Romsdal","provider_url":"https:\/\/naturvernforbundet.no\/moreogromsdal","author_name":"\u00d8ystein Folden","author_url":"https:\/\/naturvernforbundet.no\/moreogromsdal\/author\/oysteinfolden\/","title":"Klesbyttedag og fiksarlaug - M\u00f8re og Romsdal","type":"rich","width":600,"height":338,"html":"<blockquote class=\"wp-embedded-content\" data-secret=\"h810ymcqr0\"><a href=\"https:\/\/naturvernforbundet.no\/moreogromsdal\/klesbyttedag-og-fiksarlaug\/\">Klesbyttedag og fiksarlaug<\/a><\/blockquote><iframe sandbox=\"allow-scripts\" security=\"restricted\" src=\"https:\/\/naturvernforbundet.no\/moreogromsdal\/klesbyttedag-og-fiksarlaug\/embed\/#?secret=h810ymcqr0\" width=\"600\" height=\"338\" title=\"&laquo;Klesbyttedag og fiksarlaug&raquo; &#8212; M\u00f8re og Romsdal\" data-secret=\"h810ymcqr0\" frameborder=\"0\" marginwidth=\"0\" marginheight=\"0\" scrolling=\"no\" class=\"wp-embedded-content\"><\/iframe><script>\n\/*! This file is auto-generated *\/\n!function(d,l){\"use strict\";l.querySelector&&d.addEventListener&&\"undefined\"!=typeof URL&&(d.wp=d.wp||{},d.wp.receiveEmbedMessage||(d.wp.receiveEmbedMessage=function(e){var t=e.data;if((t||t.secret||t.message||t.value)&&!\/[^a-zA-Z0-9]\/.test(t.secret)){for(var s,r,n,a=l.querySelectorAll('iframe[data-secret=\"'+t.secret+'\"]'),o=l.querySelectorAll('blockquote[data-secret=\"'+t.secret+'\"]'),c=new RegExp(\"^https?:$\",\"i\"),i=0;i<o.length;i++)o[i].style.display=\"none\";for(i=0;i<a.length;i++)s=a[i],e.source===s.contentWindow&&(s.removeAttribute(\"style\"),\"height\"===t.message?(1e3<(r=parseInt(t.value,10))?r=1e3:~~r<200&&(r=200),s.height=r):\"link\"===t.message&&(r=new URL(s.getAttribute(\"src\")),n=new URL(t.value),c.test(n.protocol))&&n.host===r.host&&l.activeElement===s&&(d.top.location.href=t.value))}},d.addEventListener(\"message\",d.wp.receiveEmbedMessage,!1),l.addEventListener(\"DOMContentLoaded\",function(){for(var e,t,s=l.querySelectorAll(\"iframe.wp-embedded-content\"),r=0;r<s.length;r++)(t=(e=s[r]).getAttribute(\"data-secret\"))||(t=Math.random().toString(36).substring(2,12),e.src+=\"#?secret=\"+t,e.setAttribute(\"data-secret\",t)),e.contentWindow.postMessage({message:\"ready\",secret:t},\"*\")},!1)))}(window,document);\n<\/script>\n","thumbnail_url":"https:\/\/naturvernforbundet.no\/content\/uploads\/sites\/14\/2022\/03\/klebytedagen.JPG2028articlelist29.jpg","thumbnail_width":250,"thumbnail_height":228,"description":"N\u00e5r kleda ikkje passer lenger, men er b\u00e5de fine og brukbare, kva gjer ein d\u00e5? Kleproduksjon er ikkje s\u00e6rleg bra for klima, s\u00e5 det er om \u00e5 gjere at klede blir bruka tida si ut. Difor blir det no h\u00f8ve til \u00e5 bytte klede."}