{"version":"1.0","provider_name":"M\u00f8re og Romsdal","provider_url":"https:\/\/naturvernforbundet.no\/moreogromsdal","author_name":"\u00d8ystein Folden","author_url":"https:\/\/naturvernforbundet.no\/moreogromsdal\/author\/oysteinfolden\/","title":"Viktig med naturmangfald ogs\u00e5 - M\u00f8re og Romsdal","type":"rich","width":600,"height":338,"html":"<blockquote class=\"wp-embedded-content\" data-secret=\"Iisy1c9v3m\"><a href=\"https:\/\/naturvernforbundet.no\/moreogromsdal\/viktig-med-naturmangfald-ogsa\/\">Viktig med naturmangfald ogs\u00e5<\/a><\/blockquote><iframe sandbox=\"allow-scripts\" security=\"restricted\" src=\"https:\/\/naturvernforbundet.no\/moreogromsdal\/viktig-med-naturmangfald-ogsa\/embed\/#?secret=Iisy1c9v3m\" width=\"600\" height=\"338\" title=\"&laquo;Viktig med naturmangfald ogs\u00e5&raquo; &#8212; M\u00f8re og Romsdal\" data-secret=\"Iisy1c9v3m\" frameborder=\"0\" marginwidth=\"0\" marginheight=\"0\" scrolling=\"no\" class=\"wp-embedded-content\"><\/iframe><script>\n\/*! This file is auto-generated *\/\n!function(d,l){\"use strict\";l.querySelector&&d.addEventListener&&\"undefined\"!=typeof URL&&(d.wp=d.wp||{},d.wp.receiveEmbedMessage||(d.wp.receiveEmbedMessage=function(e){var t=e.data;if((t||t.secret||t.message||t.value)&&!\/[^a-zA-Z0-9]\/.test(t.secret)){for(var s,r,n,a=l.querySelectorAll('iframe[data-secret=\"'+t.secret+'\"]'),o=l.querySelectorAll('blockquote[data-secret=\"'+t.secret+'\"]'),c=new RegExp(\"^https?:$\",\"i\"),i=0;i<o.length;i++)o[i].style.display=\"none\";for(i=0;i<a.length;i++)s=a[i],e.source===s.contentWindow&&(s.removeAttribute(\"style\"),\"height\"===t.message?(1e3<(r=parseInt(t.value,10))?r=1e3:~~r<200&&(r=200),s.height=r):\"link\"===t.message&&(r=new URL(s.getAttribute(\"src\")),n=new URL(t.value),c.test(n.protocol))&&n.host===r.host&&l.activeElement===s&&(d.top.location.href=t.value))}},d.addEventListener(\"message\",d.wp.receiveEmbedMessage,!1),l.addEventListener(\"DOMContentLoaded\",function(){for(var e,t,s=l.querySelectorAll(\"iframe.wp-embedded-content\"),r=0;r<s.length;r++)(t=(e=s[r]).getAttribute(\"data-secret\"))||(t=Math.random().toString(36).substring(2,12),e.src+=\"#?secret=\"+t,e.setAttribute(\"data-secret\",t)),e.contentWindow.postMessage({message:\"ready\",secret:t},\"*\")},!1)))}(window,document);\n<\/script>\n","thumbnail_url":"https:\/\/naturvernforbundet.no\/content\/uploads\/sites\/14\/2021\/12\/granplantefelt20i20Gjemnes.JPG2028articlelist29.jpg","thumbnail_width":250,"thumbnail_height":188,"description":"Fjord har lagt sin energi- og klimaplan ut p\u00e5 h\u00f8yring. Naturvernforbundet har sett p\u00e5 nokre avsnitt om skogen si rolle. Det er mykje rundt skog og klima som har kome litt skeivt ut og treng ei justering."}