{"version":"1.0","provider_name":"Nordland","provider_url":"https:\/\/naturvernforbundet.no\/nordland","author_name":"Honorata Gajda","author_url":"https:\/\/naturvernforbundet.no\/nordland\/author\/honoratagajda\/","title":"Vi kartlegger P\u00f8belgran - Nordland","type":"rich","width":600,"height":338,"html":"<blockquote class=\"wp-embedded-content\" data-secret=\"DfJpCUXkkR\"><a href=\"https:\/\/naturvernforbundet.no\/nordland\/vi-kartlegger-pobelgran\/\">Vi kartlegger P\u00f8belgran<\/a><\/blockquote><iframe sandbox=\"allow-scripts\" security=\"restricted\" src=\"https:\/\/naturvernforbundet.no\/nordland\/vi-kartlegger-pobelgran\/embed\/#?secret=DfJpCUXkkR\" width=\"600\" height=\"338\" title=\"&laquo;Vi kartlegger P\u00f8belgran&raquo; &#8212; Nordland\" data-secret=\"DfJpCUXkkR\" frameborder=\"0\" marginwidth=\"0\" marginheight=\"0\" scrolling=\"no\" class=\"wp-embedded-content\"><\/iframe><script>\n\/*! This file is auto-generated *\/\n!function(d,l){\"use strict\";l.querySelector&&d.addEventListener&&\"undefined\"!=typeof URL&&(d.wp=d.wp||{},d.wp.receiveEmbedMessage||(d.wp.receiveEmbedMessage=function(e){var t=e.data;if((t||t.secret||t.message||t.value)&&!\/[^a-zA-Z0-9]\/.test(t.secret)){for(var s,r,n,a=l.querySelectorAll('iframe[data-secret=\"'+t.secret+'\"]'),o=l.querySelectorAll('blockquote[data-secret=\"'+t.secret+'\"]'),c=new RegExp(\"^https?:$\",\"i\"),i=0;i<o.length;i++)o[i].style.display=\"none\";for(i=0;i<a.length;i++)s=a[i],e.source===s.contentWindow&&(s.removeAttribute(\"style\"),\"height\"===t.message?(1e3<(r=parseInt(t.value,10))?r=1e3:~~r<200&&(r=200),s.height=r):\"link\"===t.message&&(r=new URL(s.getAttribute(\"src\")),n=new URL(t.value),c.test(n.protocol))&&n.host===r.host&&l.activeElement===s&&(d.top.location.href=t.value))}},d.addEventListener(\"message\",d.wp.receiveEmbedMessage,!1),l.addEventListener(\"DOMContentLoaded\",function(){for(var e,t,s=l.querySelectorAll(\"iframe.wp-embedded-content\"),r=0;r<s.length;r++)(t=(e=s[r]).getAttribute(\"data-secret\"))||(t=Math.random().toString(36).substring(2,12),e.src+=\"#?secret=\"+t,e.setAttribute(\"data-secret\",t)),e.contentWindow.postMessage({message:\"ready\",secret:t},\"*\")},!1)))}(window,document);\n<\/script>\n","thumbnail_url":"https:\/\/naturvernforbundet.no\/content\/uploads\/sites\/15\/2015\/11\/Faghelg20fremmede20bartrC3A6r20i20nord20-Her20spredning20av20lutzgran20i20nC3A6rheten20av20plantefelt.jpg2028articledisplay29.jpg","thumbnail_width":653,"thumbnail_height":435,"description":"Sitkagran, lutzgran og p\u00f8belgran, Naturvernforbundet i Vester\u00e5len gj\u00f8r en kjempe jobb med \u00e5 kartlegge spredning av den omdiskuterte lutzgrana. \"Vi h\u00e5per at myndighetene ikke vil gi tillatelser til \u00e5 plante ut lutzgran f\u00f8r man har kunnskap om denne arten h\u00f8rer til p\u00e5 svartelista eller ei, sier Jan Hatl\u00f8y, leder i Naturvernforbundet i Vester\u00e5len."}