{"version":"1.0","provider_name":"Oslo og Akershus","provider_url":"https:\/\/naturvernforbundet.no\/osloogakershus","author_name":"Anna Borg","author_url":"https:\/\/naturvernforbundet.no\/osloogakershus\/author\/annaborg\/","title":"Merknader til sandlager i \u00d8kriveien - planID2020018","type":"rich","width":600,"height":338,"html":"<blockquote class=\"wp-embedded-content\" data-secret=\"cGlTajLbhv\"><a href=\"https:\/\/naturvernforbundet.no\/osloogakershus\/merknader-til-sandlager-i-okriveien-planid2020018\/\">Merknader til sandlager i \u00d8kriveien &#8211; planID2020018<\/a><\/blockquote><iframe sandbox=\"allow-scripts\" security=\"restricted\" src=\"https:\/\/naturvernforbundet.no\/osloogakershus\/merknader-til-sandlager-i-okriveien-planid2020018\/embed\/#?secret=cGlTajLbhv\" width=\"600\" height=\"338\" title=\"&laquo;Merknader til sandlager i \u00d8kriveien &#8211; planID2020018&raquo; &#8212; Oslo og Akershus\" data-secret=\"cGlTajLbhv\" frameborder=\"0\" marginwidth=\"0\" marginheight=\"0\" scrolling=\"no\" class=\"wp-embedded-content\"><\/iframe><script>\n\/*! This file is auto-generated *\/\n!function(d,l){\"use strict\";l.querySelector&&d.addEventListener&&\"undefined\"!=typeof URL&&(d.wp=d.wp||{},d.wp.receiveEmbedMessage||(d.wp.receiveEmbedMessage=function(e){var t=e.data;if((t||t.secret||t.message||t.value)&&!\/[^a-zA-Z0-9]\/.test(t.secret)){for(var s,r,n,a=l.querySelectorAll('iframe[data-secret=\"'+t.secret+'\"]'),o=l.querySelectorAll('blockquote[data-secret=\"'+t.secret+'\"]'),c=new RegExp(\"^https?:$\",\"i\"),i=0;i<o.length;i++)o[i].style.display=\"none\";for(i=0;i<a.length;i++)s=a[i],e.source===s.contentWindow&&(s.removeAttribute(\"style\"),\"height\"===t.message?(1e3<(r=parseInt(t.value,10))?r=1e3:~~r<200&&(r=200),s.height=r):\"link\"===t.message&&(r=new URL(s.getAttribute(\"src\")),n=new URL(t.value),c.test(n.protocol))&&n.host===r.host&&l.activeElement===s&&(d.top.location.href=t.value))}},d.addEventListener(\"message\",d.wp.receiveEmbedMessage,!1),l.addEventListener(\"DOMContentLoaded\",function(){for(var e,t,s=l.querySelectorAll(\"iframe.wp-embedded-content\"),r=0;r<s.length;r++)(t=(e=s[r]).getAttribute(\"data-secret\"))||(t=Math.random().toString(36).substring(2,12),e.src+=\"#?secret=\"+t,e.setAttribute(\"data-secret\",t)),e.contentWindow.postMessage({message:\"ready\",secret:t},\"*\")},!1)))}(window,document);\n<\/script>\n","description":"Naturvernforbundet i B\u00e6rum ser at det planlegges \u00e5 lagre str\u00f8sand til lokale veiform\u00e5l p\u00e5 et omr\u00e5de som i kommuneplanens arealdel er avsatt til jord- og skogbruk. Les v\u00e5rt forslag her."}