{"id":17075,"date":"2026-04-06T14:24:31","date_gmt":"2026-04-06T12:24:31","guid":{"rendered":"https:\/\/naturvernforbundet.no\/osloogakershus\/?post_type=event&#038;p=17075"},"modified":"2026-04-21T15:45:16","modified_gmt":"2026-04-21T13:45:16","slug":"medlemsmote-med-foredrag-om-kystnaer-natur-i-baerum","status":"publish","type":"event","link":"https:\/\/naturvernforbundet.no\/osloogakershus\/event\/medlemsmote-med-foredrag-om-kystnaer-natur-i-baerum\/","title":{"rendered":"Endring: Medlemsm\u00f8te med pizza og foredrag om kystn\u00e6r natur i B\u00e6rum"},"content":{"rendered":"\t<div class=\"template-event alignnone wp-block-naturvern-hero\">\n\t\t<div class=\"hero__inner\">\n\t\t\t<div class=\"hero__inner_blocks\">\n\t\t\t\t\n\t\t<div class=\"naturvern-event-meta\">\n\t\t<div class=\"naturvern-event-meta-inner\">\n\t\t\t<div class=\"event-date\">\n\t\t\t\t<div>\n\t\t\t\t\t<span class=\"day\">22.apr<\/span>\n\t\t\t\t\t<span class=\"year\">2026<\/span>\n\t\t\t\t<\/div>\n\t\t\t<\/div>\n\t\t<\/div>\n\t\t<\/div>\t\t\t\t\n<h1 class=\"wp-block-post-title\">Endring: Medlemsm\u00f8te med pizza og foredrag om kystn\u00e6r natur i B\u00e6rum<\/h1>\n\n\n\t\t\t<div class=\"naturvern-event-meta-full\">\n\t\t\t<div class=\"naturvern-event-meta-inner\">\n\t\t\t\t<div>\n\t\t\t\t\t<span>Hva:<\/span>\n\t\t\t\t\t<span>Medlemsm\u00f8te<\/span>\n\t\t\t\t<\/div>\n\t\t\t\t<div>\n\t\t\t\t\t<span>N\u00e5r:<\/span>\n\t\t\t\t\t<span>22.apr, kl. 18:00<\/span>\n\t\t\t\t<\/div>\n\t\t\t\t<div>\n\t\t\t\t\t<span>Hvor:<\/span>\n\t\t\t\t\t<span>Presterud g\u00e5rd, Gamle Ringeriksvei 49, Bekkestua<\/span>\n\t\t\t\t<\/div>\n\t\t\t<\/div>\n\t\t\t<\/div>\n\n\n<p><\/p>\n\n\n\n\n<figure class=\"wp-block-post-featured-image\"><div class=\"t2-image-credit\"><div class=\"t2-image-credit\"><img loading=\"lazy\" decoding=\"async\" width=\"2560\" height=\"1442\" src=\"https:\/\/naturvernforbundet.no\/content\/uploads\/sites\/10\/2024\/11\/Kalksteinslandskap-Fornebu-Morten-Bergan-scaled-e1730549640415.jpg\" class=\"attachment-post-thumbnail size-post-thumbnail wp-post-image\" alt=\"kalklandskap og sj\u00f8\" style=\"object-fit:cover;\" srcset=\"https:\/\/naturvernforbundet.no\/content\/uploads\/sites\/10\/2024\/11\/Kalksteinslandskap-Fornebu-Morten-Bergan-scaled-e1730549640415.jpg 2560w, https:\/\/naturvernforbundet.no\/content\/uploads\/sites\/10\/2024\/11\/Kalksteinslandskap-Fornebu-Morten-Bergan-scaled-e1730549640415-300x169.jpg 300w, https:\/\/naturvernforbundet.no\/content\/uploads\/sites\/10\/2024\/11\/Kalksteinslandskap-Fornebu-Morten-Bergan-scaled-e1730549640415-768x433.jpg 768w, https:\/\/naturvernforbundet.no\/content\/uploads\/sites\/10\/2024\/11\/Kalksteinslandskap-Fornebu-Morten-Bergan-scaled-e1730549640415-1024x577.jpg 1024w, https:\/\/naturvernforbundet.no\/content\/uploads\/sites\/10\/2024\/11\/Kalksteinslandskap-Fornebu-Morten-Bergan-scaled-e1730549640415-1536x865.jpg 1536w, https:\/\/naturvernforbundet.no\/content\/uploads\/sites\/10\/2024\/11\/Kalksteinslandskap-Fornebu-Morten-Bergan-scaled-e1730549640415-2048x1154.jpg 2048w, https:\/\/naturvernforbundet.no\/content\/uploads\/sites\/10\/2024\/11\/Kalksteinslandskap-Fornebu-Morten-Bergan-scaled-e1730549640415-1920x1082.jpg 1920w\" sizes=\"auto, (max-width: 2560px) 100vw, 2560px\" \/><span class=\"t2-image-credit-name\">Morten Bergan<\/span><\/div><span class=\"t2-image-credit-name\">Morten Bergan<\/span><\/div><\/figure>\n\n\n<p><em>Spennende kalksteinslandskap i skj\u00e6rg\u00e5rden p\u00e5 Fornebu.<\/em><\/p>\n\n\t\t\t<\/div>\n\t\t\t\t\t<\/div>\n\t\t\t<\/div>\n\t\n\n\n<p>Naturvernforbundet i B\u00e6rum inviterer til medlemsm\u00f8te med foredrag. <\/p>\n\n\n\n<p>Foredragsholder Hartvig Christie, som skulle holde innlegg om tareskogene, er dessverre blitt syk.<\/p>\n\n\n\n<p>Morten Bergan stiller sporty opp p\u00e5 kort varsel. Han vil holde et foredrag om &laquo;Kystn\u00e6r natur i B\u00e6rum&raquo;. <\/p>\n\n\n\n<p>Vi serverer pizza og brus f\u00f8r foredraget. P\u00e5 grunn av matservering, ber vi om p\u00e5melding. Det er begrenset antall plasser. F\u00f8rstemann til m\u00f8lla.<\/p>\n\n\n\n<p><strong>Meld deg p\u00e5 ved \u00e5 sende en e-post til&nbsp;<a href=\"https:\/\/naturvernforbundet.no\/osloogakershus\/event\/medlemsmote-med-pizza-og-foredrag\/baerum@naturvernforbundet.no\">baerum@naturvernforbundet.no<\/a>.<\/strong> <\/p>\n\n\n\n<p>Arrangement er for medlemmer. Det er gratis inngang.<\/p>\n\n\n\n<p><strong>Tid<\/strong>: Onsdag, 22. april kl 18:00<br><strong>Sted<\/strong>: Presterud g\u00e5rd, Gamle Ringeriksvei 49, Bekkestua.<\/p>\n","protected":false},"excerpt":{"rendered":"","protected":false},"featured_media":13616,"template":"","meta":{"_relevanssi_hide_post":"","_relevanssi_hide_content":"","_relevanssi_pin_for_all":"","_relevanssi_pin_keywords":"","_relevanssi_unpin_keywords":"","_relevanssi_related_keywords":"","_relevanssi_related_include_ids":"","_relevanssi_related_exclude_ids":"","_relevanssi_related_no_append":"","_relevanssi_related_not_related":"","_relevanssi_related_posts":"14868,16834,16417,16099,15714,15702","_relevanssi_noindex_reason":"","hide_logo":false,"_start_date":"2026-04-22T18:00:00","_end_date":"","_event_type":"Medlemsm\u00f8te","_event_location":"Presterud g\u00e5rd, Gamle Ringeriksvei 49, Bekkestua","footnotes":""},"local":[5],"class_list":["post-17075","event","type-event","status-publish","has-post-thumbnail","hentry","local-baerum"],"acf":[],"yoast_head":"<!-- This site is optimized with the Yoast SEO Premium plugin v24.9 (Yoast SEO v24.9) - https:\/\/yoast.com\/wordpress\/plugins\/seo\/ -->\n<title>Endring: Medlemsm\u00f8te med pizza og foredrag om kystn\u00e6r natur i B\u00e6rum - Oslo og Akershus<\/title>\n<meta name=\"description\" content=\"Medlemsm\u00f8te med foredrag om kystn\u00e6r natur i B\u00e6rum av Morten Bergan- Endring: Medlemsm\u00f8te med pizza og foredrag om kystn\u00e6r natur i B\u00e6rum Endring: Medlemsm\u00f8te med pizza og foredrag om kystn\u00e6r natur i B\u00e6rum\" \/>\n<meta name=\"robots\" content=\"index, follow, max-snippet:-1, max-image-preview:large, max-video-preview:-1\" \/>\n<link rel=\"canonical\" href=\"https:\/\/naturvernforbundet.no\/osloogakershus\/event\/medlemsmote-med-foredrag-om-kystnaer-natur-i-baerum\/\" \/>\n<meta property=\"og:locale\" content=\"nb_NO\" \/>\n<meta property=\"og:type\" content=\"article\" \/>\n<meta property=\"og:title\" content=\"Endring: Medlemsm\u00f8te med pizza og foredrag om kystn\u00e6r natur i B\u00e6rum\" \/>\n<meta property=\"og:description\" content=\"Medlemsm\u00f8te med foredrag om kystn\u00e6r natur i B\u00e6rum av Morten Bergan- Endring: Medlemsm\u00f8te med pizza og foredrag om kystn\u00e6r natur i B\u00e6rum Endring: Medlemsm\u00f8te med pizza og foredrag om kystn\u00e6r natur i B\u00e6rum\" \/>\n<meta property=\"og:url\" content=\"https:\/\/naturvernforbundet.no\/osloogakershus\/event\/medlemsmote-med-foredrag-om-kystnaer-natur-i-baerum\/\" \/>\n<meta property=\"og:site_name\" content=\"Oslo og Akershus\" \/>\n<meta property=\"article:modified_time\" content=\"2026-04-21T13:45:16+00:00\" \/>\n<meta property=\"og:image\" content=\"https:\/\/naturvernforbundet.no\/content\/uploads\/sites\/10\/2024\/11\/Kalksteinslandskap-Fornebu-Morten-Bergan-scaled-e1730549640415.jpg\" \/>\n\t<meta property=\"og:image:width\" content=\"2560\" \/>\n\t<meta property=\"og:image:height\" content=\"1442\" \/>\n\t<meta property=\"og:image:type\" content=\"image\/jpeg\" \/>\n<meta name=\"twitter:card\" content=\"summary_large_image\" \/>\n<meta name=\"twitter:label1\" content=\"Ansl. lesetid\" \/>\n\t<meta name=\"twitter:data1\" content=\"1 minutt\" \/>\n<script type=\"application\/ld+json\" class=\"yoast-schema-graph\">{\"@context\":\"https:\/\/schema.org\",\"@graph\":[{\"@type\":\"WebPage\",\"@id\":\"https:\/\/naturvernforbundet.no\/osloogakershus\/event\/medlemsmote-med-foredrag-om-kystnaer-natur-i-baerum\/\",\"url\":\"https:\/\/naturvernforbundet.no\/osloogakershus\/event\/medlemsmote-med-foredrag-om-kystnaer-natur-i-baerum\/\",\"name\":\"Endring: Medlemsm\u00f8te med pizza og foredrag om kystn\u00e6r natur i B\u00e6rum - Oslo og Akershus\",\"isPartOf\":{\"@id\":\"https:\/\/naturvernforbundet.no\/osloogakershus\/#website\"},\"primaryImageOfPage\":{\"@id\":\"https:\/\/naturvernforbundet.no\/osloogakershus\/event\/medlemsmote-med-foredrag-om-kystnaer-natur-i-baerum\/#primaryimage\"},\"image\":{\"@id\":\"https:\/\/naturvernforbundet.no\/osloogakershus\/event\/medlemsmote-med-foredrag-om-kystnaer-natur-i-baerum\/#primaryimage\"},\"thumbnailUrl\":\"https:\/\/naturvernforbundet.no\/content\/uploads\/sites\/10\/2024\/11\/Kalksteinslandskap-Fornebu-Morten-Bergan-scaled-e1730549640415.jpg\",\"datePublished\":\"2026-04-06T12:24:31+00:00\",\"dateModified\":\"2026-04-21T13:45:16+00:00\",\"description\":\"Medlemsm\u00f8te med foredrag om kystn\u00e6r natur i B\u00e6rum av Morten Bergan- Endring: Medlemsm\u00f8te med pizza og foredrag om kystn\u00e6r natur i B\u00e6rum Endring: Medlemsm\u00f8te med pizza og foredrag om kystn\u00e6r natur i B\u00e6rum\",\"breadcrumb\":{\"@id\":\"https:\/\/naturvernforbundet.no\/osloogakershus\/event\/medlemsmote-med-foredrag-om-kystnaer-natur-i-baerum\/#breadcrumb\"},\"inLanguage\":\"nb-NO\",\"potentialAction\":[{\"@type\":\"ReadAction\",\"target\":[\"https:\/\/naturvernforbundet.no\/osloogakershus\/event\/medlemsmote-med-foredrag-om-kystnaer-natur-i-baerum\/\"]}]},{\"@type\":\"ImageObject\",\"inLanguage\":\"nb-NO\",\"@id\":\"https:\/\/naturvernforbundet.no\/osloogakershus\/event\/medlemsmote-med-foredrag-om-kystnaer-natur-i-baerum\/#primaryimage\",\"url\":\"https:\/\/naturvernforbundet.no\/content\/uploads\/sites\/10\/2024\/11\/Kalksteinslandskap-Fornebu-Morten-Bergan-scaled-e1730549640415.jpg\",\"contentUrl\":\"https:\/\/naturvernforbundet.no\/content\/uploads\/sites\/10\/2024\/11\/Kalksteinslandskap-Fornebu-Morten-Bergan-scaled-e1730549640415.jpg\",\"width\":2560,\"height\":1442,\"caption\":\"Spennende kalksteinslandskap i skj\u00e6rg\u00e5rden. Foto: Morten Bergan\"},{\"@type\":\"BreadcrumbList\",\"@id\":\"https:\/\/naturvernforbundet.no\/osloogakershus\/event\/medlemsmote-med-foredrag-om-kystnaer-natur-i-baerum\/#breadcrumb\",\"itemListElement\":[{\"@type\":\"ListItem\",\"position\":1,\"name\":\"Till naturvernforbundet.no\",\"item\":\"https:\/\/naturvernforbundet.no\/\"},{\"@type\":\"ListItem\",\"position\":2,\"name\":\"Oslo og Akershus\",\"item\":\"https:\/\/naturvernforbundet.no\/osloogakershus\/\"},{\"@type\":\"ListItem\",\"position\":3,\"name\":\"Event\",\"item\":\"https:\/\/naturvernforbundet.no\/osloogakershus\/event\/\"},{\"@type\":\"ListItem\",\"position\":4,\"name\":\"Endring: Medlemsm\u00f8te med pizza og foredrag om kystn\u00e6r natur i B\u00e6rum\"}]},{\"@type\":\"WebSite\",\"@id\":\"https:\/\/naturvernforbundet.no\/osloogakershus\/#website\",\"url\":\"https:\/\/naturvernforbundet.no\/osloogakershus\/\",\"name\":\"Oslo og Akershus\",\"description\":\"Bare enda et Naturvernforbundet Sites-nettsted\",\"potentialAction\":[{\"@type\":\"SearchAction\",\"target\":{\"@type\":\"EntryPoint\",\"urlTemplate\":\"https:\/\/naturvernforbundet.no\/osloogakershus\/?s={search_term_string}\"},\"query-input\":{\"@type\":\"PropertyValueSpecification\",\"valueRequired\":true,\"valueName\":\"search_term_string\"}}],\"inLanguage\":\"nb-NO\"}]}<\/script>\n<!-- \/ Yoast SEO Premium plugin. -->","yoast_head_json":{"title":"Endring: Medlemsm\u00f8te med pizza og foredrag om kystn\u00e6r natur i B\u00e6rum - Oslo og Akershus","description":"Medlemsm\u00f8te med foredrag om kystn\u00e6r natur i B\u00e6rum av Morten Bergan- Endring: Medlemsm\u00f8te med pizza og foredrag om kystn\u00e6r natur i B\u00e6rum Endring: Medlemsm\u00f8te med pizza og foredrag om kystn\u00e6r natur i B\u00e6rum","robots":{"index":"index","follow":"follow","max-snippet":"max-snippet:-1","max-image-preview":"max-image-preview:large","max-video-preview":"max-video-preview:-1"},"canonical":"https:\/\/naturvernforbundet.no\/osloogakershus\/event\/medlemsmote-med-foredrag-om-kystnaer-natur-i-baerum\/","og_locale":"nb_NO","og_type":"article","og_title":"Endring: Medlemsm\u00f8te med pizza og foredrag om kystn\u00e6r natur i B\u00e6rum","og_description":"Medlemsm\u00f8te med foredrag om kystn\u00e6r natur i B\u00e6rum av Morten Bergan- Endring: Medlemsm\u00f8te med pizza og foredrag om kystn\u00e6r natur i B\u00e6rum Endring: Medlemsm\u00f8te med pizza og foredrag om kystn\u00e6r natur i B\u00e6rum","og_url":"https:\/\/naturvernforbundet.no\/osloogakershus\/event\/medlemsmote-med-foredrag-om-kystnaer-natur-i-baerum\/","og_site_name":"Oslo og Akershus","article_modified_time":"2026-04-21T13:45:16+00:00","og_image":[{"width":2560,"height":1442,"url":"https:\/\/naturvernforbundet.no\/content\/uploads\/sites\/10\/2024\/11\/Kalksteinslandskap-Fornebu-Morten-Bergan-scaled-e1730549640415.jpg","type":"image\/jpeg"}],"twitter_card":"summary_large_image","twitter_misc":{"Ansl. lesetid":"1 minutt"},"schema":{"@context":"https:\/\/schema.org","@graph":[{"@type":"WebPage","@id":"https:\/\/naturvernforbundet.no\/osloogakershus\/event\/medlemsmote-med-foredrag-om-kystnaer-natur-i-baerum\/","url":"https:\/\/naturvernforbundet.no\/osloogakershus\/event\/medlemsmote-med-foredrag-om-kystnaer-natur-i-baerum\/","name":"Endring: Medlemsm\u00f8te med pizza og foredrag om kystn\u00e6r natur i B\u00e6rum - Oslo og Akershus","isPartOf":{"@id":"https:\/\/naturvernforbundet.no\/osloogakershus\/#website"},"primaryImageOfPage":{"@id":"https:\/\/naturvernforbundet.no\/osloogakershus\/event\/medlemsmote-med-foredrag-om-kystnaer-natur-i-baerum\/#primaryimage"},"image":{"@id":"https:\/\/naturvernforbundet.no\/osloogakershus\/event\/medlemsmote-med-foredrag-om-kystnaer-natur-i-baerum\/#primaryimage"},"thumbnailUrl":"https:\/\/naturvernforbundet.no\/content\/uploads\/sites\/10\/2024\/11\/Kalksteinslandskap-Fornebu-Morten-Bergan-scaled-e1730549640415.jpg","datePublished":"2026-04-06T12:24:31+00:00","dateModified":"2026-04-21T13:45:16+00:00","description":"Medlemsm\u00f8te med foredrag om kystn\u00e6r natur i B\u00e6rum av Morten Bergan- Endring: Medlemsm\u00f8te med pizza og foredrag om kystn\u00e6r natur i B\u00e6rum Endring: Medlemsm\u00f8te med pizza og foredrag om kystn\u00e6r natur i B\u00e6rum","breadcrumb":{"@id":"https:\/\/naturvernforbundet.no\/osloogakershus\/event\/medlemsmote-med-foredrag-om-kystnaer-natur-i-baerum\/#breadcrumb"},"inLanguage":"nb-NO","potentialAction":[{"@type":"ReadAction","target":["https:\/\/naturvernforbundet.no\/osloogakershus\/event\/medlemsmote-med-foredrag-om-kystnaer-natur-i-baerum\/"]}]},{"@type":"ImageObject","inLanguage":"nb-NO","@id":"https:\/\/naturvernforbundet.no\/osloogakershus\/event\/medlemsmote-med-foredrag-om-kystnaer-natur-i-baerum\/#primaryimage","url":"https:\/\/naturvernforbundet.no\/content\/uploads\/sites\/10\/2024\/11\/Kalksteinslandskap-Fornebu-Morten-Bergan-scaled-e1730549640415.jpg","contentUrl":"https:\/\/naturvernforbundet.no\/content\/uploads\/sites\/10\/2024\/11\/Kalksteinslandskap-Fornebu-Morten-Bergan-scaled-e1730549640415.jpg","width":2560,"height":1442,"caption":"Spennende kalksteinslandskap i skj\u00e6rg\u00e5rden. Foto: Morten Bergan"},{"@type":"BreadcrumbList","@id":"https:\/\/naturvernforbundet.no\/osloogakershus\/event\/medlemsmote-med-foredrag-om-kystnaer-natur-i-baerum\/#breadcrumb","itemListElement":[{"@type":"ListItem","position":1,"name":"Till naturvernforbundet.no","item":"https:\/\/naturvernforbundet.no\/"},{"@type":"ListItem","position":2,"name":"Oslo og Akershus","item":"https:\/\/naturvernforbundet.no\/osloogakershus\/"},{"@type":"ListItem","position":3,"name":"Event","item":"https:\/\/naturvernforbundet.no\/osloogakershus\/event\/"},{"@type":"ListItem","position":4,"name":"Endring: Medlemsm\u00f8te med pizza og foredrag om kystn\u00e6r natur i B\u00e6rum"}]},{"@type":"WebSite","@id":"https:\/\/naturvernforbundet.no\/osloogakershus\/#website","url":"https:\/\/naturvernforbundet.no\/osloogakershus\/","name":"Oslo og Akershus","description":"Bare enda et Naturvernforbundet Sites-nettsted","potentialAction":[{"@type":"SearchAction","target":{"@type":"EntryPoint","urlTemplate":"https:\/\/naturvernforbundet.no\/osloogakershus\/?s={search_term_string}"},"query-input":{"@type":"PropertyValueSpecification","valueRequired":true,"valueName":"search_term_string"}}],"inLanguage":"nb-NO"}]}},"_links":{"self":[{"href":"https:\/\/naturvernforbundet.no\/osloogakershus\/wp-json\/wp\/v2\/event\/17075","targetHints":{"allow":["GET"]}}],"collection":[{"href":"https:\/\/naturvernforbundet.no\/osloogakershus\/wp-json\/wp\/v2\/event"}],"about":[{"href":"https:\/\/naturvernforbundet.no\/osloogakershus\/wp-json\/wp\/v2\/types\/event"}],"version-history":[{"count":11,"href":"https:\/\/naturvernforbundet.no\/osloogakershus\/wp-json\/wp\/v2\/event\/17075\/revisions"}],"predecessor-version":[{"id":17239,"href":"https:\/\/naturvernforbundet.no\/osloogakershus\/wp-json\/wp\/v2\/event\/17075\/revisions\/17239"}],"wp:featuredmedia":[{"embeddable":true,"href":"https:\/\/naturvernforbundet.no\/osloogakershus\/wp-json\/wp\/v2\/media\/13616"}],"wp:attachment":[{"href":"https:\/\/naturvernforbundet.no\/osloogakershus\/wp-json\/wp\/v2\/media?parent=17075"}],"wp:term":[{"taxonomy":"local","embeddable":true,"href":"https:\/\/naturvernforbundet.no\/osloogakershus\/wp-json\/wp\/v2\/local?post=17075"}],"curies":[{"name":"wp","href":"https:\/\/api.w.org\/{rel}","templated":true}]}}