{"id":18051,"date":"2026-08-31T13:33:56","date_gmt":"2026-08-31T11:33:56","guid":{"rendered":"https:\/\/naturvernforbundet.no\/osloogakershus\/?post_type=event&#038;p=18051"},"modified":"2026-08-31T13:38:11","modified_gmt":"2026-08-31T11:38:11","slug":"vi-rydder-soppel-langs-lysakerelva","status":"publish","type":"event","link":"https:\/\/naturvernforbundet.no\/osloogakershus\/event\/vi-rydder-soppel-langs-lysakerelva\/","title":{"rendered":"Vi rydder s\u00f8ppel langs Lysakerelva"},"content":{"rendered":"\t<div class=\"template-event alignnone wp-block-naturvern-hero\">\n\t\t<div class=\"hero__inner\">\n\t\t\t<div class=\"hero__inner_blocks\">\n\t\t\t\t\n\t\t<div class=\"naturvern-event-meta\">\n\t\t<div class=\"naturvern-event-meta-inner\">\n\t\t\t<div class=\"event-date\">\n\t\t\t\t<div>\n\t\t\t\t\t<span class=\"day\">03.sep<\/span>\n\t\t\t\t\t<span class=\"year\">2026<\/span>\n\t\t\t\t<\/div>\n\t\t\t<\/div>\n\t\t<\/div>\n\t\t<\/div>\t\t\t\t\n<h1 class=\"wp-block-post-title\">Vi rydder s\u00f8ppel langs Lysakerelva<\/h1>\n\n\n\t\t\t<div class=\"naturvern-event-meta-full\">\n\t\t\t<div class=\"naturvern-event-meta-inner\">\n\t\t\t\t<div>\n\t\t\t\t\t<span>Hva:<\/span>\n\t\t\t\t\t<span>S\u00f8ppelryddetur<\/span>\n\t\t\t\t<\/div>\n\t\t\t\t<div>\n\t\t\t\t\t<span>N\u00e5r:<\/span>\n\t\t\t\t\t<span>03.sep, kl. 18:00 &#8211; 19:30<\/span>\n\t\t\t\t<\/div>\n\t\t\t\t<div>\n\t\t\t\t\t<span>Hvor:<\/span>\n\t\t\t\t\t<span>Lysejordet busstopp<\/span>\n\t\t\t\t<\/div>\n\t\t\t<\/div>\n\t\t\t<\/div>\n\n\n<p><\/p>\n\n\n\n\n<figure class=\"wp-block-post-featured-image\"><img loading=\"lazy\" decoding=\"async\" width=\"1080\" height=\"1350\" src=\"https:\/\/naturvernforbundet.no\/content\/uploads\/sites\/10\/2026\/08\/Vi-rydder-langs-Akerselva-3.jpg\" class=\"attachment-post-thumbnail size-post-thumbnail wp-post-image\" alt=\"\" style=\"object-fit:cover;\" srcset=\"https:\/\/naturvernforbundet.no\/content\/uploads\/sites\/10\/2026\/08\/Vi-rydder-langs-Akerselva-3.jpg 1080w, https:\/\/naturvernforbundet.no\/content\/uploads\/sites\/10\/2026\/08\/Vi-rydder-langs-Akerselva-3-240x300.jpg 240w, https:\/\/naturvernforbundet.no\/content\/uploads\/sites\/10\/2026\/08\/Vi-rydder-langs-Akerselva-3-819x1024.jpg 819w, https:\/\/naturvernforbundet.no\/content\/uploads\/sites\/10\/2026\/08\/Vi-rydder-langs-Akerselva-3-768x960.jpg 768w\" sizes=\"auto, (max-width: 1080px) 100vw, 1080px\" \/><\/figure>\n\t\t\t<\/div>\n\t\t\t\t\t<\/div>\n\t\t\t<\/div>\n\t\n\n\n<p>Bli med p\u00e5 s\u00f8ppelrydding langs Lysakerelva!<\/p>\n\n\n\n<p>Torsdag 3. september m\u00f8tes vi ved Lysejordet busstopp og g\u00e5r sammen bort til Lysakerelva. Her plukker vi s\u00f8ppel. Vi avslutter kl. 19.30. Det er mulig \u00e5 komme og g\u00e5 som man \u00f8nsker.<\/p>\n\n\n\n<p>Vi stiller med s\u00f8ppelsekker, hansker og s\u00f8ppelplukkere.<\/p>\n\n\n\n<p>Sammen holder vi byen ren og s\u00f8rger for at s\u00f8ppel ikke havner i elven, og til slutt i Oslofjorden.<\/p>\n\n\n\n<p>Bli med! \u00c5pent for alle, bare \u00e5 m\u00f8te opp.<\/p>\n\n\n\n<p>Tiltaket er st\u00f8ttet av Oslo Kommune.<\/p>\n\n\n\n<p>Send en e-post til noa@naturvernforbundet.no ved sp\u00f8rsm\u00e5l. <\/p>\n","protected":false},"excerpt":{"rendered":"","protected":false},"featured_media":18052,"template":"","meta":{"_relevanssi_hide_post":"","_relevanssi_hide_content":"","_relevanssi_pin_for_all":"","_relevanssi_pin_keywords":"","_relevanssi_unpin_keywords":"","_relevanssi_related_keywords":"","_relevanssi_related_include_ids":"","_relevanssi_related_exclude_ids":"","_relevanssi_related_no_append":"","_relevanssi_related_not_related":"","_relevanssi_related_posts":"17163,16212,17469,15014,13594,17823","_relevanssi_noindex_reason":"","hide_logo":false,"_start_date":"2026-09-03T18:00:00","_end_date":"2026-09-03T19:30:00","_event_type":"S\u00f8ppelryddetur","_event_location":"Lysejordet busstopp","footnotes":"","_members_access_role":[],"_members_access_error":""},"local":[],"class_list":["post-18051","event","type-event","status-publish","has-post-thumbnail","hentry"],"acf":[],"yoast_head":"<!-- This site is optimized with the Yoast SEO Premium plugin v24.9 (Yoast SEO v24.9) - https:\/\/yoast.com\/wordpress\/plugins\/seo\/ -->\n<title>Vi rydder s\u00f8ppel langs Lysakerelva - Oslo og Akershus<\/title>\n<meta name=\"robots\" content=\"index, follow, max-snippet:-1, max-image-preview:large, max-video-preview:-1\" \/>\n<link rel=\"canonical\" href=\"https:\/\/naturvernforbundet.no\/osloogakershus\/event\/vi-rydder-soppel-langs-lysakerelva\/\" \/>\n<meta property=\"og:locale\" content=\"nb_NO\" \/>\n<meta property=\"og:type\" content=\"article\" \/>\n<meta property=\"og:title\" content=\"Vi rydder s\u00f8ppel langs Lysakerelva\" \/>\n<meta property=\"og:url\" content=\"https:\/\/naturvernforbundet.no\/osloogakershus\/event\/vi-rydder-soppel-langs-lysakerelva\/\" \/>\n<meta property=\"og:site_name\" content=\"Oslo og Akershus\" \/>\n<meta property=\"article:modified_time\" content=\"2026-08-31T11:38:11+00:00\" \/>\n<meta property=\"og:image\" content=\"https:\/\/naturvernforbundet.no\/content\/uploads\/sites\/10\/2026\/08\/Vi-rydder-langs-Akerselva-3.jpg\" \/>\n\t<meta property=\"og:image:width\" content=\"1080\" \/>\n\t<meta property=\"og:image:height\" content=\"1350\" \/>\n\t<meta property=\"og:image:type\" content=\"image\/jpeg\" \/>\n<meta name=\"twitter:card\" content=\"summary_large_image\" \/>\n<meta name=\"twitter:label1\" content=\"Ansl. lesetid\" \/>\n\t<meta name=\"twitter:data1\" content=\"1 minutt\" \/>\n<script type=\"application\/ld+json\" class=\"yoast-schema-graph\">{\"@context\":\"https:\/\/schema.org\",\"@graph\":[{\"@type\":\"WebPage\",\"@id\":\"https:\/\/naturvernforbundet.no\/osloogakershus\/event\/vi-rydder-soppel-langs-lysakerelva\/\",\"url\":\"https:\/\/naturvernforbundet.no\/osloogakershus\/event\/vi-rydder-soppel-langs-lysakerelva\/\",\"name\":\"Vi rydder s\u00f8ppel langs Lysakerelva - Oslo og Akershus\",\"isPartOf\":{\"@id\":\"https:\/\/naturvernforbundet.no\/osloogakershus\/#website\"},\"primaryImageOfPage\":{\"@id\":\"https:\/\/naturvernforbundet.no\/osloogakershus\/event\/vi-rydder-soppel-langs-lysakerelva\/#primaryimage\"},\"image\":{\"@id\":\"https:\/\/naturvernforbundet.no\/osloogakershus\/event\/vi-rydder-soppel-langs-lysakerelva\/#primaryimage\"},\"thumbnailUrl\":\"https:\/\/naturvernforbundet.no\/content\/uploads\/sites\/10\/2026\/08\/Vi-rydder-langs-Akerselva-3.jpg\",\"datePublished\":\"2026-08-31T11:33:56+00:00\",\"dateModified\":\"2026-08-31T11:38:11+00:00\",\"breadcrumb\":{\"@id\":\"https:\/\/naturvernforbundet.no\/osloogakershus\/event\/vi-rydder-soppel-langs-lysakerelva\/#breadcrumb\"},\"inLanguage\":\"nb-NO\",\"potentialAction\":[{\"@type\":\"ReadAction\",\"target\":[\"https:\/\/naturvernforbundet.no\/osloogakershus\/event\/vi-rydder-soppel-langs-lysakerelva\/\"]}]},{\"@type\":\"ImageObject\",\"inLanguage\":\"nb-NO\",\"@id\":\"https:\/\/naturvernforbundet.no\/osloogakershus\/event\/vi-rydder-soppel-langs-lysakerelva\/#primaryimage\",\"url\":\"https:\/\/naturvernforbundet.no\/content\/uploads\/sites\/10\/2026\/08\/Vi-rydder-langs-Akerselva-3.jpg\",\"contentUrl\":\"https:\/\/naturvernforbundet.no\/content\/uploads\/sites\/10\/2026\/08\/Vi-rydder-langs-Akerselva-3.jpg\",\"width\":1080,\"height\":1350},{\"@type\":\"BreadcrumbList\",\"@id\":\"https:\/\/naturvernforbundet.no\/osloogakershus\/event\/vi-rydder-soppel-langs-lysakerelva\/#breadcrumb\",\"itemListElement\":[{\"@type\":\"ListItem\",\"position\":1,\"name\":\"Till naturvernforbundet.no\",\"item\":\"https:\/\/naturvernforbundet.no\/\"},{\"@type\":\"ListItem\",\"position\":2,\"name\":\"Oslo og Akershus\",\"item\":\"https:\/\/naturvernforbundet.no\/osloogakershus\/\"},{\"@type\":\"ListItem\",\"position\":3,\"name\":\"Event\",\"item\":\"https:\/\/naturvernforbundet.no\/osloogakershus\/event\/\"},{\"@type\":\"ListItem\",\"position\":4,\"name\":\"Vi rydder s\u00f8ppel langs Lysakerelva\"}]},{\"@type\":\"WebSite\",\"@id\":\"https:\/\/naturvernforbundet.no\/osloogakershus\/#website\",\"url\":\"https:\/\/naturvernforbundet.no\/osloogakershus\/\",\"name\":\"Oslo og Akershus\",\"description\":\"Bare enda et Naturvernforbundet Sites-nettsted\",\"potentialAction\":[{\"@type\":\"SearchAction\",\"target\":{\"@type\":\"EntryPoint\",\"urlTemplate\":\"https:\/\/naturvernforbundet.no\/osloogakershus\/?s={search_term_string}\"},\"query-input\":{\"@type\":\"PropertyValueSpecification\",\"valueRequired\":true,\"valueName\":\"search_term_string\"}}],\"inLanguage\":\"nb-NO\"}]}<\/script>\n<!-- \/ Yoast SEO Premium plugin. -->","yoast_head_json":{"title":"Vi rydder s\u00f8ppel langs Lysakerelva - Oslo og Akershus","robots":{"index":"index","follow":"follow","max-snippet":"max-snippet:-1","max-image-preview":"max-image-preview:large","max-video-preview":"max-video-preview:-1"},"canonical":"https:\/\/naturvernforbundet.no\/osloogakershus\/event\/vi-rydder-soppel-langs-lysakerelva\/","og_locale":"nb_NO","og_type":"article","og_title":"Vi rydder s\u00f8ppel langs Lysakerelva","og_url":"https:\/\/naturvernforbundet.no\/osloogakershus\/event\/vi-rydder-soppel-langs-lysakerelva\/","og_site_name":"Oslo og Akershus","article_modified_time":"2026-08-31T11:38:11+00:00","og_image":[{"width":1080,"height":1350,"url":"https:\/\/naturvernforbundet.no\/content\/uploads\/sites\/10\/2026\/08\/Vi-rydder-langs-Akerselva-3.jpg","type":"image\/jpeg"}],"twitter_card":"summary_large_image","twitter_misc":{"Ansl. lesetid":"1 minutt"},"schema":{"@context":"https:\/\/schema.org","@graph":[{"@type":"WebPage","@id":"https:\/\/naturvernforbundet.no\/osloogakershus\/event\/vi-rydder-soppel-langs-lysakerelva\/","url":"https:\/\/naturvernforbundet.no\/osloogakershus\/event\/vi-rydder-soppel-langs-lysakerelva\/","name":"Vi rydder s\u00f8ppel langs Lysakerelva - Oslo og Akershus","isPartOf":{"@id":"https:\/\/naturvernforbundet.no\/osloogakershus\/#website"},"primaryImageOfPage":{"@id":"https:\/\/naturvernforbundet.no\/osloogakershus\/event\/vi-rydder-soppel-langs-lysakerelva\/#primaryimage"},"image":{"@id":"https:\/\/naturvernforbundet.no\/osloogakershus\/event\/vi-rydder-soppel-langs-lysakerelva\/#primaryimage"},"thumbnailUrl":"https:\/\/naturvernforbundet.no\/content\/uploads\/sites\/10\/2026\/08\/Vi-rydder-langs-Akerselva-3.jpg","datePublished":"2026-08-31T11:33:56+00:00","dateModified":"2026-08-31T11:38:11+00:00","breadcrumb":{"@id":"https:\/\/naturvernforbundet.no\/osloogakershus\/event\/vi-rydder-soppel-langs-lysakerelva\/#breadcrumb"},"inLanguage":"nb-NO","potentialAction":[{"@type":"ReadAction","target":["https:\/\/naturvernforbundet.no\/osloogakershus\/event\/vi-rydder-soppel-langs-lysakerelva\/"]}]},{"@type":"ImageObject","inLanguage":"nb-NO","@id":"https:\/\/naturvernforbundet.no\/osloogakershus\/event\/vi-rydder-soppel-langs-lysakerelva\/#primaryimage","url":"https:\/\/naturvernforbundet.no\/content\/uploads\/sites\/10\/2026\/08\/Vi-rydder-langs-Akerselva-3.jpg","contentUrl":"https:\/\/naturvernforbundet.no\/content\/uploads\/sites\/10\/2026\/08\/Vi-rydder-langs-Akerselva-3.jpg","width":1080,"height":1350},{"@type":"BreadcrumbList","@id":"https:\/\/naturvernforbundet.no\/osloogakershus\/event\/vi-rydder-soppel-langs-lysakerelva\/#breadcrumb","itemListElement":[{"@type":"ListItem","position":1,"name":"Till naturvernforbundet.no","item":"https:\/\/naturvernforbundet.no\/"},{"@type":"ListItem","position":2,"name":"Oslo og Akershus","item":"https:\/\/naturvernforbundet.no\/osloogakershus\/"},{"@type":"ListItem","position":3,"name":"Event","item":"https:\/\/naturvernforbundet.no\/osloogakershus\/event\/"},{"@type":"ListItem","position":4,"name":"Vi rydder s\u00f8ppel langs Lysakerelva"}]},{"@type":"WebSite","@id":"https:\/\/naturvernforbundet.no\/osloogakershus\/#website","url":"https:\/\/naturvernforbundet.no\/osloogakershus\/","name":"Oslo og Akershus","description":"Bare enda et Naturvernforbundet Sites-nettsted","potentialAction":[{"@type":"SearchAction","target":{"@type":"EntryPoint","urlTemplate":"https:\/\/naturvernforbundet.no\/osloogakershus\/?s={search_term_string}"},"query-input":{"@type":"PropertyValueSpecification","valueRequired":true,"valueName":"search_term_string"}}],"inLanguage":"nb-NO"}]}},"_links":{"self":[{"href":"https:\/\/naturvernforbundet.no\/osloogakershus\/wp-json\/wp\/v2\/event\/18051","targetHints":{"allow":["GET"]}}],"collection":[{"href":"https:\/\/naturvernforbundet.no\/osloogakershus\/wp-json\/wp\/v2\/event"}],"about":[{"href":"https:\/\/naturvernforbundet.no\/osloogakershus\/wp-json\/wp\/v2\/types\/event"}],"version-history":[{"count":2,"href":"https:\/\/naturvernforbundet.no\/osloogakershus\/wp-json\/wp\/v2\/event\/18051\/revisions"}],"predecessor-version":[{"id":18060,"href":"https:\/\/naturvernforbundet.no\/osloogakershus\/wp-json\/wp\/v2\/event\/18051\/revisions\/18060"}],"wp:featuredmedia":[{"embeddable":true,"href":"https:\/\/naturvernforbundet.no\/osloogakershus\/wp-json\/wp\/v2\/media\/18052"}],"wp:attachment":[{"href":"https:\/\/naturvernforbundet.no\/osloogakershus\/wp-json\/wp\/v2\/media?parent=18051"}],"wp:term":[{"taxonomy":"local","embeddable":true,"href":"https:\/\/naturvernforbundet.no\/osloogakershus\/wp-json\/wp\/v2\/local?post=18051"}],"curies":[{"name":"wp","href":"https:\/\/api.w.org\/{rel}","templated":true}]}}