{"id":18081,"date":"2026-09-06T20:20:06","date_gmt":"2026-09-06T18:20:06","guid":{"rendered":"https:\/\/naturvernforbundet.no\/osloogakershus\/?post_type=event&#038;p=18081"},"modified":"2026-09-06T20:20:06","modified_gmt":"2026-09-06T18:20:06","slug":"soppeldugnad-pa-fornebu-3","status":"publish","type":"event","link":"https:\/\/naturvernforbundet.no\/osloogakershus\/event\/soppeldugnad-pa-fornebu-3\/","title":{"rendered":"S\u00f8ppeldugnad p\u00e5 Fornebu\u00a0"},"content":{"rendered":"\t<div class=\"template-event alignnone wp-block-naturvern-hero\">\n\t\t<div class=\"hero__inner\">\n\t\t\t<div class=\"hero__inner_blocks\">\n\t\t\t\t\n\t\t<div class=\"naturvern-event-meta\">\n\t\t<div class=\"naturvern-event-meta-inner\">\n\t\t\t<div class=\"event-date\">\n\t\t\t\t<div>\n\t\t\t\t\t<span class=\"day\">14.sep<\/span>\n\t\t\t\t\t<span class=\"year\">2026<\/span>\n\t\t\t\t<\/div>\n\t\t\t<\/div>\n\t\t<\/div>\n\t\t<\/div>\t\t\t\t\n<h1 class=\"wp-block-post-title\">S\u00f8ppeldugnad p\u00e5 Fornebu\u00a0<\/h1>\n\n\n\t\t\t<div class=\"naturvern-event-meta-full\">\n\t\t\t<div class=\"naturvern-event-meta-inner\">\n\t\t\t\t<div>\n\t\t\t\t\t<span>Hva:<\/span>\n\t\t\t\t\t<span>Dugnad<\/span>\n\t\t\t\t<\/div>\n\t\t\t\t<div>\n\t\t\t\t\t<span>N\u00e5r:<\/span>\n\t\t\t\t\t<span>14.sep, kl. 17:30<\/span>\n\t\t\t\t<\/div>\n\t\t\t\t<div>\n\t\t\t\t\t<span>Hvor:<\/span>\n\t\t\t\t\t<span>Lomviveien, Fornebu<\/span>\n\t\t\t\t<\/div>\n\t\t\t<\/div>\n\t\t\t<\/div>\n\n\n<p><\/p>\n\n\n\n\n<figure class=\"wp-block-post-featured-image\"><div class=\"t2-image-credit\"><div class=\"t2-image-credit\"><img loading=\"lazy\" decoding=\"async\" width=\"2560\" height=\"1707\" src=\"https:\/\/naturvernforbundet.no\/content\/uploads\/sites\/10\/2026\/09\/Fornebu_20260526_6_ryddingkoksa_foto-Halvor-Igesund-scaled.jpg\" class=\"attachment-post-thumbnail size-post-thumbnail wp-post-image\" alt=\"folk plukker s\u00f8ppel p\u00e5 strand\" style=\"object-fit:cover;\" srcset=\"https:\/\/naturvernforbundet.no\/content\/uploads\/sites\/10\/2026\/09\/Fornebu_20260526_6_ryddingkoksa_foto-Halvor-Igesund-scaled.jpg 2560w, https:\/\/naturvernforbundet.no\/content\/uploads\/sites\/10\/2026\/09\/Fornebu_20260526_6_ryddingkoksa_foto-Halvor-Igesund-300x200.jpg 300w, https:\/\/naturvernforbundet.no\/content\/uploads\/sites\/10\/2026\/09\/Fornebu_20260526_6_ryddingkoksa_foto-Halvor-Igesund-1024x683.jpg 1024w, https:\/\/naturvernforbundet.no\/content\/uploads\/sites\/10\/2026\/09\/Fornebu_20260526_6_ryddingkoksa_foto-Halvor-Igesund-768x512.jpg 768w, https:\/\/naturvernforbundet.no\/content\/uploads\/sites\/10\/2026\/09\/Fornebu_20260526_6_ryddingkoksa_foto-Halvor-Igesund-1536x1024.jpg 1536w, https:\/\/naturvernforbundet.no\/content\/uploads\/sites\/10\/2026\/09\/Fornebu_20260526_6_ryddingkoksa_foto-Halvor-Igesund-2048x1365.jpg 2048w, https:\/\/naturvernforbundet.no\/content\/uploads\/sites\/10\/2026\/09\/Fornebu_20260526_6_ryddingkoksa_foto-Halvor-Igesund-1920x1280.jpg 1920w\" sizes=\"auto, (max-width: 2560px) 100vw, 2560px\" \/><span class=\"t2-image-credit-name\">Halvor Igesund<\/span><\/div><span class=\"t2-image-credit-name\">Halvor Igesund<\/span><\/div><\/figure>\n\t\t\t<\/div>\n\t\t\t\t\t<\/div>\n\t\t\t<\/div>\n\t\n\n\n<p>Naturvernforbundet i B\u00e6rum inviterer til s\u00f8ppeldugnad p\u00e5 Fornebu, mandag 14. september kl 17:30.<\/p>\n\n\n\n<p><strong>Oppm\u00f8te:\u00a0<\/strong>nederst i Lomviveien p\u00e5 Stor\u00f8ya<\/p>\n\n\n\n<p>Dette er en hyggelig kveldstur, der vi gj\u00f8r noe nyttig for naturen og tjener penger til Naturvernforbundet i B\u00e6rum.<\/p>\n\n\n\n<p>Erfaring tilsier et det er noks\u00e5 lite s\u00f8ppel p\u00e5 ruta vi har f\u00e5tt tildelt av B\u00e6rum kommune, s\u00e5 det kan bli en fin ettermiddagstur p\u00e5 Fornebu.<\/p>\n\n\n\n<p>Ta med arbeidshansker og skot\u00f8y etter v\u00e6rforholdene. Vi stiller med kart og plastsekker til s\u00f8ppelet. Alt s\u00f8ppelet blir levert p\u00e5 Isi.<\/p>\n\n\n\n<p>Det er fint om dere gir beskjed om at dere kommer til\u00a0<a href=\"mailto:baerum@naturvernforbundet.no\">baerum@naturvernforbundet.no<\/a>.<\/p>\n","protected":false},"excerpt":{"rendered":"","protected":false},"featured_media":18082,"template":"","meta":{"_relevanssi_hide_post":"","_relevanssi_hide_content":"","_relevanssi_pin_for_all":"","_relevanssi_pin_keywords":"","_relevanssi_unpin_keywords":"","_relevanssi_related_keywords":"","_relevanssi_related_include_ids":"","_relevanssi_related_exclude_ids":"","_relevanssi_related_no_append":"","_relevanssi_related_not_related":"","_relevanssi_related_posts":"","_relevanssi_noindex_reason":"","hide_logo":false,"_start_date":"2026-09-14T17:30:00","_end_date":"","_event_type":"Dugnad","_event_location":"Lomviveien, Fornebu","footnotes":"","_members_access_role":[],"_members_access_error":""},"local":[5],"class_list":["post-18081","event","type-event","status-publish","has-post-thumbnail","hentry","local-baerum"],"acf":[],"yoast_head":"<!-- This site is optimized with the Yoast SEO Premium plugin v24.9 (Yoast SEO v24.9) - https:\/\/yoast.com\/wordpress\/plugins\/seo\/ -->\n<title>S\u00f8ppeldugnad p\u00e5 Fornebu\u00a0 - Oslo og Akershus<\/title>\n<meta name=\"description\" content=\"S\u00f8ppeldugnad p\u00e5 Fornebu\u00a0- S\u00f8ppeldugnad p\u00e5 Fornebu\u00a0 Oslo og Akershus\" \/>\n<meta name=\"robots\" content=\"index, follow, max-snippet:-1, max-image-preview:large, max-video-preview:-1\" \/>\n<link rel=\"canonical\" href=\"https:\/\/naturvernforbundet.no\/osloogakershus\/event\/soppeldugnad-pa-fornebu-3\/\" \/>\n<meta property=\"og:locale\" content=\"nb_NO\" \/>\n<meta property=\"og:type\" content=\"article\" \/>\n<meta property=\"og:title\" content=\"S\u00f8ppeldugnad p\u00e5 Fornebu\u00a0\" \/>\n<meta property=\"og:description\" content=\"S\u00f8ppeldugnad p\u00e5 Fornebu\u00a0- S\u00f8ppeldugnad p\u00e5 Fornebu\u00a0 Oslo og Akershus\" \/>\n<meta property=\"og:url\" content=\"https:\/\/naturvernforbundet.no\/osloogakershus\/event\/soppeldugnad-pa-fornebu-3\/\" \/>\n<meta property=\"og:site_name\" content=\"Oslo og Akershus\" \/>\n<meta property=\"og:image\" content=\"https:\/\/naturvernforbundet.no\/content\/uploads\/sites\/10\/2026\/09\/Fornebu_20260526_6_ryddingkoksa_foto-Halvor-Igesund-scaled.jpg\" \/>\n\t<meta property=\"og:image:width\" content=\"2560\" \/>\n\t<meta property=\"og:image:height\" content=\"1707\" \/>\n\t<meta property=\"og:image:type\" content=\"image\/jpeg\" \/>\n<meta name=\"twitter:card\" content=\"summary_large_image\" \/>\n<meta name=\"twitter:label1\" content=\"Ansl. lesetid\" \/>\n\t<meta name=\"twitter:data1\" content=\"1 minutt\" \/>\n<script type=\"application\/ld+json\" class=\"yoast-schema-graph\">{\"@context\":\"https:\/\/schema.org\",\"@graph\":[{\"@type\":\"WebPage\",\"@id\":\"https:\/\/naturvernforbundet.no\/osloogakershus\/event\/soppeldugnad-pa-fornebu-3\/\",\"url\":\"https:\/\/naturvernforbundet.no\/osloogakershus\/event\/soppeldugnad-pa-fornebu-3\/\",\"name\":\"S\u00f8ppeldugnad p\u00e5 Fornebu\u00a0 - Oslo og Akershus\",\"isPartOf\":{\"@id\":\"https:\/\/naturvernforbundet.no\/osloogakershus\/#website\"},\"primaryImageOfPage\":{\"@id\":\"https:\/\/naturvernforbundet.no\/osloogakershus\/event\/soppeldugnad-pa-fornebu-3\/#primaryimage\"},\"image\":{\"@id\":\"https:\/\/naturvernforbundet.no\/osloogakershus\/event\/soppeldugnad-pa-fornebu-3\/#primaryimage\"},\"thumbnailUrl\":\"https:\/\/naturvernforbundet.no\/content\/uploads\/sites\/10\/2026\/09\/Fornebu_20260526_6_ryddingkoksa_foto-Halvor-Igesund-scaled.jpg\",\"datePublished\":\"2026-09-06T18:20:06+00:00\",\"description\":\"S\u00f8ppeldugnad p\u00e5 Fornebu\u00a0- S\u00f8ppeldugnad p\u00e5 Fornebu\u00a0 Oslo og Akershus\",\"breadcrumb\":{\"@id\":\"https:\/\/naturvernforbundet.no\/osloogakershus\/event\/soppeldugnad-pa-fornebu-3\/#breadcrumb\"},\"inLanguage\":\"nb-NO\",\"potentialAction\":[{\"@type\":\"ReadAction\",\"target\":[\"https:\/\/naturvernforbundet.no\/osloogakershus\/event\/soppeldugnad-pa-fornebu-3\/\"]}]},{\"@type\":\"ImageObject\",\"inLanguage\":\"nb-NO\",\"@id\":\"https:\/\/naturvernforbundet.no\/osloogakershus\/event\/soppeldugnad-pa-fornebu-3\/#primaryimage\",\"url\":\"https:\/\/naturvernforbundet.no\/content\/uploads\/sites\/10\/2026\/09\/Fornebu_20260526_6_ryddingkoksa_foto-Halvor-Igesund-scaled.jpg\",\"contentUrl\":\"https:\/\/naturvernforbundet.no\/content\/uploads\/sites\/10\/2026\/09\/Fornebu_20260526_6_ryddingkoksa_foto-Halvor-Igesund-scaled.jpg\",\"width\":2560,\"height\":1707,\"caption\":\"S\u00f8ppeldugnad p\u00e5 Fornebu\"},{\"@type\":\"BreadcrumbList\",\"@id\":\"https:\/\/naturvernforbundet.no\/osloogakershus\/event\/soppeldugnad-pa-fornebu-3\/#breadcrumb\",\"itemListElement\":[{\"@type\":\"ListItem\",\"position\":1,\"name\":\"Till naturvernforbundet.no\",\"item\":\"https:\/\/naturvernforbundet.no\/\"},{\"@type\":\"ListItem\",\"position\":2,\"name\":\"Oslo og Akershus\",\"item\":\"https:\/\/naturvernforbundet.no\/osloogakershus\/\"},{\"@type\":\"ListItem\",\"position\":3,\"name\":\"Event\",\"item\":\"https:\/\/naturvernforbundet.no\/osloogakershus\/event\/\"},{\"@type\":\"ListItem\",\"position\":4,\"name\":\"S\u00f8ppeldugnad p\u00e5 Fornebu\u00a0\"}]},{\"@type\":\"WebSite\",\"@id\":\"https:\/\/naturvernforbundet.no\/osloogakershus\/#website\",\"url\":\"https:\/\/naturvernforbundet.no\/osloogakershus\/\",\"name\":\"Oslo og Akershus\",\"description\":\"Bare enda et Naturvernforbundet Sites-nettsted\",\"potentialAction\":[{\"@type\":\"SearchAction\",\"target\":{\"@type\":\"EntryPoint\",\"urlTemplate\":\"https:\/\/naturvernforbundet.no\/osloogakershus\/?s={search_term_string}\"},\"query-input\":{\"@type\":\"PropertyValueSpecification\",\"valueRequired\":true,\"valueName\":\"search_term_string\"}}],\"inLanguage\":\"nb-NO\"}]}<\/script>\n<!-- \/ Yoast SEO Premium plugin. -->","yoast_head_json":{"title":"S\u00f8ppeldugnad p\u00e5 Fornebu\u00a0 - Oslo og Akershus","description":"S\u00f8ppeldugnad p\u00e5 Fornebu\u00a0- S\u00f8ppeldugnad p\u00e5 Fornebu\u00a0 Oslo og Akershus","robots":{"index":"index","follow":"follow","max-snippet":"max-snippet:-1","max-image-preview":"max-image-preview:large","max-video-preview":"max-video-preview:-1"},"canonical":"https:\/\/naturvernforbundet.no\/osloogakershus\/event\/soppeldugnad-pa-fornebu-3\/","og_locale":"nb_NO","og_type":"article","og_title":"S\u00f8ppeldugnad p\u00e5 Fornebu\u00a0","og_description":"S\u00f8ppeldugnad p\u00e5 Fornebu\u00a0- S\u00f8ppeldugnad p\u00e5 Fornebu\u00a0 Oslo og Akershus","og_url":"https:\/\/naturvernforbundet.no\/osloogakershus\/event\/soppeldugnad-pa-fornebu-3\/","og_site_name":"Oslo og Akershus","og_image":[{"width":2560,"height":1707,"url":"https:\/\/naturvernforbundet.no\/content\/uploads\/sites\/10\/2026\/09\/Fornebu_20260526_6_ryddingkoksa_foto-Halvor-Igesund-scaled.jpg","type":"image\/jpeg"}],"twitter_card":"summary_large_image","twitter_misc":{"Ansl. lesetid":"1 minutt"},"schema":{"@context":"https:\/\/schema.org","@graph":[{"@type":"WebPage","@id":"https:\/\/naturvernforbundet.no\/osloogakershus\/event\/soppeldugnad-pa-fornebu-3\/","url":"https:\/\/naturvernforbundet.no\/osloogakershus\/event\/soppeldugnad-pa-fornebu-3\/","name":"S\u00f8ppeldugnad p\u00e5 Fornebu\u00a0 - Oslo og Akershus","isPartOf":{"@id":"https:\/\/naturvernforbundet.no\/osloogakershus\/#website"},"primaryImageOfPage":{"@id":"https:\/\/naturvernforbundet.no\/osloogakershus\/event\/soppeldugnad-pa-fornebu-3\/#primaryimage"},"image":{"@id":"https:\/\/naturvernforbundet.no\/osloogakershus\/event\/soppeldugnad-pa-fornebu-3\/#primaryimage"},"thumbnailUrl":"https:\/\/naturvernforbundet.no\/content\/uploads\/sites\/10\/2026\/09\/Fornebu_20260526_6_ryddingkoksa_foto-Halvor-Igesund-scaled.jpg","datePublished":"2026-09-06T18:20:06+00:00","description":"S\u00f8ppeldugnad p\u00e5 Fornebu\u00a0- S\u00f8ppeldugnad p\u00e5 Fornebu\u00a0 Oslo og Akershus","breadcrumb":{"@id":"https:\/\/naturvernforbundet.no\/osloogakershus\/event\/soppeldugnad-pa-fornebu-3\/#breadcrumb"},"inLanguage":"nb-NO","potentialAction":[{"@type":"ReadAction","target":["https:\/\/naturvernforbundet.no\/osloogakershus\/event\/soppeldugnad-pa-fornebu-3\/"]}]},{"@type":"ImageObject","inLanguage":"nb-NO","@id":"https:\/\/naturvernforbundet.no\/osloogakershus\/event\/soppeldugnad-pa-fornebu-3\/#primaryimage","url":"https:\/\/naturvernforbundet.no\/content\/uploads\/sites\/10\/2026\/09\/Fornebu_20260526_6_ryddingkoksa_foto-Halvor-Igesund-scaled.jpg","contentUrl":"https:\/\/naturvernforbundet.no\/content\/uploads\/sites\/10\/2026\/09\/Fornebu_20260526_6_ryddingkoksa_foto-Halvor-Igesund-scaled.jpg","width":2560,"height":1707,"caption":"S\u00f8ppeldugnad p\u00e5 Fornebu"},{"@type":"BreadcrumbList","@id":"https:\/\/naturvernforbundet.no\/osloogakershus\/event\/soppeldugnad-pa-fornebu-3\/#breadcrumb","itemListElement":[{"@type":"ListItem","position":1,"name":"Till naturvernforbundet.no","item":"https:\/\/naturvernforbundet.no\/"},{"@type":"ListItem","position":2,"name":"Oslo og Akershus","item":"https:\/\/naturvernforbundet.no\/osloogakershus\/"},{"@type":"ListItem","position":3,"name":"Event","item":"https:\/\/naturvernforbundet.no\/osloogakershus\/event\/"},{"@type":"ListItem","position":4,"name":"S\u00f8ppeldugnad p\u00e5 Fornebu\u00a0"}]},{"@type":"WebSite","@id":"https:\/\/naturvernforbundet.no\/osloogakershus\/#website","url":"https:\/\/naturvernforbundet.no\/osloogakershus\/","name":"Oslo og Akershus","description":"Bare enda et Naturvernforbundet Sites-nettsted","potentialAction":[{"@type":"SearchAction","target":{"@type":"EntryPoint","urlTemplate":"https:\/\/naturvernforbundet.no\/osloogakershus\/?s={search_term_string}"},"query-input":{"@type":"PropertyValueSpecification","valueRequired":true,"valueName":"search_term_string"}}],"inLanguage":"nb-NO"}]}},"_links":{"self":[{"href":"https:\/\/naturvernforbundet.no\/osloogakershus\/wp-json\/wp\/v2\/event\/18081","targetHints":{"allow":["GET"]}}],"collection":[{"href":"https:\/\/naturvernforbundet.no\/osloogakershus\/wp-json\/wp\/v2\/event"}],"about":[{"href":"https:\/\/naturvernforbundet.no\/osloogakershus\/wp-json\/wp\/v2\/types\/event"}],"version-history":[{"count":1,"href":"https:\/\/naturvernforbundet.no\/osloogakershus\/wp-json\/wp\/v2\/event\/18081\/revisions"}],"predecessor-version":[{"id":18083,"href":"https:\/\/naturvernforbundet.no\/osloogakershus\/wp-json\/wp\/v2\/event\/18081\/revisions\/18083"}],"wp:featuredmedia":[{"embeddable":true,"href":"https:\/\/naturvernforbundet.no\/osloogakershus\/wp-json\/wp\/v2\/media\/18082"}],"wp:attachment":[{"href":"https:\/\/naturvernforbundet.no\/osloogakershus\/wp-json\/wp\/v2\/media?parent=18081"}],"wp:term":[{"taxonomy":"local","embeddable":true,"href":"https:\/\/naturvernforbundet.no\/osloogakershus\/wp-json\/wp\/v2\/local?post=18081"}],"curies":[{"name":"wp","href":"https:\/\/api.w.org\/{rel}","templated":true}]}}