{"id":3741,"date":"2022-10-20T14:33:11","date_gmt":"2022-10-20T12:33:11","guid":{"rendered":"https:\/\/naturvernforbundet.no\/osloogakershus\/?page_id=3741"},"modified":"2026-04-13T14:52:06","modified_gmt":"2026-04-13T12:52:06","slug":"bli-frivillig","status":"publish","type":"page","link":"https:\/\/naturvernforbundet.no\/osloogakershus\/forside\/bli-frivillig\/","title":{"rendered":"Bli frivillig"},"content":{"rendered":"\t<div class=\"template-page has-media alignfull is-style-green wp-block-naturvern-hero\">\n\t\t<div class=\"hero__inner\">\n\t\t\t<div class=\"hero__inner_blocks\">\n\t\t\t\t\t\t\t\t\n<h1 class=\"wp-block-post-title\">Bli frivillig<\/h1>\n\n\n<p>Er du p\u00e5 utkikk etter en fritidsaktivitet i et godt milj\u00f8 som deler de samme verdiene som deg? Bli frivillig hos oss! <\/p>\n\n\n\n<p>P\u00e5 denne siden finner du informasjon om ulike aktiviteter og arrangementer du kan delta p\u00e5 som frivillig hos oss.<\/p>\n\n\t\t\t<\/div>\n\t\t\t\t\t<\/div>\n\t\t\t\t\t<div class=\"hero__image\">\n\t\t\t\t\t\t\t\t\t\t<img fetchpriority=\"high\" decoding=\"async\" width=\"1920\" height=\"1280\" src=\"https:\/\/naturvernforbundet.no\/content\/uploads\/sites\/10\/2026\/02\/bli-frivillig-2-1.jpg\" class=\"attachment-ultra size-ultra\" alt=\"\" style=\"object-position: 50% 50%;\" loading=\"eager\" srcset=\"https:\/\/naturvernforbundet.no\/content\/uploads\/sites\/10\/2026\/02\/bli-frivillig-2-1.jpg 8256w, https:\/\/naturvernforbundet.no\/content\/uploads\/sites\/10\/2026\/02\/bli-frivillig-2-1-300x200.jpg 300w, https:\/\/naturvernforbundet.no\/content\/uploads\/sites\/10\/2026\/02\/bli-frivillig-2-1-1024x683.jpg 1024w, https:\/\/naturvernforbundet.no\/content\/uploads\/sites\/10\/2026\/02\/bli-frivillig-2-1-768x512.jpg 768w, https:\/\/naturvernforbundet.no\/content\/uploads\/sites\/10\/2026\/02\/bli-frivillig-2-1-1536x1024.jpg 1536w\" sizes=\"(max-width: 1920px) 100vw, 1920px\" \/>\t\t\t\t\t\t<\/div>\n\t\t\t<\/div>\n\t\n\n\n<p>Er du ny i Oslo-omr\u00e5det og vil komme i kontakt med noen som brenner for det samme som du gj\u00f8r? Vil du sosialisere deg med andre som liker seg ute? \u00d8nsker du \u00e5 gj\u00f8re en forskjell for naturen og milj\u00f8et der du bor? <\/p>\n\n\n\n<p>Vi jobber med naturvern i hele Oslo og Akershus, og selv om en del&nbsp;av arbeidet g\u00e5r gjennom papirm\u00f8ller er&nbsp;kanskje den viktigste delen av jobben det som gj\u00f8res i felt.&nbsp;S\u00e5 mens vi tar oss av byr\u00e5kratiet, kan du hjelpe oss ved \u00e5 v\u00e6re med&nbsp;p\u00e5 det som er morsomst!<\/p>\n\n\n\n<p>Rent praktisk jobber vi med alt fra kartlegging av ulike verdier i felt til formidling av kunnskap&nbsp;og aktuelle problemstillinger. I tillegg til dette har vi et stort fokus p\u00e5&nbsp;\u00e5 spre kunnskap,&nbsp;og \u00e5 engasjere befolkningen i Oslo og Akershus til \u00e5 bruke, nyte og ta vare p\u00e5 arter og naturomr\u00e5der i sitt n\u00e6rmilj\u00f8.&nbsp;<\/p>\n\n\n\n<p><strong>Hos oss er det lav terskel og h\u00f8yt under taket og vi \u00f8nsker alle og en hver velkomne!<\/strong><\/p>\n\n\n\n<p>Lurer p\u00e5 du noe? Ta kontakt med oss p\u00e5 e-post: noa@naturvernforbundet.no <\/p>\n\n\n\n<h3 class=\"wp-block-heading\" id=\"h-aktiviteter-og-arrangementer-pa-sondre-sandas\">Aktiviteter og arrangementer p\u00e5 S\u00f8ndre Sand\u00e5s <\/h3>\n\n\n\n<p>Bli med \u00e5 inviter folk inn til hyggelige naturvennlige arrangementer i lokalene v\u00e5re her ved Sogsnvann i Oslo! Vi gj\u00f8r en viktig jobb med verving, innsamling av penger, sprer naturglede og tilrettelegger for en mer milj\u00f8vennlig hverdag.<\/p>\n\n\n\n<div class=\"wp-block-columns is-layout-flex wp-container-core-columns-is-layout-1 wp-block-columns-is-layout-flex\">\n<div class=\"wp-block-column is-layout-flow wp-block-column-is-layout-flow\"><div class=\"t2-featured-single-post t2-featured-content is-post-type-event wp-block-t2-featured-single-post\"><a class=\"t2-post-link wp-block-t2-post-link\" href=\"https:\/\/naturvernforbundet.no\/osloogakershus\/event\/den-store-klesbyttedagen-pa-sognsvanntema-friluftsliv\/\">\n<figure style=\"--t2-focal-point: 50% 50%;\" class=\"t2-post-featured-image has-image-ratio-4-3 wp-block-t2-post-featured-image\"><img loading=\"lazy\" decoding=\"async\" width=\"2000\" height=\"1414\" src=\"https:\/\/naturvernforbundet.no\/content\/uploads\/sites\/10\/2026\/02\/Klesbyttemarked.jpg\" class=\"attachment-post-thumbnail size-post-thumbnail wp-post-image\" alt=\"\" srcset=\"https:\/\/naturvernforbundet.no\/content\/uploads\/sites\/10\/2026\/02\/Klesbyttemarked.jpg 2000w, https:\/\/naturvernforbundet.no\/content\/uploads\/sites\/10\/2026\/02\/Klesbyttemarked-300x212.jpg 300w, https:\/\/naturvernforbundet.no\/content\/uploads\/sites\/10\/2026\/02\/Klesbyttemarked-1024x724.jpg 1024w, https:\/\/naturvernforbundet.no\/content\/uploads\/sites\/10\/2026\/02\/Klesbyttemarked-768x543.jpg 768w, https:\/\/naturvernforbundet.no\/content\/uploads\/sites\/10\/2026\/02\/Klesbyttemarked-1536x1086.jpg 1536w, https:\/\/naturvernforbundet.no\/content\/uploads\/sites\/10\/2026\/02\/Klesbyttemarked-1920x1357.jpg 1920w\" sizes=\"auto, (max-width: 2000px) 100vw, 2000px\" \/><\/figure>\n\n<div class=\"wp-block-group alignfull is-layout-flow wp-block-group-is-layout-flow\">\n\t\n\t\t<div class=\"naturvern-event-meta\">\n\t\t<div class=\"naturvern-event-meta-inner\">\n\t\t\t<div class=\"event-date\">\n\t\t\t\t<div>\n\t\t\t\t\t<span class=\"day\">18.apr<\/span>\n\t\t\t\t\t<span class=\"year\">2026<\/span>\n\t\t\t\t<\/div>\n\t\t\t<\/div>\n\t\t<\/div>\n\t\t<\/div>\n\t<h2 class=\"t2-post-title wp-block-t2-post-title\">Den store klesbyttedagen p\u00e5 Sognsvann\ntema &#8211; friluftsliv<\/h2>\n\t<p class=\"wp-block-naturvern-post-excerpt\"><\/p>\n<\/div>\n\n<\/a>\n<\/div><\/div>\n\n\n\n<div class=\"wp-block-column is-layout-flow wp-block-column-is-layout-flow\"><div class=\"t2-featured-single-post t2-featured-content is-post-type-event wp-block-t2-featured-single-post\"><a class=\"t2-post-link wp-block-t2-post-link\" href=\"https:\/\/naturvernforbundet.no\/osloogakershus\/event\/apen-dag-tema-smak-pa-naturen\/\">\n<figure class=\"t2-post-featured-image has-image-ratio-4-3 wp-block-t2-post-featured-image\"><div class=\"t2-post-featured-image__fallback\"> <\/div><\/figure>\n\n<div class=\"wp-block-group alignfull is-layout-flow wp-block-group-is-layout-flow\">\n\t\n\t\t<div class=\"naturvern-event-meta\">\n\t\t<div class=\"naturvern-event-meta-inner\">\n\t\t\t<div class=\"event-date\">\n\t\t\t\t<div>\n\t\t\t\t\t<span class=\"day\">10.mai<\/span>\n\t\t\t\t\t<span class=\"year\">2026<\/span>\n\t\t\t\t<\/div>\n\t\t\t<\/div>\n\t\t<\/div>\n\t\t<\/div>\n\t<h2 class=\"t2-post-title wp-block-t2-post-title\">\u00c5pen dag &#8211; tema smak p\u00e5 naturen<\/h2>\n\t<p class=\"wp-block-naturvern-post-excerpt\"><\/p>\n<\/div>\n\n<\/a>\n<\/div><\/div>\n\n\n\n<div class=\"wp-block-column is-layout-flow wp-block-column-is-layout-flow\"><div class=\"t2-featured-single-post t2-featured-content is-post-type-event wp-block-t2-featured-single-post\"><a class=\"t2-post-link wp-block-t2-post-link\" href=\"https:\/\/naturvernforbundet.no\/osloogakershus\/event\/naturens-julemarked\/\">\n<figure style=\"--t2-focal-point: 50% 50%;\" class=\"t2-post-featured-image has-image-ratio-4-3 wp-block-t2-post-featured-image\"><img loading=\"lazy\" decoding=\"async\" width=\"2048\" height=\"1536\" src=\"https:\/\/naturvernforbundet.no\/content\/uploads\/sites\/10\/2025\/02\/naturens-julemarked-sofienberg-spellemannslag.jpg\" class=\"attachment-post-thumbnail size-post-thumbnail wp-post-image\" alt=\"Naturens Julemarked p\u00e5 S\u00f8ndre Sand\u00e5s. Sofienberg Spellemannslag ringer julen inn.\" srcset=\"https:\/\/naturvernforbundet.no\/content\/uploads\/sites\/10\/2025\/02\/naturens-julemarked-sofienberg-spellemannslag.jpg 2048w, https:\/\/naturvernforbundet.no\/content\/uploads\/sites\/10\/2025\/02\/naturens-julemarked-sofienberg-spellemannslag-300x225.jpg 300w, https:\/\/naturvernforbundet.no\/content\/uploads\/sites\/10\/2025\/02\/naturens-julemarked-sofienberg-spellemannslag-1024x768.jpg 1024w, https:\/\/naturvernforbundet.no\/content\/uploads\/sites\/10\/2025\/02\/naturens-julemarked-sofienberg-spellemannslag-768x576.jpg 768w, https:\/\/naturvernforbundet.no\/content\/uploads\/sites\/10\/2025\/02\/naturens-julemarked-sofienberg-spellemannslag-1536x1152.jpg 1536w, https:\/\/naturvernforbundet.no\/content\/uploads\/sites\/10\/2025\/02\/naturens-julemarked-sofienberg-spellemannslag-1920x1440.jpg 1920w\" sizes=\"auto, (max-width: 2048px) 100vw, 2048px\" \/><\/figure>\n\n<div class=\"wp-block-group alignfull is-layout-flow wp-block-group-is-layout-flow\">\n\t\n\t\t<div class=\"naturvern-event-meta\">\n\t\t<div class=\"naturvern-event-meta-inner\">\n\t\t\t<div class=\"event-date\">\n\t\t\t\t<div>\n\t\t\t\t\t<span class=\"day\">06.des<\/span>\n\t\t\t\t\t<span class=\"year\">2026<\/span>\n\t\t\t\t<\/div>\n\t\t\t<\/div>\n\t\t<\/div>\n\t\t<\/div>\n\t<h2 class=\"t2-post-title wp-block-t2-post-title\">Naturens julemarked<\/h2>\n\t<p class=\"wp-block-naturvern-post-excerpt\"><\/p>\n<\/div>\n\n<\/a>\n<\/div><\/div>\n<\/div>\n\n\n\n<h3 class=\"wp-block-heading\" id=\"h-undervisningstilbud-naernaturskolen\">Undervisningstilbud N\u00e6rnaturskolen <\/h3>\n\n\n\n<p>Er du student og \u00f8nsker \u00e5 f\u00e5 praktisk erfaring med formidling til barn og unge? Vi trenger frivillige til v\u00e5rt undervisningstilbud. Vi har turer b\u00e5de for barnehager, barneskole, ungdomsskole og VGS. Turene foreg\u00e5r p\u00e5 Sognsvann og i Sk\u00e5dalen.<\/p>\n\n\n\n<p>Synes du dette h\u00f8res spennende ut? Bli med p\u00e5 en tur og se om det er noe for deg. Vi holder oppl\u00e6ringskurs mandag 27.april kl. 9-14. <a href=\"https:\/\/forms.cloud.microsoft\/Pages\/ResponsePage.aspx?id=3LhPSD2nGU2C47NtQT1b7aqmX4jdgYNHnRCmsL5VeAxUNUJORTNJTU5HTDk3QVFIMlREOURUUEpVRS4u\">Meld deg p\u00e5 her.&nbsp;<\/a><\/p>\n\n\n\n<p>Les mer om v\u00e5rt undervisningsopplegg <a href=\"https:\/\/www.narnatur.no\/tilbud\">her<\/a>. <em>Tips: dette ser bra ut p\u00e5 cv-en!<\/em><\/p>\n\n\n\n<h3 class=\"wp-block-heading\" id=\"h-naturrestaurering\">Naturrestaurering <\/h3>\n\n\n\n<p>\u00d8nsker du \u00e5 gj\u00f8re en konkret forskjell for naturen lokalt? Vi driver med naturrestaurering flere steder i Oslo og Akershus. Bli med! <\/p>\n\n\n\n<p><\/p>\n\n\n\n<h3 class=\"wp-block-heading\" id=\"h-oslofjordarbeid\">Oslofjordarbeid <\/h3>\n\n\n\n<p>Vi har styrket arbeidet v\u00e5rt med Oslofjorden det siste \u00e5ret, og \u00f8nsker fremover \u00e5 arrangere enda flere aktiviteter som handler om fjorden. Tirsdag 21.april arrangerer Fjordgruppa v\u00e5r et <a href=\"https:\/\/naturvernforbundet.no\/osloogakershus\/event\/apent-mote-vernetiltak-for-oslofjorden-virker-de\/\">\u00e5pent m\u00f8te med foredrag med tema &laquo;Vernetiltak for Oslofjorden &#8211; virker de?&raquo;<\/a>. Etter foredraget fortsetter Fjordgruppa med ordin\u00e6rt m\u00f8te. Alle er velkomne.&nbsp;<\/p>\n\n\n\n<p>Vi planlegger ogs\u00e5 flere s\u00f8ppelryddeturer, kartleggingsturer, \u00e5pne arrangementer\/m\u00f8ter og restaureringsarbeid i l\u00f8pet av det neste halv\u00e5ret. Mer detaljert informasjon vil bli sendt ut p\u00e5 e-post og gjort synlig p\u00e5 nettsiden v\u00e5r n\u00e5r vi har planlagt n\u00e6rmere.&nbsp;<\/p>\n\n\n\n<div class=\"wp-block-columns is-layout-flex wp-container-core-columns-is-layout-2 wp-block-columns-is-layout-flex\">\n<div class=\"wp-block-column is-layout-flow wp-block-column-is-layout-flow\"><div class=\"t2-featured-single-post t2-featured-content is-post-type-event wp-block-t2-featured-single-post\"><a class=\"t2-post-link wp-block-t2-post-link\" href=\"https:\/\/naturvernforbundet.no\/osloogakershus\/event\/apent-mote-vernetiltak-for-oslofjorden-virker-de\/\">\n<figure style=\"--t2-focal-point: 50% 50%;\" class=\"t2-post-featured-image has-image-ratio-4-3 wp-block-t2-post-featured-image\"><img loading=\"lazy\" decoding=\"async\" width=\"1024\" height=\"574\" src=\"https:\/\/naturvernforbundet.no\/content\/uploads\/sites\/10\/2025\/05\/oslofjorden-2.jpg\" class=\"attachment-post-thumbnail size-post-thumbnail wp-post-image\" alt=\"\" srcset=\"https:\/\/naturvernforbundet.no\/content\/uploads\/sites\/10\/2025\/05\/oslofjorden-2.jpg 1024w, https:\/\/naturvernforbundet.no\/content\/uploads\/sites\/10\/2025\/05\/oslofjorden-2-300x168.jpg 300w, https:\/\/naturvernforbundet.no\/content\/uploads\/sites\/10\/2025\/05\/oslofjorden-2-768x431.jpg 768w\" sizes=\"auto, (max-width: 1024px) 100vw, 1024px\" \/><\/figure>\n\n<div class=\"wp-block-group alignfull is-layout-flow wp-block-group-is-layout-flow\">\n\t\n\t\t<div class=\"naturvern-event-meta\">\n\t\t<div class=\"naturvern-event-meta-inner\">\n\t\t\t<div class=\"event-date\">\n\t\t\t\t<div>\n\t\t\t\t\t<span class=\"day\">21.apr<\/span>\n\t\t\t\t\t<span class=\"year\">2026<\/span>\n\t\t\t\t<\/div>\n\t\t\t<\/div>\n\t\t<\/div>\n\t\t<\/div>\n\t<h2 class=\"t2-post-title wp-block-t2-post-title\">\u00c5pent m\u00f8te: Vernetiltak for Oslofjorden &#8211; virker de?<\/h2>\n\t<p class=\"wp-block-naturvern-post-excerpt\"><\/p>\n<\/div>\n\n<\/a>\n<\/div><\/div>\n\n\n\n<div class=\"wp-block-column is-layout-flow wp-block-column-is-layout-flow\"><\/div>\n\n\n\n<div class=\"wp-block-column is-layout-flow wp-block-column-is-layout-flow\"><\/div>\n<\/div>\n\n\n\n<h3 class=\"wp-block-heading\" id=\"h-naturen-for-alle\">Naturen for alle <\/h3>\n\n\n\n<p>Inkluderende n\u00e6rnaturturer er turer for de som i dag ikke bruker naturen aktivt. Turene er ment for \u00e5 gi en smakebit p\u00e5 hva man kan se, oppleve og l\u00e6re i naturen, en lavterskel tur for \u00e5 ville g\u00e5 p\u00e5 tur igjen. Vi \u00f8nsker \u00e5 bygge inn kunnskapsoverf\u00f8ring om naturfenomener, s\u00e5 vi kan kombinere det \u00e5 bli kjent med et omr\u00e5de, med \u00e5 f\u00e5 \u00f8kt kunnskap om naturen.<\/p>\n\n\n\n<p>Her trenger vi hjelp til b\u00e5de ideer til turer, kunnskapsinnhold, og til \u00e5 gjennomf\u00f8re turene. Vi trenger innspill til korte, vakre n\u00e6rnaturturer og temaer. Har du kjennskap til et omr\u00e5de? Turene finner sted ettermiddag\/kveld eller helg. Har du 1-2 timer en ettermiddag, eller kanskje 2 timer i en helg?<\/p>\n\n\n\n<div class=\"wp-block-columns is-layout-flex wp-container-core-columns-is-layout-3 wp-block-columns-is-layout-flex\">\n<div class=\"wp-block-column is-layout-flow wp-block-column-is-layout-flow\"><div class=\"t2-featured-single-post t2-featured-content is-post-type-event local-oslo-sor wp-block-t2-featured-single-post\"><a class=\"t2-post-link wp-block-t2-post-link\" href=\"https:\/\/naturvernforbundet.no\/osloogakershus\/event\/fuglesangtur-langs-ljanselva-2\/\">\n<figure style=\"--t2-focal-point: 50% 50%;\" class=\"t2-post-featured-image has-image-ratio-4-3 wp-block-t2-post-featured-image\"><img loading=\"lazy\" decoding=\"async\" width=\"960\" height=\"720\" src=\"https:\/\/naturvernforbundet.no\/content\/uploads\/sites\/10\/2026\/04\/fuglesangtur_1.jpg\" class=\"attachment-post-thumbnail size-post-thumbnail wp-post-image\" alt=\"\" srcset=\"https:\/\/naturvernforbundet.no\/content\/uploads\/sites\/10\/2026\/04\/fuglesangtur_1.jpg 960w, https:\/\/naturvernforbundet.no\/content\/uploads\/sites\/10\/2026\/04\/fuglesangtur_1-300x225.jpg 300w, https:\/\/naturvernforbundet.no\/content\/uploads\/sites\/10\/2026\/04\/fuglesangtur_1-768x576.jpg 768w\" sizes=\"auto, (max-width: 960px) 100vw, 960px\" \/><\/figure>\n\n<div class=\"wp-block-group alignfull is-layout-flow wp-block-group-is-layout-flow\">\n\t\n\t\t<div class=\"naturvern-event-meta\">\n\t\t<div class=\"naturvern-event-meta-inner\">\n\t\t\t<div class=\"event-date\">\n\t\t\t\t<div>\n\t\t\t\t\t<span class=\"day\">04.mai<\/span>\n\t\t\t\t\t<span class=\"year\">2026<\/span>\n\t\t\t\t<\/div>\n\t\t\t<\/div>\n\t\t<\/div>\n\t\t<\/div>\n\t<h2 class=\"t2-post-title wp-block-t2-post-title\">Fuglesangtur langs Ljanselva<\/h2>\n\t<p class=\"wp-block-naturvern-post-excerpt\"><\/p>\n<\/div>\n\n<\/a>\n<\/div><\/div>\n\n\n\n<div class=\"wp-block-column is-layout-flow wp-block-column-is-layout-flow\"><\/div>\n\n\n\n<div class=\"wp-block-column is-layout-flow wp-block-column-is-layout-flow\"><\/div>\n<\/div>\n\n\n\n<h3 class=\"wp-block-heading\" id=\"h-markagruppa\">Markagruppa <\/h3>\n\n\n\n<p>Markagruppa er et diskusjonsforum og r\u00e5dgivende organ for fylkeslaget i saker som ang\u00e5r Oslomarka. Markagruppa m\u00f8tes normalt en gang i m\u00e5neden p\u00e5 S\u00f8ndre Sand\u00e5s ved Sognsvann. Blant sakene som diskuteres er hogstplaner, veibygging, byggesaker, skogvern og plan- og forvaltningssaker. NOAs administrasjon og prosjektgrupper jobber videre med sakene. Medlemmer i markagruppa oppfordres til \u00e5&nbsp;bidra i saksarbeidet innenfor egne interessefelt.<\/p>\n\n\n\n<p>Alle markainteresserte medlemmer i Naturvernforbundet er velkommen til \u00e5 v\u00e6re med i markagruppa!<\/p>\n\n\n\n<div class=\"wp-block-columns is-layout-flex wp-container-core-columns-is-layout-4 wp-block-columns-is-layout-flex\">\n<div class=\"wp-block-column is-layout-flow wp-block-column-is-layout-flow\"><div class=\"t2-featured-single-post t2-featured-content is-post-type-event wp-block-t2-featured-single-post\"><a class=\"t2-post-link wp-block-t2-post-link\" href=\"https:\/\/naturvernforbundet.no\/osloogakershus\/event\/mote-i-markagruppa\/\">\n<figure style=\"--t2-focal-point: 50% 50%;\" class=\"t2-post-featured-image has-image-ratio-4-3 wp-block-t2-post-featured-image\"><img loading=\"lazy\" decoding=\"async\" width=\"2560\" height=\"1702\" src=\"https:\/\/naturvernforbundet.no\/content\/uploads\/sites\/10\/2024\/04\/Strukturvariasjon-1-scaled.jpg\" class=\"attachment-post-thumbnail size-post-thumbnail wp-post-image\" alt=\"Eventyrskog\" srcset=\"https:\/\/naturvernforbundet.no\/content\/uploads\/sites\/10\/2024\/04\/Strukturvariasjon-1-scaled.jpg 2560w, https:\/\/naturvernforbundet.no\/content\/uploads\/sites\/10\/2024\/04\/Strukturvariasjon-1-300x199.jpg 300w, https:\/\/naturvernforbundet.no\/content\/uploads\/sites\/10\/2024\/04\/Strukturvariasjon-1-1024x681.jpg 1024w, https:\/\/naturvernforbundet.no\/content\/uploads\/sites\/10\/2024\/04\/Strukturvariasjon-1-768x511.jpg 768w, https:\/\/naturvernforbundet.no\/content\/uploads\/sites\/10\/2024\/04\/Strukturvariasjon-1-1536x1021.jpg 1536w, https:\/\/naturvernforbundet.no\/content\/uploads\/sites\/10\/2024\/04\/Strukturvariasjon-1-2048x1362.jpg 2048w, https:\/\/naturvernforbundet.no\/content\/uploads\/sites\/10\/2024\/04\/Strukturvariasjon-1-1920x1277.jpg 1920w\" sizes=\"auto, (max-width: 2560px) 100vw, 2560px\" \/><\/figure>\n\n<div class=\"wp-block-group alignfull is-layout-flow wp-block-group-is-layout-flow\">\n\t\n\t\t<div class=\"naturvern-event-meta\">\n\t\t<div class=\"naturvern-event-meta-inner\">\n\t\t\t<div class=\"event-date\">\n\t\t\t\t<div>\n\t\t\t\t\t<span class=\"day\">16.apr<\/span>\n\t\t\t\t\t<span class=\"year\">2026<\/span>\n\t\t\t\t<\/div>\n\t\t\t<\/div>\n\t\t<\/div>\n\t\t<\/div>\n\t<h2 class=\"t2-post-title wp-block-t2-post-title\">M\u00f8te i Markagruppa<\/h2>\n\t<p class=\"wp-block-naturvern-post-excerpt\"><\/p>\n<\/div>\n\n<\/a>\n<\/div><\/div>\n\n\n\n<div class=\"wp-block-column is-layout-flow wp-block-column-is-layout-flow\"><div class=\"t2-featured-single-post t2-featured-content is-post-type-event wp-block-t2-featured-single-post\"><a class=\"t2-post-link wp-block-t2-post-link\" href=\"https:\/\/naturvernforbundet.no\/osloogakershus\/event\/mote-i-markagruppa-2\/\">\n<figure style=\"--t2-focal-point: 50% 50%;\" class=\"t2-post-featured-image has-image-ratio-4-3 wp-block-t2-post-featured-image\"><img loading=\"lazy\" decoding=\"async\" width=\"2560\" height=\"1702\" src=\"https:\/\/naturvernforbundet.no\/content\/uploads\/sites\/10\/2024\/04\/Romopplevelse-scaled.jpg\" class=\"attachment-post-thumbnail size-post-thumbnail wp-post-image\" alt=\"Eventyrskog\" srcset=\"https:\/\/naturvernforbundet.no\/content\/uploads\/sites\/10\/2024\/04\/Romopplevelse-scaled.jpg 2560w, https:\/\/naturvernforbundet.no\/content\/uploads\/sites\/10\/2024\/04\/Romopplevelse-300x199.jpg 300w, https:\/\/naturvernforbundet.no\/content\/uploads\/sites\/10\/2024\/04\/Romopplevelse-1024x681.jpg 1024w, https:\/\/naturvernforbundet.no\/content\/uploads\/sites\/10\/2024\/04\/Romopplevelse-768x511.jpg 768w, https:\/\/naturvernforbundet.no\/content\/uploads\/sites\/10\/2024\/04\/Romopplevelse-1536x1021.jpg 1536w, https:\/\/naturvernforbundet.no\/content\/uploads\/sites\/10\/2024\/04\/Romopplevelse-2048x1362.jpg 2048w, https:\/\/naturvernforbundet.no\/content\/uploads\/sites\/10\/2024\/04\/Romopplevelse-1920x1277.jpg 1920w\" sizes=\"auto, (max-width: 2560px) 100vw, 2560px\" \/><\/figure>\n\n<div class=\"wp-block-group alignfull is-layout-flow wp-block-group-is-layout-flow\">\n\t\n\t\t<div class=\"naturvern-event-meta\">\n\t\t<div class=\"naturvern-event-meta-inner\">\n\t\t\t<div class=\"event-date\">\n\t\t\t\t<div>\n\t\t\t\t\t<span class=\"day\">27.mai<\/span>\n\t\t\t\t\t<span class=\"year\">2026<\/span>\n\t\t\t\t<\/div>\n\t\t\t<\/div>\n\t\t<\/div>\n\t\t<\/div>\n\t<h2 class=\"t2-post-title wp-block-t2-post-title\">M\u00f8te i Markagruppa<\/h2>\n\t<p class=\"wp-block-naturvern-post-excerpt\"><\/p>\n<\/div>\n\n<\/a>\n<\/div><\/div>\n\n\n\n<div class=\"wp-block-column is-layout-flow wp-block-column-is-layout-flow\"><\/div>\n<\/div>\n\n\n\n<h3 class=\"wp-block-heading\" id=\"block-1e4508e5-4bd2-46a4-a39f-039445a251e4\"><strong>Dugnadsgjengen p\u00e5 S\u00f8ndre Sand\u00e5s:<\/strong><\/h3>\n\n\n\n<p>Kan du tenke deg \u00e5 bli en del av dugnadsmilj\u00f8et ved v\u00e5re lokaler p\u00e5 S\u00f8ndre Sand\u00e5s p\u00e5 Sognsvann? Med jevne mellomrom treffes en trivelig gjeng i lokalene v\u00e5re for \u00e5 ruste opp enten innen- eller utend\u00f8rs.<\/p>\n\n\n\n<p>Oppgavene spenner fra enkelt vedlikehold som snekring og maling, til vedkl\u00f8yving og hagearbeid. Alle bidrag er kj\u00e6rkomment. H\u00e5per vi ser nettopp deg!&nbsp; <\/p>\n\n\n\n<p>Se kalenderen v\u00e5r for <a href=\"https:\/\/naturvernforbundet.no\/osloogakershus\/event\/\">aktuelle datoer<\/a>, eller ta kontakt med <a href=\"mailto:noa@naturvernforbundet.no?subject=Dugnad p\u00e5 S\u00f8ndre Sand\u00e5s\">noa@naturvernforbundet.no<\/a> for mer informasjon og p\u00e5melding.<\/p>\n\n\n\n<h3 class=\"wp-block-heading\"><strong>Driftsgruppa p\u00e5 Fr\u00f8nsvollen:<\/strong><\/h3>\n\n\n\n<p><br>Vil du hjelpe oss \u00e5 drifte&nbsp;<a href=\"https:\/\/naturvernforbundet.no\/osloogakershus\/om-fylkeslaget\/fronsvollen\/\">Fr\u00f8nsvollen<\/a>? Er du nysgjerrig p\u00e5 bir\u00f8kterkunsten? Eller vil du dyrke dine egne poteter?<br>P\u00e5 Fr\u00f8nsvollen&nbsp;har vi egen bir\u00f8ktergruppe, kj\u00f8kkenhage, og&nbsp;arrangerer blant annet&nbsp;sommerfester,&nbsp;turer, arrangementer og dugnader for vedlikehold.<br><br>Ta kontakt med p\u00e5&nbsp;<a href=\"mailto:fv@naturvernforbundet.no\" target=\"_blank\" rel=\"noreferrer noopener\">fv@naturvernforbundet.no<\/a>.<br>&nbsp;<\/p>\n","protected":false},"excerpt":{"rendered":"","protected":false},"author":341,"featured_media":8993,"parent":6,"menu_order":0,"comment_status":"closed","ping_status":"closed","template":"","meta":{"_relevanssi_hide_post":"","_relevanssi_hide_content":"","_relevanssi_pin_for_all":"","_relevanssi_pin_keywords":"","_relevanssi_unpin_keywords":"","_relevanssi_related_keywords":"","_relevanssi_related_include_ids":"","_relevanssi_related_exclude_ids":"","_relevanssi_related_no_append":"","_relevanssi_related_not_related":"","_relevanssi_related_posts":"14084,13327,10312,7010,9148,13312","_relevanssi_noindex_reason":"","hide_logo":false,"footnotes":""},"categories":[],"class_list":["post-3741","page","type-page","status-publish","has-post-thumbnail","hentry"],"acf":[],"yoast_head":"<!-- This site is optimized with the Yoast SEO Premium plugin v24.9 (Yoast SEO v24.9) - https:\/\/yoast.com\/wordpress\/plugins\/seo\/ -->\n<title>Bli frivillig - Oslo og Akershus<\/title>\n<meta name=\"robots\" content=\"index, follow, max-snippet:-1, max-image-preview:large, max-video-preview:-1\" \/>\n<link rel=\"canonical\" href=\"https:\/\/naturvernforbundet.no\/osloogakershus\/forside\/bli-frivillig\/\" \/>\n<meta property=\"og:locale\" content=\"nb_NO\" \/>\n<meta property=\"og:type\" content=\"article\" \/>\n<meta property=\"og:title\" content=\"Bli frivillig\" \/>\n<meta property=\"og:url\" content=\"https:\/\/naturvernforbundet.no\/osloogakershus\/forside\/bli-frivillig\/\" \/>\n<meta property=\"og:site_name\" content=\"Oslo og Akershus\" \/>\n<meta property=\"article:modified_time\" content=\"2026-04-13T12:52:06+00:00\" \/>\n<meta property=\"og:image\" content=\"https:\/\/naturvernforbundet.no\/content\/uploads\/sites\/10\/2023\/11\/Fronsvollen-blomstereng.jpg\" \/>\n\t<meta property=\"og:image:width\" content=\"1880\" \/>\n\t<meta property=\"og:image:height\" content=\"1253\" \/>\n\t<meta property=\"og:image:type\" content=\"image\/jpeg\" \/>\n<meta name=\"twitter:card\" content=\"summary_large_image\" \/>\n<meta name=\"twitter:label1\" content=\"Ansl. lesetid\" \/>\n\t<meta name=\"twitter:data1\" content=\"5 minutter\" \/>\n<script type=\"application\/ld+json\" class=\"yoast-schema-graph\">{\"@context\":\"https:\/\/schema.org\",\"@graph\":[{\"@type\":\"WebPage\",\"@id\":\"https:\/\/naturvernforbundet.no\/osloogakershus\/forside\/bli-frivillig\/\",\"url\":\"https:\/\/naturvernforbundet.no\/osloogakershus\/forside\/bli-frivillig\/\",\"name\":\"Bli frivillig - Oslo og Akershus\",\"isPartOf\":{\"@id\":\"https:\/\/naturvernforbundet.no\/osloogakershus\/#website\"},\"primaryImageOfPage\":{\"@id\":\"https:\/\/naturvernforbundet.no\/osloogakershus\/forside\/bli-frivillig\/#primaryimage\"},\"image\":{\"@id\":\"https:\/\/naturvernforbundet.no\/osloogakershus\/forside\/bli-frivillig\/#primaryimage\"},\"thumbnailUrl\":\"https:\/\/naturvernforbundet.no\/content\/uploads\/sites\/10\/2023\/11\/Fronsvollen-blomstereng.jpg\",\"datePublished\":\"2022-10-20T12:33:11+00:00\",\"dateModified\":\"2026-04-13T12:52:06+00:00\",\"breadcrumb\":{\"@id\":\"https:\/\/naturvernforbundet.no\/osloogakershus\/forside\/bli-frivillig\/#breadcrumb\"},\"inLanguage\":\"nb-NO\",\"potentialAction\":[{\"@type\":\"ReadAction\",\"target\":[\"https:\/\/naturvernforbundet.no\/osloogakershus\/forside\/bli-frivillig\/\"]}]},{\"@type\":\"ImageObject\",\"inLanguage\":\"nb-NO\",\"@id\":\"https:\/\/naturvernforbundet.no\/osloogakershus\/forside\/bli-frivillig\/#primaryimage\",\"url\":\"https:\/\/naturvernforbundet.no\/content\/uploads\/sites\/10\/2023\/11\/Fronsvollen-blomstereng.jpg\",\"contentUrl\":\"https:\/\/naturvernforbundet.no\/content\/uploads\/sites\/10\/2023\/11\/Fronsvollen-blomstereng.jpg\",\"width\":1880,\"height\":1253},{\"@type\":\"BreadcrumbList\",\"@id\":\"https:\/\/naturvernforbundet.no\/osloogakershus\/forside\/bli-frivillig\/#breadcrumb\",\"itemListElement\":[{\"@type\":\"ListItem\",\"position\":1,\"name\":\"Till naturvernforbundet.no\",\"item\":\"https:\/\/naturvernforbundet.no\/\"},{\"@type\":\"ListItem\",\"position\":2,\"name\":\"Oslo og Akershus\",\"item\":\"https:\/\/naturvernforbundet.no\/osloogakershus\/\"},{\"@type\":\"ListItem\",\"position\":3,\"name\":\"Forside\",\"item\":\"https:\/\/naturvernforbundet.no\/osloogakershus\/\"},{\"@type\":\"ListItem\",\"position\":4,\"name\":\"Bli frivillig\"}]},{\"@type\":\"WebSite\",\"@id\":\"https:\/\/naturvernforbundet.no\/osloogakershus\/#website\",\"url\":\"https:\/\/naturvernforbundet.no\/osloogakershus\/\",\"name\":\"Oslo og Akershus\",\"description\":\"Bare enda et Naturvernforbundet Sites-nettsted\",\"potentialAction\":[{\"@type\":\"SearchAction\",\"target\":{\"@type\":\"EntryPoint\",\"urlTemplate\":\"https:\/\/naturvernforbundet.no\/osloogakershus\/?s={search_term_string}\"},\"query-input\":{\"@type\":\"PropertyValueSpecification\",\"valueRequired\":true,\"valueName\":\"search_term_string\"}}],\"inLanguage\":\"nb-NO\"}]}<\/script>\n<!-- \/ Yoast SEO Premium plugin. -->","yoast_head_json":{"title":"Bli frivillig - Oslo og Akershus","robots":{"index":"index","follow":"follow","max-snippet":"max-snippet:-1","max-image-preview":"max-image-preview:large","max-video-preview":"max-video-preview:-1"},"canonical":"https:\/\/naturvernforbundet.no\/osloogakershus\/forside\/bli-frivillig\/","og_locale":"nb_NO","og_type":"article","og_title":"Bli frivillig","og_url":"https:\/\/naturvernforbundet.no\/osloogakershus\/forside\/bli-frivillig\/","og_site_name":"Oslo og Akershus","article_modified_time":"2026-04-13T12:52:06+00:00","og_image":[{"width":1880,"height":1253,"url":"https:\/\/naturvernforbundet.no\/content\/uploads\/sites\/10\/2023\/11\/Fronsvollen-blomstereng.jpg","type":"image\/jpeg"}],"twitter_card":"summary_large_image","twitter_misc":{"Ansl. lesetid":"5 minutter"},"schema":{"@context":"https:\/\/schema.org","@graph":[{"@type":"WebPage","@id":"https:\/\/naturvernforbundet.no\/osloogakershus\/forside\/bli-frivillig\/","url":"https:\/\/naturvernforbundet.no\/osloogakershus\/forside\/bli-frivillig\/","name":"Bli frivillig - Oslo og Akershus","isPartOf":{"@id":"https:\/\/naturvernforbundet.no\/osloogakershus\/#website"},"primaryImageOfPage":{"@id":"https:\/\/naturvernforbundet.no\/osloogakershus\/forside\/bli-frivillig\/#primaryimage"},"image":{"@id":"https:\/\/naturvernforbundet.no\/osloogakershus\/forside\/bli-frivillig\/#primaryimage"},"thumbnailUrl":"https:\/\/naturvernforbundet.no\/content\/uploads\/sites\/10\/2023\/11\/Fronsvollen-blomstereng.jpg","datePublished":"2022-10-20T12:33:11+00:00","dateModified":"2026-04-13T12:52:06+00:00","breadcrumb":{"@id":"https:\/\/naturvernforbundet.no\/osloogakershus\/forside\/bli-frivillig\/#breadcrumb"},"inLanguage":"nb-NO","potentialAction":[{"@type":"ReadAction","target":["https:\/\/naturvernforbundet.no\/osloogakershus\/forside\/bli-frivillig\/"]}]},{"@type":"ImageObject","inLanguage":"nb-NO","@id":"https:\/\/naturvernforbundet.no\/osloogakershus\/forside\/bli-frivillig\/#primaryimage","url":"https:\/\/naturvernforbundet.no\/content\/uploads\/sites\/10\/2023\/11\/Fronsvollen-blomstereng.jpg","contentUrl":"https:\/\/naturvernforbundet.no\/content\/uploads\/sites\/10\/2023\/11\/Fronsvollen-blomstereng.jpg","width":1880,"height":1253},{"@type":"BreadcrumbList","@id":"https:\/\/naturvernforbundet.no\/osloogakershus\/forside\/bli-frivillig\/#breadcrumb","itemListElement":[{"@type":"ListItem","position":1,"name":"Till naturvernforbundet.no","item":"https:\/\/naturvernforbundet.no\/"},{"@type":"ListItem","position":2,"name":"Oslo og Akershus","item":"https:\/\/naturvernforbundet.no\/osloogakershus\/"},{"@type":"ListItem","position":3,"name":"Forside","item":"https:\/\/naturvernforbundet.no\/osloogakershus\/"},{"@type":"ListItem","position":4,"name":"Bli frivillig"}]},{"@type":"WebSite","@id":"https:\/\/naturvernforbundet.no\/osloogakershus\/#website","url":"https:\/\/naturvernforbundet.no\/osloogakershus\/","name":"Oslo og Akershus","description":"Bare enda et Naturvernforbundet Sites-nettsted","potentialAction":[{"@type":"SearchAction","target":{"@type":"EntryPoint","urlTemplate":"https:\/\/naturvernforbundet.no\/osloogakershus\/?s={search_term_string}"},"query-input":{"@type":"PropertyValueSpecification","valueRequired":true,"valueName":"search_term_string"}}],"inLanguage":"nb-NO"}]}},"_links":{"self":[{"href":"https:\/\/naturvernforbundet.no\/osloogakershus\/wp-json\/wp\/v2\/pages\/3741","targetHints":{"allow":["GET"]}}],"collection":[{"href":"https:\/\/naturvernforbundet.no\/osloogakershus\/wp-json\/wp\/v2\/pages"}],"about":[{"href":"https:\/\/naturvernforbundet.no\/osloogakershus\/wp-json\/wp\/v2\/types\/page"}],"author":[{"embeddable":true,"href":"https:\/\/naturvernforbundet.no\/osloogakershus\/wp-json\/wp\/v2\/users\/341"}],"replies":[{"embeddable":true,"href":"https:\/\/naturvernforbundet.no\/osloogakershus\/wp-json\/wp\/v2\/comments?post=3741"}],"version-history":[{"count":52,"href":"https:\/\/naturvernforbundet.no\/osloogakershus\/wp-json\/wp\/v2\/pages\/3741\/revisions"}],"predecessor-version":[{"id":17215,"href":"https:\/\/naturvernforbundet.no\/osloogakershus\/wp-json\/wp\/v2\/pages\/3741\/revisions\/17215"}],"up":[{"embeddable":true,"href":"https:\/\/naturvernforbundet.no\/osloogakershus\/wp-json\/wp\/v2\/pages\/6"}],"wp:featuredmedia":[{"embeddable":true,"href":"https:\/\/naturvernforbundet.no\/osloogakershus\/wp-json\/wp\/v2\/media\/8993"}],"wp:attachment":[{"href":"https:\/\/naturvernforbundet.no\/osloogakershus\/wp-json\/wp\/v2\/media?parent=3741"}],"wp:term":[{"taxonomy":"category","embeddable":true,"href":"https:\/\/naturvernforbundet.no\/osloogakershus\/wp-json\/wp\/v2\/categories?post=3741"}],"curies":[{"name":"wp","href":"https:\/\/api.w.org\/{rel}","templated":true}]}}