{"id":2513,"date":"2026-08-15T09:50:09","date_gmt":"2026-08-15T07:50:09","guid":{"rendered":"https:\/\/naturvernforbundet.no\/ostfold\/?post_type=event&#038;p=2513"},"modified":"2026-08-15T10:28:52","modified_gmt":"2026-08-15T08:28:52","slug":"slattekurs-pa-ulveholtet-2026","status":"publish","type":"event","link":"https:\/\/naturvernforbundet.no\/ostfold\/event\/slattekurs-pa-ulveholtet-2026\/","title":{"rendered":"Bli med p\u00e5 sl\u00e5ttekurs p\u00e5 Ulveholtet 22.-23. august og 29.-30. august!"},"content":{"rendered":"\t<div class=\"template-event alignnone wp-block-naturvern-hero\">\n\t\t<div class=\"hero__inner\">\n\t\t\t<div class=\"hero__inner_blocks\">\n\t\t\t\t\n\t\t<div class=\"naturvern-event-meta\">\n\t\t<div class=\"naturvern-event-meta-inner\">\n\t\t\t<div class=\"event-date\">\n\t\t\t\t<div>\n\t\t\t\t\t<span class=\"day\">22.aug<\/span>\n\t\t\t\t\t<span class=\"year\">2026<\/span>\n\t\t\t\t<\/div>\n\t\t\t<\/div>\n\t\t<\/div>\n\t\t<\/div>\t\t\t\t\n<h1 class=\"wp-block-post-title\">Bli med p\u00e5 sl\u00e5ttekurs p\u00e5 Ulveholtet 22.-23. august og 29.-30. august!<\/h1>\n\n\n\t\t\t<div class=\"naturvern-event-meta-full\">\n\t\t\t<div class=\"naturvern-event-meta-inner\">\n\t\t\t\t<div>\n\t\t\t\t\t<span>Hva:<\/span>\n\t\t\t\t\t<span>Sl\u00e5ttekurs<\/span>\n\t\t\t\t<\/div>\n\t\t\t\t<div>\n\t\t\t\t\t<span>N\u00e5r:<\/span>\n\t\t\t\t\t<span>22.aug, kl. 11:00 &#8211; 23.aug, kl. 23:59<\/span>\n\t\t\t\t<\/div>\n\t\t\t\t<div>\n\t\t\t\t\t<span>Hvor:<\/span>\n\t\t\t\t\t<span>Ulveholtet<\/span>\n\t\t\t\t<\/div>\n\t\t\t<\/div>\n\t\t\t<\/div>\n\n\n<p>Enga p\u00e5 Ulveholtet er en gammel sl\u00e5ttemark med et relativt stort artsmangfold som det er viktig \u00e5 ta vare p\u00e5. <\/p>\n\n\n\n<p>Sl\u00e5ttemark er en kritisk truet naturtype, og den beste m\u00e5ten \u00e5 bevare sl\u00e5ttemark p\u00e5 er \u00e5 sl\u00e5 gresset med lj\u00e5 og fjerne h\u00f8yet minst \u00e9n gang i \u00e5ret.<br>Naturvernforbundet i Halden har i samarbeid med Halden kommune derfor satt i gang et prosjekt der vi gjennomf\u00f8rer kurs i lj\u00e5-sl\u00e5tt p\u00e5 Ulveholtet.<\/p>\n\n\n<figure class=\"wp-block-post-featured-image\"><img loading=\"lazy\" decoding=\"async\" width=\"591\" height=\"445\" src=\"https:\/\/naturvernforbundet.no\/content\/uploads\/sites\/22\/2026\/08\/slaattemenn_og_kvinner_paa_enga.jpg\" class=\"attachment-post-thumbnail size-post-thumbnail wp-post-image\" alt=\"Sl\u00e5ttemenn og -kvinner p\u00e5 enga p\u00e5 Ulveholtet\" style=\"object-fit:cover;\" srcset=\"https:\/\/naturvernforbundet.no\/content\/uploads\/sites\/22\/2026\/08\/slaattemenn_og_kvinner_paa_enga.jpg 591w, https:\/\/naturvernforbundet.no\/content\/uploads\/sites\/22\/2026\/08\/slaattemenn_og_kvinner_paa_enga-300x226.jpg 300w\" sizes=\"auto, (max-width: 591px) 100vw, 591px\" \/><\/figure>\n\t\t\t<\/div>\n\t\t\t\t\t<\/div>\n\t\t\t<\/div>\n\t\n\n\n<p>Kursene vil foreg\u00e5 helgene 22-23 august og 29-30 august. Det er mulig \u00e5 delta p\u00e5 enkeltdager, \u00e9n av helgene eller begge helgene. Det er ogs\u00e5 mulighet for overnatting p\u00e5 Ulveholtet s\u00e5 langt det er plass. Det vil bli felles matlaging og bespisning for de som \u00f8nsker det.<\/p>\n\n\n\n<p>Kurset passer for alle enten man er helt nybegynner eller erfaren &laquo;sl\u00e5ttekar&raquo;. Kurset er gratis.<\/p>\n\n\n\n<p>P\u00e5 kurset vil du:<\/p>\n\n\n\n<ul class=\"wp-block-list\">\n<li>L\u00e6re grunnleggende sl\u00e5tteteknikk<\/li>\n\n\n\n<li>L\u00e6re \u00e5 holde lj\u00e5bladet skarpt (tynslelj\u00e5)<\/li>\n\n\n\n<li>L\u00e6re om sikker h\u00e5ndtering av lj\u00e5en<\/li>\n\n\n\n<li>L\u00e6re om de \u00f8kologiske faktorene som p\u00e5virker artsmangfoldet i blomsterenger.<\/li>\n<\/ul>\n\n\n\n<figure class=\"wp-block-image size-full\"><img loading=\"lazy\" decoding=\"async\" width=\"511\" height=\"385\" src=\"https:\/\/naturvernforbundet.no\/content\/uploads\/sites\/22\/2026\/08\/enga-og-ljaaen-ulveholtet.png\" alt=\"Lj\u00e5en p\u00e5 enga p\u00e5 Ulveholtet\" class=\"wp-image-2515\" srcset=\"https:\/\/naturvernforbundet.no\/content\/uploads\/sites\/22\/2026\/08\/enga-og-ljaaen-ulveholtet.png 511w, https:\/\/naturvernforbundet.no\/content\/uploads\/sites\/22\/2026\/08\/enga-og-ljaaen-ulveholtet-300x226.png 300w\" sizes=\"auto, (max-width: 511px) 100vw, 511px\" \/><figcaption class=\"wp-element-caption\">Lj\u00e5en p\u00e5 enga p\u00e5 Ulveholtet<\/figcaption><\/figure>\n\n\n\n<p>Vi disponerer utstyr s\u00e5 fire personer kan sl\u00e5 samtidig. Dette kan vi bytte p\u00e5 s\u00e5 flest mulig f\u00e5r pr\u00f8vd seg i l\u00f8pet av hver dag. De som ikke sl\u00e5r, kan v\u00e6re med \u00e5 rake sammen og hoppe i h\u00f8yet :). Ved overnatting vil det ogs\u00e5 v\u00e6re n\u00f8dvendig at noen gj\u00f8r i stand fellesm\u00e5ltider etc.<\/p>\n\n\n\n<p>Dato: <strong>22-23 august og 29-30 august<\/strong> (Separate p\u00e5meldinger i lenkene under)<\/p>\n\n\n\n<p>Klokkeslett: <strong>Vi starter kl 11:00 alle dager<\/strong>, og holder p\u00e5 s\u00e5 lenge det passer hver enkelt.<\/p>\n\n\n\n<p>Oppm\u00f8te: P\u00e5 <strong>Ulveholtet<\/strong> som ligger ca 30 minutters gange fra <a href=\"https:\/\/maps.app.goo.gl\/nUPTbuHJpfLEHLA58\" target=\"_blank\" rel=\"noreferrer noopener\">denne parkeringen.<\/a> <\/p>\n\n\n\n<p>Ved sp\u00f8rsm\u00e5l kan du ta kontakt med <strong>Torstein Dahl p\u00e5 mobil: 408 75 986<\/strong><\/p>\n\n\n\n<figure class=\"wp-block-image size-full\"><img loading=\"lazy\" decoding=\"async\" width=\"406\" height=\"542\" src=\"https:\/\/naturvernforbundet.no\/content\/uploads\/sites\/22\/2026\/08\/torstein_ljaaen_og_enga.jpg\" alt=\"Torstein, lj\u00e5en og enga\" class=\"wp-image-2518\" srcset=\"https:\/\/naturvernforbundet.no\/content\/uploads\/sites\/22\/2026\/08\/torstein_ljaaen_og_enga.jpg 406w, https:\/\/naturvernforbundet.no\/content\/uploads\/sites\/22\/2026\/08\/torstein_ljaaen_og_enga-225x300.jpg 225w\" sizes=\"auto, (max-width: 406px) 100vw, 406px\" \/><figcaption class=\"wp-element-caption\">Torstein, lj\u00e5en og enga<\/figcaption><\/figure>\n\n\n\n<p><a href=\"https:\/\/docs.google.com\/forms\/d\/e\/1FAIpQLSexc8bjDOooHg9NxK7KveRk3oJaOrLAeDHhjQlukDBo51zNVg\/viewform?usp=publish-editor\" target=\"_blank\" rel=\"noreferrer noopener\"><strong>P\u00e5melding til dagene 22-23 august finner du her<\/strong><\/a><br><a href=\"https:\/\/docs.google.com\/forms\/d\/e\/1FAIpQLSd4rXaz1Ac9kyPpr6sGfKlLR5_FEVaGZcoDIBgBAnTp2kf5-w\/viewform?usp=publish-editor\" target=\"_blank\" rel=\"noreferrer noopener\"><strong>P\u00e5melding til dagene 29-30 august finner du her<\/strong><\/a><\/p>\n","protected":false},"excerpt":{"rendered":"","protected":false},"featured_media":2517,"template":"","meta":{"_relevanssi_hide_post":"","_relevanssi_hide_content":"","_relevanssi_pin_for_all":"","_relevanssi_pin_keywords":"Sl&aring;ttekurs, Ulveholtet, Halden","_relevanssi_unpin_keywords":"","_relevanssi_related_keywords":"","_relevanssi_related_include_ids":"","_relevanssi_related_exclude_ids":"","_relevanssi_related_no_append":"","_relevanssi_related_not_related":"","_relevanssi_related_posts":"2497,1923,2093,2401,287,2325","_relevanssi_noindex_reason":"","hide_logo":false,"_start_date":"2026-08-22T11:00:00","_end_date":"2026-08-23T23:59:00","_event_type":"Sl\u00e5ttekurs","_event_location":"Ulveholtet","footnotes":"","_members_access_role":[],"_members_access_error":""},"local":[5],"class_list":["post-2513","event","type-event","status-publish","has-post-thumbnail","hentry","local-halden"],"acf":[],"yoast_head":"<!-- This site is optimized with the Yoast SEO plugin v24.9 - https:\/\/yoast.com\/wordpress\/plugins\/seo\/ -->\n<title>Bli med p\u00e5 sl\u00e5ttekurs p\u00e5 Ulveholtet 22.-23. august og 29.-30. august! - \u00d8stfold<\/title>\n<meta name=\"robots\" content=\"index, follow, max-snippet:-1, max-image-preview:large, max-video-preview:-1\" \/>\n<link rel=\"canonical\" href=\"https:\/\/naturvernforbundet.no\/ostfold\/event\/slattekurs-pa-ulveholtet-2026\/\" \/>\n<meta property=\"og:locale\" content=\"nb_NO\" \/>\n<meta property=\"og:type\" content=\"article\" \/>\n<meta property=\"og:title\" content=\"Bli med p\u00e5 sl\u00e5ttekurs p\u00e5 Ulveholtet 22.-23. august og 29.-30. august! - \u00d8stfold\" \/>\n<meta property=\"og:url\" content=\"https:\/\/naturvernforbundet.no\/ostfold\/event\/slattekurs-pa-ulveholtet-2026\/\" \/>\n<meta property=\"og:site_name\" content=\"\u00d8stfold\" \/>\n<meta property=\"article:modified_time\" content=\"2026-08-15T08:28:52+00:00\" \/>\n<meta property=\"og:image\" content=\"https:\/\/naturvernforbundet.no\/content\/uploads\/sites\/22\/2026\/08\/slaattemenn_og_kvinner_paa_enga.jpg\" \/>\n\t<meta property=\"og:image:width\" content=\"591\" \/>\n\t<meta property=\"og:image:height\" content=\"445\" \/>\n\t<meta property=\"og:image:type\" content=\"image\/jpeg\" \/>\n<meta name=\"twitter:card\" content=\"summary_large_image\" \/>\n<meta name=\"twitter:label1\" content=\"Ansl. lesetid\" \/>\n\t<meta name=\"twitter:data1\" content=\"3 minutter\" \/>\n<script type=\"application\/ld+json\" class=\"yoast-schema-graph\">{\"@context\":\"https:\/\/schema.org\",\"@graph\":[{\"@type\":\"WebPage\",\"@id\":\"https:\/\/naturvernforbundet.no\/ostfold\/event\/slattekurs-pa-ulveholtet-2026\/\",\"url\":\"https:\/\/naturvernforbundet.no\/ostfold\/event\/slattekurs-pa-ulveholtet-2026\/\",\"name\":\"Bli med p\u00e5 sl\u00e5ttekurs p\u00e5 Ulveholtet 22.-23. august og 29.-30. august! - \u00d8stfold\",\"isPartOf\":{\"@id\":\"https:\/\/naturvernforbundet.no\/ostfold\/#website\"},\"primaryImageOfPage\":{\"@id\":\"https:\/\/naturvernforbundet.no\/ostfold\/event\/slattekurs-pa-ulveholtet-2026\/#primaryimage\"},\"image\":{\"@id\":\"https:\/\/naturvernforbundet.no\/ostfold\/event\/slattekurs-pa-ulveholtet-2026\/#primaryimage\"},\"thumbnailUrl\":\"https:\/\/naturvernforbundet.no\/content\/uploads\/sites\/22\/2026\/08\/slaattemenn_og_kvinner_paa_enga.jpg\",\"datePublished\":\"2026-08-15T07:50:09+00:00\",\"dateModified\":\"2026-08-15T08:28:52+00:00\",\"breadcrumb\":{\"@id\":\"https:\/\/naturvernforbundet.no\/ostfold\/event\/slattekurs-pa-ulveholtet-2026\/#breadcrumb\"},\"inLanguage\":\"nb-NO\",\"potentialAction\":[{\"@type\":\"ReadAction\",\"target\":[\"https:\/\/naturvernforbundet.no\/ostfold\/event\/slattekurs-pa-ulveholtet-2026\/\"]}]},{\"@type\":\"ImageObject\",\"inLanguage\":\"nb-NO\",\"@id\":\"https:\/\/naturvernforbundet.no\/ostfold\/event\/slattekurs-pa-ulveholtet-2026\/#primaryimage\",\"url\":\"https:\/\/naturvernforbundet.no\/content\/uploads\/sites\/22\/2026\/08\/slaattemenn_og_kvinner_paa_enga.jpg\",\"contentUrl\":\"https:\/\/naturvernforbundet.no\/content\/uploads\/sites\/22\/2026\/08\/slaattemenn_og_kvinner_paa_enga.jpg\",\"width\":591,\"height\":445,\"caption\":\"Sl\u00e5ttemenn og -kvinner p\u00e5 enga p\u00e5 Ulveholtet\"},{\"@type\":\"BreadcrumbList\",\"@id\":\"https:\/\/naturvernforbundet.no\/ostfold\/event\/slattekurs-pa-ulveholtet-2026\/#breadcrumb\",\"itemListElement\":[{\"@type\":\"ListItem\",\"position\":1,\"name\":\"Till naturvernforbundet.no\",\"item\":\"https:\/\/naturvernforbundet.no\/\"},{\"@type\":\"ListItem\",\"position\":2,\"name\":\"\u00d8stfold\",\"item\":\"https:\/\/naturvernforbundet.no\/ostfold\/\"},{\"@type\":\"ListItem\",\"position\":3,\"name\":\"Event\",\"item\":\"https:\/\/naturvernforbundet.no\/ostfold\/event\/\"},{\"@type\":\"ListItem\",\"position\":4,\"name\":\"Bli med p\u00e5 sl\u00e5ttekurs p\u00e5 Ulveholtet 22.-23. august og 29.-30. august!\"}]},{\"@type\":\"WebSite\",\"@id\":\"https:\/\/naturvernforbundet.no\/ostfold\/#website\",\"url\":\"https:\/\/naturvernforbundet.no\/ostfold\/\",\"name\":\"\u00d8stfold\",\"description\":\"Naturvernforbundet i \u00d8stfold\",\"potentialAction\":[{\"@type\":\"SearchAction\",\"target\":{\"@type\":\"EntryPoint\",\"urlTemplate\":\"https:\/\/naturvernforbundet.no\/ostfold\/?s={search_term_string}\"},\"query-input\":{\"@type\":\"PropertyValueSpecification\",\"valueRequired\":true,\"valueName\":\"search_term_string\"}}],\"inLanguage\":\"nb-NO\"}]}<\/script>\n<!-- \/ Yoast SEO plugin. -->","yoast_head_json":{"title":"Bli med p\u00e5 sl\u00e5ttekurs p\u00e5 Ulveholtet 22.-23. august og 29.-30. august! - \u00d8stfold","robots":{"index":"index","follow":"follow","max-snippet":"max-snippet:-1","max-image-preview":"max-image-preview:large","max-video-preview":"max-video-preview:-1"},"canonical":"https:\/\/naturvernforbundet.no\/ostfold\/event\/slattekurs-pa-ulveholtet-2026\/","og_locale":"nb_NO","og_type":"article","og_title":"Bli med p\u00e5 sl\u00e5ttekurs p\u00e5 Ulveholtet 22.-23. august og 29.-30. august! - \u00d8stfold","og_url":"https:\/\/naturvernforbundet.no\/ostfold\/event\/slattekurs-pa-ulveholtet-2026\/","og_site_name":"\u00d8stfold","article_modified_time":"2026-08-15T08:28:52+00:00","og_image":[{"width":591,"height":445,"url":"https:\/\/naturvernforbundet.no\/content\/uploads\/sites\/22\/2026\/08\/slaattemenn_og_kvinner_paa_enga.jpg","type":"image\/jpeg"}],"twitter_card":"summary_large_image","twitter_misc":{"Ansl. lesetid":"3 minutter"},"schema":{"@context":"https:\/\/schema.org","@graph":[{"@type":"WebPage","@id":"https:\/\/naturvernforbundet.no\/ostfold\/event\/slattekurs-pa-ulveholtet-2026\/","url":"https:\/\/naturvernforbundet.no\/ostfold\/event\/slattekurs-pa-ulveholtet-2026\/","name":"Bli med p\u00e5 sl\u00e5ttekurs p\u00e5 Ulveholtet 22.-23. august og 29.-30. august! - \u00d8stfold","isPartOf":{"@id":"https:\/\/naturvernforbundet.no\/ostfold\/#website"},"primaryImageOfPage":{"@id":"https:\/\/naturvernforbundet.no\/ostfold\/event\/slattekurs-pa-ulveholtet-2026\/#primaryimage"},"image":{"@id":"https:\/\/naturvernforbundet.no\/ostfold\/event\/slattekurs-pa-ulveholtet-2026\/#primaryimage"},"thumbnailUrl":"https:\/\/naturvernforbundet.no\/content\/uploads\/sites\/22\/2026\/08\/slaattemenn_og_kvinner_paa_enga.jpg","datePublished":"2026-08-15T07:50:09+00:00","dateModified":"2026-08-15T08:28:52+00:00","breadcrumb":{"@id":"https:\/\/naturvernforbundet.no\/ostfold\/event\/slattekurs-pa-ulveholtet-2026\/#breadcrumb"},"inLanguage":"nb-NO","potentialAction":[{"@type":"ReadAction","target":["https:\/\/naturvernforbundet.no\/ostfold\/event\/slattekurs-pa-ulveholtet-2026\/"]}]},{"@type":"ImageObject","inLanguage":"nb-NO","@id":"https:\/\/naturvernforbundet.no\/ostfold\/event\/slattekurs-pa-ulveholtet-2026\/#primaryimage","url":"https:\/\/naturvernforbundet.no\/content\/uploads\/sites\/22\/2026\/08\/slaattemenn_og_kvinner_paa_enga.jpg","contentUrl":"https:\/\/naturvernforbundet.no\/content\/uploads\/sites\/22\/2026\/08\/slaattemenn_og_kvinner_paa_enga.jpg","width":591,"height":445,"caption":"Sl\u00e5ttemenn og -kvinner p\u00e5 enga p\u00e5 Ulveholtet"},{"@type":"BreadcrumbList","@id":"https:\/\/naturvernforbundet.no\/ostfold\/event\/slattekurs-pa-ulveholtet-2026\/#breadcrumb","itemListElement":[{"@type":"ListItem","position":1,"name":"Till naturvernforbundet.no","item":"https:\/\/naturvernforbundet.no\/"},{"@type":"ListItem","position":2,"name":"\u00d8stfold","item":"https:\/\/naturvernforbundet.no\/ostfold\/"},{"@type":"ListItem","position":3,"name":"Event","item":"https:\/\/naturvernforbundet.no\/ostfold\/event\/"},{"@type":"ListItem","position":4,"name":"Bli med p\u00e5 sl\u00e5ttekurs p\u00e5 Ulveholtet 22.-23. august og 29.-30. august!"}]},{"@type":"WebSite","@id":"https:\/\/naturvernforbundet.no\/ostfold\/#website","url":"https:\/\/naturvernforbundet.no\/ostfold\/","name":"\u00d8stfold","description":"Naturvernforbundet i \u00d8stfold","potentialAction":[{"@type":"SearchAction","target":{"@type":"EntryPoint","urlTemplate":"https:\/\/naturvernforbundet.no\/ostfold\/?s={search_term_string}"},"query-input":{"@type":"PropertyValueSpecification","valueRequired":true,"valueName":"search_term_string"}}],"inLanguage":"nb-NO"}]}},"_links":{"self":[{"href":"https:\/\/naturvernforbundet.no\/ostfold\/wp-json\/wp\/v2\/event\/2513","targetHints":{"allow":["GET"]}}],"collection":[{"href":"https:\/\/naturvernforbundet.no\/ostfold\/wp-json\/wp\/v2\/event"}],"about":[{"href":"https:\/\/naturvernforbundet.no\/ostfold\/wp-json\/wp\/v2\/types\/event"}],"version-history":[{"count":3,"href":"https:\/\/naturvernforbundet.no\/ostfold\/wp-json\/wp\/v2\/event\/2513\/revisions"}],"predecessor-version":[{"id":2520,"href":"https:\/\/naturvernforbundet.no\/ostfold\/wp-json\/wp\/v2\/event\/2513\/revisions\/2520"}],"wp:featuredmedia":[{"embeddable":true,"href":"https:\/\/naturvernforbundet.no\/ostfold\/wp-json\/wp\/v2\/media\/2517"}],"wp:attachment":[{"href":"https:\/\/naturvernforbundet.no\/ostfold\/wp-json\/wp\/v2\/media?parent=2513"}],"wp:term":[{"taxonomy":"local","embeddable":true,"href":"https:\/\/naturvernforbundet.no\/ostfold\/wp-json\/wp\/v2\/local?post=2513"}],"curies":[{"name":"wp","href":"https:\/\/api.w.org\/{rel}","templated":true}]}}