{"version":"1.0","provider_name":"Sogn og Fjordane","provider_url":"https:\/\/naturvernforbundet.no\/sognogfjordane","author_name":"Philip Butler","author_url":"https:\/\/naturvernforbundet.no\/sognogfjordane\/author\/philipbutler\/","title":"H\u00f8yringsfr\u00e5segn til planprogram for M\u00e5l\u00f8y sentrum - Sogn og Fjordane","type":"rich","width":600,"height":338,"html":"<blockquote class=\"wp-embedded-content\" data-secret=\"ojxPTjRK1T\"><a href=\"https:\/\/naturvernforbundet.no\/sognogfjordane\/hoyringsfrasegn-til-planprogram-for-maloy-sentrum\/\">H\u00f8yringsfr\u00e5segn til planprogram for M\u00e5l\u00f8y sentrum<\/a><\/blockquote><iframe sandbox=\"allow-scripts\" security=\"restricted\" src=\"https:\/\/naturvernforbundet.no\/sognogfjordane\/hoyringsfrasegn-til-planprogram-for-maloy-sentrum\/embed\/#?secret=ojxPTjRK1T\" width=\"600\" height=\"338\" title=\"&laquo;H\u00f8yringsfr\u00e5segn til planprogram for M\u00e5l\u00f8y sentrum&raquo; &#8212; Sogn og Fjordane\" data-secret=\"ojxPTjRK1T\" frameborder=\"0\" marginwidth=\"0\" marginheight=\"0\" scrolling=\"no\" class=\"wp-embedded-content\"><\/iframe><script>\n\/*! This file is auto-generated *\/\n!function(d,l){\"use strict\";l.querySelector&&d.addEventListener&&\"undefined\"!=typeof URL&&(d.wp=d.wp||{},d.wp.receiveEmbedMessage||(d.wp.receiveEmbedMessage=function(e){var t=e.data;if((t||t.secret||t.message||t.value)&&!\/[^a-zA-Z0-9]\/.test(t.secret)){for(var s,r,n,a=l.querySelectorAll('iframe[data-secret=\"'+t.secret+'\"]'),o=l.querySelectorAll('blockquote[data-secret=\"'+t.secret+'\"]'),c=new RegExp(\"^https?:$\",\"i\"),i=0;i<o.length;i++)o[i].style.display=\"none\";for(i=0;i<a.length;i++)s=a[i],e.source===s.contentWindow&&(s.removeAttribute(\"style\"),\"height\"===t.message?(1e3<(r=parseInt(t.value,10))?r=1e3:~~r<200&&(r=200),s.height=r):\"link\"===t.message&&(r=new URL(s.getAttribute(\"src\")),n=new URL(t.value),c.test(n.protocol))&&n.host===r.host&&l.activeElement===s&&(d.top.location.href=t.value))}},d.addEventListener(\"message\",d.wp.receiveEmbedMessage,!1),l.addEventListener(\"DOMContentLoaded\",function(){for(var e,t,s=l.querySelectorAll(\"iframe.wp-embedded-content\"),r=0;r<s.length;r++)(t=(e=s[r]).getAttribute(\"data-secret\"))||(t=Math.random().toString(36).substring(2,12),e.src+=\"#?secret=\"+t,e.setAttribute(\"data-secret\",t)),e.contentWindow.postMessage({message:\"ready\",secret:t},\"*\")},!1)))}(window,document);\n<\/script>\n","description":"Naturvernforbundet vil ha g\u00e5gate i M\u00e5l\u00f8y! I h\u00f8yringsfr\u00e5segn til planprogram for M\u00e5l\u00f8y sentrum seier fylkeslaget at delar av gate 1 m\u00e5 bli g\u00e5gate og at farten m\u00e5 ned til 40 km\/t i den delen av gata som er riksveg. Det m\u00e5 bli samanhengande fortau og gang- og sykkelvegar i sentrum og fr\u00e5 sentrum til boligomr\u00e5dane. Vi ber om at utnytting av fjordvarme i M\u00e5l\u00f8y blir vurdert som alternativ til vindkraft. Bedriftane i kommunen m\u00e5 f\u00e5 tilbod om kildesortering av avfall p\u00e5 same m\u00e5te som hushalda."}