{"id":2403,"date":"2026-04-29T15:37:27","date_gmt":"2026-04-29T13:37:27","guid":{"rendered":"https:\/\/naturvernforbundet.no\/sognogfjordane\/?post_type=event&#038;p=2403"},"modified":"2026-04-30T14:33:14","modified_gmt":"2026-04-30T12:33:14","slug":"artsklubben-i-sunnfjord-inviterer-til-forste-artsvandring","status":"publish","type":"event","link":"https:\/\/naturvernforbundet.no\/sognogfjordane\/event\/artsklubben-i-sunnfjord-inviterer-til-forste-artsvandring\/","title":{"rendered":"Artsklubben i Sunnfjord inviterer til f\u00f8rste artsvandring"},"content":{"rendered":"\t<div class=\"template-event alignnone wp-block-naturvern-hero\">\n\t\t<div class=\"hero__inner\">\n\t\t\t<div class=\"hero__inner_blocks\">\n\t\t\t\t\n\t\t<div class=\"naturvern-event-meta\">\n\t\t<div class=\"naturvern-event-meta-inner\">\n\t\t\t<div class=\"event-date\">\n\t\t\t\t<div>\n\t\t\t\t\t<span class=\"day\">12.mai<\/span>\n\t\t\t\t\t<span class=\"year\">2026<\/span>\n\t\t\t\t<\/div>\n\t\t\t<\/div>\n\t\t<\/div>\n\t\t<\/div>\t\t\t\t\n<h1 class=\"has-text-align-center wp-block-post-title\">Artsklubben i Sunnfjord inviterer til f\u00f8rste artsvandring<\/h1>\n\n\n\t\t\t<div class=\"naturvern-event-meta-full\">\n\t\t\t<div class=\"naturvern-event-meta-inner\">\n\t\t\t\t<div>\n\t\t\t\t\t<span>Hva:<\/span>\n\t\t\t\t\t<span>Artsvandring<\/span>\n\t\t\t\t<\/div>\n\t\t\t\t<div>\n\t\t\t\t\t<span>N\u00e5r:<\/span>\n\t\t\t\t\t<span>12.mai, kl. 17:30<\/span>\n\t\t\t\t<\/div>\n\t\t\t\t<div>\n\t\t\t\t\t<span>Hvor:<\/span>\n\t\t\t\t\t<span><a href=\"https:\/\/www.google.com\/maps\/place\/Osen+Stadion\/@61.3649337,5.686836,17z\/data=!4m14!1m7!3m6!1s0x46162d335a98521b:0x2904513c27a1227a!2sOsen+Stadion!8m2!3d61.3649312!4d5.6894109!16s%2Fg%2F11c0xt145v!3m5!1s0x46162d335a98521b:0x2904513c27a1227a!8m2!3d61.3649312!4d5.6894109!16s%2Fg%2F11c0xt145v!5m1!1e2?entry=ttu&amp;g_ep=EgoyMDI2MDQyNi4wIKXMDSoASAFQAw%3D%3D\">Osen Stadion, 6977 Bygstad<\/a><\/span>\n\t\t\t\t<\/div>\n\t\t\t<\/div>\n\t\t\t<\/div>\n\n\n<p>Artsvandring ved Osen i Bygstad<\/p>\n\n\n\n\n\n<figure class=\"wp-block-image size-large\"><img loading=\"lazy\" decoding=\"async\" width=\"1024\" height=\"662\" src=\"https:\/\/naturvernforbundet.no\/content\/uploads\/sites\/17\/2026\/04\/Design-uten-navn-1024x662.jpg\" alt=\"\" class=\"wp-image-2417\" srcset=\"https:\/\/naturvernforbundet.no\/content\/uploads\/sites\/17\/2026\/04\/Design-uten-navn-1024x662.jpg 1024w, https:\/\/naturvernforbundet.no\/content\/uploads\/sites\/17\/2026\/04\/Design-uten-navn-300x194.jpg 300w, https:\/\/naturvernforbundet.no\/content\/uploads\/sites\/17\/2026\/04\/Design-uten-navn-768x496.jpg 768w, https:\/\/naturvernforbundet.no\/content\/uploads\/sites\/17\/2026\/04\/Design-uten-navn.jpg 1343w\" sizes=\"auto, (max-width: 1024px) 100vw, 1024px\" \/><\/figure>\n\n\t\t\t<\/div>\n\t\t\t\t\t<\/div>\n\t\t\t<\/div>\n\t\n\n\n<div class=\"wp-block-group is-layout-constrained wp-block-group-is-layout-constrained\">\n<h2 class=\"wp-block-heading\">Artsvandring med Artsklubben i Sunnfjord<\/h2>\n\n\n\n<p>Artsklubben i Sunnfjord \u00f8nskjer \u00e5 komme i gang med \u00e5 finne, bestemme og registrere artar. Vi inviterer derfor til f\u00f8rste tur ut for \u00e5 leite etter og l\u00e6re oss artar &#8211; ved Osen folkesti (Osbotnen under Skratlafjellet) i Bygstad.<strong> <\/strong><br><br><strong>Agenda for dagen<\/strong><br>Dette er eit tilbod for alle &#8211; om du er nybegynnar eller erfaren. <br>Dinna gangen vil vi utforske eit omr\u00e5de for artar. L\u00e6re oss \u00e5 bruke feltb\u00f8ker og beste metoden du syns passer deg for \u00e5 artsregistrere. Nokon tar bilete, andre tar med seg arten og artsbestem seinare. Vi pr\u00f8ver oss fram, og pr\u00f8ver \u00e5 artsbestemme og registrere det vi har funne. <\/p>\n\n\n\n<p>Vi finner veien saman, s\u00e5 det er \u00e5pent for at du kan vere med og p\u00e5verke korleis vi g\u00e5r fram for \u00e5 f\u00e5 til best mogleg artsbestemmelse og kvar vi skal utforske neste gang.<br><\/p>\n\n\n\n<p>Har du aldri registrert f\u00f8r? Lag deg ein brukar p\u00e5 <a href=\"https:\/\/mobil.artsobservasjoner.no\/\">Artsobservasjoner<\/a> f\u00f8r du m\u00f8ter opp.  <\/p>\n<\/div>\n\n\n\n<div class=\"wp-block-group is-layout-constrained wp-block-group-is-layout-constrained\">\n<div class=\"wp-block-group is-layout-constrained wp-block-group-is-layout-constrained\">\n<div class=\"wp-block-group is-layout-constrained wp-block-group-is-layout-constrained\">\n<h2 class=\"wp-block-heading\">Praktisk informasjon<\/h2>\n\n\n\n<p><strong>Dato:<\/strong> 12.mai <br><strong>Klokkeslett:<\/strong> 17.30-20.00 <br><strong>Stad:<\/strong> Osen, i Bygstad, <br><strong>Parkering og oppm\u00f8te: <\/strong>ved <a href=\"https:\/\/www.google.com\/maps\/place\/Osen+Stadion\/@61.3649372,5.6863914,755m\/data=!3m1!1e3!4m6!3m5!1s0x46162d335a98521b:0x2904513c27a1227a!8m2!3d61.3649312!4d5.6894109!16s%2Fg%2F11c0xt145v?entry=ttu&amp;g_ep=EgoyMDI2MDQyNi4wIKXMDSoASAFQAw%3D%3D\">Osen Stadion<br><\/a><strong>Skyss: <\/strong>treng du skyss til og fr\u00e5 F\u00f8rde (eller veistrekket F\u00f8rde-Osen)? Ta kontakt nokre dagar i forveien s\u00e5 ordner det seg. <\/p>\n\n\n\n<p>Vi m\u00f8tes ved parkeringa 17.30, deler p\u00e5 \u00e5 ta med oss feltb\u00f8ker og anna kartleggingsutstyr, f\u00f8r vi g\u00e5r innover stien som vist p\u00e5 kartet. Herfr\u00e5 ser vi etter artar, og om  det er noko spennande \u00e5 finne. <\/p>\n\n\n\n<div class=\"wp-block-group is-layout-constrained wp-block-group-is-layout-constrained\">\n<p>Ta med deg: <\/p>\n\n\n\n<ul class=\"wp-block-list\">\n<li>Feltb\u00f8ker &#8211; om du har<\/li>\n\n\n\n<li>mat og drikke etter \u00f8nske<\/li>\n\n\n\n<li>kle deg etter v\u00e6ret<\/li>\n\n\n\n<li>notatbok og blyant  <br><\/li>\n<\/ul>\n<\/div>\n<\/div>\n\n\n\n<p>Artsklubben tar med nokon feltb\u00f8ker, brosjyrar, lupe, papirposer og bokser til innsamling. Vel m\u00f8tt! <\/p>\n\n\n\n<p><strong>OBS! Atterhald om at  det kan bli avlyst\/utsett om v\u00e6ret ikkje h\u00f8ver til artsutforsking. Oppdatering kjem her. <\/strong><\/p>\n<\/div>\n\n\n\n<figure class=\"wp-block-image size-large\"><img loading=\"lazy\" decoding=\"async\" width=\"1024\" height=\"821\" src=\"https:\/\/naturvernforbundet.no\/content\/uploads\/sites\/17\/2026\/04\/Skjermbilde-2026-04-29-142423-1024x821.png\" alt=\"\" class=\"wp-image-2406\" srcset=\"https:\/\/naturvernforbundet.no\/content\/uploads\/sites\/17\/2026\/04\/Skjermbilde-2026-04-29-142423-1024x821.png 1024w, https:\/\/naturvernforbundet.no\/content\/uploads\/sites\/17\/2026\/04\/Skjermbilde-2026-04-29-142423-300x241.png 300w, https:\/\/naturvernforbundet.no\/content\/uploads\/sites\/17\/2026\/04\/Skjermbilde-2026-04-29-142423-768x616.png 768w, https:\/\/naturvernforbundet.no\/content\/uploads\/sites\/17\/2026\/04\/Skjermbilde-2026-04-29-142423-1536x1232.png 1536w, https:\/\/naturvernforbundet.no\/content\/uploads\/sites\/17\/2026\/04\/Skjermbilde-2026-04-29-142423.png 1562w\" sizes=\"auto, (max-width: 1024px) 100vw, 1024px\" \/><\/figure>\n<\/div>\n\n\n<ul class=\"t2-link-list has-1-items has-auto-columns wp-block-t2-link-list\">\n\t<li class=\"t2-link-list-item wp-block-t2-link-list-item\">\n\t\t<a\n\t\t\thref=\"https:\/\/naturvernforbundet.no\/sognogfjordane\/skog-og-artar\/artsklubben-i-sunnfjord\/\"\n\t\t\tclass=\"t2-link-list-item__link t2-link-list__icon--left\"\n\t\t\taria-describedby=\"link-list-item\"\t\t>\n\t\t\t<span class=\"t2-link-list-item__icon\"><span class=\"t2-link-list-item__icon-box\"><\/span><svg xmlns=\"http:\/\/www.w3.org\/2000\/svg\" viewBox=\"0 0 24 24\" height=\"24\" width=\"24\" class=\"t2-icon t2-icon-arrowforward\" aria-hidden=\"true\" focusable=\"false\"><path d=\"M11.3 19.3c-.2-.2-.3-.4-.3-.7 0-.3.1-.5.3-.7l4.9-4.9H5c-.3 0-.5-.1-.7-.3-.2-.2-.3-.4-.3-.7s.1-.5.3-.7c.2-.2.4-.3.7-.3h11.2l-4.9-4.9c-.2-.2-.3-.4-.3-.7 0-.3.1-.5.3-.7.2-.2.4-.3.7-.3s.5.1.7.3l6.6 6.6c.1.1.2.2.2.3 0 .1.1.3.1.4 0 .1 0 .3-.1.4 0 .1-.1.2-.2.3l-6.6 6.6c-.2.2-.4.3-.7.3s-.5-.1-.7-.3z\"\/><\/svg><\/span>\t\t\t<div class=\"t2-link-list-item__content\">\n\n\t\t\t\t\n\t\t\t\t<span class=\"t2-link-list-item__text\">\n\t\t\t\t\tKva er Artsklubben i Sunnfjord? \t\t\t\t<\/span>\n\t\t\t\t<span id=\"link-list-item\" class=\"t2-link-list-item__description\">Les meir om Artsklubben <\/span>\t\t\t<\/div>\n\t\t<\/a>\n\t<\/li>\n\t\n<\/ul>\n\n\n<div class=\"wp-block-buttons is-content-justification-center is-layout-flex wp-container-core-buttons-is-layout-1 wp-block-buttons-is-layout-flex\">\n<div class=\"wp-block-button\"><a class=\"wp-block-button__link wp-element-button\" href=\"https:\/\/fb.me\/e\/9IGV7Cpux\">Trykk &laquo;skal&raquo; p\u00e5 Facebook<\/a><\/div>\n<\/div>\n\n\n\n<div class=\"wp-block-group is-layout-constrained wp-block-group-is-layout-constrained\">\n<p><strong>Sp\u00f8rsm\u00e5l? <\/strong><br>Ta kontakt med Allette, koordinator for Artsklubben i Sunnfjord p\u00e5 allette.alvarvik@naturvernforbundet.no eller 94874648<\/p>\n<\/div>\n\n\n\n\t\t<div class=\"naturvern-logos alignwide wp-block-naturvern-sponsors\">\n\t\t\t<div>\n\t\t\t\t<p class=\"naturnvern-sponsors__title\">Takk til sponsorane v\u00e5re!<\/p>\n\t\t\t\t<div class=\"naturvern-logos__scroller\" id=\"naturvern-logos-1\">\n\t\t\t\t\t<div class=\"naturvern-logos__items\">\n\t\t\t\t\t\t<div class=\"naturvern-logos__item\" data-w=\"72\"><img decoding=\"async\" src=\"https:\/\/naturvernforbundet.no\/content\/uploads\/sites\/17\/2025\/10\/SKOGEN-Original-gronn-300x168.png\" alt=\"SKOGEN-Original-gr\u00f8nn\"><\/div><div class=\"naturvern-logos__item\" data-w=\"143\"><img decoding=\"async\" src=\"https:\/\/naturvernforbundet.no\/content\/uploads\/sites\/17\/2025\/06\/Sparebankstiftina-SFJ-1-300x84.png\" alt=\"Sparebankstiftina SFJ\"><\/div>\n\t\t\t\t\t<\/div>\n\t\t\t\t<\/div>\n\t\t\t<\/div>\n\t\t<\/div>","protected":false},"excerpt":{"rendered":"","protected":false},"featured_media":2417,"template":"","meta":{"_relevanssi_hide_post":"","_relevanssi_hide_content":"","_relevanssi_pin_for_all":"","_relevanssi_pin_keywords":"","_relevanssi_unpin_keywords":"","_relevanssi_related_keywords":"","_relevanssi_related_include_ids":"","_relevanssi_related_exclude_ids":"","_relevanssi_related_no_append":"","_relevanssi_related_not_related":"","_relevanssi_related_posts":"2087,1933,774,1691,1920,1954","_relevanssi_noindex_reason":"","hide_logo":false,"_start_date":"2026-05-12T17:30:00","_end_date":"","_event_type":"Artsvandring","_event_location":"<a href=\"https:\/\/www.google.com\/maps\/place\/Osen+Stadion\/@61.3649337,5.686836,17z\/data=!4m14!1m7!3m6!1s0x46162d335a98521b:0x2904513c27a1227a!2sOsen+Stadion!8m2!3d61.3649312!4d5.6894109!16s%2Fg%2F11c0xt145v!3m5!1s0x46162d335a98521b:0x2904513c27a1227a!8m2!3d61.3649312!4d5.6894109!16s%2Fg%2F11c0xt145v!5m1!1e2?entry=ttu&amp;g_ep=EgoyMDI2MDQyNi4wIKXMDSoASAFQAw%3D%3D\">Osen Stadion, 6977 Bygstad<\/a>","footnotes":""},"local":[84,80,5],"class_list":["post-2403","event","type-event","status-publish","has-post-thumbnail","hentry","local-artsklubb","local-sogn-og-fjordane","local-sunnfjord"],"acf":[],"yoast_head":"<!-- This site is optimized with the Yoast SEO plugin v24.9 - https:\/\/yoast.com\/wordpress\/plugins\/seo\/ -->\n<title>Artsklubben i Sunnfjord inviterer til f\u00f8rste artsvandring - Sogn og Fjordane<\/title>\n<meta name=\"robots\" content=\"index, follow, max-snippet:-1, max-image-preview:large, max-video-preview:-1\" \/>\n<link rel=\"canonical\" href=\"https:\/\/naturvernforbundet.no\/sognogfjordane\/event\/artsklubben-i-sunnfjord-inviterer-til-forste-artsvandring\/\" \/>\n<meta property=\"og:locale\" content=\"nb_NO\" \/>\n<meta property=\"og:type\" content=\"article\" \/>\n<meta property=\"og:title\" content=\"Artsklubben i Sunnfjord inviterer til f\u00f8rste artsvandring - Sogn og Fjordane\" \/>\n<meta property=\"og:url\" content=\"https:\/\/naturvernforbundet.no\/sognogfjordane\/event\/artsklubben-i-sunnfjord-inviterer-til-forste-artsvandring\/\" \/>\n<meta property=\"og:site_name\" content=\"Sogn og Fjordane\" \/>\n<meta property=\"article:modified_time\" content=\"2026-04-30T12:33:14+00:00\" \/>\n<meta property=\"og:image\" content=\"https:\/\/naturvernforbundet.no\/content\/uploads\/sites\/17\/2026\/04\/Design-uten-navn.jpg\" \/>\n\t<meta property=\"og:image:width\" content=\"1343\" \/>\n\t<meta property=\"og:image:height\" content=\"868\" \/>\n\t<meta property=\"og:image:type\" content=\"image\/jpeg\" \/>\n<meta name=\"twitter:card\" content=\"summary_large_image\" \/>\n<meta name=\"twitter:label1\" content=\"Ansl. lesetid\" \/>\n\t<meta name=\"twitter:data1\" content=\"3 minutter\" \/>\n<script type=\"application\/ld+json\" class=\"yoast-schema-graph\">{\"@context\":\"https:\/\/schema.org\",\"@graph\":[{\"@type\":\"WebPage\",\"@id\":\"https:\/\/naturvernforbundet.no\/sognogfjordane\/event\/artsklubben-i-sunnfjord-inviterer-til-forste-artsvandring\/\",\"url\":\"https:\/\/naturvernforbundet.no\/sognogfjordane\/event\/artsklubben-i-sunnfjord-inviterer-til-forste-artsvandring\/\",\"name\":\"Artsklubben i Sunnfjord inviterer til f\u00f8rste artsvandring - Sogn og Fjordane\",\"isPartOf\":{\"@id\":\"https:\/\/naturvernforbundet.no\/sognogfjordane\/#website\"},\"primaryImageOfPage\":{\"@id\":\"https:\/\/naturvernforbundet.no\/sognogfjordane\/event\/artsklubben-i-sunnfjord-inviterer-til-forste-artsvandring\/#primaryimage\"},\"image\":{\"@id\":\"https:\/\/naturvernforbundet.no\/sognogfjordane\/event\/artsklubben-i-sunnfjord-inviterer-til-forste-artsvandring\/#primaryimage\"},\"thumbnailUrl\":\"https:\/\/naturvernforbundet.no\/content\/uploads\/sites\/17\/2026\/04\/Design-uten-navn.jpg\",\"datePublished\":\"2026-04-29T13:37:27+00:00\",\"dateModified\":\"2026-04-30T12:33:14+00:00\",\"breadcrumb\":{\"@id\":\"https:\/\/naturvernforbundet.no\/sognogfjordane\/event\/artsklubben-i-sunnfjord-inviterer-til-forste-artsvandring\/#breadcrumb\"},\"inLanguage\":\"nb-NO\",\"potentialAction\":[{\"@type\":\"ReadAction\",\"target\":[\"https:\/\/naturvernforbundet.no\/sognogfjordane\/event\/artsklubben-i-sunnfjord-inviterer-til-forste-artsvandring\/\"]}]},{\"@type\":\"ImageObject\",\"inLanguage\":\"nb-NO\",\"@id\":\"https:\/\/naturvernforbundet.no\/sognogfjordane\/event\/artsklubben-i-sunnfjord-inviterer-til-forste-artsvandring\/#primaryimage\",\"url\":\"https:\/\/naturvernforbundet.no\/content\/uploads\/sites\/17\/2026\/04\/Design-uten-navn.jpg\",\"contentUrl\":\"https:\/\/naturvernforbundet.no\/content\/uploads\/sites\/17\/2026\/04\/Design-uten-navn.jpg\",\"width\":1343,\"height\":868,\"caption\":\"Design uten navn - 1\"},{\"@type\":\"BreadcrumbList\",\"@id\":\"https:\/\/naturvernforbundet.no\/sognogfjordane\/event\/artsklubben-i-sunnfjord-inviterer-til-forste-artsvandring\/#breadcrumb\",\"itemListElement\":[{\"@type\":\"ListItem\",\"position\":1,\"name\":\"Till naturvernforbundet.no\",\"item\":\"https:\/\/naturvernforbundet.no\/\"},{\"@type\":\"ListItem\",\"position\":2,\"name\":\"Sogn og Fjordane\",\"item\":\"https:\/\/naturvernforbundet.no\/sognogfjordane\/\"},{\"@type\":\"ListItem\",\"position\":3,\"name\":\"Event\",\"item\":\"https:\/\/naturvernforbundet.no\/sognogfjordane\/event\/\"},{\"@type\":\"ListItem\",\"position\":4,\"name\":\"Artsklubben i Sunnfjord inviterer til f\u00f8rste artsvandring\"}]},{\"@type\":\"WebSite\",\"@id\":\"https:\/\/naturvernforbundet.no\/sognogfjordane\/#website\",\"url\":\"https:\/\/naturvernforbundet.no\/sognogfjordane\/\",\"name\":\"Sogn og Fjordane\",\"description\":\"Bare enda et Naturvernforbundet Sites-nettsted\",\"potentialAction\":[{\"@type\":\"SearchAction\",\"target\":{\"@type\":\"EntryPoint\",\"urlTemplate\":\"https:\/\/naturvernforbundet.no\/sognogfjordane\/?s={search_term_string}\"},\"query-input\":{\"@type\":\"PropertyValueSpecification\",\"valueRequired\":true,\"valueName\":\"search_term_string\"}}],\"inLanguage\":\"nb-NO\"}]}<\/script>\n<!-- \/ Yoast SEO plugin. -->","yoast_head_json":{"title":"Artsklubben i Sunnfjord inviterer til f\u00f8rste artsvandring - Sogn og Fjordane","robots":{"index":"index","follow":"follow","max-snippet":"max-snippet:-1","max-image-preview":"max-image-preview:large","max-video-preview":"max-video-preview:-1"},"canonical":"https:\/\/naturvernforbundet.no\/sognogfjordane\/event\/artsklubben-i-sunnfjord-inviterer-til-forste-artsvandring\/","og_locale":"nb_NO","og_type":"article","og_title":"Artsklubben i Sunnfjord inviterer til f\u00f8rste artsvandring - Sogn og Fjordane","og_url":"https:\/\/naturvernforbundet.no\/sognogfjordane\/event\/artsklubben-i-sunnfjord-inviterer-til-forste-artsvandring\/","og_site_name":"Sogn og Fjordane","article_modified_time":"2026-04-30T12:33:14+00:00","og_image":[{"width":1343,"height":868,"url":"https:\/\/naturvernforbundet.no\/content\/uploads\/sites\/17\/2026\/04\/Design-uten-navn.jpg","type":"image\/jpeg"}],"twitter_card":"summary_large_image","twitter_misc":{"Ansl. lesetid":"3 minutter"},"schema":{"@context":"https:\/\/schema.org","@graph":[{"@type":"WebPage","@id":"https:\/\/naturvernforbundet.no\/sognogfjordane\/event\/artsklubben-i-sunnfjord-inviterer-til-forste-artsvandring\/","url":"https:\/\/naturvernforbundet.no\/sognogfjordane\/event\/artsklubben-i-sunnfjord-inviterer-til-forste-artsvandring\/","name":"Artsklubben i Sunnfjord inviterer til f\u00f8rste artsvandring - Sogn og Fjordane","isPartOf":{"@id":"https:\/\/naturvernforbundet.no\/sognogfjordane\/#website"},"primaryImageOfPage":{"@id":"https:\/\/naturvernforbundet.no\/sognogfjordane\/event\/artsklubben-i-sunnfjord-inviterer-til-forste-artsvandring\/#primaryimage"},"image":{"@id":"https:\/\/naturvernforbundet.no\/sognogfjordane\/event\/artsklubben-i-sunnfjord-inviterer-til-forste-artsvandring\/#primaryimage"},"thumbnailUrl":"https:\/\/naturvernforbundet.no\/content\/uploads\/sites\/17\/2026\/04\/Design-uten-navn.jpg","datePublished":"2026-04-29T13:37:27+00:00","dateModified":"2026-04-30T12:33:14+00:00","breadcrumb":{"@id":"https:\/\/naturvernforbundet.no\/sognogfjordane\/event\/artsklubben-i-sunnfjord-inviterer-til-forste-artsvandring\/#breadcrumb"},"inLanguage":"nb-NO","potentialAction":[{"@type":"ReadAction","target":["https:\/\/naturvernforbundet.no\/sognogfjordane\/event\/artsklubben-i-sunnfjord-inviterer-til-forste-artsvandring\/"]}]},{"@type":"ImageObject","inLanguage":"nb-NO","@id":"https:\/\/naturvernforbundet.no\/sognogfjordane\/event\/artsklubben-i-sunnfjord-inviterer-til-forste-artsvandring\/#primaryimage","url":"https:\/\/naturvernforbundet.no\/content\/uploads\/sites\/17\/2026\/04\/Design-uten-navn.jpg","contentUrl":"https:\/\/naturvernforbundet.no\/content\/uploads\/sites\/17\/2026\/04\/Design-uten-navn.jpg","width":1343,"height":868,"caption":"Design uten navn - 1"},{"@type":"BreadcrumbList","@id":"https:\/\/naturvernforbundet.no\/sognogfjordane\/event\/artsklubben-i-sunnfjord-inviterer-til-forste-artsvandring\/#breadcrumb","itemListElement":[{"@type":"ListItem","position":1,"name":"Till naturvernforbundet.no","item":"https:\/\/naturvernforbundet.no\/"},{"@type":"ListItem","position":2,"name":"Sogn og Fjordane","item":"https:\/\/naturvernforbundet.no\/sognogfjordane\/"},{"@type":"ListItem","position":3,"name":"Event","item":"https:\/\/naturvernforbundet.no\/sognogfjordane\/event\/"},{"@type":"ListItem","position":4,"name":"Artsklubben i Sunnfjord inviterer til f\u00f8rste artsvandring"}]},{"@type":"WebSite","@id":"https:\/\/naturvernforbundet.no\/sognogfjordane\/#website","url":"https:\/\/naturvernforbundet.no\/sognogfjordane\/","name":"Sogn og Fjordane","description":"Bare enda et Naturvernforbundet Sites-nettsted","potentialAction":[{"@type":"SearchAction","target":{"@type":"EntryPoint","urlTemplate":"https:\/\/naturvernforbundet.no\/sognogfjordane\/?s={search_term_string}"},"query-input":{"@type":"PropertyValueSpecification","valueRequired":true,"valueName":"search_term_string"}}],"inLanguage":"nb-NO"}]}},"_links":{"self":[{"href":"https:\/\/naturvernforbundet.no\/sognogfjordane\/wp-json\/wp\/v2\/event\/2403","targetHints":{"allow":["GET"]}}],"collection":[{"href":"https:\/\/naturvernforbundet.no\/sognogfjordane\/wp-json\/wp\/v2\/event"}],"about":[{"href":"https:\/\/naturvernforbundet.no\/sognogfjordane\/wp-json\/wp\/v2\/types\/event"}],"version-history":[{"count":8,"href":"https:\/\/naturvernforbundet.no\/sognogfjordane\/wp-json\/wp\/v2\/event\/2403\/revisions"}],"predecessor-version":[{"id":2419,"href":"https:\/\/naturvernforbundet.no\/sognogfjordane\/wp-json\/wp\/v2\/event\/2403\/revisions\/2419"}],"wp:featuredmedia":[{"embeddable":true,"href":"https:\/\/naturvernforbundet.no\/sognogfjordane\/wp-json\/wp\/v2\/media\/2417"}],"wp:attachment":[{"href":"https:\/\/naturvernforbundet.no\/sognogfjordane\/wp-json\/wp\/v2\/media?parent=2403"}],"wp:term":[{"taxonomy":"local","embeddable":true,"href":"https:\/\/naturvernforbundet.no\/sognogfjordane\/wp-json\/wp\/v2\/local?post=2403"}],"curies":[{"name":"wp","href":"https:\/\/api.w.org\/{rel}","templated":true}]}}