{"id":6,"date":"2022-04-01T14:42:29","date_gmt":"2022-04-01T12:42:29","guid":{"rendered":"https:\/\/naturvernforbundet.no\/telemark\/?page_id=6"},"modified":"2026-09-02T10:06:46","modified_gmt":"2026-09-02T08:06:46","slug":"forside","status":"publish","type":"page","link":"https:\/\/naturvernforbundet.no\/telemark\/","title":{"rendered":"Forside"},"content":{"rendered":"<div class=\"t2-featured-content-layout alignwide alignwide wp-block-t2-featured-content-layout\">\n\t<div class=\"wp-block-naturvern-calendar\">\n\t\t<div>\n\t\t\t\t\t\t\t<a class=\"calendar-event\" href=\"https:\/\/naturvernforbundet.no\/telemark\/event\/datasentre-nar-er-det-nok\/\">\n\t\t\t\t\t<div class=\"date-stamp\">\n\t\t\t\t\t\t<span class=\"day\">9.sep<\/span>\n\t\t\t\t\t\t<span class=\"year\">2026<\/span>\n\t\t\t\t\t<\/div>\n\t\t\t\t\t<div class=\"date-content\">\n\t\t\t\t\t\t<h4>Avlyst: Ny dato 30. September Datasentre&#8230; n\u00e5r er det nok?<\/h4>\n\t\t\t\t\t\t<span>Naturcaf\u00e9<\/span>\n\t\t\t\t\t\t<span>Kl. 18:00<\/span>\n\t\t\t\t\t<\/div>\n\t\t\t\t<\/a>\n\t\t\t\t\t\t\t\t<a class=\"calendar-event\" href=\"https:\/\/naturvernforbundet.no\/telemark\/event\/klimacafe-luksefjell-og-vindturbiner\/\">\n\t\t\t\t\t<div class=\"date-stamp\">\n\t\t\t\t\t\t<span class=\"day\">10.sep<\/span>\n\t\t\t\t\t\t<span class=\"year\">2026<\/span>\n\t\t\t\t\t<\/div>\n\t\t\t\t\t<div class=\"date-content\">\n\t\t\t\t\t\t<h4>Klimacaf\u00e9 &#8211; Luksefjell og vindturbiner<\/h4>\n\t\t\t\t\t\t<span>Klimacaf\u00e9<\/span>\n\t\t\t\t\t\t<span>Kl. 18:00<\/span>\n\t\t\t\t\t<\/div>\n\t\t\t\t<\/a>\n\t\t\t\t\t\t<\/div>\n\t\t<a href=\"https:\/\/naturvernforbundet.no\/telemark\/event\/\" class=\"read-more\">Se flere aktiviteter<\/a>\n\t<\/div>\n\t\n\n<div class=\"t2-featured-single-post t2-featured-content is-post-type-post category-ukategorisert local-ost-telemark wp-block-t2-featured-single-post\"><a class=\"t2-post-link wp-block-t2-post-link\" href=\"https:\/\/naturvernforbundet.no\/telemark\/naturvernforbundet-ber-nve-avsla-soknad-om-lureelva-kraftverk-i-tinn\/\">\n<figure style=\"--t2-focal-point: 50% 50%;\" class=\"t2-post-featured-image has-image-ratio-4-3 wp-block-t2-post-featured-image\"><img loading=\"lazy\" decoding=\"async\" width=\"1920\" height=\"2560\" src=\"https:\/\/naturvernforbundet.no\/content\/uploads\/sites\/18\/2026\/09\/Lurefossen-8-26-scaled.jpeg\" class=\"attachment-post-thumbnail size-post-thumbnail wp-post-image\" alt=\"\" srcset=\"https:\/\/naturvernforbundet.no\/content\/uploads\/sites\/18\/2026\/09\/Lurefossen-8-26-scaled.jpeg 1920w, https:\/\/naturvernforbundet.no\/content\/uploads\/sites\/18\/2026\/09\/Lurefossen-8-26-225x300.jpeg 225w, https:\/\/naturvernforbundet.no\/content\/uploads\/sites\/18\/2026\/09\/Lurefossen-8-26-768x1024.jpeg 768w, https:\/\/naturvernforbundet.no\/content\/uploads\/sites\/18\/2026\/09\/Lurefossen-8-26-1152x1536.jpeg 1152w, https:\/\/naturvernforbundet.no\/content\/uploads\/sites\/18\/2026\/09\/Lurefossen-8-26-1536x2048.jpeg 1536w, https:\/\/naturvernforbundet.no\/content\/uploads\/sites\/18\/2026\/09\/Lurefossen-8-26-1440x1920.jpeg 1440w\" sizes=\"auto, (max-width: 1920px) 100vw, 1920px\" \/><\/figure>\n\n<div class=\"wp-block-group alignfull is-layout-flow wp-block-group-is-layout-flow\">\n\t<h2 class=\"t2-post-title wp-block-t2-post-title\">Naturvernforbundet ber NVE avsl\u00e5 s\u00f8knad om Lureelva kraftverk i Tinn<\/h2>\n\t<p class=\"wp-block-naturvern-post-excerpt\">Naturvernforbundet \u00d8st-Telemark og Naturvernforbundet i Telemark har sendt h\u00f8ringsuttalelse til konsesjonss\u00f8knaden fra Lure Kraft AS\/Tinfos AS om bygging av Lureelva kraftverk i Tinn kommune, og ber NVE avsl\u00e5 s\u00f8knaden<\/p>\n<\/div>\n\n<\/a>\n<\/div>\n\n<div class=\"t2-featured-single-post t2-featured-content is-post-type-post category-ukategorisert local-grenland wp-block-t2-featured-single-post\"><a class=\"t2-post-link wp-block-t2-post-link\" href=\"https:\/\/naturvernforbundet.no\/telemark\/bunestoppen-en-provestein-for-norsk-naturforvaltning\/\">\n<figure style=\"--t2-focal-point: 50% 50%;\" class=\"t2-post-featured-image has-image-ratio-4-3 wp-block-t2-post-featured-image\"><img loading=\"lazy\" decoding=\"async\" width=\"2560\" height=\"1696\" src=\"https:\/\/naturvernforbundet.no\/content\/uploads\/sites\/18\/2022\/10\/DSC_0006-scaled.jpg\" class=\"attachment-post-thumbnail size-post-thumbnail wp-post-image\" alt=\"Bunestoppen\" srcset=\"https:\/\/naturvernforbundet.no\/content\/uploads\/sites\/18\/2022\/10\/DSC_0006-scaled.jpg 2560w, https:\/\/naturvernforbundet.no\/content\/uploads\/sites\/18\/2022\/10\/DSC_0006-300x199.jpg 300w, https:\/\/naturvernforbundet.no\/content\/uploads\/sites\/18\/2022\/10\/DSC_0006-1024x678.jpg 1024w, https:\/\/naturvernforbundet.no\/content\/uploads\/sites\/18\/2022\/10\/DSC_0006-768x509.jpg 768w, https:\/\/naturvernforbundet.no\/content\/uploads\/sites\/18\/2022\/10\/DSC_0006-1536x1017.jpg 1536w, https:\/\/naturvernforbundet.no\/content\/uploads\/sites\/18\/2022\/10\/DSC_0006-2048x1356.jpg 2048w, https:\/\/naturvernforbundet.no\/content\/uploads\/sites\/18\/2022\/10\/DSC_0006-1920x1272.jpg 1920w\" sizes=\"auto, (max-width: 2560px) 100vw, 2560px\" \/><\/figure>\n\n<div class=\"wp-block-group alignfull is-layout-flow wp-block-group-is-layout-flow\">\n\t<h2 class=\"t2-post-title wp-block-t2-post-title\">Bunestoppen \u2013 en pr\u00f8vestein for norsk naturforvaltning<\/h2>\n\t<p class=\"wp-block-naturvern-post-excerpt\">Tirsdag 1. september starter rettssaken om Bunestoppen i Oslo tingrett. Bamble kommune har valgt \u00e5 stevne staten etter at Kommunal- og distriktsdepartementet (KDD) den 22. oktober 2024 omgjorde Statsforvalterens tidligere vedtak i saken.\u00a0<\/p>\n<\/div>\n\n<\/a>\n<\/div>\n\n<div class=\"t2-featured-single-post t2-featured-content is-post-type-post category-ukategorisert wp-block-t2-featured-single-post\"><a class=\"t2-post-link wp-block-t2-post-link\" href=\"https:\/\/naturvernforbundet.no\/telemark\/innspill-til-lokalvalget-2027-vi-trenger-ikke-alltid-mer\/\">\n<figure style=\"--t2-focal-point: 50% 50%;\" class=\"t2-post-featured-image has-image-ratio-4-3 wp-block-t2-post-featured-image\"><img loading=\"lazy\" decoding=\"async\" width=\"7909\" height=\"5562\" src=\"https:\/\/naturvernforbundet.no\/content\/uploads\/sites\/18\/2025\/07\/Roholtsfjell-utsikt.-Foto-av-Vidar-Molokken-Fritt-fall-foto.jpg\" class=\"attachment-post-thumbnail size-post-thumbnail wp-post-image\" alt=\"\" srcset=\"https:\/\/naturvernforbundet.no\/content\/uploads\/sites\/18\/2025\/07\/Roholtsfjell-utsikt.-Foto-av-Vidar-Molokken-Fritt-fall-foto.jpg 7909w, https:\/\/naturvernforbundet.no\/content\/uploads\/sites\/18\/2025\/07\/Roholtsfjell-utsikt.-Foto-av-Vidar-Molokken-Fritt-fall-foto-300x211.jpg 300w, https:\/\/naturvernforbundet.no\/content\/uploads\/sites\/18\/2025\/07\/Roholtsfjell-utsikt.-Foto-av-Vidar-Molokken-Fritt-fall-foto-1024x720.jpg 1024w, https:\/\/naturvernforbundet.no\/content\/uploads\/sites\/18\/2025\/07\/Roholtsfjell-utsikt.-Foto-av-Vidar-Molokken-Fritt-fall-foto-768x540.jpg 768w, https:\/\/naturvernforbundet.no\/content\/uploads\/sites\/18\/2025\/07\/Roholtsfjell-utsikt.-Foto-av-Vidar-Molokken-Fritt-fall-foto-1536x1080.jpg 1536w\" sizes=\"auto, (max-width: 7909px) 100vw, 7909px\" \/><\/figure>\n\n<div class=\"wp-block-group alignfull is-layout-flow wp-block-group-is-layout-flow\">\n\t<h2 class=\"t2-post-title wp-block-t2-post-title\">Innspill til lokalvalget 2027: Vi trenger ikke alltid mer<\/h2>\n\t<p class=\"wp-block-naturvern-post-excerpt\">Hver gang et nytt naturinngrep skal begrunnes, er svaret det samme: Norge trenger mer. Mer kraft, mer mineraler, mer forbruk. Vi mener denne \u00abmer\u00bb-tenkningen er den viktigste driveren bak tapet av norsk natur. <br>N\u00e5r partiene n\u00e5 ber om innspill, er det dette vi vil utfordre. <\/p>\n<\/div>\n\n<\/a>\n<\/div>\n\n<div class=\"t2-featured-single-post t2-featured-content is-post-type-post category-ukategorisert local-grenland wp-block-t2-featured-single-post\"><a class=\"t2-post-link wp-block-t2-post-link\" href=\"https:\/\/naturvernforbundet.no\/telemark\/luksefjell-er-ikke-stedet-for-vindkraft\/\">\n<figure class=\"t2-post-featured-image has-image-ratio-4-3 wp-block-t2-post-featured-image\"><div class=\"t2-post-featured-image__fallback\">L<\/div><\/figure>\n\n<div class=\"wp-block-group alignfull is-layout-flow wp-block-group-is-layout-flow\">\n\t<h2 class=\"t2-post-title wp-block-t2-post-title\">Luksefjell er ikke stedet for vindkraft!<\/h2>\n\t<p class=\"wp-block-naturvern-post-excerpt\">Luksefjell er Skien og Grenlands svar p\u00e5 Nordmarka. Skal vi virkelig bygge ned dette verdifulle natur- og friluftsomr\u00e5det for storskala vindkraft?<\/p>\n<\/div>\n\n<\/a>\n<\/div>\n\n<div class=\"t2-featured-single-post t2-featured-content is-post-type-post category-ukategorisert local-grenland wp-block-t2-featured-single-post\"><a class=\"t2-post-link wp-block-t2-post-link\" href=\"https:\/\/naturvernforbundet.no\/telemark\/vindkraft-i-siljan-mer-enn-naeringsutvikling\/\">\n<figure style=\"--t2-focal-point: 50% 50%;\" class=\"t2-post-featured-image has-image-ratio-4-3 wp-block-t2-post-featured-image\"><img loading=\"lazy\" decoding=\"async\" width=\"2560\" height=\"2560\" src=\"https:\/\/naturvernforbundet.no\/content\/uploads\/sites\/18\/2026\/06\/Design-uten-navn-2.png\" class=\"attachment-post-thumbnail size-post-thumbnail wp-post-image\" alt=\"\" srcset=\"https:\/\/naturvernforbundet.no\/content\/uploads\/sites\/18\/2026\/06\/Design-uten-navn-2.png 2560w, https:\/\/naturvernforbundet.no\/content\/uploads\/sites\/18\/2026\/06\/Design-uten-navn-2-300x300.png 300w, https:\/\/naturvernforbundet.no\/content\/uploads\/sites\/18\/2026\/06\/Design-uten-navn-2-1024x1024.png 1024w, https:\/\/naturvernforbundet.no\/content\/uploads\/sites\/18\/2026\/06\/Design-uten-navn-2-150x150.png 150w, https:\/\/naturvernforbundet.no\/content\/uploads\/sites\/18\/2026\/06\/Design-uten-navn-2-768x768.png 768w, https:\/\/naturvernforbundet.no\/content\/uploads\/sites\/18\/2026\/06\/Design-uten-navn-2-1536x1536.png 1536w, https:\/\/naturvernforbundet.no\/content\/uploads\/sites\/18\/2026\/06\/Design-uten-navn-2-2048x2048.png 2048w, https:\/\/naturvernforbundet.no\/content\/uploads\/sites\/18\/2026\/06\/Design-uten-navn-2-1920x1920.png 1920w\" sizes=\"auto, (max-width: 2560px) 100vw, 2560px\" \/><\/figure>\n\n<div class=\"wp-block-group alignfull is-layout-flow wp-block-group-is-layout-flow\">\n\t<h2 class=\"t2-post-title wp-block-t2-post-title\">Vindkraft i Siljan \u2013 mer enn \u00abn\u00e6ringsutvikling\u00bb<\/h2>\n\t<p class=\"wp-block-naturvern-post-excerpt\">Tirsdag 16. juni skal Siljan kommunestyre behandle saken \u00abHenvendelser om n\u00e6ringsutvikling\u00bb.<br><br>Kommunedirekt\u00f8ren har innstilt p\u00e5 at kommunen skal kunne arbeide med alle henvendelser om n\u00e6ringsutvikling.<br><br>Ved f\u00f8rste \u00f8yekast kan dette virke som en uproblematisk sak. Men i realiteten inneb\u00e6rer innstillingen ogs\u00e5 at kommunedirekt\u00f8ren kan g\u00e5 i dialog med akt\u00f8rer som \u00f8nsker \u00e5 etablere storskala vindkraft i Siljan.<\/p>\n<\/div>\n\n<\/a>\n<\/div>\n<\/div>\n\n\n<div class=\"wp-block-group alignwide is-style-green-light is-layout-flow wp-block-group-is-layout-flow\">\n<div class=\"wp-block-media-text alignwide is-stacked-on-mobile\"><figure class=\"wp-block-media-text__media\"><img loading=\"lazy\" decoding=\"async\" width=\"1024\" height=\"681\" src=\"https:\/\/naturvernforbundet.no\/content\/uploads\/sites\/18\/2022\/09\/Naturvernforbundet095-1024x681.jpg\" alt=\"verving \" class=\"wp-image-24 size-full\" srcset=\"https:\/\/naturvernforbundet.no\/content\/uploads\/sites\/18\/2022\/09\/Naturvernforbundet095-1024x681.jpg 1024w, https:\/\/naturvernforbundet.no\/content\/uploads\/sites\/18\/2022\/09\/Naturvernforbundet095-300x200.jpg 300w, https:\/\/naturvernforbundet.no\/content\/uploads\/sites\/18\/2022\/09\/Naturvernforbundet095-768x511.jpg 768w, https:\/\/naturvernforbundet.no\/content\/uploads\/sites\/18\/2022\/09\/Naturvernforbundet095-1536x1022.jpg 1536w, https:\/\/naturvernforbundet.no\/content\/uploads\/sites\/18\/2022\/09\/Naturvernforbundet095-2048x1363.jpg 2048w, https:\/\/naturvernforbundet.no\/content\/uploads\/sites\/18\/2022\/09\/Naturvernforbundet095-1920x1277.jpg 1920w\" sizes=\"auto, (max-width: 1024px) 100vw, 1024px\" \/><span class=\"t2-image-credit-name\">Fartein Rudjord<\/span><\/figure><div class=\"wp-block-media-text__content\">\n<h2 class=\"wp-block-heading\"><a href=\"https:\/\/naturvernforbundet.no\/bli-medlem\/\">Bli medlem!<\/a><\/h2>\n<\/div><\/div>\n<\/div>\n\n\n<ul class=\"t2-link-list has-5-items has-auto-columns alignwide wp-block-t2-link-list\">\n\t<li class=\"t2-link-list-item wp-block-t2-link-list-item\">\n\t\t<a\n\t\t\thref=\"https:\/\/naturvernforbundet.no\/telemark\/lokallag\/grenland\/\"\n\t\t\tclass=\"t2-link-list-item__link t2-link-list__icon--left\"\n\t\t\trel=\"noreferrer noopener\" target=\"_blank\"\t\t>\n\t\t\t<span class=\"t2-link-list-item__icon\"><span class=\"t2-link-list-item__icon-box\"><\/span><svg xmlns=\"http:\/\/www.w3.org\/2000\/svg\" viewBox=\"0 0 24 24\" height=\"24\" width=\"24\" class=\"t2-icon t2-icon-linkexternal\" aria-hidden=\"true\" focusable=\"false\"><path d=\"M5 21c-.5 0-1-.2-1.4-.6S3 19.6 3 19V5c0-.6.2-1 .6-1.4S4.5 3 5 3h6c.3 0 .5.1.7.3.2.2.3.4.3.7 0 .3-.1.5-.3.7-.2.2-.4.3-.7.3H5v14h14v-6c0-.3.1-.5.3-.7.2-.2.4-.3.7-.3s.5.1.7.3c.2.2.3.4.3.7v6c0 .6-.2 1-.6 1.4s-.8.6-1.4.6H5zm4-6c-.2-.2-.3-.4-.3-.7s.1-.5.3-.7L17.6 5H15c-.3 0-.5-.1-.7-.3-.2-.2-.3-.4-.3-.7 0-.3.1-.5.3-.7.2-.2.4-.3.7-.3h5c.3 0 .5.1.7.3.2.2.3.4.3.7v5c0 .3-.1.5-.3.7-.2.2-.4.3-.7.3s-.5-.1-.7-.3c-.2-.2-.3-.4-.3-.7V6.4L10.4 15c-.2.2-.4.3-.7.3s-.5-.1-.7-.3z\"\/><\/svg><\/span>\t\t\t<div class=\"t2-link-list-item__content\">\n\n\t\t\t\t\n\t\t\t\t<span class=\"t2-link-list-item__text\">\n\t\t\t\t\tGrenland\t\t\t\t<\/span>\n\t\t\t\t\t\t\t<\/div>\n\t\t<\/a>\n\t<\/li>\n\t\n\n\t<li class=\"t2-link-list-item wp-block-t2-link-list-item\">\n\t\t<a\n\t\t\thref=\"https:\/\/naturvernforbundet.no\/telemark\/lokallag\/midt-telemark\/\"\n\t\t\tclass=\"t2-link-list-item__link t2-link-list__icon--left\"\n\t\t\t\t\t>\n\t\t\t<span class=\"t2-link-list-item__icon\"><span class=\"t2-link-list-item__icon-box\"><\/span><svg xmlns=\"http:\/\/www.w3.org\/2000\/svg\" viewBox=\"0 0 24 24\" height=\"24\" width=\"24\" class=\"t2-icon t2-icon-arrowforward\" aria-hidden=\"true\" focusable=\"false\"><path d=\"M11.3 19.3c-.2-.2-.3-.4-.3-.7 0-.3.1-.5.3-.7l4.9-4.9H5c-.3 0-.5-.1-.7-.3-.2-.2-.3-.4-.3-.7s.1-.5.3-.7c.2-.2.4-.3.7-.3h11.2l-4.9-4.9c-.2-.2-.3-.4-.3-.7 0-.3.1-.5.3-.7.2-.2.4-.3.7-.3s.5.1.7.3l6.6 6.6c.1.1.2.2.2.3 0 .1.1.3.1.4 0 .1 0 .3-.1.4 0 .1-.1.2-.2.3l-6.6 6.6c-.2.2-.4.3-.7.3s-.5-.1-.7-.3z\"\/><\/svg><\/span>\t\t\t<div class=\"t2-link-list-item__content\">\n\n\t\t\t\t\n\t\t\t\t<span class=\"t2-link-list-item__text\">\n\t\t\t\t\tMidt-Telemark\t\t\t\t<\/span>\n\t\t\t\t\t\t\t<\/div>\n\t\t<\/a>\n\t<\/li>\n\t\n\n\t<li class=\"t2-link-list-item wp-block-t2-link-list-item\">\n\t\t<a\n\t\t\thref=\"https:\/\/naturvernforbundet.no\/telemark\/lokallag\/vest-telemark\/\"\n\t\t\tclass=\"t2-link-list-item__link t2-link-list__icon--left\"\n\t\t\t\t\t>\n\t\t\t<span class=\"t2-link-list-item__icon\"><span class=\"t2-link-list-item__icon-box\"><\/span><svg xmlns=\"http:\/\/www.w3.org\/2000\/svg\" viewBox=\"0 0 24 24\" height=\"24\" width=\"24\" class=\"t2-icon t2-icon-arrowforward\" aria-hidden=\"true\" focusable=\"false\"><path d=\"M11.3 19.3c-.2-.2-.3-.4-.3-.7 0-.3.1-.5.3-.7l4.9-4.9H5c-.3 0-.5-.1-.7-.3-.2-.2-.3-.4-.3-.7s.1-.5.3-.7c.2-.2.4-.3.7-.3h11.2l-4.9-4.9c-.2-.2-.3-.4-.3-.7 0-.3.1-.5.3-.7.2-.2.4-.3.7-.3s.5.1.7.3l6.6 6.6c.1.1.2.2.2.3 0 .1.1.3.1.4 0 .1 0 .3-.1.4 0 .1-.1.2-.2.3l-6.6 6.6c-.2.2-.4.3-.7.3s-.5-.1-.7-.3z\"\/><\/svg><\/span>\t\t\t<div class=\"t2-link-list-item__content\">\n\n\t\t\t\t\n\t\t\t\t<span class=\"t2-link-list-item__text\">\n\t\t\t\t\tVest-Telemark\t\t\t\t<\/span>\n\t\t\t\t\t\t\t<\/div>\n\t\t<\/a>\n\t<\/li>\n\t\n\n\t<li class=\"t2-link-list-item wp-block-t2-link-list-item\">\n\t\t<a\n\t\t\thref=\"https:\/\/naturvernforbundet.no\/telemark\/lokallag\/krageroogdrangedal\/\"\n\t\t\tclass=\"t2-link-list-item__link t2-link-list__icon--left\"\n\t\t\t\t\t>\n\t\t\t<span class=\"t2-link-list-item__icon\"><span class=\"t2-link-list-item__icon-box\"><\/span><svg xmlns=\"http:\/\/www.w3.org\/2000\/svg\" viewBox=\"0 0 24 24\" height=\"24\" width=\"24\" class=\"t2-icon t2-icon-arrowforward\" aria-hidden=\"true\" focusable=\"false\"><path d=\"M11.3 19.3c-.2-.2-.3-.4-.3-.7 0-.3.1-.5.3-.7l4.9-4.9H5c-.3 0-.5-.1-.7-.3-.2-.2-.3-.4-.3-.7s.1-.5.3-.7c.2-.2.4-.3.7-.3h11.2l-4.9-4.9c-.2-.2-.3-.4-.3-.7 0-.3.1-.5.3-.7.2-.2.4-.3.7-.3s.5.1.7.3l6.6 6.6c.1.1.2.2.2.3 0 .1.1.3.1.4 0 .1 0 .3-.1.4 0 .1-.1.2-.2.3l-6.6 6.6c-.2.2-.4.3-.7.3s-.5-.1-.7-.3z\"\/><\/svg><\/span>\t\t\t<div class=\"t2-link-list-item__content\">\n\n\t\t\t\t\n\t\t\t\t<span class=\"t2-link-list-item__text\">\n\t\t\t\t\tKrager\u00f8 og Drangedal\t\t\t\t<\/span>\n\t\t\t\t\t\t\t<\/div>\n\t\t<\/a>\n\t<\/li>\n\t\n\n\t<li class=\"t2-link-list-item wp-block-t2-link-list-item\">\n\t\t<a\n\t\t\thref=\"https:\/\/naturvernforbundet.no\/telemark\/lokallag\/ost-telemark\/\"\n\t\t\tclass=\"t2-link-list-item__link t2-link-list__icon--left\"\n\t\t\t\t\t>\n\t\t\t<span class=\"t2-link-list-item__icon\"><span class=\"t2-link-list-item__icon-box\"><\/span><svg xmlns=\"http:\/\/www.w3.org\/2000\/svg\" viewBox=\"0 0 24 24\" height=\"24\" width=\"24\" class=\"t2-icon t2-icon-arrowforward\" aria-hidden=\"true\" focusable=\"false\"><path d=\"M11.3 19.3c-.2-.2-.3-.4-.3-.7 0-.3.1-.5.3-.7l4.9-4.9H5c-.3 0-.5-.1-.7-.3-.2-.2-.3-.4-.3-.7s.1-.5.3-.7c.2-.2.4-.3.7-.3h11.2l-4.9-4.9c-.2-.2-.3-.4-.3-.7 0-.3.1-.5.3-.7.2-.2.4-.3.7-.3s.5.1.7.3l6.6 6.6c.1.1.2.2.2.3 0 .1.1.3.1.4 0 .1 0 .3-.1.4 0 .1-.1.2-.2.3l-6.6 6.6c-.2.2-.4.3-.7.3s-.5-.1-.7-.3z\"\/><\/svg><\/span>\t\t\t<div class=\"t2-link-list-item__content\">\n\n\t\t\t\t\n\t\t\t\t<span class=\"t2-link-list-item__text\">\n\t\t\t\t\t\u00d8st-Telemark\t\t\t\t<\/span>\n\t\t\t\t\t\t\t<\/div>\n\t\t<\/a>\n\t<\/li>\n\t\n<\/ul>","protected":false},"excerpt":{"rendered":"","protected":false},"author":1,"featured_media":18,"parent":0,"menu_order":0,"comment_status":"closed","ping_status":"closed","template":"","meta":{"_relevanssi_hide_post":"","_relevanssi_hide_content":"","_relevanssi_pin_for_all":"","_relevanssi_pin_keywords":"","_relevanssi_unpin_keywords":"","_relevanssi_related_keywords":"","_relevanssi_related_include_ids":"","_relevanssi_related_exclude_ids":"","_relevanssi_related_no_append":"","_relevanssi_related_not_related":"","_relevanssi_related_posts":"482,161,56,62,37,381","_relevanssi_noindex_reason":"","hide_logo":false,"footnotes":"","_members_access_role":[],"_members_access_error":""},"categories":[],"class_list":["post-6","page","type-page","status-publish","has-post-thumbnail","hentry"],"acf":[],"yoast_head":"<!-- This site is optimized with the Yoast SEO plugin v24.9 - https:\/\/yoast.com\/wordpress\/plugins\/seo\/ -->\n<title>Forside - Telemark<\/title>\n<meta name=\"robots\" content=\"index, follow, max-snippet:-1, max-image-preview:large, max-video-preview:-1\" \/>\n<link rel=\"canonical\" href=\"https:\/\/naturvernforbundet.no\/telemark\/\" \/>\n<meta property=\"og:locale\" content=\"nb_NO\" \/>\n<meta property=\"og:type\" content=\"article\" \/>\n<meta property=\"og:title\" content=\"Forside - Telemark\" \/>\n<meta property=\"og:url\" content=\"https:\/\/naturvernforbundet.no\/telemark\/\" \/>\n<meta property=\"og:site_name\" content=\"Telemark\" \/>\n<meta property=\"article:modified_time\" content=\"2026-09-02T08:06:46+00:00\" \/>\n<meta property=\"og:image\" content=\"https:\/\/naturvernforbundet.no\/content\/uploads\/sites\/18\/2022\/09\/Ramsas_gammelskog4-lite-scaled.jpg\" \/>\n\t<meta property=\"og:image:width\" content=\"2560\" \/>\n\t<meta property=\"og:image:height\" content=\"1707\" \/>\n\t<meta property=\"og:image:type\" content=\"image\/jpeg\" \/>\n<meta name=\"twitter:card\" content=\"summary_large_image\" \/>\n<meta name=\"twitter:label1\" content=\"Ansl. lesetid\" \/>\n\t<meta name=\"twitter:data1\" content=\"1 minutt\" \/>\n<script type=\"application\/ld+json\" class=\"yoast-schema-graph\">{\"@context\":\"https:\/\/schema.org\",\"@graph\":[{\"@type\":\"WebPage\",\"@id\":\"https:\/\/naturvernforbundet.no\/telemark\/\",\"url\":\"https:\/\/naturvernforbundet.no\/telemark\/\",\"name\":\"Forside - Telemark\",\"isPartOf\":{\"@id\":\"https:\/\/naturvernforbundet.no\/telemark\/#website\"},\"primaryImageOfPage\":{\"@id\":\"https:\/\/naturvernforbundet.no\/telemark\/#primaryimage\"},\"image\":{\"@id\":\"https:\/\/naturvernforbundet.no\/telemark\/#primaryimage\"},\"thumbnailUrl\":\"https:\/\/naturvernforbundet.no\/content\/uploads\/sites\/18\/2022\/09\/Ramsas_gammelskog4-lite-scaled.jpg\",\"datePublished\":\"2022-04-01T12:42:29+00:00\",\"dateModified\":\"2026-09-02T08:06:46+00:00\",\"breadcrumb\":{\"@id\":\"https:\/\/naturvernforbundet.no\/telemark\/#breadcrumb\"},\"inLanguage\":\"nb-NO\",\"potentialAction\":[{\"@type\":\"ReadAction\",\"target\":[\"https:\/\/naturvernforbundet.no\/telemark\/\"]}]},{\"@type\":\"ImageObject\",\"inLanguage\":\"nb-NO\",\"@id\":\"https:\/\/naturvernforbundet.no\/telemark\/#primaryimage\",\"url\":\"https:\/\/naturvernforbundet.no\/content\/uploads\/sites\/18\/2022\/09\/Ramsas_gammelskog4-lite-scaled.jpg\",\"contentUrl\":\"https:\/\/naturvernforbundet.no\/content\/uploads\/sites\/18\/2022\/09\/Ramsas_gammelskog4-lite-scaled.jpg\",\"width\":2560,\"height\":1707,\"caption\":\"Gammelskog i Telemark\"},{\"@type\":\"BreadcrumbList\",\"@id\":\"https:\/\/naturvernforbundet.no\/telemark\/#breadcrumb\",\"itemListElement\":[{\"@type\":\"ListItem\",\"position\":1,\"name\":\"Till naturvernforbundet.no\",\"item\":\"https:\/\/naturvernforbundet.no\/\"},{\"@type\":\"ListItem\",\"position\":2,\"name\":\"Telemark\",\"item\":\"https:\/\/naturvernforbundet.no\/telemark\/\"},{\"@type\":\"ListItem\",\"position\":3,\"name\":\"Forside\"}]},{\"@type\":\"WebSite\",\"@id\":\"https:\/\/naturvernforbundet.no\/telemark\/#website\",\"url\":\"https:\/\/naturvernforbundet.no\/telemark\/\",\"name\":\"Telemark\",\"description\":\"Bare enda et Naturvernforbundet Sites-nettsted\",\"potentialAction\":[{\"@type\":\"SearchAction\",\"target\":{\"@type\":\"EntryPoint\",\"urlTemplate\":\"https:\/\/naturvernforbundet.no\/telemark\/?s={search_term_string}\"},\"query-input\":{\"@type\":\"PropertyValueSpecification\",\"valueRequired\":true,\"valueName\":\"search_term_string\"}}],\"inLanguage\":\"nb-NO\"}]}<\/script>\n<!-- \/ Yoast SEO plugin. -->","yoast_head_json":{"title":"Forside - Telemark","robots":{"index":"index","follow":"follow","max-snippet":"max-snippet:-1","max-image-preview":"max-image-preview:large","max-video-preview":"max-video-preview:-1"},"canonical":"https:\/\/naturvernforbundet.no\/telemark\/","og_locale":"nb_NO","og_type":"article","og_title":"Forside - Telemark","og_url":"https:\/\/naturvernforbundet.no\/telemark\/","og_site_name":"Telemark","article_modified_time":"2026-09-02T08:06:46+00:00","og_image":[{"width":2560,"height":1707,"url":"https:\/\/naturvernforbundet.no\/content\/uploads\/sites\/18\/2022\/09\/Ramsas_gammelskog4-lite-scaled.jpg","type":"image\/jpeg"}],"twitter_card":"summary_large_image","twitter_misc":{"Ansl. lesetid":"1 minutt"},"schema":{"@context":"https:\/\/schema.org","@graph":[{"@type":"WebPage","@id":"https:\/\/naturvernforbundet.no\/telemark\/","url":"https:\/\/naturvernforbundet.no\/telemark\/","name":"Forside - Telemark","isPartOf":{"@id":"https:\/\/naturvernforbundet.no\/telemark\/#website"},"primaryImageOfPage":{"@id":"https:\/\/naturvernforbundet.no\/telemark\/#primaryimage"},"image":{"@id":"https:\/\/naturvernforbundet.no\/telemark\/#primaryimage"},"thumbnailUrl":"https:\/\/naturvernforbundet.no\/content\/uploads\/sites\/18\/2022\/09\/Ramsas_gammelskog4-lite-scaled.jpg","datePublished":"2022-04-01T12:42:29+00:00","dateModified":"2026-09-02T08:06:46+00:00","breadcrumb":{"@id":"https:\/\/naturvernforbundet.no\/telemark\/#breadcrumb"},"inLanguage":"nb-NO","potentialAction":[{"@type":"ReadAction","target":["https:\/\/naturvernforbundet.no\/telemark\/"]}]},{"@type":"ImageObject","inLanguage":"nb-NO","@id":"https:\/\/naturvernforbundet.no\/telemark\/#primaryimage","url":"https:\/\/naturvernforbundet.no\/content\/uploads\/sites\/18\/2022\/09\/Ramsas_gammelskog4-lite-scaled.jpg","contentUrl":"https:\/\/naturvernforbundet.no\/content\/uploads\/sites\/18\/2022\/09\/Ramsas_gammelskog4-lite-scaled.jpg","width":2560,"height":1707,"caption":"Gammelskog i Telemark"},{"@type":"BreadcrumbList","@id":"https:\/\/naturvernforbundet.no\/telemark\/#breadcrumb","itemListElement":[{"@type":"ListItem","position":1,"name":"Till naturvernforbundet.no","item":"https:\/\/naturvernforbundet.no\/"},{"@type":"ListItem","position":2,"name":"Telemark","item":"https:\/\/naturvernforbundet.no\/telemark\/"},{"@type":"ListItem","position":3,"name":"Forside"}]},{"@type":"WebSite","@id":"https:\/\/naturvernforbundet.no\/telemark\/#website","url":"https:\/\/naturvernforbundet.no\/telemark\/","name":"Telemark","description":"Bare enda et Naturvernforbundet Sites-nettsted","potentialAction":[{"@type":"SearchAction","target":{"@type":"EntryPoint","urlTemplate":"https:\/\/naturvernforbundet.no\/telemark\/?s={search_term_string}"},"query-input":{"@type":"PropertyValueSpecification","valueRequired":true,"valueName":"search_term_string"}}],"inLanguage":"nb-NO"}]}},"_links":{"self":[{"href":"https:\/\/naturvernforbundet.no\/telemark\/wp-json\/wp\/v2\/pages\/6","targetHints":{"allow":["GET"]}}],"collection":[{"href":"https:\/\/naturvernforbundet.no\/telemark\/wp-json\/wp\/v2\/pages"}],"about":[{"href":"https:\/\/naturvernforbundet.no\/telemark\/wp-json\/wp\/v2\/types\/page"}],"author":[{"embeddable":true,"href":"https:\/\/naturvernforbundet.no\/telemark\/wp-json\/wp\/v2\/users\/1"}],"replies":[{"embeddable":true,"href":"https:\/\/naturvernforbundet.no\/telemark\/wp-json\/wp\/v2\/comments?post=6"}],"version-history":[{"count":51,"href":"https:\/\/naturvernforbundet.no\/telemark\/wp-json\/wp\/v2\/pages\/6\/revisions"}],"predecessor-version":[{"id":1017,"href":"https:\/\/naturvernforbundet.no\/telemark\/wp-json\/wp\/v2\/pages\/6\/revisions\/1017"}],"wp:featuredmedia":[{"embeddable":true,"href":"https:\/\/naturvernforbundet.no\/telemark\/wp-json\/wp\/v2\/media\/18"}],"wp:attachment":[{"href":"https:\/\/naturvernforbundet.no\/telemark\/wp-json\/wp\/v2\/media?parent=6"}],"wp:term":[{"taxonomy":"category","embeddable":true,"href":"https:\/\/naturvernforbundet.no\/telemark\/wp-json\/wp\/v2\/categories?post=6"}],"curies":[{"name":"wp","href":"https:\/\/api.w.org\/{rel}","templated":true}]}}