{"version":"1.0","provider_name":"Troms","provider_url":"https:\/\/naturvernforbundet.no\/troms","author_name":"Lars Kufaas","author_url":"https:\/\/naturvernforbundet.no\/troms\/author\/larskufaas\/","title":"Bes\u00f8k av Truls Gulowsen i Troms\u00f8 - Troms","type":"rich","width":600,"height":338,"html":"<blockquote class=\"wp-embedded-content\" data-secret=\"gFEtd7iQJn\"><a href=\"https:\/\/naturvernforbundet.no\/troms\/besok-av-truls-gulowsen-i-tromso\/\">Bes\u00f8k av Truls Gulowsen i Troms\u00f8<\/a><\/blockquote><iframe sandbox=\"allow-scripts\" security=\"restricted\" src=\"https:\/\/naturvernforbundet.no\/troms\/besok-av-truls-gulowsen-i-tromso\/embed\/#?secret=gFEtd7iQJn\" width=\"600\" height=\"338\" title=\"&laquo;Bes\u00f8k av Truls Gulowsen i Troms\u00f8&raquo; &#8212; Troms\" data-secret=\"gFEtd7iQJn\" frameborder=\"0\" marginwidth=\"0\" marginheight=\"0\" scrolling=\"no\" class=\"wp-embedded-content\"><\/iframe><script>\n\/*! This file is auto-generated *\/\n!function(d,l){\"use strict\";l.querySelector&&d.addEventListener&&\"undefined\"!=typeof URL&&(d.wp=d.wp||{},d.wp.receiveEmbedMessage||(d.wp.receiveEmbedMessage=function(e){var t=e.data;if((t||t.secret||t.message||t.value)&&!\/[^a-zA-Z0-9]\/.test(t.secret)){for(var s,r,n,a=l.querySelectorAll('iframe[data-secret=\"'+t.secret+'\"]'),o=l.querySelectorAll('blockquote[data-secret=\"'+t.secret+'\"]'),c=new RegExp(\"^https?:$\",\"i\"),i=0;i<o.length;i++)o[i].style.display=\"none\";for(i=0;i<a.length;i++)s=a[i],e.source===s.contentWindow&&(s.removeAttribute(\"style\"),\"height\"===t.message?(1e3<(r=parseInt(t.value,10))?r=1e3:~~r<200&&(r=200),s.height=r):\"link\"===t.message&&(r=new URL(s.getAttribute(\"src\")),n=new URL(t.value),c.test(n.protocol))&&n.host===r.host&&l.activeElement===s&&(d.top.location.href=t.value))}},d.addEventListener(\"message\",d.wp.receiveEmbedMessage,!1),l.addEventListener(\"DOMContentLoaded\",function(){for(var e,t,s=l.querySelectorAll(\"iframe.wp-embedded-content\"),r=0;r<s.length;r++)(t=(e=s[r]).getAttribute(\"data-secret\"))||(t=Math.random().toString(36).substring(2,12),e.src+=\"#?secret=\"+t,e.setAttribute(\"data-secret\",t)),e.contentWindow.postMessage({message:\"ready\",secret:t},\"*\")},!1)))}(window,document);\n<\/script>\n","thumbnail_url":"https:\/\/naturvernforbundet.no\/content\/uploads\/sites\/20\/2023\/02\/DSC_7399-scaled.jpg","thumbnail_width":2560,"thumbnail_height":1703,"description":"Lederen i Naturvernforbundet var innom Troms\u00f8 for \u00e5 delta p\u00e5 Internasjonalt Seminar og for \u00e5 bes\u00f8ke lokallaget i Troms\u00f8 og omegn og fylkeslaget i Troms. Truls holdt blant annet innledningen \"Naturvern nytter\" i lokallaget og lyttet til fylkeslagets engasjement rund oppdrett, fiske og vindkraft."}