{"version":"1.0","provider_name":"Troms","provider_url":"https:\/\/naturvernforbundet.no\/troms","author_name":"Christian B\u00f8rs Lind","author_url":"https:\/\/naturvernforbundet.no\/troms\/author\/christianborslind\/","title":"- Regjeringen m\u00e5 stoppe NVEs planlagte natur\u00f8deleggelser - Troms","type":"rich","width":600,"height":338,"html":"<blockquote class=\"wp-embedded-content\" data-secret=\"sIaOO2ScDo\"><a href=\"https:\/\/naturvernforbundet.no\/troms\/regjeringen-ma-stoppe-nves-planlagte-naturodeleggelser\/\">&#8211; Regjeringen m\u00e5 stoppe NVEs planlagte natur\u00f8deleggelser<\/a><\/blockquote><iframe sandbox=\"allow-scripts\" security=\"restricted\" src=\"https:\/\/naturvernforbundet.no\/troms\/regjeringen-ma-stoppe-nves-planlagte-naturodeleggelser\/embed\/#?secret=sIaOO2ScDo\" width=\"600\" height=\"338\" title=\"&laquo;&#8211; Regjeringen m\u00e5 stoppe NVEs planlagte natur\u00f8deleggelser&raquo; &#8212; Troms\" data-secret=\"sIaOO2ScDo\" frameborder=\"0\" marginwidth=\"0\" marginheight=\"0\" scrolling=\"no\" class=\"wp-embedded-content\"><\/iframe><script>\n\/*! This file is auto-generated *\/\n!function(d,l){\"use strict\";l.querySelector&&d.addEventListener&&\"undefined\"!=typeof URL&&(d.wp=d.wp||{},d.wp.receiveEmbedMessage||(d.wp.receiveEmbedMessage=function(e){var t=e.data;if((t||t.secret||t.message||t.value)&&!\/[^a-zA-Z0-9]\/.test(t.secret)){for(var s,r,n,a=l.querySelectorAll('iframe[data-secret=\"'+t.secret+'\"]'),o=l.querySelectorAll('blockquote[data-secret=\"'+t.secret+'\"]'),c=new RegExp(\"^https?:$\",\"i\"),i=0;i<o.length;i++)o[i].style.display=\"none\";for(i=0;i<a.length;i++)s=a[i],e.source===s.contentWindow&&(s.removeAttribute(\"style\"),\"height\"===t.message?(1e3<(r=parseInt(t.value,10))?r=1e3:~~r<200&&(r=200),s.height=r):\"link\"===t.message&&(r=new URL(s.getAttribute(\"src\")),n=new URL(t.value),c.test(n.protocol))&&n.host===r.host&&l.activeElement===s&&(d.top.location.href=t.value))}},d.addEventListener(\"message\",d.wp.receiveEmbedMessage,!1),l.addEventListener(\"DOMContentLoaded\",function(){for(var e,t,s=l.querySelectorAll(\"iframe.wp-embedded-content\"),r=0;r<s.length;r++)(t=(e=s[r]).getAttribute(\"data-secret\"))||(t=Math.random().toString(36).substring(2,12),e.src+=\"#?secret=\"+t,e.setAttribute(\"data-secret\",t)),e.contentWindow.postMessage({message:\"ready\",secret:t},\"*\")},!1)))}(window,document);\n<\/script>\n","thumbnail_url":"https:\/\/naturvernforbundet.no\/content\/uploads\/sites\/20\/2012\/05\/Kraftline.jpg2028articledisplay29.jpg","thumbnail_width":556,"thumbnail_height":417,"description":"Statnett har f\u00e5tt konsesjon til \u00e5 bygge Norges lengste kraftlinje. Linja begrunnes med \u00f8kt oljevirksomhet i nord, og legges tvers gjennom viktige naturomr\u00e5der, inkludert omr\u00e5der som er vernet eller skal vernes. Natur og Ungdom og Naturvernforbundet klager inn vedtaket. De mener den \u00f8vre delen av linja ikke b\u00f8r bygges i det hele tatt."}