{"version":"1.0","provider_name":"Troms","provider_url":"https:\/\/naturvernforbundet.no\/troms","author_name":"kristindahl","author_url":"https:\/\/naturvernforbundet.no\/troms\/author\/kristindahl\/","title":"\u00c5rsm\u00f8te med foredrag: Samisk kulturforst\u00e5else og vindkraft i nord - Troms","type":"rich","width":600,"height":338,"html":"<blockquote class=\"wp-embedded-content\" data-secret=\"1DKv7G6au2\"><a href=\"https:\/\/naturvernforbundet.no\/troms\/samisk-kulturforstaelse-og-vindkraft-i-nord\/\">\u00c5rsm\u00f8te med foredrag: Samisk kulturforst\u00e5else og vindkraft i nord<\/a><\/blockquote><iframe sandbox=\"allow-scripts\" security=\"restricted\" src=\"https:\/\/naturvernforbundet.no\/troms\/samisk-kulturforstaelse-og-vindkraft-i-nord\/embed\/#?secret=1DKv7G6au2\" width=\"600\" height=\"338\" title=\"&laquo;\u00c5rsm\u00f8te med foredrag: Samisk kulturforst\u00e5else og vindkraft i nord&raquo; &#8212; Troms\" data-secret=\"1DKv7G6au2\" frameborder=\"0\" marginwidth=\"0\" marginheight=\"0\" scrolling=\"no\" class=\"wp-embedded-content\"><\/iframe><script>\n\/*! This file is auto-generated *\/\n!function(d,l){\"use strict\";l.querySelector&&d.addEventListener&&\"undefined\"!=typeof URL&&(d.wp=d.wp||{},d.wp.receiveEmbedMessage||(d.wp.receiveEmbedMessage=function(e){var t=e.data;if((t||t.secret||t.message||t.value)&&!\/[^a-zA-Z0-9]\/.test(t.secret)){for(var s,r,n,a=l.querySelectorAll('iframe[data-secret=\"'+t.secret+'\"]'),o=l.querySelectorAll('blockquote[data-secret=\"'+t.secret+'\"]'),c=new RegExp(\"^https?:$\",\"i\"),i=0;i<o.length;i++)o[i].style.display=\"none\";for(i=0;i<a.length;i++)s=a[i],e.source===s.contentWindow&&(s.removeAttribute(\"style\"),\"height\"===t.message?(1e3<(r=parseInt(t.value,10))?r=1e3:~~r<200&&(r=200),s.height=r):\"link\"===t.message&&(r=new URL(s.getAttribute(\"src\")),n=new URL(t.value),c.test(n.protocol))&&n.host===r.host&&l.activeElement===s&&(d.top.location.href=t.value))}},d.addEventListener(\"message\",d.wp.receiveEmbedMessage,!1),l.addEventListener(\"DOMContentLoaded\",function(){for(var e,t,s=l.querySelectorAll(\"iframe.wp-embedded-content\"),r=0;r<s.length;r++)(t=(e=s[r]).getAttribute(\"data-secret\"))||(t=Math.random().toString(36).substring(2,12),e.src+=\"#?secret=\"+t,e.setAttribute(\"data-secret\",t)),e.contentWindow.postMessage({message:\"ready\",secret:t},\"*\")},!1)))}(window,document);\n<\/script>\n","thumbnail_url":"https:\/\/naturvernforbundet.no\/content\/uploads\/sites\/20\/2025\/04\/IMG_0739-1-scaled.jpg","thumbnail_width":2560,"thumbnail_height":1920,"description":"Som oppvarming til Naturvernforbundet i Troms sitt \u00e5rsm\u00f8te l\u00f8rdag 5.april inviterte vi alle interesserte som er opptatt av naturtap til to h\u00f8yst aktuelle foredrag med tema samisk naturforst\u00e5else og tema vindkraft.\u00a0Det ble et vellykket arrangment med spennende foredrag og mange sp\u00f8rsm\u00e5l fra salen i etterkant, og vi takker alle som m\u00f8tte opp - og takk til ordstyrer Christine Myrseth som ledet oss gjennom dagen."}