{"version":"1.0","provider_name":"Tr\u00f8ndelag","provider_url":"https:\/\/naturvernforbundet.no\/trondelag","author_name":"Mads L\u00f8keland","author_url":"https:\/\/naturvernforbundet.no\/trondelag\/author\/madslokeland\/","title":"Fr\u00f8ya vindkraft - trekk konsesjonen - Tr\u00f8ndelag","type":"rich","width":600,"height":338,"html":"<blockquote class=\"wp-embedded-content\" data-secret=\"AkjnYxQejk\"><a href=\"https:\/\/naturvernforbundet.no\/trondelag\/froya-vindkraft-trekk-konsesjonen\/\">Fr\u00f8ya vindkraft &#8211; trekk konsesjonen<\/a><\/blockquote><iframe sandbox=\"allow-scripts\" security=\"restricted\" src=\"https:\/\/naturvernforbundet.no\/trondelag\/froya-vindkraft-trekk-konsesjonen\/embed\/#?secret=AkjnYxQejk\" width=\"600\" height=\"338\" title=\"&laquo;Fr\u00f8ya vindkraft &#8211; trekk konsesjonen&raquo; &#8212; Tr\u00f8ndelag\" data-secret=\"AkjnYxQejk\" frameborder=\"0\" marginwidth=\"0\" marginheight=\"0\" scrolling=\"no\" class=\"wp-embedded-content\"><\/iframe><script>\n\/*! This file is auto-generated *\/\n!function(d,l){\"use strict\";l.querySelector&&d.addEventListener&&\"undefined\"!=typeof URL&&(d.wp=d.wp||{},d.wp.receiveEmbedMessage||(d.wp.receiveEmbedMessage=function(e){var t=e.data;if((t||t.secret||t.message||t.value)&&!\/[^a-zA-Z0-9]\/.test(t.secret)){for(var s,r,n,a=l.querySelectorAll('iframe[data-secret=\"'+t.secret+'\"]'),o=l.querySelectorAll('blockquote[data-secret=\"'+t.secret+'\"]'),c=new RegExp(\"^https?:$\",\"i\"),i=0;i<o.length;i++)o[i].style.display=\"none\";for(i=0;i<a.length;i++)s=a[i],e.source===s.contentWindow&&(s.removeAttribute(\"style\"),\"height\"===t.message?(1e3<(r=parseInt(t.value,10))?r=1e3:~~r<200&&(r=200),s.height=r):\"link\"===t.message&&(r=new URL(s.getAttribute(\"src\")),n=new URL(t.value),c.test(n.protocol))&&n.host===r.host&&l.activeElement===s&&(d.top.location.href=t.value))}},d.addEventListener(\"message\",d.wp.receiveEmbedMessage,!1),l.addEventListener(\"DOMContentLoaded\",function(){for(var e,t,s=l.querySelectorAll(\"iframe.wp-embedded-content\"),r=0;r<s.length;r++)(t=(e=s[r]).getAttribute(\"data-secret\"))||(t=Math.random().toString(36).substring(2,12),e.src+=\"#?secret=\"+t,e.setAttribute(\"data-secret\",t)),e.contentWindow.postMessage({message:\"ready\",secret:t},\"*\")},!1)))}(window,document);\n<\/script>\n","thumbnail_url":"https:\/\/naturvernforbundet.no\/content\/uploads\/sites\/19\/2019\/01\/IMG_341920Tellenes.JPG2028articledisplay29.jpg","thumbnail_width":653,"thumbnail_height":435,"description":"Forvaltningslova gir rett til \u00e5 gjera om vedtak, og p\u00e5 jusstudiet ved Universitetet i Oslo gir dei f\u00f8lgjande rettleiing for n\u00e5r vedtak kan bli gjort om: \u00abdet oppst\u00e5r nye faktiske forhold (man f\u00e5r ny kunnskap om eksisterende skadevirkninger)\u00bb, eller \u00absaken n\u00e5 vurderes annerledes enn p\u00e5 avgj\u00f8relsestidspunktet.\u00bb Vi meiner at dette gir grunnlag for \u00e5 trekke konsesjonen attende."}