{"version":"1.0","provider_name":"Tr\u00f8ndelag","provider_url":"https:\/\/naturvernforbundet.no\/trondelag","author_name":"Knut Bonvik","author_url":"https:\/\/naturvernforbundet.no\/trondelag\/author\/knutbonvik\/","title":"Ingen avklaring om framtida til Songli og Grytdalen - Tr\u00f8ndelag","type":"rich","width":600,"height":338,"html":"<blockquote class=\"wp-embedded-content\" data-secret=\"I3hZ1DHCMl\"><a href=\"https:\/\/naturvernforbundet.no\/trondelag\/ingen-avklaring-om-framtida-til-songli-og-grytdalen\/\">Ingen avklaring om framtida til Songli og Grytdalen<\/a><\/blockquote><iframe sandbox=\"allow-scripts\" security=\"restricted\" src=\"https:\/\/naturvernforbundet.no\/trondelag\/ingen-avklaring-om-framtida-til-songli-og-grytdalen\/embed\/#?secret=I3hZ1DHCMl\" width=\"600\" height=\"338\" title=\"&laquo;Ingen avklaring om framtida til Songli og Grytdalen&raquo; &#8212; Tr\u00f8ndelag\" data-secret=\"I3hZ1DHCMl\" frameborder=\"0\" marginwidth=\"0\" marginheight=\"0\" scrolling=\"no\" class=\"wp-embedded-content\"><\/iframe><script>\n\/*! This file is auto-generated *\/\n!function(d,l){\"use strict\";l.querySelector&&d.addEventListener&&\"undefined\"!=typeof URL&&(d.wp=d.wp||{},d.wp.receiveEmbedMessage||(d.wp.receiveEmbedMessage=function(e){var t=e.data;if((t||t.secret||t.message||t.value)&&!\/[^a-zA-Z0-9]\/.test(t.secret)){for(var s,r,n,a=l.querySelectorAll('iframe[data-secret=\"'+t.secret+'\"]'),o=l.querySelectorAll('blockquote[data-secret=\"'+t.secret+'\"]'),c=new RegExp(\"^https?:$\",\"i\"),i=0;i<o.length;i++)o[i].style.display=\"none\";for(i=0;i<a.length;i++)s=a[i],e.source===s.contentWindow&&(s.removeAttribute(\"style\"),\"height\"===t.message?(1e3<(r=parseInt(t.value,10))?r=1e3:~~r<200&&(r=200),s.height=r):\"link\"===t.message&&(r=new URL(s.getAttribute(\"src\")),n=new URL(t.value),c.test(n.protocol))&&n.host===r.host&&l.activeElement===s&&(d.top.location.href=t.value))}},d.addEventListener(\"message\",d.wp.receiveEmbedMessage,!1),l.addEventListener(\"DOMContentLoaded\",function(){for(var e,t,s=l.querySelectorAll(\"iframe.wp-embedded-content\"),r=0;r<s.length;r++)(t=(e=s[r]).getAttribute(\"data-secret\"))||(t=Math.random().toString(36).substring(2,12),e.src+=\"#?secret=\"+t,e.setAttribute(\"data-secret\",t)),e.contentWindow.postMessage({message:\"ready\",secret:t},\"*\")},!1)))}(window,document);\n<\/script>\n","thumbnail_url":"https:\/\/naturvernforbundet.no\/content\/uploads\/sites\/19\/2012\/05\/Songlia.jpg2028articledisplay29.jpg","thumbnail_width":653,"thumbnail_height":435,"description":"Det var stort fremm\u00f8te \u00ef Songla 11.mai da politisk r\u00e5dgiver fra FAD Jo Reidar \u00d8yan og politisk r\u00e5dgiver Audun Garberg fra MD inviterte til m\u00f8te om framtida til Songlia og Grytdalen. M\u00f8tet gav imidlertid f\u00e5 avklaringer."}