{"version":"1.0","provider_name":"Tr\u00f8ndelag","provider_url":"https:\/\/naturvernforbundet.no\/trondelag","author_name":"Mads L\u00f8keland","author_url":"https:\/\/naturvernforbundet.no\/trondelag\/author\/madslokeland\/","title":"Sl\u00e5ttedag p\u00e5 Bj\u00f8rndalen 23. august 2020 - Tr\u00f8ndelag","type":"rich","width":600,"height":338,"html":"<blockquote class=\"wp-embedded-content\" data-secret=\"ArnVLZVAOD\"><a href=\"https:\/\/naturvernforbundet.no\/trondelag\/slattedag-pa-bjorndalen-23-august-2020\/\">Sl\u00e5ttedag p\u00e5 Bj\u00f8rndalen 23. august 2020<\/a><\/blockquote><iframe sandbox=\"allow-scripts\" security=\"restricted\" src=\"https:\/\/naturvernforbundet.no\/trondelag\/slattedag-pa-bjorndalen-23-august-2020\/embed\/#?secret=ArnVLZVAOD\" width=\"600\" height=\"338\" title=\"&laquo;Sl\u00e5ttedag p\u00e5 Bj\u00f8rndalen 23. august 2020&raquo; &#8212; Tr\u00f8ndelag\" data-secret=\"ArnVLZVAOD\" frameborder=\"0\" marginwidth=\"0\" marginheight=\"0\" scrolling=\"no\" class=\"wp-embedded-content\"><\/iframe><script>\n\/*! This file is auto-generated *\/\n!function(d,l){\"use strict\";l.querySelector&&d.addEventListener&&\"undefined\"!=typeof URL&&(d.wp=d.wp||{},d.wp.receiveEmbedMessage||(d.wp.receiveEmbedMessage=function(e){var t=e.data;if((t||t.secret||t.message||t.value)&&!\/[^a-zA-Z0-9]\/.test(t.secret)){for(var s,r,n,a=l.querySelectorAll('iframe[data-secret=\"'+t.secret+'\"]'),o=l.querySelectorAll('blockquote[data-secret=\"'+t.secret+'\"]'),c=new RegExp(\"^https?:$\",\"i\"),i=0;i<o.length;i++)o[i].style.display=\"none\";for(i=0;i<a.length;i++)s=a[i],e.source===s.contentWindow&&(s.removeAttribute(\"style\"),\"height\"===t.message?(1e3<(r=parseInt(t.value,10))?r=1e3:~~r<200&&(r=200),s.height=r):\"link\"===t.message&&(r=new URL(s.getAttribute(\"src\")),n=new URL(t.value),c.test(n.protocol))&&n.host===r.host&&l.activeElement===s&&(d.top.location.href=t.value))}},d.addEventListener(\"message\",d.wp.receiveEmbedMessage,!1),l.addEventListener(\"DOMContentLoaded\",function(){for(var e,t,s=l.querySelectorAll(\"iframe.wp-embedded-content\"),r=0;r<s.length;r++)(t=(e=s[r]).getAttribute(\"data-secret\"))||(t=Math.random().toString(36).substring(2,12),e.src+=\"#?secret=\"+t,e.setAttribute(\"data-secret\",t)),e.contentWindow.postMessage({message:\"ready\",secret:t},\"*\")},!1)))}(window,document);\n<\/script>\n","thumbnail_url":"https:\/\/naturvernforbundet.no\/content\/uploads\/sites\/19\/2020\/08\/VC3A5rmorgen20pC3A520BjC3B8rndalen.jpg2028articledisplay29.jpg","thumbnail_width":653,"thumbnail_height":427,"description":"Bj\u00f8rndalen gard ligg vakkert og fritt, med utsikt mot Grytdalen, og er eit fint turm\u00e5l fr\u00e5 Fjellkj\u00f8svatnet og fr\u00e5 Songli. \u200b\u200b\u200b\u200b\u200b\u200b\u200bI 2015 starta vi arbeidet med \u00e5 gjera Bj\u00f8rndalen til eit enno betre turm\u00e5l og \u00e5 ta vare p\u00e5 den utryddingstruga naturtypen sl\u00e5ttemark rundt Bj\u00f8rndalen. Vi har rydda og sl\u00e5tt kvart \u00e5r, og 23. august 2020 er \u00e5rets sl\u00e5ttedag, og 5. \u00e5ret med rydding og sl\u00e5tt, vi og \u00f8nskjer alle hjarteleg velkomne."}