{"id":8972,"date":"2026-04-28T21:50:00","date_gmt":"2026-04-28T19:50:00","guid":{"rendered":"https:\/\/naturvernforbundet.no\/trondelag\/?post_type=event&#038;p=8972"},"modified":"2026-04-28T22:31:43","modified_gmt":"2026-04-28T20:31:43","slug":"naturgledetur-til-edellauvskog","status":"publish","type":"event","link":"https:\/\/naturvernforbundet.no\/trondelag\/event\/naturgledetur-til-edellauvskog\/","title":{"rendered":"Naturgledetur til hasselrik lauvskog"},"content":{"rendered":"\t<div class=\"template-event alignnone wp-block-naturvern-hero\">\n\t\t<div class=\"hero__inner\">\n\t\t\t<div class=\"hero__inner_blocks\">\n\t\t\t\t\n\t\t<div class=\"naturvern-event-meta\">\n\t\t<div class=\"naturvern-event-meta-inner\">\n\t\t\t<div class=\"event-date\">\n\t\t\t\t<div>\n\t\t\t\t\t<span class=\"day\">11.mai<\/span>\n\t\t\t\t\t<span class=\"year\">2026<\/span>\n\t\t\t\t<\/div>\n\t\t\t<\/div>\n\t\t<\/div>\n\t\t<\/div>\t\t\t\t\n<h1 class=\"wp-block-post-title\">Naturgledetur til hasselrik lauvskog<\/h1>\n\n\n\t\t\t<div class=\"naturvern-event-meta-full\">\n\t\t\t<div class=\"naturvern-event-meta-inner\">\n\t\t\t\t<div>\n\t\t\t\t\t<span>Hva:<\/span>\n\t\t\t\t\t<span><\/span>\n\t\t\t\t<\/div>\n\t\t\t\t<div>\n\t\t\t\t\t<span>N\u00e5r:<\/span>\n\t\t\t\t\t<span>11.mai, kl. 18:00 &#8211; 20:00<\/span>\n\t\t\t\t<\/div>\n\t\t\t\t<div>\n\t\t\t\t\t<span>Hvor:<\/span>\n\t\t\t\t\t<span>Medbroen, Innherredsveien 107, Stj\u00f8rdal<\/span>\n\t\t\t\t<\/div>\n\t\t\t<\/div>\n\t\t\t<\/div>\n\n\n<p>Vi har rik n\u00e6rnatur p\u00e5 Stj\u00f8rdal \u2013 til og med sv\u00e6rt sentralt! Bli med oss p\u00e5 tur i skogen og bli kjent med tr\u00e6r, blomster, insekter og nyt fuglesangen. Alle, b\u00e5de medlemmer og ikke-medlemmer er velkomne, og det er selvf\u00f8lgelig gratis! <\/p>\n\n\n\n\n<figure class=\"wp-block-post-featured-image\"><div class=\"t2-image-credit\"><div class=\"t2-image-credit\"><img loading=\"lazy\" decoding=\"async\" width=\"2560\" height=\"1153\" src=\"https:\/\/naturvernforbundet.no\/content\/uploads\/sites\/19\/2026\/04\/1000020986-scaled.jpg\" class=\"attachment-post-thumbnail size-post-thumbnail wp-post-image\" alt=\"Edellauvskog Stj\u00f8rdal\" style=\"object-fit:cover;\" srcset=\"https:\/\/naturvernforbundet.no\/content\/uploads\/sites\/19\/2026\/04\/1000020986-scaled.jpg 2560w, https:\/\/naturvernforbundet.no\/content\/uploads\/sites\/19\/2026\/04\/1000020986-300x135.jpg 300w, https:\/\/naturvernforbundet.no\/content\/uploads\/sites\/19\/2026\/04\/1000020986-1024x461.jpg 1024w, https:\/\/naturvernforbundet.no\/content\/uploads\/sites\/19\/2026\/04\/1000020986-768x346.jpg 768w, https:\/\/naturvernforbundet.no\/content\/uploads\/sites\/19\/2026\/04\/1000020986-1536x692.jpg 1536w, https:\/\/naturvernforbundet.no\/content\/uploads\/sites\/19\/2026\/04\/1000020986-2048x922.jpg 2048w, https:\/\/naturvernforbundet.no\/content\/uploads\/sites\/19\/2026\/04\/1000020986-1920x865.jpg 1920w\" sizes=\"auto, (max-width: 2560px) 100vw, 2560px\" \/><span class=\"t2-image-credit-name\">Anne Marit Ligaard<\/span><\/div><span class=\"t2-image-credit-name\">Anne Marit Ligaard<\/span><\/div><\/figure>\n\t\t\t<\/div>\n\t\t\t\t\t<\/div>\n\t\t\t<\/div>\n\t\n\n\n<p>Sett av mandag 11. mai til tur i n\u00e6r-skogen.&nbsp;Vi bes\u00f8ker&nbsp;ei s\u00f8rvendt lavtliggende li med hassel, osp, selje, rogn, or, bj\u00f8rk, l\u00f8nn, hegg, ask og alm. Vi vil ogs\u00e5 peke p\u00e5 fremmedarter som vi helst ikke vil se i skogen.<\/p>\n\n\n\n<figure class=\"wp-block-image\"><div class=\"t2-image-credit\"><img loading=\"lazy\" decoding=\"async\" width=\"1024\" height=\"461\" src=\"https:\/\/naturvernforbundet.no\/content\/uploads\/sites\/19\/2026\/04\/1000020991-1024x461.jpg\" alt=\"Hasselskog fotografert 24. april 2026\" class=\"wp-image-8966\" srcset=\"https:\/\/naturvernforbundet.no\/content\/uploads\/sites\/19\/2026\/04\/1000020991-1024x461.jpg 1024w, https:\/\/naturvernforbundet.no\/content\/uploads\/sites\/19\/2026\/04\/1000020991-300x135.jpg 300w, https:\/\/naturvernforbundet.no\/content\/uploads\/sites\/19\/2026\/04\/1000020991-768x346.jpg 768w, https:\/\/naturvernforbundet.no\/content\/uploads\/sites\/19\/2026\/04\/1000020991-1536x691.jpg 1536w, https:\/\/naturvernforbundet.no\/content\/uploads\/sites\/19\/2026\/04\/1000020991-2048x922.jpg 2048w, https:\/\/naturvernforbundet.no\/content\/uploads\/sites\/19\/2026\/04\/1000020991-1920x864.jpg 1920w\" sizes=\"auto, (max-width: 1024px) 100vw, 1024px\" \/><span class=\"t2-image-credit-name\">Anne Marit Ligaard<\/span><\/div><figcaption class=\"wp-element-caption\">Hasselskog<\/figcaption><\/figure>\n\n\n\n<p>Vi ser n\u00e6rmere p\u00e5 tr\u00e6rne og p\u00e5 vegetasjonen&nbsp;under dem. Her kan vi ogs\u00e5 finne spennende insekter.<\/p>\n\n\n\n<figure class=\"wp-block-image\"><div class=\"t2-image-credit\"><img loading=\"lazy\" decoding=\"async\" width=\"1024\" height=\"1024\" src=\"https:\/\/naturvernforbundet.no\/content\/uploads\/sites\/19\/2026\/04\/1000021012-1024x1024.jpg\" alt=\"Snart blomstrer heggen, foto tatt 24. april 2026\" class=\"wp-image-8967\" srcset=\"https:\/\/naturvernforbundet.no\/content\/uploads\/sites\/19\/2026\/04\/1000021012-1024x1024.jpg 1024w, https:\/\/naturvernforbundet.no\/content\/uploads\/sites\/19\/2026\/04\/1000021012-300x300.jpg 300w, https:\/\/naturvernforbundet.no\/content\/uploads\/sites\/19\/2026\/04\/1000021012-150x150.jpg 150w, https:\/\/naturvernforbundet.no\/content\/uploads\/sites\/19\/2026\/04\/1000021012-768x768.jpg 768w, https:\/\/naturvernforbundet.no\/content\/uploads\/sites\/19\/2026\/04\/1000021012-1536x1536.jpg 1536w, https:\/\/naturvernforbundet.no\/content\/uploads\/sites\/19\/2026\/04\/1000021012-2048x2048.jpg 2048w, https:\/\/naturvernforbundet.no\/content\/uploads\/sites\/19\/2026\/04\/1000021012-1920x1920.jpg 1920w\" sizes=\"auto, (max-width: 1024px) 100vw, 1024px\" \/><span class=\"t2-image-credit-name\">Anne Marit Ligaard<\/span><\/div><figcaption class=\"wp-element-caption\">Snart blomstrer heggen, foto tatt 24. april 2026<\/figcaption><\/figure>\n\n\n\n<p>Tidspunktet skulle ogs\u00e5 v\u00e6re perfekt for \u00e5 oppleve det rike fuglelivet i denne skogen, og vi h\u00e5per p\u00e5 en flott konsert fra dem!&nbsp;<\/p>\n\n\n\n<figure class=\"wp-block-image\"><div class=\"t2-image-credit\"><img loading=\"lazy\" decoding=\"async\" width=\"1024\" height=\"1024\" src=\"https:\/\/naturvernforbundet.no\/content\/uploads\/sites\/19\/2026\/04\/1000021006-1024x1024.jpg\" alt=\"Hassel 24. april 2026\" class=\"wp-image-8968\" srcset=\"https:\/\/naturvernforbundet.no\/content\/uploads\/sites\/19\/2026\/04\/1000021006-1024x1024.jpg 1024w, https:\/\/naturvernforbundet.no\/content\/uploads\/sites\/19\/2026\/04\/1000021006-300x300.jpg 300w, https:\/\/naturvernforbundet.no\/content\/uploads\/sites\/19\/2026\/04\/1000021006-150x150.jpg 150w, https:\/\/naturvernforbundet.no\/content\/uploads\/sites\/19\/2026\/04\/1000021006-768x768.jpg 768w, https:\/\/naturvernforbundet.no\/content\/uploads\/sites\/19\/2026\/04\/1000021006-1536x1536.jpg 1536w, https:\/\/naturvernforbundet.no\/content\/uploads\/sites\/19\/2026\/04\/1000021006-2048x2048.jpg 2048w, https:\/\/naturvernforbundet.no\/content\/uploads\/sites\/19\/2026\/04\/1000021006-1920x1920.jpg 1920w\" sizes=\"auto, (max-width: 1024px) 100vw, 1024px\" \/><span class=\"t2-image-credit-name\">Anne Marit Ligaard<\/span><\/div><figcaption class=\"wp-element-caption\">Hassel 24. april 2026<\/figcaption><\/figure>\n\n\n\n<p>Vi kan ogs\u00e5 se p\u00e5 noen enkle kjuker og lav om det er av interesse. <\/p>\n\n\n\n<figure class=\"wp-block-image\"><div class=\"t2-image-credit\"><img loading=\"lazy\" decoding=\"async\" width=\"1024\" height=\"768\" src=\"https:\/\/naturvernforbundet.no\/content\/uploads\/sites\/19\/2026\/04\/1000020953-1024x768.jpg\" alt=\"Ospeildkjuke\" class=\"wp-image-8970\" srcset=\"https:\/\/naturvernforbundet.no\/content\/uploads\/sites\/19\/2026\/04\/1000020953-1024x768.jpg 1024w, https:\/\/naturvernforbundet.no\/content\/uploads\/sites\/19\/2026\/04\/1000020953-300x225.jpg 300w, https:\/\/naturvernforbundet.no\/content\/uploads\/sites\/19\/2026\/04\/1000020953-768x576.jpg 768w, https:\/\/naturvernforbundet.no\/content\/uploads\/sites\/19\/2026\/04\/1000020953-1536x1152.jpg 1536w, https:\/\/naturvernforbundet.no\/content\/uploads\/sites\/19\/2026\/04\/1000020953-2048x1536.jpg 2048w, https:\/\/naturvernforbundet.no\/content\/uploads\/sites\/19\/2026\/04\/1000020953-1920x1440.jpg 1920w\" sizes=\"auto, (max-width: 1024px) 100vw, 1024px\" \/><span class=\"t2-image-credit-name\">Anne Marit Ligaard<\/span><\/div><figcaption class=\"wp-element-caption\">Ospeildkjuke<\/figcaption><\/figure>\n\n\n\n<p>Vi&nbsp;f\u00e5r med oss botaniker Ingerid Angell-Petersen og ferskvanns\u00f8kolog Jon Kristian Skei &#8211; som ogs\u00e5 kan mye om insekter og er en meget habil fuglekjenner. Oppm\u00f8te og parkering p\u00e5 parkeringsplassen til Medbroen, Innherredsveien 107, Stj\u00f8rdal, kl 18. NB: vi oppfordrer til \u00e5 sykle, g\u00e5 eller kj\u00f8re sammen med andre.&nbsp;<\/p>\n\n\n\n<figure class=\"wp-block-image\"><div class=\"t2-image-credit\"><img loading=\"lazy\" decoding=\"async\" width=\"1024\" height=\"1024\" src=\"https:\/\/naturvernforbundet.no\/content\/uploads\/sites\/19\/2026\/04\/1000021042-1024x1024.jpg\" alt=\"Skogfiol 24. april 2026\" class=\"wp-image-8969\" srcset=\"https:\/\/naturvernforbundet.no\/content\/uploads\/sites\/19\/2026\/04\/1000021042-1024x1024.jpg 1024w, https:\/\/naturvernforbundet.no\/content\/uploads\/sites\/19\/2026\/04\/1000021042-300x300.jpg 300w, https:\/\/naturvernforbundet.no\/content\/uploads\/sites\/19\/2026\/04\/1000021042-150x150.jpg 150w, https:\/\/naturvernforbundet.no\/content\/uploads\/sites\/19\/2026\/04\/1000021042-768x768.jpg 768w, https:\/\/naturvernforbundet.no\/content\/uploads\/sites\/19\/2026\/04\/1000021042-1536x1536.jpg 1536w, https:\/\/naturvernforbundet.no\/content\/uploads\/sites\/19\/2026\/04\/1000021042-2048x2048.jpg 2048w, https:\/\/naturvernforbundet.no\/content\/uploads\/sites\/19\/2026\/04\/1000021042-1920x1920.jpg 1920w\" sizes=\"auto, (max-width: 1024px) 100vw, 1024px\" \/><span class=\"t2-image-credit-name\">Anne Marit Ligaard<\/span><\/div><figcaption class=\"wp-element-caption\">Skogfiol 24. april 2026<\/figcaption><\/figure>\n\n\n\n<p>Ta gjerne med deg matpakke, litt drikke og sitterunderlag.<\/p>\n\n\n\n<p><strong>Hjertelig velkommen til alle medlemmer og andre interesserte.<\/strong><\/p>\n","protected":false},"excerpt":{"rendered":"","protected":false},"featured_media":8965,"template":"","meta":{"_relevanssi_hide_post":"","_relevanssi_hide_content":"","_relevanssi_pin_for_all":"","_relevanssi_pin_keywords":"","_relevanssi_unpin_keywords":"","_relevanssi_related_keywords":"","_relevanssi_related_include_ids":"","_relevanssi_related_exclude_ids":"","_relevanssi_related_no_append":"","_relevanssi_related_not_related":"","_relevanssi_related_posts":"8964,8645,8662,8926,8940,8289","_relevanssi_noindex_reason":"","hide_logo":false,"_start_date":"2026-05-11T18:00:00","_end_date":"2026-05-11T20:00:00","_event_type":"","_event_location":"Medbroen, Innherredsveien 107, Stj\u00f8rdal","footnotes":""},"local":[11],"class_list":["post-8972","event","type-event","status-publish","has-post-thumbnail","hentry","local-stjordal-og-meraaker"],"acf":[],"yoast_head":"<!-- This site is optimized with the Yoast SEO plugin v24.9 - https:\/\/yoast.com\/wordpress\/plugins\/seo\/ -->\n<title>Naturgledetur til hasselrik lauvskog - Tr\u00f8ndelag<\/title>\n<meta name=\"description\" content=\"Bli med oss \u00e5 se p\u00e5 lauvtr\u00e6rne v\u00e5re. Naturgledetur p\u00e5 Stj\u00f8rdal midt i mai med mye fuglesang og veldig gode guider. Velkommen!\" \/>\n<meta name=\"robots\" content=\"index, follow, max-snippet:-1, max-image-preview:large, max-video-preview:-1\" \/>\n<link rel=\"canonical\" href=\"https:\/\/naturvernforbundet.no\/trondelag\/event\/naturgledetur-til-edellauvskog\/\" \/>\n<meta property=\"og:locale\" content=\"nb_NO\" \/>\n<meta property=\"og:type\" content=\"article\" \/>\n<meta property=\"og:title\" content=\"Naturgledetur til hasselrik lauvskog - Tr\u00f8ndelag\" \/>\n<meta property=\"og:description\" content=\"Bli med oss \u00e5 se p\u00e5 lauvtr\u00e6rne v\u00e5re. Naturgledetur p\u00e5 Stj\u00f8rdal midt i mai med mye fuglesang og veldig gode guider. Velkommen!\" \/>\n<meta property=\"og:url\" content=\"https:\/\/naturvernforbundet.no\/trondelag\/event\/naturgledetur-til-edellauvskog\/\" \/>\n<meta property=\"og:site_name\" content=\"Tr\u00f8ndelag\" \/>\n<meta property=\"article:modified_time\" content=\"2026-04-28T20:31:43+00:00\" \/>\n<meta property=\"og:image\" content=\"https:\/\/naturvernforbundet.no\/content\/uploads\/sites\/19\/2026\/04\/1000020986-scaled.jpg\" \/>\n\t<meta property=\"og:image:width\" content=\"2560\" \/>\n\t<meta property=\"og:image:height\" content=\"1153\" \/>\n\t<meta property=\"og:image:type\" content=\"image\/jpeg\" \/>\n<meta name=\"twitter:card\" content=\"summary_large_image\" \/>\n<meta name=\"twitter:label1\" content=\"Ansl. lesetid\" \/>\n\t<meta name=\"twitter:data1\" content=\"3 minutter\" \/>\n<script type=\"application\/ld+json\" class=\"yoast-schema-graph\">{\"@context\":\"https:\/\/schema.org\",\"@graph\":[{\"@type\":\"WebPage\",\"@id\":\"https:\/\/naturvernforbundet.no\/trondelag\/event\/naturgledetur-til-edellauvskog\/\",\"url\":\"https:\/\/naturvernforbundet.no\/trondelag\/event\/naturgledetur-til-edellauvskog\/\",\"name\":\"Naturgledetur til hasselrik lauvskog - Tr\u00f8ndelag\",\"isPartOf\":{\"@id\":\"https:\/\/naturvernforbundet.no\/trondelag\/#website\"},\"primaryImageOfPage\":{\"@id\":\"https:\/\/naturvernforbundet.no\/trondelag\/event\/naturgledetur-til-edellauvskog\/#primaryimage\"},\"image\":{\"@id\":\"https:\/\/naturvernforbundet.no\/trondelag\/event\/naturgledetur-til-edellauvskog\/#primaryimage\"},\"thumbnailUrl\":\"https:\/\/naturvernforbundet.no\/content\/uploads\/sites\/19\/2026\/04\/1000020986-scaled.jpg\",\"datePublished\":\"2026-04-28T19:50:00+00:00\",\"dateModified\":\"2026-04-28T20:31:43+00:00\",\"description\":\"Bli med oss \u00e5 se p\u00e5 lauvtr\u00e6rne v\u00e5re. Naturgledetur p\u00e5 Stj\u00f8rdal midt i mai med mye fuglesang og veldig gode guider. Velkommen!\",\"breadcrumb\":{\"@id\":\"https:\/\/naturvernforbundet.no\/trondelag\/event\/naturgledetur-til-edellauvskog\/#breadcrumb\"},\"inLanguage\":\"nb-NO\",\"potentialAction\":[{\"@type\":\"ReadAction\",\"target\":[\"https:\/\/naturvernforbundet.no\/trondelag\/event\/naturgledetur-til-edellauvskog\/\"]}]},{\"@type\":\"ImageObject\",\"inLanguage\":\"nb-NO\",\"@id\":\"https:\/\/naturvernforbundet.no\/trondelag\/event\/naturgledetur-til-edellauvskog\/#primaryimage\",\"url\":\"https:\/\/naturvernforbundet.no\/content\/uploads\/sites\/19\/2026\/04\/1000020986-scaled.jpg\",\"contentUrl\":\"https:\/\/naturvernforbundet.no\/content\/uploads\/sites\/19\/2026\/04\/1000020986-scaled.jpg\",\"width\":2560,\"height\":1153,\"caption\":\"Edellauvskog Stj\u00f8rdal\"},{\"@type\":\"BreadcrumbList\",\"@id\":\"https:\/\/naturvernforbundet.no\/trondelag\/event\/naturgledetur-til-edellauvskog\/#breadcrumb\",\"itemListElement\":[{\"@type\":\"ListItem\",\"position\":1,\"name\":\"Till naturvernforbundet.no\",\"item\":\"https:\/\/naturvernforbundet.no\/\"},{\"@type\":\"ListItem\",\"position\":2,\"name\":\"Tr\u00f8ndelag\",\"item\":\"https:\/\/naturvernforbundet.no\/trondelag\/\"},{\"@type\":\"ListItem\",\"position\":3,\"name\":\"Event\",\"item\":\"https:\/\/naturvernforbundet.no\/trondelag\/event\/\"},{\"@type\":\"ListItem\",\"position\":4,\"name\":\"Stj\u00f8rdal og Mer\u00e5ker\",\"item\":\"https:\/\/naturvernforbundet.no\/trondelag\/lokallag\/stjordal-og-meraaker\/\"},{\"@type\":\"ListItem\",\"position\":5,\"name\":\"Naturgledetur til hasselrik lauvskog\"}]},{\"@type\":\"WebSite\",\"@id\":\"https:\/\/naturvernforbundet.no\/trondelag\/#website\",\"url\":\"https:\/\/naturvernforbundet.no\/trondelag\/\",\"name\":\"Tr\u00f8ndelag\",\"description\":\"Bare enda et Naturvernforbundet Sites-nettsted\",\"potentialAction\":[{\"@type\":\"SearchAction\",\"target\":{\"@type\":\"EntryPoint\",\"urlTemplate\":\"https:\/\/naturvernforbundet.no\/trondelag\/?s={search_term_string}\"},\"query-input\":{\"@type\":\"PropertyValueSpecification\",\"valueRequired\":true,\"valueName\":\"search_term_string\"}}],\"inLanguage\":\"nb-NO\"}]}<\/script>\n<!-- \/ Yoast SEO plugin. -->","yoast_head_json":{"title":"Naturgledetur til hasselrik lauvskog - Tr\u00f8ndelag","description":"Bli med oss \u00e5 se p\u00e5 lauvtr\u00e6rne v\u00e5re. Naturgledetur p\u00e5 Stj\u00f8rdal midt i mai med mye fuglesang og veldig gode guider. Velkommen!","robots":{"index":"index","follow":"follow","max-snippet":"max-snippet:-1","max-image-preview":"max-image-preview:large","max-video-preview":"max-video-preview:-1"},"canonical":"https:\/\/naturvernforbundet.no\/trondelag\/event\/naturgledetur-til-edellauvskog\/","og_locale":"nb_NO","og_type":"article","og_title":"Naturgledetur til hasselrik lauvskog - Tr\u00f8ndelag","og_description":"Bli med oss \u00e5 se p\u00e5 lauvtr\u00e6rne v\u00e5re. Naturgledetur p\u00e5 Stj\u00f8rdal midt i mai med mye fuglesang og veldig gode guider. Velkommen!","og_url":"https:\/\/naturvernforbundet.no\/trondelag\/event\/naturgledetur-til-edellauvskog\/","og_site_name":"Tr\u00f8ndelag","article_modified_time":"2026-04-28T20:31:43+00:00","og_image":[{"width":2560,"height":1153,"url":"https:\/\/naturvernforbundet.no\/content\/uploads\/sites\/19\/2026\/04\/1000020986-scaled.jpg","type":"image\/jpeg"}],"twitter_card":"summary_large_image","twitter_misc":{"Ansl. lesetid":"3 minutter"},"schema":{"@context":"https:\/\/schema.org","@graph":[{"@type":"WebPage","@id":"https:\/\/naturvernforbundet.no\/trondelag\/event\/naturgledetur-til-edellauvskog\/","url":"https:\/\/naturvernforbundet.no\/trondelag\/event\/naturgledetur-til-edellauvskog\/","name":"Naturgledetur til hasselrik lauvskog - Tr\u00f8ndelag","isPartOf":{"@id":"https:\/\/naturvernforbundet.no\/trondelag\/#website"},"primaryImageOfPage":{"@id":"https:\/\/naturvernforbundet.no\/trondelag\/event\/naturgledetur-til-edellauvskog\/#primaryimage"},"image":{"@id":"https:\/\/naturvernforbundet.no\/trondelag\/event\/naturgledetur-til-edellauvskog\/#primaryimage"},"thumbnailUrl":"https:\/\/naturvernforbundet.no\/content\/uploads\/sites\/19\/2026\/04\/1000020986-scaled.jpg","datePublished":"2026-04-28T19:50:00+00:00","dateModified":"2026-04-28T20:31:43+00:00","description":"Bli med oss \u00e5 se p\u00e5 lauvtr\u00e6rne v\u00e5re. Naturgledetur p\u00e5 Stj\u00f8rdal midt i mai med mye fuglesang og veldig gode guider. Velkommen!","breadcrumb":{"@id":"https:\/\/naturvernforbundet.no\/trondelag\/event\/naturgledetur-til-edellauvskog\/#breadcrumb"},"inLanguage":"nb-NO","potentialAction":[{"@type":"ReadAction","target":["https:\/\/naturvernforbundet.no\/trondelag\/event\/naturgledetur-til-edellauvskog\/"]}]},{"@type":"ImageObject","inLanguage":"nb-NO","@id":"https:\/\/naturvernforbundet.no\/trondelag\/event\/naturgledetur-til-edellauvskog\/#primaryimage","url":"https:\/\/naturvernforbundet.no\/content\/uploads\/sites\/19\/2026\/04\/1000020986-scaled.jpg","contentUrl":"https:\/\/naturvernforbundet.no\/content\/uploads\/sites\/19\/2026\/04\/1000020986-scaled.jpg","width":2560,"height":1153,"caption":"Edellauvskog Stj\u00f8rdal"},{"@type":"BreadcrumbList","@id":"https:\/\/naturvernforbundet.no\/trondelag\/event\/naturgledetur-til-edellauvskog\/#breadcrumb","itemListElement":[{"@type":"ListItem","position":1,"name":"Till naturvernforbundet.no","item":"https:\/\/naturvernforbundet.no\/"},{"@type":"ListItem","position":2,"name":"Tr\u00f8ndelag","item":"https:\/\/naturvernforbundet.no\/trondelag\/"},{"@type":"ListItem","position":3,"name":"Event","item":"https:\/\/naturvernforbundet.no\/trondelag\/event\/"},{"@type":"ListItem","position":4,"name":"Stj\u00f8rdal og Mer\u00e5ker","item":"https:\/\/naturvernforbundet.no\/trondelag\/lokallag\/stjordal-og-meraaker\/"},{"@type":"ListItem","position":5,"name":"Naturgledetur til hasselrik lauvskog"}]},{"@type":"WebSite","@id":"https:\/\/naturvernforbundet.no\/trondelag\/#website","url":"https:\/\/naturvernforbundet.no\/trondelag\/","name":"Tr\u00f8ndelag","description":"Bare enda et Naturvernforbundet Sites-nettsted","potentialAction":[{"@type":"SearchAction","target":{"@type":"EntryPoint","urlTemplate":"https:\/\/naturvernforbundet.no\/trondelag\/?s={search_term_string}"},"query-input":{"@type":"PropertyValueSpecification","valueRequired":true,"valueName":"search_term_string"}}],"inLanguage":"nb-NO"}]}},"_links":{"self":[{"href":"https:\/\/naturvernforbundet.no\/trondelag\/wp-json\/wp\/v2\/event\/8972","targetHints":{"allow":["GET"]}}],"collection":[{"href":"https:\/\/naturvernforbundet.no\/trondelag\/wp-json\/wp\/v2\/event"}],"about":[{"href":"https:\/\/naturvernforbundet.no\/trondelag\/wp-json\/wp\/v2\/types\/event"}],"version-history":[{"count":4,"href":"https:\/\/naturvernforbundet.no\/trondelag\/wp-json\/wp\/v2\/event\/8972\/revisions"}],"predecessor-version":[{"id":9032,"href":"https:\/\/naturvernforbundet.no\/trondelag\/wp-json\/wp\/v2\/event\/8972\/revisions\/9032"}],"wp:featuredmedia":[{"embeddable":true,"href":"https:\/\/naturvernforbundet.no\/trondelag\/wp-json\/wp\/v2\/media\/8965"}],"wp:attachment":[{"href":"https:\/\/naturvernforbundet.no\/trondelag\/wp-json\/wp\/v2\/media?parent=8972"}],"wp:term":[{"taxonomy":"local","embeddable":true,"href":"https:\/\/naturvernforbundet.no\/trondelag\/wp-json\/wp\/v2\/local?post=8972"}],"curies":[{"name":"wp","href":"https:\/\/api.w.org\/{rel}","templated":true}]}}