{"id":2258,"date":"2022-11-15T16:18:22","date_gmt":"2022-11-15T15:18:22","guid":{"rendered":"https:\/\/naturvernforbundet.no\/trondelag\/?page_id=2258"},"modified":"2022-11-15T16:32:06","modified_gmt":"2022-11-15T15:32:06","slug":"forbruks-effekt-pa-klima-og-natur","status":"publish","type":"page","link":"https:\/\/naturvernforbundet.no\/trondelag\/forbruks-effekt-pa-klima-og-natur\/","title":{"rendered":"V\u00e5rt forbruks effekt p\u00e5 klima og natur"},"content":{"rendered":"\t<div class=\"template-page alignfull wp-block-naturvern-hero\">\n\t\t<div class=\"hero__inner\">\n\t\t\t<div class=\"hero__inner_blocks\">\n\t\t\t\t\t\t\t\t\n<h1 class=\"wp-block-post-title\">V\u00e5rt forbruks effekt p\u00e5 klima og natur<\/h1>\n\n\n<p>Nordmenns forbruk er av de h\u00f8yeste i verden. I tillegg kj\u00f8per vi produkter som belaster r\u00e5varer, natur og klima hardt.  Opprinnelse og produksjon foreg\u00e5r ofte i andre land, som \u00f8ker transporten<\/p>\n\n\t\t\t<\/div>\n\t\t\t\t\t<\/div>\n\t\t\t<\/div>\n\t\n\n<div class=\"t2-featured-single-post t2-featured-content is-post-type-post category-forbruk category-nyheter tag-falldekke tag-plast wp-block-t2-featured-single-post\"><a class=\"t2-post-link wp-block-t2-post-link\" href=\"https:\/\/naturvernforbundet.no\/trondelag\/ber-barn-trene-fotball-pa-farlig-avfall\/\">\n<figure style=\"--t2-focal-point: 50% 50%;\" class=\"t2-post-featured-image has-image-ratio-4-3 wp-block-t2-post-featured-image\"><img loading=\"lazy\" decoding=\"async\" width=\"746\" height=\"457\" src=\"https:\/\/naturvernforbundet.no\/content\/uploads\/sites\/19\/2022\/03\/Plastgranulat220-20Naturvernforbundet.png\" class=\"attachment-post-thumbnail size-post-thumbnail wp-post-image\" alt=\"\" srcset=\"https:\/\/naturvernforbundet.no\/content\/uploads\/sites\/19\/2022\/03\/Plastgranulat220-20Naturvernforbundet.png 746w, https:\/\/naturvernforbundet.no\/content\/uploads\/sites\/19\/2022\/03\/Plastgranulat220-20Naturvernforbundet-300x184.png 300w\" sizes=\"auto, (max-width: 746px) 100vw, 746px\" \/><\/figure>\n\n<div class=\"wp-block-group alignfull is-layout-flow wp-block-group-is-layout-flow\">\n\t<h2 class=\"t2-post-title wp-block-t2-post-title\">Ber barn trene fotball p\u00e5 farlig avfall<\/h2>\n\t<p class=\"wp-block-naturvern-post-excerpt\">Politikerne i Trondheim har tidligere tatt ansvar for reduksjon av mikroplast gjennom \u00e5 stoppe bruk av plastgranulat i kunstgressbaner. N\u00e5 \u00e5pnes det for fortsatt bruk. 110 ulike kjemiske forbindelser, deriblant flammehemmere, er det vi skal tilby barn \u00e5 trene p\u00e5.<\/p>\n\t\t<div class=\"wp-block-naturvern-post-meta\">\n\t\t\t\t\t<span class=\"cat\">\n\t\t\t\t\t\t\t\t\t<span><span class=\"tag-link\" data-href=\"https:\/\/naturvernforbundet.no\/trondelag\/category\/forbruk\/\">Forbruk<\/span><\/span>\n\t\t\t\t\t\t\t\t\t<span><span class=\"tag-link\" data-href=\"https:\/\/naturvernforbundet.no\/trondelag\/category\/nyheter\/\">Nyheter<\/span><\/span>\n\t\t\t\t\t\t\t<\/span>\n\t\t\t\t\t\t\t<span class=\"date\">02.03.2022<\/span>\n\t\t\t<\/div>\n\t\n<\/div>\n\n<\/a>\n<\/div>\n\n<div class=\"t2-featured-content-layout alignwide alignwide wp-block-t2-featured-content-layout\">\n<div class=\"t2-featured-query-post t2-featured-content is-post-type-post category-natur category-nyheter category-plast-og-avfall local-trondelag wp-block-t2-featured-query-post\"><a class=\"t2-post-link wp-block-t2-post-link\" href=\"https:\/\/naturvernforbundet.no\/trondelag\/tur-med-mening\/\">\n<figure style=\"--t2-focal-point: 50% 50%;\" class=\"t2-post-featured-image has-image-ratio-4-3 wp-block-t2-post-featured-image\"><img loading=\"lazy\" decoding=\"async\" width=\"940\" height=\"788\" src=\"https:\/\/naturvernforbundet.no\/content\/uploads\/sites\/19\/2025\/09\/Design-uten-navn-26.png\" class=\"attachment-post-thumbnail size-post-thumbnail wp-post-image\" alt=\"Tur med mening Naturvernforbundet\" srcset=\"https:\/\/naturvernforbundet.no\/content\/uploads\/sites\/19\/2025\/09\/Design-uten-navn-26.png 940w, https:\/\/naturvernforbundet.no\/content\/uploads\/sites\/19\/2025\/09\/Design-uten-navn-26-300x251.png 300w, https:\/\/naturvernforbundet.no\/content\/uploads\/sites\/19\/2025\/09\/Design-uten-navn-26-768x644.png 768w\" sizes=\"auto, (max-width: 940px) 100vw, 940px\" \/><\/figure>\n\n<div class=\"wp-block-group alignfull is-layout-flow wp-block-group-is-layout-flow\">\n\t<h2 class=\"t2-post-title wp-block-t2-post-title\">Tur med mening<\/h2>\n\t<p class=\"wp-block-naturvern-post-excerpt\">Rydd i n\u00e6rnaturen din og bli med i trekningen av premier!<\/p>\n\t\t<div class=\"wp-block-naturvern-post-meta\">\n\t\t\t\t\t<span class=\"cat\">\n\t\t\t\t\t\t\t\t\t<span><span class=\"tag-link\" data-href=\"https:\/\/naturvernforbundet.no\/trondelag\/category\/natur\/\">Natur<\/span><\/span>\n\t\t\t\t\t\t\t\t\t<span><span class=\"tag-link\" data-href=\"https:\/\/naturvernforbundet.no\/trondelag\/category\/nyheter\/\">Nyheter<\/span><\/span>\n\t\t\t\t\t\t\t\t\t<span><span class=\"tag-link\" data-href=\"https:\/\/naturvernforbundet.no\/trondelag\/category\/plast-og-avfall\/\">Plast og avfall<\/span><\/span>\n\t\t\t\t\t\t\t<\/span>\n\t\t\t\t\t\t\t<span class=\"date\">09.09.2025<\/span>\n\t\t\t<\/div>\n\t\n<\/div>\n\n<\/a>\n<\/div>\n\n<div class=\"t2-featured-query-post t2-featured-content is-post-type-post category-fjord-elv-og-vassdrag category-hav-og-strand category-plast-og-avfall local-stjordal-og-meraaker wp-block-t2-featured-query-post\"><a class=\"t2-post-link wp-block-t2-post-link\" href=\"https:\/\/naturvernforbundet.no\/trondelag\/strandryddedagen-2025\/\">\n<figure style=\"--t2-focal-point: 50% 50%;\" class=\"t2-post-featured-image has-image-ratio-4-3 wp-block-t2-post-featured-image\"><img loading=\"lazy\" decoding=\"async\" width=\"1952\" height=\"2560\" src=\"https:\/\/naturvernforbundet.no\/content\/uploads\/sites\/19\/2025\/04\/1000006122-scaled.jpg\" class=\"attachment-post-thumbnail size-post-thumbnail wp-post-image\" alt=\"Strandryddedagen2025\" srcset=\"https:\/\/naturvernforbundet.no\/content\/uploads\/sites\/19\/2025\/04\/1000006122-scaled.jpg 1952w, https:\/\/naturvernforbundet.no\/content\/uploads\/sites\/19\/2025\/04\/1000006122-229x300.jpg 229w, https:\/\/naturvernforbundet.no\/content\/uploads\/sites\/19\/2025\/04\/1000006122-781x1024.jpg 781w, https:\/\/naturvernforbundet.no\/content\/uploads\/sites\/19\/2025\/04\/1000006122-768x1007.jpg 768w, https:\/\/naturvernforbundet.no\/content\/uploads\/sites\/19\/2025\/04\/1000006122-1171x1536.jpg 1171w, https:\/\/naturvernforbundet.no\/content\/uploads\/sites\/19\/2025\/04\/1000006122-1562x2048.jpg 1562w, https:\/\/naturvernforbundet.no\/content\/uploads\/sites\/19\/2025\/04\/1000006122-1464x1920.jpg 1464w\" sizes=\"auto, (max-width: 1952px) 100vw, 1952px\" \/><\/figure>\n\n<div class=\"wp-block-group alignfull is-layout-flow wp-block-group-is-layout-flow\">\n\t<h2 class=\"t2-post-title wp-block-t2-post-title\">Strandryddedagen 2025<\/h2>\n\t<p class=\"wp-block-naturvern-post-excerpt\">26. april ryddet vi, tradisjonen tro, langs Stokkbekken. <\/p>\n\t\t<div class=\"wp-block-naturvern-post-meta\">\n\t\t\t\t\t<span class=\"cat\">\n\t\t\t\t\t\t\t\t\t<span><span class=\"tag-link\" data-href=\"https:\/\/naturvernforbundet.no\/trondelag\/category\/fjord-elv-og-vassdrag\/\">Fjord, elv og vassdrag<\/span><\/span>\n\t\t\t\t\t\t\t\t\t<span><span class=\"tag-link\" data-href=\"https:\/\/naturvernforbundet.no\/trondelag\/category\/hav-og-strand\/\">Hav og strand<\/span><\/span>\n\t\t\t\t\t\t\t\t\t<span><span class=\"tag-link\" data-href=\"https:\/\/naturvernforbundet.no\/trondelag\/category\/plast-og-avfall\/\">Plast og avfall<\/span><\/span>\n\t\t\t\t\t\t\t<\/span>\n\t\t\t\t\t\t\t<span class=\"date\">27.04.2025<\/span>\n\t\t\t<\/div>\n\t\n<\/div>\n\n<\/a>\n<\/div>\n\n<div class=\"t2-featured-query-post t2-featured-content is-post-type-post category-plast-og-avfall tag-strandryddedagen local-stjordal-og-meraaker wp-block-t2-featured-query-post\"><a class=\"t2-post-link wp-block-t2-post-link\" href=\"https:\/\/naturvernforbundet.no\/trondelag\/rydding-langs-stokkbekken-og-ringvei-nord\/\">\n<figure style=\"--t2-focal-point: 50% 50%;\" class=\"t2-post-featured-image has-image-ratio-4-3 wp-block-t2-post-featured-image\"><img loading=\"lazy\" decoding=\"async\" width=\"2000\" height=\"1126\" src=\"https:\/\/naturvernforbundet.no\/content\/uploads\/sites\/19\/2024\/04\/ccba324a-14a3-41ff-9aff-847dc245fa8d.jpeg\" class=\"attachment-post-thumbnail size-post-thumbnail wp-post-image\" alt=\"Ryddegjengen\" srcset=\"https:\/\/naturvernforbundet.no\/content\/uploads\/sites\/19\/2024\/04\/ccba324a-14a3-41ff-9aff-847dc245fa8d.jpeg 2000w, https:\/\/naturvernforbundet.no\/content\/uploads\/sites\/19\/2024\/04\/ccba324a-14a3-41ff-9aff-847dc245fa8d-300x169.jpeg 300w, https:\/\/naturvernforbundet.no\/content\/uploads\/sites\/19\/2024\/04\/ccba324a-14a3-41ff-9aff-847dc245fa8d-1024x577.jpeg 1024w, https:\/\/naturvernforbundet.no\/content\/uploads\/sites\/19\/2024\/04\/ccba324a-14a3-41ff-9aff-847dc245fa8d-768x432.jpeg 768w, https:\/\/naturvernforbundet.no\/content\/uploads\/sites\/19\/2024\/04\/ccba324a-14a3-41ff-9aff-847dc245fa8d-1536x865.jpeg 1536w, https:\/\/naturvernforbundet.no\/content\/uploads\/sites\/19\/2024\/04\/ccba324a-14a3-41ff-9aff-847dc245fa8d-1920x1081.jpeg 1920w\" sizes=\"auto, (max-width: 2000px) 100vw, 2000px\" \/><\/figure>\n\n<div class=\"wp-block-group alignfull is-layout-flow wp-block-group-is-layout-flow\">\n\t<h2 class=\"t2-post-title wp-block-t2-post-title\">Rydding langs Stokkbekken og Ringvei Nord<\/h2>\n\t<p class=\"wp-block-naturvern-post-excerpt\">20. april m\u00f8ttes 9 personer som bidro til Strandryddedagen<\/p>\n\t\t<div class=\"wp-block-naturvern-post-meta\">\n\t\t\t\t\t<span class=\"cat\">\n\t\t\t\t\t\t\t\t\t<span><span class=\"tag-link\" data-href=\"https:\/\/naturvernforbundet.no\/trondelag\/category\/plast-og-avfall\/\">Plast og avfall<\/span><\/span>\n\t\t\t\t\t\t\t<\/span>\n\t\t\t\t\t\t\t<span class=\"date\">24.04.2024<\/span>\n\t\t\t<\/div>\n\t\n<\/div>\n\n<\/a>\n<\/div>\n<\/div>\n\n\n<div class=\"wp-block-media-text alignwide is-stacked-on-mobile\"><figure class=\"wp-block-media-text__media\"><img decoding=\"async\" src=\"https:\/\/naturvernforbundet.no\/content\/uploads\/sites\/19\/2020\/01\/KlC3A6r.jpg2028fullscreen29.jpg\" alt=\"\" class=\"wp-image-1528 size-full\" \/><\/figure><div class=\"wp-block-media-text__content\">\n<p class=\"is-style-ingress\">Her finner du lenke til artikler i nettaviser, brev og h\u00f8ringer som handler forbruk og effekt p\u00e5 natur, milj\u00f8 og mennesker<\/p>\n\n\n\n<p class=\"is-style-default\">dlfjnhdl<br><\/p>\n\n\n\n<p><\/p>\n<\/div><\/div>\n","protected":false},"excerpt":{"rendered":"","protected":false},"author":27,"featured_media":0,"parent":0,"menu_order":0,"comment_status":"closed","ping_status":"closed","template":"","meta":{"_relevanssi_hide_post":"","_relevanssi_hide_content":"","_relevanssi_pin_for_all":"","_relevanssi_pin_keywords":"","_relevanssi_unpin_keywords":"","_relevanssi_related_keywords":"","_relevanssi_related_include_ids":"","_relevanssi_related_exclude_ids":"","_relevanssi_related_no_append":"","_relevanssi_related_not_related":"","_relevanssi_related_posts":"","_relevanssi_noindex_reason":"","hide_logo":false,"footnotes":""},"categories":[],"class_list":["post-2258","page","type-page","status-publish","hentry"],"acf":[],"yoast_head":"<!-- This site is optimized with the Yoast SEO plugin v24.9 - https:\/\/yoast.com\/wordpress\/plugins\/seo\/ -->\n<title>V\u00e5rt forbruks effekt p\u00e5 klima og natur - Tr\u00f8ndelag<\/title>\n<meta name=\"description\" content=\"overforbruk bruk og kast\" \/>\n<meta name=\"robots\" content=\"index, follow, max-snippet:-1, max-image-preview:large, max-video-preview:-1\" \/>\n<link rel=\"canonical\" href=\"https:\/\/naturvernforbundet.no\/trondelag\/forbruks-effekt-pa-klima-og-natur\/\" \/>\n<meta property=\"og:locale\" content=\"nb_NO\" \/>\n<meta property=\"og:type\" content=\"article\" \/>\n<meta property=\"og:title\" content=\"V\u00e5rt forbruks effekt p\u00e5 klima og natur - Tr\u00f8ndelag\" \/>\n<meta property=\"og:description\" content=\"overforbruk bruk og kast\" \/>\n<meta property=\"og:url\" content=\"https:\/\/naturvernforbundet.no\/trondelag\/forbruks-effekt-pa-klima-og-natur\/\" \/>\n<meta property=\"og:site_name\" content=\"Tr\u00f8ndelag\" \/>\n<meta property=\"article:modified_time\" content=\"2022-11-15T15:32:06+00:00\" \/>\n<meta property=\"og:image\" content=\"https:\/\/naturvernforbundet.no\/content\/uploads\/sites\/19\/2020\/01\/KlC3A6r.jpg2028fullscreen29.jpg\" \/>\n<meta name=\"twitter:card\" content=\"summary_large_image\" \/>\n<meta name=\"twitter:label1\" content=\"Ansl. lesetid\" \/>\n\t<meta name=\"twitter:data1\" content=\"1 minutt\" \/>\n<script type=\"application\/ld+json\" class=\"yoast-schema-graph\">{\"@context\":\"https:\/\/schema.org\",\"@graph\":[{\"@type\":\"WebPage\",\"@id\":\"https:\/\/naturvernforbundet.no\/trondelag\/forbruks-effekt-pa-klima-og-natur\/\",\"url\":\"https:\/\/naturvernforbundet.no\/trondelag\/forbruks-effekt-pa-klima-og-natur\/\",\"name\":\"V\u00e5rt forbruks effekt p\u00e5 klima og natur - Tr\u00f8ndelag\",\"isPartOf\":{\"@id\":\"https:\/\/naturvernforbundet.no\/trondelag\/#website\"},\"primaryImageOfPage\":{\"@id\":\"https:\/\/naturvernforbundet.no\/trondelag\/forbruks-effekt-pa-klima-og-natur\/#primaryimage\"},\"image\":{\"@id\":\"https:\/\/naturvernforbundet.no\/trondelag\/forbruks-effekt-pa-klima-og-natur\/#primaryimage\"},\"thumbnailUrl\":\"https:\/\/naturvernforbundet.no\/content\/uploads\/sites\/19\/2020\/01\/KlC3A6r.jpg2028fullscreen29.jpg\",\"datePublished\":\"2022-11-15T15:18:22+00:00\",\"dateModified\":\"2022-11-15T15:32:06+00:00\",\"description\":\"overforbruk bruk og kast\",\"breadcrumb\":{\"@id\":\"https:\/\/naturvernforbundet.no\/trondelag\/forbruks-effekt-pa-klima-og-natur\/#breadcrumb\"},\"inLanguage\":\"nb-NO\",\"potentialAction\":[{\"@type\":\"ReadAction\",\"target\":[\"https:\/\/naturvernforbundet.no\/trondelag\/forbruks-effekt-pa-klima-og-natur\/\"]}]},{\"@type\":\"ImageObject\",\"inLanguage\":\"nb-NO\",\"@id\":\"https:\/\/naturvernforbundet.no\/trondelag\/forbruks-effekt-pa-klima-og-natur\/#primaryimage\",\"url\":\"https:\/\/naturvernforbundet.no\/content\/uploads\/sites\/19\/2020\/01\/KlC3A6r.jpg2028fullscreen29.jpg\",\"contentUrl\":\"https:\/\/naturvernforbundet.no\/content\/uploads\/sites\/19\/2020\/01\/KlC3A6r.jpg2028fullscreen29.jpg\"},{\"@type\":\"BreadcrumbList\",\"@id\":\"https:\/\/naturvernforbundet.no\/trondelag\/forbruks-effekt-pa-klima-og-natur\/#breadcrumb\",\"itemListElement\":[{\"@type\":\"ListItem\",\"position\":1,\"name\":\"Till naturvernforbundet.no\",\"item\":\"https:\/\/naturvernforbundet.no\/\"},{\"@type\":\"ListItem\",\"position\":2,\"name\":\"Tr\u00f8ndelag\",\"item\":\"https:\/\/naturvernforbundet.no\/trondelag\/\"},{\"@type\":\"ListItem\",\"position\":3,\"name\":\"V\u00e5rt forbruks effekt p\u00e5 klima og natur\"}]},{\"@type\":\"WebSite\",\"@id\":\"https:\/\/naturvernforbundet.no\/trondelag\/#website\",\"url\":\"https:\/\/naturvernforbundet.no\/trondelag\/\",\"name\":\"Tr\u00f8ndelag\",\"description\":\"Bare enda et Naturvernforbundet Sites-nettsted\",\"potentialAction\":[{\"@type\":\"SearchAction\",\"target\":{\"@type\":\"EntryPoint\",\"urlTemplate\":\"https:\/\/naturvernforbundet.no\/trondelag\/?s={search_term_string}\"},\"query-input\":{\"@type\":\"PropertyValueSpecification\",\"valueRequired\":true,\"valueName\":\"search_term_string\"}}],\"inLanguage\":\"nb-NO\"}]}<\/script>\n<!-- \/ Yoast SEO plugin. -->","yoast_head_json":{"title":"V\u00e5rt forbruks effekt p\u00e5 klima og natur - Tr\u00f8ndelag","description":"overforbruk bruk og kast","robots":{"index":"index","follow":"follow","max-snippet":"max-snippet:-1","max-image-preview":"max-image-preview:large","max-video-preview":"max-video-preview:-1"},"canonical":"https:\/\/naturvernforbundet.no\/trondelag\/forbruks-effekt-pa-klima-og-natur\/","og_locale":"nb_NO","og_type":"article","og_title":"V\u00e5rt forbruks effekt p\u00e5 klima og natur - Tr\u00f8ndelag","og_description":"overforbruk bruk og kast","og_url":"https:\/\/naturvernforbundet.no\/trondelag\/forbruks-effekt-pa-klima-og-natur\/","og_site_name":"Tr\u00f8ndelag","article_modified_time":"2022-11-15T15:32:06+00:00","og_image":[{"url":"https:\/\/naturvernforbundet.no\/content\/uploads\/sites\/19\/2020\/01\/KlC3A6r.jpg2028fullscreen29.jpg","type":"","width":"","height":""}],"twitter_card":"summary_large_image","twitter_misc":{"Ansl. lesetid":"1 minutt"},"schema":{"@context":"https:\/\/schema.org","@graph":[{"@type":"WebPage","@id":"https:\/\/naturvernforbundet.no\/trondelag\/forbruks-effekt-pa-klima-og-natur\/","url":"https:\/\/naturvernforbundet.no\/trondelag\/forbruks-effekt-pa-klima-og-natur\/","name":"V\u00e5rt forbruks effekt p\u00e5 klima og natur - Tr\u00f8ndelag","isPartOf":{"@id":"https:\/\/naturvernforbundet.no\/trondelag\/#website"},"primaryImageOfPage":{"@id":"https:\/\/naturvernforbundet.no\/trondelag\/forbruks-effekt-pa-klima-og-natur\/#primaryimage"},"image":{"@id":"https:\/\/naturvernforbundet.no\/trondelag\/forbruks-effekt-pa-klima-og-natur\/#primaryimage"},"thumbnailUrl":"https:\/\/naturvernforbundet.no\/content\/uploads\/sites\/19\/2020\/01\/KlC3A6r.jpg2028fullscreen29.jpg","datePublished":"2022-11-15T15:18:22+00:00","dateModified":"2022-11-15T15:32:06+00:00","description":"overforbruk bruk og kast","breadcrumb":{"@id":"https:\/\/naturvernforbundet.no\/trondelag\/forbruks-effekt-pa-klima-og-natur\/#breadcrumb"},"inLanguage":"nb-NO","potentialAction":[{"@type":"ReadAction","target":["https:\/\/naturvernforbundet.no\/trondelag\/forbruks-effekt-pa-klima-og-natur\/"]}]},{"@type":"ImageObject","inLanguage":"nb-NO","@id":"https:\/\/naturvernforbundet.no\/trondelag\/forbruks-effekt-pa-klima-og-natur\/#primaryimage","url":"https:\/\/naturvernforbundet.no\/content\/uploads\/sites\/19\/2020\/01\/KlC3A6r.jpg2028fullscreen29.jpg","contentUrl":"https:\/\/naturvernforbundet.no\/content\/uploads\/sites\/19\/2020\/01\/KlC3A6r.jpg2028fullscreen29.jpg"},{"@type":"BreadcrumbList","@id":"https:\/\/naturvernforbundet.no\/trondelag\/forbruks-effekt-pa-klima-og-natur\/#breadcrumb","itemListElement":[{"@type":"ListItem","position":1,"name":"Till naturvernforbundet.no","item":"https:\/\/naturvernforbundet.no\/"},{"@type":"ListItem","position":2,"name":"Tr\u00f8ndelag","item":"https:\/\/naturvernforbundet.no\/trondelag\/"},{"@type":"ListItem","position":3,"name":"V\u00e5rt forbruks effekt p\u00e5 klima og natur"}]},{"@type":"WebSite","@id":"https:\/\/naturvernforbundet.no\/trondelag\/#website","url":"https:\/\/naturvernforbundet.no\/trondelag\/","name":"Tr\u00f8ndelag","description":"Bare enda et Naturvernforbundet Sites-nettsted","potentialAction":[{"@type":"SearchAction","target":{"@type":"EntryPoint","urlTemplate":"https:\/\/naturvernforbundet.no\/trondelag\/?s={search_term_string}"},"query-input":{"@type":"PropertyValueSpecification","valueRequired":true,"valueName":"search_term_string"}}],"inLanguage":"nb-NO"}]}},"_links":{"self":[{"href":"https:\/\/naturvernforbundet.no\/trondelag\/wp-json\/wp\/v2\/pages\/2258","targetHints":{"allow":["GET"]}}],"collection":[{"href":"https:\/\/naturvernforbundet.no\/trondelag\/wp-json\/wp\/v2\/pages"}],"about":[{"href":"https:\/\/naturvernforbundet.no\/trondelag\/wp-json\/wp\/v2\/types\/page"}],"author":[{"embeddable":true,"href":"https:\/\/naturvernforbundet.no\/trondelag\/wp-json\/wp\/v2\/users\/27"}],"replies":[{"embeddable":true,"href":"https:\/\/naturvernforbundet.no\/trondelag\/wp-json\/wp\/v2\/comments?post=2258"}],"version-history":[{"count":5,"href":"https:\/\/naturvernforbundet.no\/trondelag\/wp-json\/wp\/v2\/pages\/2258\/revisions"}],"predecessor-version":[{"id":2269,"href":"https:\/\/naturvernforbundet.no\/trondelag\/wp-json\/wp\/v2\/pages\/2258\/revisions\/2269"}],"wp:attachment":[{"href":"https:\/\/naturvernforbundet.no\/trondelag\/wp-json\/wp\/v2\/media?parent=2258"}],"wp:term":[{"taxonomy":"category","embeddable":true,"href":"https:\/\/naturvernforbundet.no\/trondelag\/wp-json\/wp\/v2\/categories?post=2258"}],"curies":[{"name":"wp","href":"https:\/\/api.w.org\/{rel}","templated":true}]}}