{"id":1002,"date":"2026-08-21T10:08:59","date_gmt":"2026-08-21T08:08:59","guid":{"rendered":"https:\/\/naturvernforbundet.no\/vestfold\/?post_type=event&#038;p=1002"},"modified":"2026-08-21T10:09:00","modified_gmt":"2026-08-21T08:09:00","slug":"humlekurs-hos-liv-marit-meyer-petersen","status":"publish","type":"event","link":"https:\/\/naturvernforbundet.no\/vestfold\/event\/humlekurs-hos-liv-marit-meyer-petersen\/","title":{"rendered":"Humlekurs\u00a0hos Liv Marit Meyer Petersen"},"content":{"rendered":"\t<div class=\"template-event alignnone wp-block-naturvern-hero\">\n\t\t<div class=\"hero__inner\">\n\t\t\t<div class=\"hero__inner_blocks\">\n\t\t\t\t\n\t\t<div class=\"naturvern-event-meta\">\n\t\t<div class=\"naturvern-event-meta-inner\">\n\t\t\t<div class=\"event-date\">\n\t\t\t\t<div>\n\t\t\t\t\t<span class=\"day\">29.aug<\/span>\n\t\t\t\t\t<span class=\"year\">2026<\/span>\n\t\t\t\t<\/div>\n\t\t\t<\/div>\n\t\t<\/div>\n\t\t<\/div>\t\t\t\t\n<h1 class=\"wp-block-post-title\">Humlekurs\u00a0hos Liv Marit Meyer Petersen<\/h1>\n\n\n\t\t\t<div class=\"naturvern-event-meta-full\">\n\t\t\t<div class=\"naturvern-event-meta-inner\">\n\t\t\t\t<div>\n\t\t\t\t\t<span>Hva:<\/span>\n\t\t\t\t\t<span>Kurs<\/span>\n\t\t\t\t<\/div>\n\t\t\t\t<div>\n\t\t\t\t\t<span>N\u00e5r:<\/span>\n\t\t\t\t\t<span>29.aug, kl. 12:00 &#8211; 14:00<\/span>\n\t\t\t\t<\/div>\n\t\t\t\t<div>\n\t\t\t\t\t<span>Hvor:<\/span>\n\t\t\t\t\t<span>Adalveien 157, Jareteigen<\/span>\n\t\t\t\t<\/div>\n\t\t\t<\/div>\n\t\t\t<\/div>\n\n\n<p><\/p>\n\n\n<figure class=\"wp-block-post-featured-image\"><div class=\"t2-image-credit\"><div class=\"t2-image-credit\"><img loading=\"lazy\" decoding=\"async\" width=\"1920\" height=\"1278\" src=\"https:\/\/naturvernforbundet.no\/content\/uploads\/sites\/21\/2026\/08\/Steinhumle-Bombus-lapidarius-pa-oksetunge.-Foto-Arnstein-Staverlokk-Norsk-institutt-for-naturforskning-via-Artsdatabanken-1920x1278-1.jpg\" class=\"attachment-post-thumbnail size-post-thumbnail wp-post-image\" alt=\"\" style=\"object-fit:cover;\" srcset=\"https:\/\/naturvernforbundet.no\/content\/uploads\/sites\/21\/2026\/08\/Steinhumle-Bombus-lapidarius-pa-oksetunge.-Foto-Arnstein-Staverlokk-Norsk-institutt-for-naturforskning-via-Artsdatabanken-1920x1278-1.jpg 1920w, https:\/\/naturvernforbundet.no\/content\/uploads\/sites\/21\/2026\/08\/Steinhumle-Bombus-lapidarius-pa-oksetunge.-Foto-Arnstein-Staverlokk-Norsk-institutt-for-naturforskning-via-Artsdatabanken-1920x1278-1-300x200.jpg 300w, https:\/\/naturvernforbundet.no\/content\/uploads\/sites\/21\/2026\/08\/Steinhumle-Bombus-lapidarius-pa-oksetunge.-Foto-Arnstein-Staverlokk-Norsk-institutt-for-naturforskning-via-Artsdatabanken-1920x1278-1-1024x682.jpg 1024w, https:\/\/naturvernforbundet.no\/content\/uploads\/sites\/21\/2026\/08\/Steinhumle-Bombus-lapidarius-pa-oksetunge.-Foto-Arnstein-Staverlokk-Norsk-institutt-for-naturforskning-via-Artsdatabanken-1920x1278-1-768x511.jpg 768w, https:\/\/naturvernforbundet.no\/content\/uploads\/sites\/21\/2026\/08\/Steinhumle-Bombus-lapidarius-pa-oksetunge.-Foto-Arnstein-Staverlokk-Norsk-institutt-for-naturforskning-via-Artsdatabanken-1920x1278-1-1536x1022.jpg 1536w\" sizes=\"auto, (max-width: 1920px) 100vw, 1920px\" \/><span class=\"t2-image-credit-name\">Arnstein Staverl\u00f8kk<\/span><\/div><span class=\"t2-image-credit-name\">Arnstein Staverl\u00f8kk<\/span><\/div><\/figure>\n\t\t\t<\/div>\n\t\t\t\t\t<\/div>\n\t\t\t<\/div>\n\t\n\n\n<p><em>Foto: Arnstein Staverl\u00f8kk<\/em><\/p>\n\n\n\n<p>Naturvernforbundet i Horten inviterer til&nbsp;humlekurs&nbsp;l\u00f8rdag 29. august kl. 12.00 \u2013 14.00 der vi l\u00e6rer om humlenes liv og utfordringer. Kurset holdes hos Liv Marit Meyer Petersen, Adalveien 157, Jareteigen.<\/p>\n\n\n\n<p>I den naturrike hagen hos Liv Marit Meyer Petersen vil deltagerne f\u00e5 anledning til \u00e5 se mange ulike blomster og planter som er viktige for humler. Arrangementet er \u00e5pent for alle. Det blir enkel servering. <\/p>\n\n\n\n<p>P\u00e5melding p\u00e5 tlf. til Ragnhild Trosby, mobiltlf. 993 63 692.\u00a0<\/p>\n\n\n\n<p>Velkommen!<\/p>\n","protected":false},"excerpt":{"rendered":"","protected":false},"featured_media":1003,"template":"","meta":{"_relevanssi_hide_post":"","_relevanssi_hide_content":"","_relevanssi_pin_for_all":"","_relevanssi_pin_keywords":"","_relevanssi_unpin_keywords":"","_relevanssi_related_keywords":"","_relevanssi_related_include_ids":"","_relevanssi_related_exclude_ids":"","_relevanssi_related_no_append":"","_relevanssi_related_not_related":"","_relevanssi_related_posts":"","_relevanssi_noindex_reason":"","hide_logo":false,"_start_date":"2026-08-29T12:00:00","_end_date":"2026-08-29T14:00:00","_event_type":"Kurs","_event_location":"Adalveien 157, Jareteigen","footnotes":"","_members_access_role":[],"_members_access_error":""},"local":[8],"class_list":["post-1002","event","type-event","status-publish","has-post-thumbnail","hentry","local-horten"],"acf":[],"yoast_head":"<!-- This site is optimized with the Yoast SEO plugin v24.9 - https:\/\/yoast.com\/wordpress\/plugins\/seo\/ -->\n<title>Humlekurs\u00a0hos Liv Marit Meyer Petersen - Vestfold<\/title>\n<meta name=\"robots\" content=\"index, follow, max-snippet:-1, max-image-preview:large, max-video-preview:-1\" \/>\n<link rel=\"canonical\" href=\"https:\/\/naturvernforbundet.no\/vestfold\/event\/humlekurs-hos-liv-marit-meyer-petersen\/\" \/>\n<meta property=\"og:locale\" content=\"nb_NO\" \/>\n<meta property=\"og:type\" content=\"article\" \/>\n<meta property=\"og:title\" content=\"Humlekurs\u00a0hos Liv Marit Meyer Petersen - Vestfold\" \/>\n<meta property=\"og:url\" content=\"https:\/\/naturvernforbundet.no\/vestfold\/event\/humlekurs-hos-liv-marit-meyer-petersen\/\" \/>\n<meta property=\"og:site_name\" content=\"Vestfold\" \/>\n<meta property=\"article:modified_time\" content=\"2026-08-21T08:09:00+00:00\" \/>\n<meta property=\"og:image\" content=\"https:\/\/naturvernforbundet.no\/content\/uploads\/sites\/21\/2026\/08\/Steinhumle-Bombus-lapidarius-pa-oksetunge.-Foto-Arnstein-Staverlokk-Norsk-institutt-for-naturforskning-via-Artsdatabanken-1920x1278-1.jpg\" \/>\n\t<meta property=\"og:image:width\" content=\"1920\" \/>\n\t<meta property=\"og:image:height\" content=\"1278\" \/>\n\t<meta property=\"og:image:type\" content=\"image\/jpeg\" \/>\n<meta name=\"twitter:card\" content=\"summary_large_image\" \/>\n<meta name=\"twitter:label1\" content=\"Ansl. lesetid\" \/>\n\t<meta name=\"twitter:data1\" content=\"1 minutt\" \/>\n<script type=\"application\/ld+json\" class=\"yoast-schema-graph\">{\"@context\":\"https:\/\/schema.org\",\"@graph\":[{\"@type\":\"WebPage\",\"@id\":\"https:\/\/naturvernforbundet.no\/vestfold\/event\/humlekurs-hos-liv-marit-meyer-petersen\/\",\"url\":\"https:\/\/naturvernforbundet.no\/vestfold\/event\/humlekurs-hos-liv-marit-meyer-petersen\/\",\"name\":\"Humlekurs\u00a0hos Liv Marit Meyer Petersen - Vestfold\",\"isPartOf\":{\"@id\":\"https:\/\/naturvernforbundet.no\/vestfold\/#website\"},\"primaryImageOfPage\":{\"@id\":\"https:\/\/naturvernforbundet.no\/vestfold\/event\/humlekurs-hos-liv-marit-meyer-petersen\/#primaryimage\"},\"image\":{\"@id\":\"https:\/\/naturvernforbundet.no\/vestfold\/event\/humlekurs-hos-liv-marit-meyer-petersen\/#primaryimage\"},\"thumbnailUrl\":\"https:\/\/naturvernforbundet.no\/content\/uploads\/sites\/21\/2026\/08\/Steinhumle-Bombus-lapidarius-pa-oksetunge.-Foto-Arnstein-Staverlokk-Norsk-institutt-for-naturforskning-via-Artsdatabanken-1920x1278-1.jpg\",\"datePublished\":\"2026-08-21T08:08:59+00:00\",\"dateModified\":\"2026-08-21T08:09:00+00:00\",\"breadcrumb\":{\"@id\":\"https:\/\/naturvernforbundet.no\/vestfold\/event\/humlekurs-hos-liv-marit-meyer-petersen\/#breadcrumb\"},\"inLanguage\":\"nb-NO\",\"potentialAction\":[{\"@type\":\"ReadAction\",\"target\":[\"https:\/\/naturvernforbundet.no\/vestfold\/event\/humlekurs-hos-liv-marit-meyer-petersen\/\"]}]},{\"@type\":\"ImageObject\",\"inLanguage\":\"nb-NO\",\"@id\":\"https:\/\/naturvernforbundet.no\/vestfold\/event\/humlekurs-hos-liv-marit-meyer-petersen\/#primaryimage\",\"url\":\"https:\/\/naturvernforbundet.no\/content\/uploads\/sites\/21\/2026\/08\/Steinhumle-Bombus-lapidarius-pa-oksetunge.-Foto-Arnstein-Staverlokk-Norsk-institutt-for-naturforskning-via-Artsdatabanken-1920x1278-1.jpg\",\"contentUrl\":\"https:\/\/naturvernforbundet.no\/content\/uploads\/sites\/21\/2026\/08\/Steinhumle-Bombus-lapidarius-pa-oksetunge.-Foto-Arnstein-Staverlokk-Norsk-institutt-for-naturforskning-via-Artsdatabanken-1920x1278-1.jpg\",\"width\":1920,\"height\":1278},{\"@type\":\"BreadcrumbList\",\"@id\":\"https:\/\/naturvernforbundet.no\/vestfold\/event\/humlekurs-hos-liv-marit-meyer-petersen\/#breadcrumb\",\"itemListElement\":[{\"@type\":\"ListItem\",\"position\":1,\"name\":\"Till naturvernforbundet.no\",\"item\":\"https:\/\/naturvernforbundet.no\/\"},{\"@type\":\"ListItem\",\"position\":2,\"name\":\"Vestfold\",\"item\":\"https:\/\/naturvernforbundet.no\/vestfold\/\"},{\"@type\":\"ListItem\",\"position\":3,\"name\":\"Event\",\"item\":\"https:\/\/naturvernforbundet.no\/vestfold\/event\/\"},{\"@type\":\"ListItem\",\"position\":4,\"name\":\"Humlekurs\u00a0hos Liv Marit Meyer Petersen\"}]},{\"@type\":\"WebSite\",\"@id\":\"https:\/\/naturvernforbundet.no\/vestfold\/#website\",\"url\":\"https:\/\/naturvernforbundet.no\/vestfold\/\",\"name\":\"Vestfold\",\"description\":\"Bare enda et Naturvernforbundet Sites-nettsted\",\"potentialAction\":[{\"@type\":\"SearchAction\",\"target\":{\"@type\":\"EntryPoint\",\"urlTemplate\":\"https:\/\/naturvernforbundet.no\/vestfold\/?s={search_term_string}\"},\"query-input\":{\"@type\":\"PropertyValueSpecification\",\"valueRequired\":true,\"valueName\":\"search_term_string\"}}],\"inLanguage\":\"nb-NO\"}]}<\/script>\n<!-- \/ Yoast SEO plugin. -->","yoast_head_json":{"title":"Humlekurs\u00a0hos Liv Marit Meyer Petersen - Vestfold","robots":{"index":"index","follow":"follow","max-snippet":"max-snippet:-1","max-image-preview":"max-image-preview:large","max-video-preview":"max-video-preview:-1"},"canonical":"https:\/\/naturvernforbundet.no\/vestfold\/event\/humlekurs-hos-liv-marit-meyer-petersen\/","og_locale":"nb_NO","og_type":"article","og_title":"Humlekurs\u00a0hos Liv Marit Meyer Petersen - Vestfold","og_url":"https:\/\/naturvernforbundet.no\/vestfold\/event\/humlekurs-hos-liv-marit-meyer-petersen\/","og_site_name":"Vestfold","article_modified_time":"2026-08-21T08:09:00+00:00","og_image":[{"width":1920,"height":1278,"url":"https:\/\/naturvernforbundet.no\/content\/uploads\/sites\/21\/2026\/08\/Steinhumle-Bombus-lapidarius-pa-oksetunge.-Foto-Arnstein-Staverlokk-Norsk-institutt-for-naturforskning-via-Artsdatabanken-1920x1278-1.jpg","type":"image\/jpeg"}],"twitter_card":"summary_large_image","twitter_misc":{"Ansl. lesetid":"1 minutt"},"schema":{"@context":"https:\/\/schema.org","@graph":[{"@type":"WebPage","@id":"https:\/\/naturvernforbundet.no\/vestfold\/event\/humlekurs-hos-liv-marit-meyer-petersen\/","url":"https:\/\/naturvernforbundet.no\/vestfold\/event\/humlekurs-hos-liv-marit-meyer-petersen\/","name":"Humlekurs\u00a0hos Liv Marit Meyer Petersen - Vestfold","isPartOf":{"@id":"https:\/\/naturvernforbundet.no\/vestfold\/#website"},"primaryImageOfPage":{"@id":"https:\/\/naturvernforbundet.no\/vestfold\/event\/humlekurs-hos-liv-marit-meyer-petersen\/#primaryimage"},"image":{"@id":"https:\/\/naturvernforbundet.no\/vestfold\/event\/humlekurs-hos-liv-marit-meyer-petersen\/#primaryimage"},"thumbnailUrl":"https:\/\/naturvernforbundet.no\/content\/uploads\/sites\/21\/2026\/08\/Steinhumle-Bombus-lapidarius-pa-oksetunge.-Foto-Arnstein-Staverlokk-Norsk-institutt-for-naturforskning-via-Artsdatabanken-1920x1278-1.jpg","datePublished":"2026-08-21T08:08:59+00:00","dateModified":"2026-08-21T08:09:00+00:00","breadcrumb":{"@id":"https:\/\/naturvernforbundet.no\/vestfold\/event\/humlekurs-hos-liv-marit-meyer-petersen\/#breadcrumb"},"inLanguage":"nb-NO","potentialAction":[{"@type":"ReadAction","target":["https:\/\/naturvernforbundet.no\/vestfold\/event\/humlekurs-hos-liv-marit-meyer-petersen\/"]}]},{"@type":"ImageObject","inLanguage":"nb-NO","@id":"https:\/\/naturvernforbundet.no\/vestfold\/event\/humlekurs-hos-liv-marit-meyer-petersen\/#primaryimage","url":"https:\/\/naturvernforbundet.no\/content\/uploads\/sites\/21\/2026\/08\/Steinhumle-Bombus-lapidarius-pa-oksetunge.-Foto-Arnstein-Staverlokk-Norsk-institutt-for-naturforskning-via-Artsdatabanken-1920x1278-1.jpg","contentUrl":"https:\/\/naturvernforbundet.no\/content\/uploads\/sites\/21\/2026\/08\/Steinhumle-Bombus-lapidarius-pa-oksetunge.-Foto-Arnstein-Staverlokk-Norsk-institutt-for-naturforskning-via-Artsdatabanken-1920x1278-1.jpg","width":1920,"height":1278},{"@type":"BreadcrumbList","@id":"https:\/\/naturvernforbundet.no\/vestfold\/event\/humlekurs-hos-liv-marit-meyer-petersen\/#breadcrumb","itemListElement":[{"@type":"ListItem","position":1,"name":"Till naturvernforbundet.no","item":"https:\/\/naturvernforbundet.no\/"},{"@type":"ListItem","position":2,"name":"Vestfold","item":"https:\/\/naturvernforbundet.no\/vestfold\/"},{"@type":"ListItem","position":3,"name":"Event","item":"https:\/\/naturvernforbundet.no\/vestfold\/event\/"},{"@type":"ListItem","position":4,"name":"Humlekurs\u00a0hos Liv Marit Meyer Petersen"}]},{"@type":"WebSite","@id":"https:\/\/naturvernforbundet.no\/vestfold\/#website","url":"https:\/\/naturvernforbundet.no\/vestfold\/","name":"Vestfold","description":"Bare enda et Naturvernforbundet Sites-nettsted","potentialAction":[{"@type":"SearchAction","target":{"@type":"EntryPoint","urlTemplate":"https:\/\/naturvernforbundet.no\/vestfold\/?s={search_term_string}"},"query-input":{"@type":"PropertyValueSpecification","valueRequired":true,"valueName":"search_term_string"}}],"inLanguage":"nb-NO"}]}},"_links":{"self":[{"href":"https:\/\/naturvernforbundet.no\/vestfold\/wp-json\/wp\/v2\/event\/1002","targetHints":{"allow":["GET"]}}],"collection":[{"href":"https:\/\/naturvernforbundet.no\/vestfold\/wp-json\/wp\/v2\/event"}],"about":[{"href":"https:\/\/naturvernforbundet.no\/vestfold\/wp-json\/wp\/v2\/types\/event"}],"version-history":[{"count":1,"href":"https:\/\/naturvernforbundet.no\/vestfold\/wp-json\/wp\/v2\/event\/1002\/revisions"}],"predecessor-version":[{"id":1004,"href":"https:\/\/naturvernforbundet.no\/vestfold\/wp-json\/wp\/v2\/event\/1002\/revisions\/1004"}],"wp:featuredmedia":[{"embeddable":true,"href":"https:\/\/naturvernforbundet.no\/vestfold\/wp-json\/wp\/v2\/media\/1003"}],"wp:attachment":[{"href":"https:\/\/naturvernforbundet.no\/vestfold\/wp-json\/wp\/v2\/media?parent=1002"}],"wp:term":[{"taxonomy":"local","embeddable":true,"href":"https:\/\/naturvernforbundet.no\/vestfold\/wp-json\/wp\/v2\/local?post=1002"}],"curies":[{"name":"wp","href":"https:\/\/api.w.org\/{rel}","templated":true}]}}