{"id":1006,"date":"2026-08-27T14:55:54","date_gmt":"2026-08-27T12:55:54","guid":{"rendered":"https:\/\/naturvernforbundet.no\/vestfold\/?post_type=event&#038;p=1006"},"modified":"2026-08-27T15:07:21","modified_gmt":"2026-08-27T13:07:21","slug":"tur-med-tradisjonsbater-med-gokstad-kystlag","status":"publish","type":"event","link":"https:\/\/naturvernforbundet.no\/vestfold\/event\/tur-med-tradisjonsbater-med-gokstad-kystlag\/","title":{"rendered":"B\u00e5ttur til Svenner fyr med Gokstad kystlag"},"content":{"rendered":"\t<div class=\"template-event alignnone wp-block-naturvern-hero\">\n\t\t<div class=\"hero__inner\">\n\t\t\t<div class=\"hero__inner_blocks\">\n\t\t\t\t\n\t\t<div class=\"naturvern-event-meta\">\n\t\t<div class=\"naturvern-event-meta-inner\">\n\t\t\t<div class=\"event-date\">\n\t\t\t\t<div>\n\t\t\t\t\t<span class=\"day\">20.sep<\/span>\n\t\t\t\t\t<span class=\"year\">2026<\/span>\n\t\t\t\t<\/div>\n\t\t\t<\/div>\n\t\t<\/div>\n\t\t<\/div>\t\t\t\t\n<h1 class=\"wp-block-post-title\">B\u00e5ttur til Svenner fyr med Gokstad kystlag<\/h1>\n\n\n\t\t\t<div class=\"naturvern-event-meta-full\">\n\t\t\t<div class=\"naturvern-event-meta-inner\">\n\t\t\t\t<div>\n\t\t\t\t\t<span>Hva:<\/span>\n\t\t\t\t\t<span>Tur med Seilb\u00e5t<\/span>\n\t\t\t\t<\/div>\n\t\t\t\t<div>\n\t\t\t\t\t<span>N\u00e5r:<\/span>\n\t\t\t\t\t<span>20.sep, kl. 12:00<\/span>\n\t\t\t\t<\/div>\n\t\t\t\t<div>\n\t\t\t\t\t<span>Hvor:<\/span>\n\t\t\t\t\t<span><a href=\"https:\/\/www.google.com\/maps\/place\/\/data=!4m2!3m1!1s0x4646c0839185e493:0xa96ddba6981860dd?sa=X&amp;ved=1t:8290&amp;ictx=111\">Framnesveien 5, 3222 Sandefjord<\/a><\/span>\n\t\t\t\t<\/div>\n\t\t\t<\/div>\n\t\t\t<\/div>\n\n\n<p><\/p>\n\n\n\n<p><\/p>\n\n\n\n<p><a href=\"https:\/\/forms.cloud.microsoft\/Pages\/ResponsePage.aspx?id=3LhPSD2nGU2C47NtQT1b7TKxKZ7VkFVIvjIIxODxYuNUMVRDVVo0NFkyVEhFWkdTTFQ4T1pDT1ZORS4u\">P\u00e5melding &laquo;Tur med tradisjonsb\u00e5ter.&raquo; \u2013 Fyll ut skjema<\/a><\/p>\n\n\n<figure class=\"wp-block-post-featured-image\"><img loading=\"lazy\" decoding=\"async\" width=\"1440\" height=\"2560\" src=\"https:\/\/naturvernforbundet.no\/content\/uploads\/sites\/21\/2026\/08\/20260826_130138-scaled.jpg\" class=\"attachment-post-thumbnail size-post-thumbnail wp-post-image\" alt=\"\" style=\"object-fit:cover;\" srcset=\"https:\/\/naturvernforbundet.no\/content\/uploads\/sites\/21\/2026\/08\/20260826_130138-scaled.jpg 1440w, https:\/\/naturvernforbundet.no\/content\/uploads\/sites\/21\/2026\/08\/20260826_130138-169x300.jpg 169w, https:\/\/naturvernforbundet.no\/content\/uploads\/sites\/21\/2026\/08\/20260826_130138-576x1024.jpg 576w, https:\/\/naturvernforbundet.no\/content\/uploads\/sites\/21\/2026\/08\/20260826_130138-768x1365.jpg 768w, https:\/\/naturvernforbundet.no\/content\/uploads\/sites\/21\/2026\/08\/20260826_130138-864x1536.jpg 864w, https:\/\/naturvernforbundet.no\/content\/uploads\/sites\/21\/2026\/08\/20260826_130138-1152x2048.jpg 1152w, https:\/\/naturvernforbundet.no\/content\/uploads\/sites\/21\/2026\/08\/20260826_130138-1080x1920.jpg 1080w\" sizes=\"auto, (max-width: 1440px) 100vw, 1440px\" \/><\/figure>\n\t\t\t<\/div>\n\t\t\t\t\t<\/div>\n\t\t\t<\/div>\n\t\n\n\n<p>S\u00f8ndag 20. september klokken 12.00 inviterer Naturvernforbundet i Vestfold til en b\u00e5ttur i Oslofjorden, i samarbeid med Gokstad kystlag, lokallag av Forbundet KYSTEN.<\/p>\n\n\n\n<p>Arrangementet er en del av Naturvernforbundets program i Vestfold og Telemark denne h\u00f8sten, der m\u00e5let er \u00e5 synliggj\u00f8re lokalt engasjement og l\u00f8fte fram foreninger som gj\u00f8r en innsats for og langs fjorden.<\/p>\n\n\n\n<p>Dagen starter med omvisning p\u00e5 Gokstad kystlags kystkultursenter. Deretter deles deltakerne i to grupper og g\u00e5r om bord i to tradisjonelle Colin Archer-sk\u00f8yter for turen ut til Svenner fyr. Sk\u00f8ytene er en kjent b\u00e5ttype i norsk kystkultur, tegnet av b\u00e5tbyggeren Colin Archer fra Larvik, som ogs\u00e5 st\u00e5r bak polarskipet Fram.<\/p>\n\n\n\n<p>P\u00e5 Svenner venter reker med tilbeh\u00f8r i naustet, og en spasertur p\u00e5 \u00f8ya for \u00e5 oppleve naturen. <\/p>\n\n\n\n<p>Det er plass til 20 personer fordelt p\u00e5 de to b\u00e5tene, ti om bord i hver pluss mannskap. Naturvernforbundet i Vestfold st\u00e5r for p\u00e5melding og de praktiske rammene rundt dagen.<\/p>\n\n\n\n<p>P\u00e5melding her: <a href=\"https:\/\/forms.cloud.microsoft\/e\/YNMBTTFuSg\">B\u00e5ttur til Svenner fyr med Gokstad kystlag \u2013 Fyll ut skjema<\/a><\/p>\n\n\n\n<figure class=\"wp-block-image size-large\"><img loading=\"lazy\" decoding=\"async\" width=\"576\" height=\"1024\" src=\"https:\/\/naturvernforbundet.no\/content\/uploads\/sites\/21\/2026\/08\/20260818_201839-576x1024.jpg\" alt=\"\" class=\"wp-image-1010\" srcset=\"https:\/\/naturvernforbundet.no\/content\/uploads\/sites\/21\/2026\/08\/20260818_201839-576x1024.jpg 576w, https:\/\/naturvernforbundet.no\/content\/uploads\/sites\/21\/2026\/08\/20260818_201839-169x300.jpg 169w, https:\/\/naturvernforbundet.no\/content\/uploads\/sites\/21\/2026\/08\/20260818_201839-768x1365.jpg 768w, https:\/\/naturvernforbundet.no\/content\/uploads\/sites\/21\/2026\/08\/20260818_201839-864x1536.jpg 864w, https:\/\/naturvernforbundet.no\/content\/uploads\/sites\/21\/2026\/08\/20260818_201839-1152x2048.jpg 1152w, https:\/\/naturvernforbundet.no\/content\/uploads\/sites\/21\/2026\/08\/20260818_201839-1080x1920.jpg 1080w, https:\/\/naturvernforbundet.no\/content\/uploads\/sites\/21\/2026\/08\/20260818_201839-scaled.jpg 1440w\" sizes=\"auto, (max-width: 576px) 100vw, 576px\" \/><\/figure>\n\n\n\n<p><\/p>\n","protected":false},"excerpt":{"rendered":"","protected":false},"featured_media":1007,"template":"","meta":{"_relevanssi_hide_post":"","_relevanssi_hide_content":"","_relevanssi_pin_for_all":"","_relevanssi_pin_keywords":"","_relevanssi_unpin_keywords":"","_relevanssi_related_keywords":"","_relevanssi_related_include_ids":"","_relevanssi_related_exclude_ids":"","_relevanssi_related_no_append":"","_relevanssi_related_not_related":"","_relevanssi_related_posts":"945,899,345,896,753,304","_relevanssi_noindex_reason":"","hide_logo":false,"_start_date":"2026-09-20T12:00:00","_end_date":"","_event_type":"Tur med Seilb\u00e5t","_event_location":"<a href=\"https:\/\/www.google.com\/maps\/place\/\/data=!4m2!3m1!1s0x4646c0839185e493:0xa96ddba6981860dd?sa=X&amp;ved=1t:8290&amp;ictx=111\">Framnesveien 5, 3222 Sandefjord<\/a>","footnotes":"","_members_access_role":[],"_members_access_error":""},"local":[11],"class_list":["post-1006","event","type-event","status-publish","has-post-thumbnail","hentry","local-sandefjord"],"acf":[],"yoast_head":"<!-- This site is optimized with the Yoast SEO plugin v24.9 - https:\/\/yoast.com\/wordpress\/plugins\/seo\/ -->\n<title>B\u00e5ttur til Svenner fyr med Gokstad kystlag - Vestfold<\/title>\n<meta name=\"robots\" content=\"index, follow, max-snippet:-1, max-image-preview:large, max-video-preview:-1\" \/>\n<link rel=\"canonical\" href=\"https:\/\/naturvernforbundet.no\/vestfold\/event\/tur-med-tradisjonsbater-med-gokstad-kystlag\/\" \/>\n<meta property=\"og:locale\" content=\"nb_NO\" \/>\n<meta property=\"og:type\" content=\"article\" \/>\n<meta property=\"og:title\" content=\"B\u00e5ttur til Svenner fyr med Gokstad kystlag - Vestfold\" \/>\n<meta property=\"og:url\" content=\"https:\/\/naturvernforbundet.no\/vestfold\/event\/tur-med-tradisjonsbater-med-gokstad-kystlag\/\" \/>\n<meta property=\"og:site_name\" content=\"Vestfold\" \/>\n<meta property=\"article:modified_time\" content=\"2026-08-27T13:07:21+00:00\" \/>\n<meta property=\"og:image\" content=\"https:\/\/naturvernforbundet.no\/content\/uploads\/sites\/21\/2026\/08\/20260826_130138-scaled.jpg\" \/>\n\t<meta property=\"og:image:width\" content=\"1440\" \/>\n\t<meta property=\"og:image:height\" content=\"2560\" \/>\n\t<meta property=\"og:image:type\" content=\"image\/jpeg\" \/>\n<meta name=\"twitter:card\" content=\"summary_large_image\" \/>\n<meta name=\"twitter:label1\" content=\"Ansl. lesetid\" \/>\n\t<meta name=\"twitter:data1\" content=\"2 minutter\" \/>\n<script type=\"application\/ld+json\" class=\"yoast-schema-graph\">{\"@context\":\"https:\/\/schema.org\",\"@graph\":[{\"@type\":\"WebPage\",\"@id\":\"https:\/\/naturvernforbundet.no\/vestfold\/event\/tur-med-tradisjonsbater-med-gokstad-kystlag\/\",\"url\":\"https:\/\/naturvernforbundet.no\/vestfold\/event\/tur-med-tradisjonsbater-med-gokstad-kystlag\/\",\"name\":\"B\u00e5ttur til Svenner fyr med Gokstad kystlag - Vestfold\",\"isPartOf\":{\"@id\":\"https:\/\/naturvernforbundet.no\/vestfold\/#website\"},\"primaryImageOfPage\":{\"@id\":\"https:\/\/naturvernforbundet.no\/vestfold\/event\/tur-med-tradisjonsbater-med-gokstad-kystlag\/#primaryimage\"},\"image\":{\"@id\":\"https:\/\/naturvernforbundet.no\/vestfold\/event\/tur-med-tradisjonsbater-med-gokstad-kystlag\/#primaryimage\"},\"thumbnailUrl\":\"https:\/\/naturvernforbundet.no\/content\/uploads\/sites\/21\/2026\/08\/20260826_130138-scaled.jpg\",\"datePublished\":\"2026-08-27T12:55:54+00:00\",\"dateModified\":\"2026-08-27T13:07:21+00:00\",\"breadcrumb\":{\"@id\":\"https:\/\/naturvernforbundet.no\/vestfold\/event\/tur-med-tradisjonsbater-med-gokstad-kystlag\/#breadcrumb\"},\"inLanguage\":\"nb-NO\",\"potentialAction\":[{\"@type\":\"ReadAction\",\"target\":[\"https:\/\/naturvernforbundet.no\/vestfold\/event\/tur-med-tradisjonsbater-med-gokstad-kystlag\/\"]}]},{\"@type\":\"ImageObject\",\"inLanguage\":\"nb-NO\",\"@id\":\"https:\/\/naturvernforbundet.no\/vestfold\/event\/tur-med-tradisjonsbater-med-gokstad-kystlag\/#primaryimage\",\"url\":\"https:\/\/naturvernforbundet.no\/content\/uploads\/sites\/21\/2026\/08\/20260826_130138-scaled.jpg\",\"contentUrl\":\"https:\/\/naturvernforbundet.no\/content\/uploads\/sites\/21\/2026\/08\/20260826_130138-scaled.jpg\",\"width\":1440,\"height\":2560},{\"@type\":\"BreadcrumbList\",\"@id\":\"https:\/\/naturvernforbundet.no\/vestfold\/event\/tur-med-tradisjonsbater-med-gokstad-kystlag\/#breadcrumb\",\"itemListElement\":[{\"@type\":\"ListItem\",\"position\":1,\"name\":\"Till naturvernforbundet.no\",\"item\":\"https:\/\/naturvernforbundet.no\/\"},{\"@type\":\"ListItem\",\"position\":2,\"name\":\"Vestfold\",\"item\":\"https:\/\/naturvernforbundet.no\/vestfold\/\"},{\"@type\":\"ListItem\",\"position\":3,\"name\":\"Event\",\"item\":\"https:\/\/naturvernforbundet.no\/vestfold\/event\/\"},{\"@type\":\"ListItem\",\"position\":4,\"name\":\"B\u00e5ttur til Svenner fyr med Gokstad kystlag\"}]},{\"@type\":\"WebSite\",\"@id\":\"https:\/\/naturvernforbundet.no\/vestfold\/#website\",\"url\":\"https:\/\/naturvernforbundet.no\/vestfold\/\",\"name\":\"Vestfold\",\"description\":\"Bare enda et Naturvernforbundet Sites-nettsted\",\"potentialAction\":[{\"@type\":\"SearchAction\",\"target\":{\"@type\":\"EntryPoint\",\"urlTemplate\":\"https:\/\/naturvernforbundet.no\/vestfold\/?s={search_term_string}\"},\"query-input\":{\"@type\":\"PropertyValueSpecification\",\"valueRequired\":true,\"valueName\":\"search_term_string\"}}],\"inLanguage\":\"nb-NO\"}]}<\/script>\n<!-- \/ Yoast SEO plugin. -->","yoast_head_json":{"title":"B\u00e5ttur til Svenner fyr med Gokstad kystlag - Vestfold","robots":{"index":"index","follow":"follow","max-snippet":"max-snippet:-1","max-image-preview":"max-image-preview:large","max-video-preview":"max-video-preview:-1"},"canonical":"https:\/\/naturvernforbundet.no\/vestfold\/event\/tur-med-tradisjonsbater-med-gokstad-kystlag\/","og_locale":"nb_NO","og_type":"article","og_title":"B\u00e5ttur til Svenner fyr med Gokstad kystlag - Vestfold","og_url":"https:\/\/naturvernforbundet.no\/vestfold\/event\/tur-med-tradisjonsbater-med-gokstad-kystlag\/","og_site_name":"Vestfold","article_modified_time":"2026-08-27T13:07:21+00:00","og_image":[{"width":1440,"height":2560,"url":"https:\/\/naturvernforbundet.no\/content\/uploads\/sites\/21\/2026\/08\/20260826_130138-scaled.jpg","type":"image\/jpeg"}],"twitter_card":"summary_large_image","twitter_misc":{"Ansl. lesetid":"2 minutter"},"schema":{"@context":"https:\/\/schema.org","@graph":[{"@type":"WebPage","@id":"https:\/\/naturvernforbundet.no\/vestfold\/event\/tur-med-tradisjonsbater-med-gokstad-kystlag\/","url":"https:\/\/naturvernforbundet.no\/vestfold\/event\/tur-med-tradisjonsbater-med-gokstad-kystlag\/","name":"B\u00e5ttur til Svenner fyr med Gokstad kystlag - Vestfold","isPartOf":{"@id":"https:\/\/naturvernforbundet.no\/vestfold\/#website"},"primaryImageOfPage":{"@id":"https:\/\/naturvernforbundet.no\/vestfold\/event\/tur-med-tradisjonsbater-med-gokstad-kystlag\/#primaryimage"},"image":{"@id":"https:\/\/naturvernforbundet.no\/vestfold\/event\/tur-med-tradisjonsbater-med-gokstad-kystlag\/#primaryimage"},"thumbnailUrl":"https:\/\/naturvernforbundet.no\/content\/uploads\/sites\/21\/2026\/08\/20260826_130138-scaled.jpg","datePublished":"2026-08-27T12:55:54+00:00","dateModified":"2026-08-27T13:07:21+00:00","breadcrumb":{"@id":"https:\/\/naturvernforbundet.no\/vestfold\/event\/tur-med-tradisjonsbater-med-gokstad-kystlag\/#breadcrumb"},"inLanguage":"nb-NO","potentialAction":[{"@type":"ReadAction","target":["https:\/\/naturvernforbundet.no\/vestfold\/event\/tur-med-tradisjonsbater-med-gokstad-kystlag\/"]}]},{"@type":"ImageObject","inLanguage":"nb-NO","@id":"https:\/\/naturvernforbundet.no\/vestfold\/event\/tur-med-tradisjonsbater-med-gokstad-kystlag\/#primaryimage","url":"https:\/\/naturvernforbundet.no\/content\/uploads\/sites\/21\/2026\/08\/20260826_130138-scaled.jpg","contentUrl":"https:\/\/naturvernforbundet.no\/content\/uploads\/sites\/21\/2026\/08\/20260826_130138-scaled.jpg","width":1440,"height":2560},{"@type":"BreadcrumbList","@id":"https:\/\/naturvernforbundet.no\/vestfold\/event\/tur-med-tradisjonsbater-med-gokstad-kystlag\/#breadcrumb","itemListElement":[{"@type":"ListItem","position":1,"name":"Till naturvernforbundet.no","item":"https:\/\/naturvernforbundet.no\/"},{"@type":"ListItem","position":2,"name":"Vestfold","item":"https:\/\/naturvernforbundet.no\/vestfold\/"},{"@type":"ListItem","position":3,"name":"Event","item":"https:\/\/naturvernforbundet.no\/vestfold\/event\/"},{"@type":"ListItem","position":4,"name":"B\u00e5ttur til Svenner fyr med Gokstad kystlag"}]},{"@type":"WebSite","@id":"https:\/\/naturvernforbundet.no\/vestfold\/#website","url":"https:\/\/naturvernforbundet.no\/vestfold\/","name":"Vestfold","description":"Bare enda et Naturvernforbundet Sites-nettsted","potentialAction":[{"@type":"SearchAction","target":{"@type":"EntryPoint","urlTemplate":"https:\/\/naturvernforbundet.no\/vestfold\/?s={search_term_string}"},"query-input":{"@type":"PropertyValueSpecification","valueRequired":true,"valueName":"search_term_string"}}],"inLanguage":"nb-NO"}]}},"_links":{"self":[{"href":"https:\/\/naturvernforbundet.no\/vestfold\/wp-json\/wp\/v2\/event\/1006","targetHints":{"allow":["GET"]}}],"collection":[{"href":"https:\/\/naturvernforbundet.no\/vestfold\/wp-json\/wp\/v2\/event"}],"about":[{"href":"https:\/\/naturvernforbundet.no\/vestfold\/wp-json\/wp\/v2\/types\/event"}],"version-history":[{"count":3,"href":"https:\/\/naturvernforbundet.no\/vestfold\/wp-json\/wp\/v2\/event\/1006\/revisions"}],"predecessor-version":[{"id":1012,"href":"https:\/\/naturvernforbundet.no\/vestfold\/wp-json\/wp\/v2\/event\/1006\/revisions\/1012"}],"wp:featuredmedia":[{"embeddable":true,"href":"https:\/\/naturvernforbundet.no\/vestfold\/wp-json\/wp\/v2\/media\/1007"}],"wp:attachment":[{"href":"https:\/\/naturvernforbundet.no\/vestfold\/wp-json\/wp\/v2\/media?parent=1006"}],"wp:term":[{"taxonomy":"local","embeddable":true,"href":"https:\/\/naturvernforbundet.no\/vestfold\/wp-json\/wp\/v2\/local?post=1006"}],"curies":[{"name":"wp","href":"https:\/\/api.w.org\/{rel}","templated":true}]}}